{"id":11504,"date":"2005-06-16T12:13:40","date_gmt":"2005-06-16T10:13:40","guid":{"rendered":"https:\/\/jhrealestate.es\/propiedad\/al-jhre046\/"},"modified":"2025-09-25T16:11:38","modified_gmt":"2025-09-25T14:11:38","slug":"al-jhre046","status":"publish","type":"rem_property","link":"https:\/\/jhrealestate.es\/de\/immobilie\/al-jhre046\/","title":{"rendered":"AL-JHRE046 &#8211; ALLEINAUFTRAG &#8211; VERF\u00dcGBAR BIS ZUM 31.03.2026 (MINDESTAUFENTHALT 2 MONATE)"},"content":{"rendered":"<p>Einfamilienhaus in einer ruhigen Nachbarschaft in Portocolom, an der S\u00fcdostk\u00fcste von Mallorca. Portocolom ist einer der sch\u00f6nsten Naturh\u00e4fen der Insel mit seinen traditionellen und farbenfrohen H\u00e4usern im Hafenbereich und seiner Promenade voller Restaurants, Bars und Gesch\u00e4ften. Die traditionellen Boote im Hafen verleihen ihm ein malerisches Aussehen; es ist ein Ort, der Authentizit\u00e4t und Tradition mit kontrolliertem Tourismus kombiniert.<\/p>\n<p>Das Haus besteht aus zwei Etagen und hat eine bebaute Fl\u00e4che von ca. 270 m\u00b2 mit 2 Veranden und einem Pool. Die Aufteilung ist wie folgt:<\/p>\n<p>Erdgeschoss:<br \/>\u2022 2 bis 3 Doppelzimmer mit Einbauschr\u00e4nken (eines davon kann als Wohnzimmer oder B\u00fcro genutzt werden und bietet Zugang zur Poolterrasse)<br \/>\u2022 Ein komplett ausgestattetes Badezimmer mit Dusche\/Badewanne<br \/>\u2022 G\u00e4stetoilette<br \/>\u2022 Wasch-\/Abstellraum mit zus\u00e4tzlichem K\u00fchlschrank und Waschmaschine<br \/>\u2022 Ger\u00e4umiges, sehr helles Wohn-Esszimmer mit Klimaanlage (kalt\/warm) und Kamin. Es bietet Zugang zu einer kleinen Veranda<br \/>\u2022 Gro\u00dfz\u00fcgige Eingangshalle mit Zugang zum Wohnzimmer und Schlafbereich<br \/>\u2022 Voll ausgestattete K\u00fcche mit Geschirrsp\u00fcler, Backofen, Cerankochfeld und K\u00fchlschrank. Sie hat Zugang zu einer Veranda, die das ganze Jahr \u00fcber genutzt werden kann<br \/>\u2022 Fliesenb\u00f6den<br \/>\u2022 Fenster aus Holz mit Doppelverglasung<br \/>\u2022 Das Haus verf\u00fcgt \u00fcber eine High-Speed-Internetverbindung (Glasfaser) \u2013 Nicht im Mietpreis inbegriffen<\/p>\n<p>Obergeschoss:<br \/>\u2022 2 Doppelzimmer mit Klimaanlage (kalt\/warm), jedes mit eigenem Bad mit Dusche (eines davon mit Zugang zur Terrasse mit freiem Blick auf die Nachbarschaft)<\/p>\n<p>Im Au\u00dfenbereich gibt es eine gro\u00dfe Gartenfl\u00e4che mit Pool und eine Terrasse mit Pergola und Gartenm\u00f6beln sowie einen Ruhebereich mit Sonnenliegen. An einer Seite des Hauses befindet sich eine Veranda mit Grill und Zugang zur K\u00fcche.<br \/>Ger\u00e4umige Garage mit Stauraum. Zus\u00e4tzliche Parkpl\u00e4tze au\u00dferhalb des Hauses.<\/p>\n<p>Portocolom ist ein ruhiger und authentischer Ort, perfekt f\u00fcr diejenigen, die das wahre Mallorca erleben m\u00f6chten. Der n\u00e4chste Supermarkt ist weniger als 2 km entfernt, der Strand von Cala Marsal mit seinem klaren Wasser und Strandbars ist nur 5 Autominuten entfernt (3 km). Die Rafa Nadal Academy und das Tudor Rose British College sind etwas mehr als 20 Minuten mit dem Auto entfernt. Der Flughafen Palma ist nur 1 Stunde entfernt.<\/p>\n<p>Das Haus wird komplett m\u00f6bliert und ausgestattet vermietet und verf\u00fcgt \u00fcber Satellitenfernsehen (Astra 19.2).<br \/>Baujahr \u2013 1987<br \/>Die j\u00e4hrliche M\u00fcllabfuhrgeb\u00fchr, Strom, Wasser sowie die Wartung des Pools und Gartens gehen zu Lasten der Mieter.<\/p>\n<p>Kaution und Provision je nach Aufenthaltsdauer (Bedingungen auf Anfrage)<\/p>\n<p>Verpassen Sie nicht diese einmalige Gelegenheit! Kontaktieren Sie uns f\u00fcr eine Besichtigung und weitere Informationen zu diesem wunderbaren Haus.<\/p>\n<p>Immobilienagentur im ROAIIB (Offizielles Register der Immobilienmakler der Balearen) eingetragen. GOIBE586263\/2024<\/p>\n<p>&nbsp;<\/p>\n","protected":false},"excerpt":{"rendered":"<p>PORTOCOLOM &#8211; FELANITX<\/p>\n","protected":false},"author":3,"featured_media":11509,"parent":0,"menu_order":0,"template":"","rem_property_cat":[],"class_list":["post-11504","rem_property","type-rem_property","status-publish","has-post-thumbnail","hentry"],"yoast_head":"<!-- This site is optimized with the Yoast SEO plugin v26.9 - https:\/\/yoast.com\/product\/yoast-seo-wordpress\/ -->\n<title>AL-JHRE046 - ALLEINAUFTRAG - VERF\u00dcGBAR BIS ZUM 31.03.2026 (MINDESTAUFENTHALT 2 MONATE) | JH Real Estate Mallorca<\/title>\n<meta name=\"robots\" content=\"index, follow, max-snippet:-1, max-image-preview:large, max-video-preview:-1\" \/>\n<link rel=\"canonical\" href=\"https:\/\/jhrealestate.es\/de\/immobilie\/al-jhre046\/\" \/>\n<meta property=\"og:locale\" content=\"de_DE\" \/>\n<meta property=\"og:type\" content=\"article\" \/>\n<meta property=\"og:title\" content=\"AL-JHRE046 - ALLEINAUFTRAG - VERF\u00dcGBAR BIS ZUM 31.03.2026 (MINDESTAUFENTHALT 2 MONATE) | JH Real Estate Mallorca\" \/>\n<meta property=\"og:description\" content=\"PORTOCOLOM - FELANITX\" \/>\n<meta property=\"og:url\" content=\"https:\/\/jhrealestate.es\/de\/immobilie\/al-jhre046\/\" \/>\n<meta property=\"og:site_name\" content=\"JH Real Estate Mallorca\" \/>\n<meta property=\"article:publisher\" content=\"https:\/\/www.facebook.com\/jh.realestatemallorca\" \/>\n<meta property=\"article:modified_time\" content=\"2025-09-25T14:11:38+00:00\" \/>\n<meta property=\"og:image\" content=\"https:\/\/jhrealestate.es\/wp-content\/uploads\/2024\/06\/VE-JHRE037-1-EXCLU-1-1024x576.jpg\" \/>\n<meta name=\"twitter:card\" content=\"summary_large_image\" \/>\n<meta name=\"twitter:label1\" content=\"Gesch\u00e4tzte Lesezeit\" \/>\n\t<meta name=\"twitter:data1\" content=\"2\u00a0Minuten\" \/>\n<script type=\"application\/ld+json\" class=\"yoast-schema-graph\">{\"@context\":\"https:\/\/schema.org\",\"@graph\":[{\"@type\":[\"WebPage\",\"RealEstateListing\"],\"@id\":\"https:\/\/jhrealestate.es\/de\/immobilie\/al-jhre046\/\",\"url\":\"https:\/\/jhrealestate.es\/de\/immobilie\/al-jhre046\/\",\"name\":\"AL-JHRE046 - ALLEINAUFTRAG - VERF\u00dcGBAR BIS ZUM 31.03.2026 (MINDESTAUFENTHALT 2 MONATE) | JH Real Estate Mallorca\",\"isPartOf\":{\"@id\":\"https:\/\/jhrealestate.es\/de\/#website\"},\"primaryImageOfPage\":{\"@id\":\"https:\/\/jhrealestate.es\/de\/immobilie\/al-jhre046\/#primaryimage\"},\"image\":{\"@id\":\"https:\/\/jhrealestate.es\/de\/immobilie\/al-jhre046\/#primaryimage\"},\"thumbnailUrl\":\"https:\/\/jhrealestate.es\/wp-content\/uploads\/2024\/06\/AL-JHRE046-1-scaled.jpg\",\"datePublished\":\"2005-06-16T10:13:40+00:00\",\"dateModified\":\"2025-09-25T14:11:38+00:00\",\"breadcrumb\":{\"@id\":\"https:\/\/jhrealestate.es\/de\/immobilie\/al-jhre046\/#breadcrumb\"},\"inLanguage\":\"de\",\"potentialAction\":[{\"@type\":\"ReadAction\",\"target\":[\"https:\/\/jhrealestate.es\/de\/immobilie\/al-jhre046\/\"]}]},{\"@type\":\"ImageObject\",\"inLanguage\":\"de\",\"@id\":\"https:\/\/jhrealestate.es\/de\/immobilie\/al-jhre046\/#primaryimage\",\"url\":\"https:\/\/jhrealestate.es\/wp-content\/uploads\/2024\/06\/AL-JHRE046-1-scaled.jpg\",\"contentUrl\":\"https:\/\/jhrealestate.es\/wp-content\/uploads\/2024\/06\/AL-JHRE046-1-scaled.jpg\",\"width\":2880,\"height\":1620},{\"@type\":\"BreadcrumbList\",\"@id\":\"https:\/\/jhrealestate.es\/de\/immobilie\/al-jhre046\/#breadcrumb\",\"itemListElement\":[{\"@type\":\"ListItem\",\"position\":1,\"name\":\"Portada\",\"item\":\"https:\/\/jhrealestate.es\/de\/\"},{\"@type\":\"ListItem\",\"position\":2,\"name\":\"Immobilien\",\"item\":\"https:\/\/jhrealestate.es\/de\/immobilie\/\"},{\"@type\":\"ListItem\",\"position\":3,\"name\":\"AL-JHRE046 &#8211; ALLEINAUFTRAG &#8211; VERF\u00dcGBAR BIS ZUM 31.03.2026 (MINDESTAUFENTHALT 2 MONATE)\"}]},{\"@type\":\"WebSite\",\"@id\":\"https:\/\/jhrealestate.es\/de\/#website\",\"url\":\"https:\/\/jhrealestate.es\/de\/\",\"name\":\"JH Real Estate Mallorca\",\"description\":\"Real Estate en Mallorca\",\"publisher\":{\"@id\":\"https:\/\/jhrealestate.es\/de\/#organization\"},\"potentialAction\":[{\"@type\":\"SearchAction\",\"target\":{\"@type\":\"EntryPoint\",\"urlTemplate\":\"https:\/\/jhrealestate.es\/de\/?s={search_term_string}\"},\"query-input\":{\"@type\":\"PropertyValueSpecification\",\"valueRequired\":true,\"valueName\":\"search_term_string\"}}],\"inLanguage\":\"de\"},{\"@type\":\"Organization\",\"@id\":\"https:\/\/jhrealestate.es\/de\/#organization\",\"name\":\"JH Real Estate Mallorca\",\"url\":\"https:\/\/jhrealestate.es\/de\/\",\"logo\":{\"@type\":\"ImageObject\",\"inLanguage\":\"de\",\"@id\":\"https:\/\/jhrealestate.es\/de\/#\/schema\/logo\/image\/\",\"url\":\"https:\/\/jhrealestate.es\/wp-content\/uploads\/2021\/11\/Logo-JHRE.png\",\"contentUrl\":\"https:\/\/jhrealestate.es\/wp-content\/uploads\/2021\/11\/Logo-JHRE.png\",\"width\":252,\"height\":200,\"caption\":\"JH Real Estate Mallorca\"},\"image\":{\"@id\":\"https:\/\/jhrealestate.es\/de\/#\/schema\/logo\/image\/\"},\"sameAs\":[\"https:\/\/www.facebook.com\/jh.realestatemallorca\",\"https:\/\/www.instagram.com\/jh.realestatemallorca\",\"https:\/\/www.youtube.com\/channel\/UCwlku0kp0G8CPBZ61xelIHw\",\"https:\/\/www.linkedin.com\/in\/joseheredia1973\/\"]}]}<\/script>\n<!-- \/ Yoast SEO plugin. -->","yoast_head_json":{"title":"AL-JHRE046 - ALLEINAUFTRAG - VERF\u00dcGBAR BIS ZUM 31.03.2026 (MINDESTAUFENTHALT 2 MONATE) | JH Real Estate Mallorca","robots":{"index":"index","follow":"follow","max-snippet":"max-snippet:-1","max-image-preview":"max-image-preview:large","max-video-preview":"max-video-preview:-1"},"canonical":"https:\/\/jhrealestate.es\/de\/immobilie\/al-jhre046\/","og_locale":"de_DE","og_type":"article","og_title":"AL-JHRE046 - ALLEINAUFTRAG - VERF\u00dcGBAR BIS ZUM 31.03.2026 (MINDESTAUFENTHALT 2 MONATE) | JH Real Estate Mallorca","og_description":"PORTOCOLOM - FELANITX","og_url":"https:\/\/jhrealestate.es\/de\/immobilie\/al-jhre046\/","og_site_name":"JH Real Estate Mallorca","article_publisher":"https:\/\/www.facebook.com\/jh.realestatemallorca","article_modified_time":"2025-09-25T14:11:38+00:00","og_image":[{"url":"https:\/\/jhrealestate.es\/wp-content\/uploads\/2024\/06\/VE-JHRE037-1-EXCLU-1-1024x576.jpg","type":"","width":"","height":""}],"twitter_card":"summary_large_image","twitter_misc":{"Gesch\u00e4tzte Lesezeit":"2\u00a0Minuten"},"schema":{"@context":"https:\/\/schema.org","@graph":[{"@type":["WebPage","RealEstateListing"],"@id":"https:\/\/jhrealestate.es\/de\/immobilie\/al-jhre046\/","url":"https:\/\/jhrealestate.es\/de\/immobilie\/al-jhre046\/","name":"AL-JHRE046 - ALLEINAUFTRAG - VERF\u00dcGBAR BIS ZUM 31.03.2026 (MINDESTAUFENTHALT 2 MONATE) | JH Real Estate Mallorca","isPartOf":{"@id":"https:\/\/jhrealestate.es\/de\/#website"},"primaryImageOfPage":{"@id":"https:\/\/jhrealestate.es\/de\/immobilie\/al-jhre046\/#primaryimage"},"image":{"@id":"https:\/\/jhrealestate.es\/de\/immobilie\/al-jhre046\/#primaryimage"},"thumbnailUrl":"https:\/\/jhrealestate.es\/wp-content\/uploads\/2024\/06\/AL-JHRE046-1-scaled.jpg","datePublished":"2005-06-16T10:13:40+00:00","dateModified":"2025-09-25T14:11:38+00:00","breadcrumb":{"@id":"https:\/\/jhrealestate.es\/de\/immobilie\/al-jhre046\/#breadcrumb"},"inLanguage":"de","potentialAction":[{"@type":"ReadAction","target":["https:\/\/jhrealestate.es\/de\/immobilie\/al-jhre046\/"]}]},{"@type":"ImageObject","inLanguage":"de","@id":"https:\/\/jhrealestate.es\/de\/immobilie\/al-jhre046\/#primaryimage","url":"https:\/\/jhrealestate.es\/wp-content\/uploads\/2024\/06\/AL-JHRE046-1-scaled.jpg","contentUrl":"https:\/\/jhrealestate.es\/wp-content\/uploads\/2024\/06\/AL-JHRE046-1-scaled.jpg","width":2880,"height":1620},{"@type":"BreadcrumbList","@id":"https:\/\/jhrealestate.es\/de\/immobilie\/al-jhre046\/#breadcrumb","itemListElement":[{"@type":"ListItem","position":1,"name":"Portada","item":"https:\/\/jhrealestate.es\/de\/"},{"@type":"ListItem","position":2,"name":"Immobilien","item":"https:\/\/jhrealestate.es\/de\/immobilie\/"},{"@type":"ListItem","position":3,"name":"AL-JHRE046 &#8211; ALLEINAUFTRAG &#8211; VERF\u00dcGBAR BIS ZUM 31.03.2026 (MINDESTAUFENTHALT 2 MONATE)"}]},{"@type":"WebSite","@id":"https:\/\/jhrealestate.es\/de\/#website","url":"https:\/\/jhrealestate.es\/de\/","name":"JH Real Estate Mallorca","description":"Real Estate en Mallorca","publisher":{"@id":"https:\/\/jhrealestate.es\/de\/#organization"},"potentialAction":[{"@type":"SearchAction","target":{"@type":"EntryPoint","urlTemplate":"https:\/\/jhrealestate.es\/de\/?s={search_term_string}"},"query-input":{"@type":"PropertyValueSpecification","valueRequired":true,"valueName":"search_term_string"}}],"inLanguage":"de"},{"@type":"Organization","@id":"https:\/\/jhrealestate.es\/de\/#organization","name":"JH Real Estate Mallorca","url":"https:\/\/jhrealestate.es\/de\/","logo":{"@type":"ImageObject","inLanguage":"de","@id":"https:\/\/jhrealestate.es\/de\/#\/schema\/logo\/image\/","url":"https:\/\/jhrealestate.es\/wp-content\/uploads\/2021\/11\/Logo-JHRE.png","contentUrl":"https:\/\/jhrealestate.es\/wp-content\/uploads\/2021\/11\/Logo-JHRE.png","width":252,"height":200,"caption":"JH Real Estate Mallorca"},"image":{"@id":"https:\/\/jhrealestate.es\/de\/#\/schema\/logo\/image\/"},"sameAs":["https:\/\/www.facebook.com\/jh.realestatemallorca","https:\/\/www.instagram.com\/jh.realestatemallorca","https:\/\/www.youtube.com\/channel\/UCwlku0kp0G8CPBZ61xelIHw","https:\/\/www.linkedin.com\/in\/joseheredia1973\/"]}]}},"_links":{"self":[{"href":"https:\/\/jhrealestate.es\/de\/wp-json\/wp\/v2\/properties\/11504","targetHints":{"allow":["GET"]}}],"collection":[{"href":"https:\/\/jhrealestate.es\/de\/wp-json\/wp\/v2\/properties"}],"about":[{"href":"https:\/\/jhrealestate.es\/de\/wp-json\/wp\/v2\/types\/rem_property"}],"author":[{"embeddable":true,"href":"https:\/\/jhrealestate.es\/de\/wp-json\/wp\/v2\/users\/3"}],"wp:featuredmedia":[{"embeddable":true,"href":"https:\/\/jhrealestate.es\/de\/wp-json\/wp\/v2\/media\/11509"}],"wp:attachment":[{"href":"https:\/\/jhrealestate.es\/de\/wp-json\/wp\/v2\/media?parent=11504"}],"wp:term":[{"taxonomy":"rem_property_cat","embeddable":true,"href":"https:\/\/jhrealestate.es\/de\/wp-json\/wp\/v2\/rem_property_cat?post=11504"}],"curies":[{"name":"wp","href":"https:\/\/api.w.org\/{rel}","templated":true}]}}