{"id":12119,"date":"2014-09-16T18:55:18","date_gmt":"2014-09-16T16:55:18","guid":{"rendered":"https:\/\/jhrealestate.es\/propiedad\/al-jhre053\/"},"modified":"2025-06-02T21:41:56","modified_gmt":"2025-06-02T19:41:56","slug":"al-jhre053","status":"publish","type":"rem_property","link":"https:\/\/jhrealestate.es\/de\/immobilie\/al-jhre053\/","title":{"rendered":"AL-JHRE053 &#8211; Elegantes Stadthaus mit 5 Schlafzimmern im Herzen von Porreres mit Garage und gro\u00dfem Innenhof."},"content":{"rendered":"<p>Das Haus hat eine Gesamtfl\u00e4che von 259 m\u00b2, verteilt auf 3 Etagen. Es wurde im Jahr 2002 erbaut und vereint perfekt den traditionellen Stil der Dorfh\u00e4user im Inselinneren mit moderneren und funktionalen Elementen.<\/p>\n<p>Im Erdgeschoss befinden sich:<br \/>\u2022 Gro\u00dfz\u00fcgiger Eingangsbereich<br \/>\u2022 G\u00e4stetoilette<br \/>\u2022 Garage f\u00fcr 1 Auto<br \/>\u2022 Ger\u00e4umige K\u00fcche mit Insel und integriertem Tisch, komplett m\u00f6bliert und ausgestattet mit hochwertigen Markenger\u00e4ten (Geschirrsp\u00fcler, Backofen, Cerankochfeld, Mikrowelle, K\u00fchlschrank)<br \/>\u2022 Waschk\u00fcche mit Waschmaschine, Sp\u00fclbecken und Einbauschr\u00e4nken<br \/>\u2022 Speisekammer<br \/>\u2022 Elegantes Esszimmer mit Zugang zu einem gem\u00fctlichen Wohnzimmer mit Kamin und Ausgang zur hinteren Terrasse<br \/>\u2022 Gro\u00dfe Au\u00dfenterrasse mit eingebautem Grill, ideal f\u00fcr Mahlzeiten oder Abendessen im Freien<br \/>\u2022 Kleiner Keller f\u00fcr Abstellraum und\/oder Weinkeller<\/p>\n<p>Im ersten Stock:<br \/>\u2022 Gro\u00dfes Hauptschlafzimmer mit gro\u00dfem begehbarem Kleiderschrank und Bad en suite mit Dusche und Badewanne<br \/>\u2022 3 weitere Doppelzimmer mit Einbauschr\u00e4nken, 2 davon als Kinderzimmer (eines mit Etagenbett und das andere mit 2 Einzelbetten)<br \/>\u2022 Komplettes Badezimmer mit Dusche<\/p>\n<p>Im zweiten Stock:<br \/>\u2022 Gro\u00dfes, helles Wohnzimmer mit Kamin und sichtbaren Balken, die als TV-Zimmer, B\u00fcro oder Arbeitsbereich genutzt werden kann<br \/>\u2022 Doppelzimmer mit Zugang zu einer kleinen Terrasse<\/p>\n<p>Weitere Merkmale:<br \/>\u2022 Klimaanlage im Hauptschlafzimmer und Wohnzimmern<br \/>\u2022 Hochwertige Materialien<br \/>\u2022 Doppelverglaste Fenster<br \/>\u2022 Fliesenb\u00f6den (Laminatboden im zweiten Stock)<br \/>\u2022 Zentralheizung mit \u00d6l-Brennwertkessel und Heizk\u00f6rpern <br \/>\u2022 Haustiere erlaubt (je nach Ermessen der Vermieter)<\/p>\n<p>Porreres ist ein charmantes mallorquinisches Dorf, gut angebunden, weniger als 10 km von der Ma-15 (Palma &lt;&gt; Manacor-Schnellstra\u00dfe) und nur 30 Minuten von Palma und dem Flughafen entfernt. Manacor ist etwa 25 Minuten mit dem Auto entfernt, der Strand von Es Trenc etwa 30 Minuten.<\/p>\n<p>Die \u00f6ffentliche Schule \u2013 CEIP Climent Serra i Serra (3 bis 11 Jahre) und der Kindergarten Sa Sitra (bis zu 3 Jahre) sind etwa 150m entfernt. Es gibt auch die Option der halbprivaten Schule (Colegio concertado) Verge de Monte-Sion, etwa 350m entfernt. Die \u00d6ffentliche Schule \/IES (von 12 bis 16 Jahre) befindet sich am Ortseingang, neben dem Sportzentrum und dem st\u00e4dtischen Schwimmbad. Im Dorf gibt es eine breite Palette von Dienstleistungen, Gesch\u00e4ften und mehrere Superm\u00e4rkte. Der Dorfplatz mit seinen Restaurants, Bars und Terrassen ist der Treffpunkt der Dorfbewohner.<\/p>\n<p>Das Haus wird m\u00f6bliert gem\u00e4\u00df dem Fotobericht vermietet.<br \/>Strom, Heiz\u00f6l f\u00fcr das Heizungssystem und die j\u00e4hrliche M\u00fcllgeb\u00fchr sind nicht in der Miete enthalten. Es wird eine Kaution von 1 Monat + 1 zus\u00e4tzliche Monatsgarantie verlangt. Bitte erkundigen Sie sich nach den restlichen Bedingungen.<br \/>Langfristige Mieter (mindestens 1 Jahr) mit guten Referenzen und Sicherheiten werden gesucht.<\/p>\n<p>Verpassen Sie diese einzigartige Gelegenheit nicht! Kontaktieren Sie uns, um einen Besichtigungstermin zu vereinbaren und alle Details dieses wunderbaren Hauses zu erfahren.<\/p>\n","protected":false},"excerpt":{"rendered":"<p>PORRERES<\/p>\n","protected":false},"author":3,"featured_media":12001,"parent":0,"menu_order":0,"template":"","rem_property_cat":[],"class_list":["post-12119","rem_property","type-rem_property","status-publish","has-post-thumbnail","hentry"],"yoast_head":"<!-- This site is optimized with the Yoast SEO plugin v26.9 - https:\/\/yoast.com\/product\/yoast-seo-wordpress\/ -->\n<title>AL-JHRE053 - Elegantes Stadthaus mit 5 Schlafzimmern im Herzen von Porreres mit Garage und gro\u00dfem Innenhof. | JH Real Estate Mallorca<\/title>\n<meta name=\"robots\" content=\"index, follow, max-snippet:-1, max-image-preview:large, max-video-preview:-1\" \/>\n<link rel=\"canonical\" href=\"https:\/\/jhrealestate.es\/de\/immobilie\/al-jhre053\/\" \/>\n<meta property=\"og:locale\" content=\"de_DE\" \/>\n<meta property=\"og:type\" content=\"article\" \/>\n<meta property=\"og:title\" content=\"AL-JHRE053 - Elegantes Stadthaus mit 5 Schlafzimmern im Herzen von Porreres mit Garage und gro\u00dfem Innenhof. | JH Real Estate Mallorca\" \/>\n<meta property=\"og:description\" content=\"PORRERES\" \/>\n<meta property=\"og:url\" content=\"https:\/\/jhrealestate.es\/de\/immobilie\/al-jhre053\/\" \/>\n<meta property=\"og:site_name\" content=\"JH Real Estate Mallorca\" \/>\n<meta property=\"article:publisher\" content=\"https:\/\/www.facebook.com\/jh.realestatemallorca\" \/>\n<meta property=\"article:modified_time\" content=\"2025-06-02T19:41:56+00:00\" \/>\n<meta property=\"og:image\" content=\"https:\/\/jhrealestate.es\/wp-content\/uploads\/2024\/09\/AL-JHRE053-1-1024x576.jpg\" \/>\n<meta name=\"twitter:card\" content=\"summary_large_image\" \/>\n<meta name=\"twitter:label1\" content=\"Gesch\u00e4tzte Lesezeit\" \/>\n\t<meta name=\"twitter:data1\" content=\"2\u00a0Minuten\" \/>\n<script type=\"application\/ld+json\" class=\"yoast-schema-graph\">{\"@context\":\"https:\/\/schema.org\",\"@graph\":[{\"@type\":[\"WebPage\",\"RealEstateListing\"],\"@id\":\"https:\/\/jhrealestate.es\/de\/immobilie\/al-jhre053\/\",\"url\":\"https:\/\/jhrealestate.es\/de\/immobilie\/al-jhre053\/\",\"name\":\"AL-JHRE053 - Elegantes Stadthaus mit 5 Schlafzimmern im Herzen von Porreres mit Garage und gro\u00dfem Innenhof. | JH Real Estate Mallorca\",\"isPartOf\":{\"@id\":\"https:\/\/jhrealestate.es\/de\/#website\"},\"primaryImageOfPage\":{\"@id\":\"https:\/\/jhrealestate.es\/de\/immobilie\/al-jhre053\/#primaryimage\"},\"image\":{\"@id\":\"https:\/\/jhrealestate.es\/de\/immobilie\/al-jhre053\/#primaryimage\"},\"thumbnailUrl\":\"https:\/\/jhrealestate.es\/wp-content\/uploads\/2024\/09\/AL-JHRE053-1.jpg\",\"datePublished\":\"2014-09-16T16:55:18+00:00\",\"dateModified\":\"2025-06-02T19:41:56+00:00\",\"breadcrumb\":{\"@id\":\"https:\/\/jhrealestate.es\/de\/immobilie\/al-jhre053\/#breadcrumb\"},\"inLanguage\":\"de\",\"potentialAction\":[{\"@type\":\"ReadAction\",\"target\":[\"https:\/\/jhrealestate.es\/de\/immobilie\/al-jhre053\/\"]}]},{\"@type\":\"ImageObject\",\"inLanguage\":\"de\",\"@id\":\"https:\/\/jhrealestate.es\/de\/immobilie\/al-jhre053\/#primaryimage\",\"url\":\"https:\/\/jhrealestate.es\/wp-content\/uploads\/2024\/09\/AL-JHRE053-1.jpg\",\"contentUrl\":\"https:\/\/jhrealestate.es\/wp-content\/uploads\/2024\/09\/AL-JHRE053-1.jpg\",\"width\":1600,\"height\":900},{\"@type\":\"BreadcrumbList\",\"@id\":\"https:\/\/jhrealestate.es\/de\/immobilie\/al-jhre053\/#breadcrumb\",\"itemListElement\":[{\"@type\":\"ListItem\",\"position\":1,\"name\":\"Portada\",\"item\":\"https:\/\/jhrealestate.es\/de\/\"},{\"@type\":\"ListItem\",\"position\":2,\"name\":\"Immobilien\",\"item\":\"https:\/\/jhrealestate.es\/de\/immobilie\/\"},{\"@type\":\"ListItem\",\"position\":3,\"name\":\"AL-JHRE053 &#8211; Elegantes Stadthaus mit 5 Schlafzimmern im Herzen von Porreres mit Garage und gro\u00dfem Innenhof.\"}]},{\"@type\":\"WebSite\",\"@id\":\"https:\/\/jhrealestate.es\/de\/#website\",\"url\":\"https:\/\/jhrealestate.es\/de\/\",\"name\":\"JH Real Estate Mallorca\",\"description\":\"Real Estate en Mallorca\",\"publisher\":{\"@id\":\"https:\/\/jhrealestate.es\/de\/#organization\"},\"potentialAction\":[{\"@type\":\"SearchAction\",\"target\":{\"@type\":\"EntryPoint\",\"urlTemplate\":\"https:\/\/jhrealestate.es\/de\/?s={search_term_string}\"},\"query-input\":{\"@type\":\"PropertyValueSpecification\",\"valueRequired\":true,\"valueName\":\"search_term_string\"}}],\"inLanguage\":\"de\"},{\"@type\":\"Organization\",\"@id\":\"https:\/\/jhrealestate.es\/de\/#organization\",\"name\":\"JH Real Estate Mallorca\",\"url\":\"https:\/\/jhrealestate.es\/de\/\",\"logo\":{\"@type\":\"ImageObject\",\"inLanguage\":\"de\",\"@id\":\"https:\/\/jhrealestate.es\/de\/#\/schema\/logo\/image\/\",\"url\":\"https:\/\/jhrealestate.es\/wp-content\/uploads\/2021\/11\/Logo-JHRE.png\",\"contentUrl\":\"https:\/\/jhrealestate.es\/wp-content\/uploads\/2021\/11\/Logo-JHRE.png\",\"width\":252,\"height\":200,\"caption\":\"JH Real Estate Mallorca\"},\"image\":{\"@id\":\"https:\/\/jhrealestate.es\/de\/#\/schema\/logo\/image\/\"},\"sameAs\":[\"https:\/\/www.facebook.com\/jh.realestatemallorca\",\"https:\/\/www.instagram.com\/jh.realestatemallorca\",\"https:\/\/www.youtube.com\/channel\/UCwlku0kp0G8CPBZ61xelIHw\",\"https:\/\/www.linkedin.com\/in\/joseheredia1973\/\"]}]}<\/script>\n<!-- \/ Yoast SEO plugin. -->","yoast_head_json":{"title":"AL-JHRE053 - Elegantes Stadthaus mit 5 Schlafzimmern im Herzen von Porreres mit Garage und gro\u00dfem Innenhof. | JH Real Estate Mallorca","robots":{"index":"index","follow":"follow","max-snippet":"max-snippet:-1","max-image-preview":"max-image-preview:large","max-video-preview":"max-video-preview:-1"},"canonical":"https:\/\/jhrealestate.es\/de\/immobilie\/al-jhre053\/","og_locale":"de_DE","og_type":"article","og_title":"AL-JHRE053 - Elegantes Stadthaus mit 5 Schlafzimmern im Herzen von Porreres mit Garage und gro\u00dfem Innenhof. | JH Real Estate Mallorca","og_description":"PORRERES","og_url":"https:\/\/jhrealestate.es\/de\/immobilie\/al-jhre053\/","og_site_name":"JH Real Estate Mallorca","article_publisher":"https:\/\/www.facebook.com\/jh.realestatemallorca","article_modified_time":"2025-06-02T19:41:56+00:00","og_image":[{"url":"https:\/\/jhrealestate.es\/wp-content\/uploads\/2024\/09\/AL-JHRE053-1-1024x576.jpg","type":"","width":"","height":""}],"twitter_card":"summary_large_image","twitter_misc":{"Gesch\u00e4tzte Lesezeit":"2\u00a0Minuten"},"schema":{"@context":"https:\/\/schema.org","@graph":[{"@type":["WebPage","RealEstateListing"],"@id":"https:\/\/jhrealestate.es\/de\/immobilie\/al-jhre053\/","url":"https:\/\/jhrealestate.es\/de\/immobilie\/al-jhre053\/","name":"AL-JHRE053 - Elegantes Stadthaus mit 5 Schlafzimmern im Herzen von Porreres mit Garage und gro\u00dfem Innenhof. | JH Real Estate Mallorca","isPartOf":{"@id":"https:\/\/jhrealestate.es\/de\/#website"},"primaryImageOfPage":{"@id":"https:\/\/jhrealestate.es\/de\/immobilie\/al-jhre053\/#primaryimage"},"image":{"@id":"https:\/\/jhrealestate.es\/de\/immobilie\/al-jhre053\/#primaryimage"},"thumbnailUrl":"https:\/\/jhrealestate.es\/wp-content\/uploads\/2024\/09\/AL-JHRE053-1.jpg","datePublished":"2014-09-16T16:55:18+00:00","dateModified":"2025-06-02T19:41:56+00:00","breadcrumb":{"@id":"https:\/\/jhrealestate.es\/de\/immobilie\/al-jhre053\/#breadcrumb"},"inLanguage":"de","potentialAction":[{"@type":"ReadAction","target":["https:\/\/jhrealestate.es\/de\/immobilie\/al-jhre053\/"]}]},{"@type":"ImageObject","inLanguage":"de","@id":"https:\/\/jhrealestate.es\/de\/immobilie\/al-jhre053\/#primaryimage","url":"https:\/\/jhrealestate.es\/wp-content\/uploads\/2024\/09\/AL-JHRE053-1.jpg","contentUrl":"https:\/\/jhrealestate.es\/wp-content\/uploads\/2024\/09\/AL-JHRE053-1.jpg","width":1600,"height":900},{"@type":"BreadcrumbList","@id":"https:\/\/jhrealestate.es\/de\/immobilie\/al-jhre053\/#breadcrumb","itemListElement":[{"@type":"ListItem","position":1,"name":"Portada","item":"https:\/\/jhrealestate.es\/de\/"},{"@type":"ListItem","position":2,"name":"Immobilien","item":"https:\/\/jhrealestate.es\/de\/immobilie\/"},{"@type":"ListItem","position":3,"name":"AL-JHRE053 &#8211; Elegantes Stadthaus mit 5 Schlafzimmern im Herzen von Porreres mit Garage und gro\u00dfem Innenhof."}]},{"@type":"WebSite","@id":"https:\/\/jhrealestate.es\/de\/#website","url":"https:\/\/jhrealestate.es\/de\/","name":"JH Real Estate Mallorca","description":"Real Estate en Mallorca","publisher":{"@id":"https:\/\/jhrealestate.es\/de\/#organization"},"potentialAction":[{"@type":"SearchAction","target":{"@type":"EntryPoint","urlTemplate":"https:\/\/jhrealestate.es\/de\/?s={search_term_string}"},"query-input":{"@type":"PropertyValueSpecification","valueRequired":true,"valueName":"search_term_string"}}],"inLanguage":"de"},{"@type":"Organization","@id":"https:\/\/jhrealestate.es\/de\/#organization","name":"JH Real Estate Mallorca","url":"https:\/\/jhrealestate.es\/de\/","logo":{"@type":"ImageObject","inLanguage":"de","@id":"https:\/\/jhrealestate.es\/de\/#\/schema\/logo\/image\/","url":"https:\/\/jhrealestate.es\/wp-content\/uploads\/2021\/11\/Logo-JHRE.png","contentUrl":"https:\/\/jhrealestate.es\/wp-content\/uploads\/2021\/11\/Logo-JHRE.png","width":252,"height":200,"caption":"JH Real Estate Mallorca"},"image":{"@id":"https:\/\/jhrealestate.es\/de\/#\/schema\/logo\/image\/"},"sameAs":["https:\/\/www.facebook.com\/jh.realestatemallorca","https:\/\/www.instagram.com\/jh.realestatemallorca","https:\/\/www.youtube.com\/channel\/UCwlku0kp0G8CPBZ61xelIHw","https:\/\/www.linkedin.com\/in\/joseheredia1973\/"]}]}},"_links":{"self":[{"href":"https:\/\/jhrealestate.es\/de\/wp-json\/wp\/v2\/properties\/12119","targetHints":{"allow":["GET"]}}],"collection":[{"href":"https:\/\/jhrealestate.es\/de\/wp-json\/wp\/v2\/properties"}],"about":[{"href":"https:\/\/jhrealestate.es\/de\/wp-json\/wp\/v2\/types\/rem_property"}],"author":[{"embeddable":true,"href":"https:\/\/jhrealestate.es\/de\/wp-json\/wp\/v2\/users\/3"}],"wp:featuredmedia":[{"embeddable":true,"href":"https:\/\/jhrealestate.es\/de\/wp-json\/wp\/v2\/media\/12001"}],"wp:attachment":[{"href":"https:\/\/jhrealestate.es\/de\/wp-json\/wp\/v2\/media?parent=12119"}],"wp:term":[{"taxonomy":"rem_property_cat","embeddable":true,"href":"https:\/\/jhrealestate.es\/de\/wp-json\/wp\/v2\/rem_property_cat?post=12119"}],"curies":[{"name":"wp","href":"https:\/\/api.w.org\/{rel}","templated":true}]}}