{"id":12447,"date":"2004-11-12T22:26:54","date_gmt":"2004-11-12T21:26:54","guid":{"rendered":"https:\/\/jhrealestate.es\/propiedad\/ve-jhre049\/"},"modified":"2025-01-28T22:45:54","modified_gmt":"2025-01-28T21:45:54","slug":"ve-jhre049","status":"publish","type":"rem_property","link":"https:\/\/jhrealestate.es\/de\/immobilie\/ve-jhre049\/","title":{"rendered":"VE-JHRE049 &#8211; Wundersch\u00f6ne Luxusvilla im modernen Stil in den H\u00f6hen von Costa d&#8217;en Blanes"},"content":{"rendered":"<p>Das Haus befindet sich in einer der prestigetr\u00e4chtigsten Wohngegenden der Insel und bietet einen atemberaubenden Panoramablick auf das Meer und den Jachthafen von Puerto Portals.<\/p>\n<p>Das Haus wurde 2017 komplett renoviert, mit hochwertigen Materialien. Das Innere wurde neu gestaltet, um ihm eine modernere und anspruchsvollere Atmosph\u00e4re zu verleihen. Es besteht aus 3 Etagen und hat eine Gesamtfl\u00e4che von etwa 400 m2 (360 m2 Nutzfl\u00e4che).<\/p>\n<p>Der Haupteingang befindet sich in der mittleren Etage des Hauses und f\u00fchrt zu einem gro\u00dfen Wohn-Esszimmer mit beeindruckendem Meerblick. Vom Wohnzimmer aus hat man Zugang zu einer ger\u00e4umigen Veranda mit Ruhebereich. Die S\u00fcdausrichtung erm\u00f6glicht es Ihnen, das ganze Jahr \u00fcber Fr\u00fchst\u00fcck und Abendessen zu genie\u00dfen. In einer Ecke der Etage befindet sich eine gro\u00dfe offene K\u00fcche mit Insel, komplett ausgestattet mit erstklassigen Ger\u00e4ten. In der anderen Ecke befindet sich ein gro\u00dfes Schlafzimmer und ein G\u00e4ste-WC.<\/p>\n<p>\u00dcber eine breite, lichtdurchflutete Treppe gelangt man in die obere Etage des Hauses. Auf der einen Seite befindet sich das Hauptschlafzimmer des Hauses mit Ankleideraum und gro\u00dfem Badezimmer mit Blick auf die Bucht. Am anderen Ende des Flurs befinden sich 2 Schlafzimmer, beide mit eigenem Bad und Meerblick.<\/p>\n<p>Von der mittleren Etage gelangt man \u00fcber eine Treppe in das Untergeschoss des Hauses, wo sich eine gro\u00dfe Garage f\u00fcr 2 Autos und ein Lagerbereich befinden. Im Au\u00dfenbereich dieser unteren Etage gibt es eine zus\u00e4tzliche Terrasse mit Sommerk\u00fcche. Von dort aus hat man Zugang zu einem doppelten S\u00fc\u00dfwasserpool.<\/p>\n<p>Das \u00c4u\u00dfere des Hauses verf\u00fcgt \u00fcber gro\u00dfe Gartenfl\u00e4chen und bietet Platz f\u00fcr 2 weitere Parkpl\u00e4tze.<\/p>\n<p>Ausstattungsmerkmale des Hauses: Kanalklimaanlage (warm\/kalt) im gesamten Haus, Fu\u00dfbodenheizung, elegante Travertinb\u00f6den, doppelt verglaste Fenster, Einbauschr\u00e4nke, Wasserenth\u00e4rter, Wasserfiltersystem durch Osmose, Waschk\u00fcche und mehrere Abstellr\u00e4ume.<\/p>\n<p>Costa d&#8217;en Blanes ist eine ruhige Wohngegend, nur wenige Minuten vom luxuri\u00f6sen Jachthafen von Puerto Portals mit seinen exklusiven Restaurants und Gesch\u00e4ften entfernt. Die Eigent\u00fcmergemeinschaft verf\u00fcgt \u00fcber 3 Padelpl\u00e4tze f\u00fcr ihre Bewohner sowie einen 24-Stunden-Sicherheitsdienst. Das Zentrum von Palma ist 10 Autominuten entfernt, der Flughafen nur 20 Minuten. In der Umgebung gibt es mehrere internationale Privatschulen, der Real Golf de Bendinat ist nur wenige Autominuten entfernt. Der n\u00e4chstgelegene Strand ist Puerto Portals, 3 km entfernt.<\/p>\n<p>Z\u00f6gern Sie nicht, uns zu kontaktieren, um einen Besichtigungstermin f\u00fcr dieses fabelhafte Penthouse zu vereinbaren.<\/p>\n<p>HAFTUNGSAUSSCHLUSS: Die bereitgestellten Informationen wurden mit gr\u00f6\u00dftm\u00f6glicher Genauigkeit pr\u00e4sentiert. JH Real Estate Mallorca \u00fcbernimmt jedoch keine Verantwortung f\u00fcr deren Richtigkeit oder m\u00f6gliche Auslassungen, daher stellt dies kein vertragliches Dokument dar. Ebenso \u00fcbernehmen wir keine Verantwortung f\u00fcr die Verwendung der hier enthaltenen Informationen durch Dritte.<\/p>\n<p>M\u00f6bel, Steuern und \u00dcbertragungskosten sind nicht im Preis enthalten.<\/p>\n<p>Immobilienagentur im ROAIIB (Offizielles Register der Immobilienmakler der Balearen) GOIBE586263\/2024 eingetragen<\/p>\n","protected":false},"excerpt":{"rendered":"<p>COSTA D&#8217;EN BLANES &#8211; CALVI\u00c0<\/p>\n","protected":false},"author":3,"featured_media":12356,"parent":0,"menu_order":0,"template":"","rem_property_cat":[],"class_list":["post-12447","rem_property","type-rem_property","status-publish","has-post-thumbnail","hentry"],"yoast_head":"<!-- This site is optimized with the Yoast SEO plugin v26.9 - https:\/\/yoast.com\/product\/yoast-seo-wordpress\/ -->\n<title>VE-JHRE049 - Wundersch\u00f6ne Luxusvilla im modernen Stil in den H\u00f6hen von Costa d&#039;en Blanes | JH Real Estate Mallorca<\/title>\n<meta name=\"robots\" content=\"index, follow, max-snippet:-1, max-image-preview:large, max-video-preview:-1\" \/>\n<link rel=\"canonical\" href=\"https:\/\/jhrealestate.es\/de\/immobilie\/ve-jhre049\/\" \/>\n<meta property=\"og:locale\" content=\"de_DE\" \/>\n<meta property=\"og:type\" content=\"article\" \/>\n<meta property=\"og:title\" content=\"VE-JHRE049 - Wundersch\u00f6ne Luxusvilla im modernen Stil in den H\u00f6hen von Costa d&#039;en Blanes | JH Real Estate Mallorca\" \/>\n<meta property=\"og:description\" content=\"COSTA D&#039;EN BLANES - CALVI\u00c0\" \/>\n<meta property=\"og:url\" content=\"https:\/\/jhrealestate.es\/de\/immobilie\/ve-jhre049\/\" \/>\n<meta property=\"og:site_name\" content=\"JH Real Estate Mallorca\" \/>\n<meta property=\"article:publisher\" content=\"https:\/\/www.facebook.com\/jh.realestatemallorca\" \/>\n<meta property=\"article:modified_time\" content=\"2025-01-28T21:45:54+00:00\" \/>\n<meta property=\"og:image\" content=\"https:\/\/jhrealestate.es\/wp-content\/uploads\/2024\/11\/DSC04278-HDR-1024x576.jpg\" \/>\n<meta name=\"twitter:card\" content=\"summary_large_image\" \/>\n<meta name=\"twitter:label1\" content=\"Gesch\u00e4tzte Lesezeit\" \/>\n\t<meta name=\"twitter:data1\" content=\"2\u00a0Minuten\" \/>\n<script type=\"application\/ld+json\" class=\"yoast-schema-graph\">{\"@context\":\"https:\/\/schema.org\",\"@graph\":[{\"@type\":[\"WebPage\",\"RealEstateListing\"],\"@id\":\"https:\/\/jhrealestate.es\/de\/immobilie\/ve-jhre049\/\",\"url\":\"https:\/\/jhrealestate.es\/de\/immobilie\/ve-jhre049\/\",\"name\":\"VE-JHRE049 - Wundersch\u00f6ne Luxusvilla im modernen Stil in den H\u00f6hen von Costa d'en Blanes | JH Real Estate Mallorca\",\"isPartOf\":{\"@id\":\"https:\/\/jhrealestate.es\/de\/#website\"},\"primaryImageOfPage\":{\"@id\":\"https:\/\/jhrealestate.es\/de\/immobilie\/ve-jhre049\/#primaryimage\"},\"image\":{\"@id\":\"https:\/\/jhrealestate.es\/de\/immobilie\/ve-jhre049\/#primaryimage\"},\"thumbnailUrl\":\"https:\/\/jhrealestate.es\/wp-content\/uploads\/2024\/11\/DSC04278-HDR.jpg\",\"datePublished\":\"2004-11-12T21:26:54+00:00\",\"dateModified\":\"2025-01-28T21:45:54+00:00\",\"breadcrumb\":{\"@id\":\"https:\/\/jhrealestate.es\/de\/immobilie\/ve-jhre049\/#breadcrumb\"},\"inLanguage\":\"de\",\"potentialAction\":[{\"@type\":\"ReadAction\",\"target\":[\"https:\/\/jhrealestate.es\/de\/immobilie\/ve-jhre049\/\"]}]},{\"@type\":\"ImageObject\",\"inLanguage\":\"de\",\"@id\":\"https:\/\/jhrealestate.es\/de\/immobilie\/ve-jhre049\/#primaryimage\",\"url\":\"https:\/\/jhrealestate.es\/wp-content\/uploads\/2024\/11\/DSC04278-HDR.jpg\",\"contentUrl\":\"https:\/\/jhrealestate.es\/wp-content\/uploads\/2024\/11\/DSC04278-HDR.jpg\",\"width\":1600,\"height\":900},{\"@type\":\"BreadcrumbList\",\"@id\":\"https:\/\/jhrealestate.es\/de\/immobilie\/ve-jhre049\/#breadcrumb\",\"itemListElement\":[{\"@type\":\"ListItem\",\"position\":1,\"name\":\"Portada\",\"item\":\"https:\/\/jhrealestate.es\/de\/\"},{\"@type\":\"ListItem\",\"position\":2,\"name\":\"Immobilien\",\"item\":\"https:\/\/jhrealestate.es\/de\/immobilie\/\"},{\"@type\":\"ListItem\",\"position\":3,\"name\":\"VE-JHRE049 &#8211; Wundersch\u00f6ne Luxusvilla im modernen Stil in den H\u00f6hen von Costa d&#8217;en Blanes\"}]},{\"@type\":\"WebSite\",\"@id\":\"https:\/\/jhrealestate.es\/de\/#website\",\"url\":\"https:\/\/jhrealestate.es\/de\/\",\"name\":\"JH Real Estate Mallorca\",\"description\":\"Real Estate en Mallorca\",\"publisher\":{\"@id\":\"https:\/\/jhrealestate.es\/de\/#organization\"},\"potentialAction\":[{\"@type\":\"SearchAction\",\"target\":{\"@type\":\"EntryPoint\",\"urlTemplate\":\"https:\/\/jhrealestate.es\/de\/?s={search_term_string}\"},\"query-input\":{\"@type\":\"PropertyValueSpecification\",\"valueRequired\":true,\"valueName\":\"search_term_string\"}}],\"inLanguage\":\"de\"},{\"@type\":\"Organization\",\"@id\":\"https:\/\/jhrealestate.es\/de\/#organization\",\"name\":\"JH Real Estate Mallorca\",\"url\":\"https:\/\/jhrealestate.es\/de\/\",\"logo\":{\"@type\":\"ImageObject\",\"inLanguage\":\"de\",\"@id\":\"https:\/\/jhrealestate.es\/de\/#\/schema\/logo\/image\/\",\"url\":\"https:\/\/jhrealestate.es\/wp-content\/uploads\/2021\/11\/Logo-JHRE.png\",\"contentUrl\":\"https:\/\/jhrealestate.es\/wp-content\/uploads\/2021\/11\/Logo-JHRE.png\",\"width\":252,\"height\":200,\"caption\":\"JH Real Estate Mallorca\"},\"image\":{\"@id\":\"https:\/\/jhrealestate.es\/de\/#\/schema\/logo\/image\/\"},\"sameAs\":[\"https:\/\/www.facebook.com\/jh.realestatemallorca\",\"https:\/\/www.instagram.com\/jh.realestatemallorca\",\"https:\/\/www.youtube.com\/channel\/UCwlku0kp0G8CPBZ61xelIHw\",\"https:\/\/www.linkedin.com\/in\/joseheredia1973\/\"]}]}<\/script>\n<!-- \/ Yoast SEO plugin. -->","yoast_head_json":{"title":"VE-JHRE049 - Wundersch\u00f6ne Luxusvilla im modernen Stil in den H\u00f6hen von Costa d'en Blanes | JH Real Estate Mallorca","robots":{"index":"index","follow":"follow","max-snippet":"max-snippet:-1","max-image-preview":"max-image-preview:large","max-video-preview":"max-video-preview:-1"},"canonical":"https:\/\/jhrealestate.es\/de\/immobilie\/ve-jhre049\/","og_locale":"de_DE","og_type":"article","og_title":"VE-JHRE049 - Wundersch\u00f6ne Luxusvilla im modernen Stil in den H\u00f6hen von Costa d'en Blanes | JH Real Estate Mallorca","og_description":"COSTA D'EN BLANES - CALVI\u00c0","og_url":"https:\/\/jhrealestate.es\/de\/immobilie\/ve-jhre049\/","og_site_name":"JH Real Estate Mallorca","article_publisher":"https:\/\/www.facebook.com\/jh.realestatemallorca","article_modified_time":"2025-01-28T21:45:54+00:00","og_image":[{"url":"https:\/\/jhrealestate.es\/wp-content\/uploads\/2024\/11\/DSC04278-HDR-1024x576.jpg","type":"","width":"","height":""}],"twitter_card":"summary_large_image","twitter_misc":{"Gesch\u00e4tzte Lesezeit":"2\u00a0Minuten"},"schema":{"@context":"https:\/\/schema.org","@graph":[{"@type":["WebPage","RealEstateListing"],"@id":"https:\/\/jhrealestate.es\/de\/immobilie\/ve-jhre049\/","url":"https:\/\/jhrealestate.es\/de\/immobilie\/ve-jhre049\/","name":"VE-JHRE049 - Wundersch\u00f6ne Luxusvilla im modernen Stil in den H\u00f6hen von Costa d'en Blanes | JH Real Estate Mallorca","isPartOf":{"@id":"https:\/\/jhrealestate.es\/de\/#website"},"primaryImageOfPage":{"@id":"https:\/\/jhrealestate.es\/de\/immobilie\/ve-jhre049\/#primaryimage"},"image":{"@id":"https:\/\/jhrealestate.es\/de\/immobilie\/ve-jhre049\/#primaryimage"},"thumbnailUrl":"https:\/\/jhrealestate.es\/wp-content\/uploads\/2024\/11\/DSC04278-HDR.jpg","datePublished":"2004-11-12T21:26:54+00:00","dateModified":"2025-01-28T21:45:54+00:00","breadcrumb":{"@id":"https:\/\/jhrealestate.es\/de\/immobilie\/ve-jhre049\/#breadcrumb"},"inLanguage":"de","potentialAction":[{"@type":"ReadAction","target":["https:\/\/jhrealestate.es\/de\/immobilie\/ve-jhre049\/"]}]},{"@type":"ImageObject","inLanguage":"de","@id":"https:\/\/jhrealestate.es\/de\/immobilie\/ve-jhre049\/#primaryimage","url":"https:\/\/jhrealestate.es\/wp-content\/uploads\/2024\/11\/DSC04278-HDR.jpg","contentUrl":"https:\/\/jhrealestate.es\/wp-content\/uploads\/2024\/11\/DSC04278-HDR.jpg","width":1600,"height":900},{"@type":"BreadcrumbList","@id":"https:\/\/jhrealestate.es\/de\/immobilie\/ve-jhre049\/#breadcrumb","itemListElement":[{"@type":"ListItem","position":1,"name":"Portada","item":"https:\/\/jhrealestate.es\/de\/"},{"@type":"ListItem","position":2,"name":"Immobilien","item":"https:\/\/jhrealestate.es\/de\/immobilie\/"},{"@type":"ListItem","position":3,"name":"VE-JHRE049 &#8211; Wundersch\u00f6ne Luxusvilla im modernen Stil in den H\u00f6hen von Costa d&#8217;en Blanes"}]},{"@type":"WebSite","@id":"https:\/\/jhrealestate.es\/de\/#website","url":"https:\/\/jhrealestate.es\/de\/","name":"JH Real Estate Mallorca","description":"Real Estate en Mallorca","publisher":{"@id":"https:\/\/jhrealestate.es\/de\/#organization"},"potentialAction":[{"@type":"SearchAction","target":{"@type":"EntryPoint","urlTemplate":"https:\/\/jhrealestate.es\/de\/?s={search_term_string}"},"query-input":{"@type":"PropertyValueSpecification","valueRequired":true,"valueName":"search_term_string"}}],"inLanguage":"de"},{"@type":"Organization","@id":"https:\/\/jhrealestate.es\/de\/#organization","name":"JH Real Estate Mallorca","url":"https:\/\/jhrealestate.es\/de\/","logo":{"@type":"ImageObject","inLanguage":"de","@id":"https:\/\/jhrealestate.es\/de\/#\/schema\/logo\/image\/","url":"https:\/\/jhrealestate.es\/wp-content\/uploads\/2021\/11\/Logo-JHRE.png","contentUrl":"https:\/\/jhrealestate.es\/wp-content\/uploads\/2021\/11\/Logo-JHRE.png","width":252,"height":200,"caption":"JH Real Estate Mallorca"},"image":{"@id":"https:\/\/jhrealestate.es\/de\/#\/schema\/logo\/image\/"},"sameAs":["https:\/\/www.facebook.com\/jh.realestatemallorca","https:\/\/www.instagram.com\/jh.realestatemallorca","https:\/\/www.youtube.com\/channel\/UCwlku0kp0G8CPBZ61xelIHw","https:\/\/www.linkedin.com\/in\/joseheredia1973\/"]}]}},"_links":{"self":[{"href":"https:\/\/jhrealestate.es\/de\/wp-json\/wp\/v2\/properties\/12447","targetHints":{"allow":["GET"]}}],"collection":[{"href":"https:\/\/jhrealestate.es\/de\/wp-json\/wp\/v2\/properties"}],"about":[{"href":"https:\/\/jhrealestate.es\/de\/wp-json\/wp\/v2\/types\/rem_property"}],"author":[{"embeddable":true,"href":"https:\/\/jhrealestate.es\/de\/wp-json\/wp\/v2\/users\/3"}],"wp:featuredmedia":[{"embeddable":true,"href":"https:\/\/jhrealestate.es\/de\/wp-json\/wp\/v2\/media\/12356"}],"wp:attachment":[{"href":"https:\/\/jhrealestate.es\/de\/wp-json\/wp\/v2\/media?parent=12447"}],"wp:term":[{"taxonomy":"rem_property_cat","embeddable":true,"href":"https:\/\/jhrealestate.es\/de\/wp-json\/wp\/v2\/rem_property_cat?post=12447"}],"curies":[{"name":"wp","href":"https:\/\/api.w.org\/{rel}","templated":true}]}}