{"id":13643,"date":"2020-06-16T14:44:05","date_gmt":"2020-06-16T12:44:05","guid":{"rendered":"https:\/\/jhrealestate.es\/propiedad\/ve-jhre053-2\/"},"modified":"2025-06-16T23:37:48","modified_gmt":"2025-06-16T21:37:48","slug":"ve-jhre054","status":"publish","type":"rem_property","link":"https:\/\/jhrealestate.es\/de\/immobilie\/ve-jhre054\/","title":{"rendered":"VE-JHRE054 &#8211; ALLEINAUFTRAG &#8211; Ausgezeichnete Investitionsm\u00f6glichkeit im Herzen von Palma, nur wenige Schritte von den Avenidas entfernt"},"content":{"rendered":"<p>Zum Verkauf steht eine k\u00fcrzlich renovierte Erdgeschosswohnung im Stadtteil Foners \u2013 bezugsfertig. Besonders hervorzuheben ist, dass die Immobilie als zwei vollst\u00e4ndig unabh\u00e4ngige Einheiten genutzt werden kann, die durch einen gemeinsamen Eingangsbereich miteinander verbunden sind. So haben Sie die M\u00f6glichkeit, beide Einheiten zu vermieten und eine sehr gute Rendite zu erzielen, oder in einer Einheit zu wohnen und die andere zu vermieten \u2013 auf diese Weise k\u00f6nnen Sie Ihre Ausgaben minimieren und Ihre Investition von Anfang an rentabel machen.<\/p>\n<p>Die Gesamtfl\u00e4che der Wohnung betr\u00e4gt 125 m\u00b2 und verf\u00fcgt \u00fcber einen kleinen Innenhof, der im Sommer als Terrasse genutzt werden kann.<\/p>\n<p>Der gr\u00f6\u00dfere Wohnbereich umfasst ein gro\u00dfz\u00fcgiges Wohn-Esszimmer mit offener K\u00fcche und einem Hochbett, das als zus\u00e4tzlicher Schlafbereich f\u00fcr G\u00e4ste oder Kinder dienen kann. Die K\u00fcche ist modern, komplett m\u00f6bliert und ausgestattet. Das Hauptschlafzimmer verf\u00fcgt \u00fcber einen gro\u00dfen Einbauschrank sowie ein Bad en suite mit Dusche\/Badewanne. In einer Ecke befindet sich ein zus\u00e4tzliches G\u00e4ste-WC mit Dusche.<\/p>\n<p>Der zweite Wohnbereich ist \u00fcber einen kleinen Eingangsbereich zug\u00e4nglich, der in einen gro\u00dfen offenen Raum f\u00fchrt. Auf der einen Seite befindet sich ein Schlafbereich, auf der anderen ein gro\u00dfer Schrank mit ausklappbarem Bett, das tags\u00fcber als B\u00fcro genutzt werden kann. Dieser Teil der Wohnung verf\u00fcgt ebenfalls \u00fcber eine gro\u00dfz\u00fcgige, voll ausgestattete K\u00fcche mit Zugang zu einem kleinen Innenhof, der viel Licht hereinl\u00e4sst und als Au\u00dfenterrasse dient.<\/p>\n<p>Die Aufteilung der Wohnung ist optimal und sehr flexibel \u2013 sie kann als eine einzige Einheit oder als zwei separate Wohneinheiten genutzt werden.<\/p>\n<p>Die Immobilie befindet sich in einer strategisch g\u00fcnstigen Lage in einem sich wandelnden Viertel von Palma, genau zwischen den Avenidas und dem Krekovic-Park. In der Umgebung gibt es ein breites Angebot an Gesch\u00e4ften und Dienstleistungen. \u00d6ffentliche Verkehrsmittel sind nur etwa 100 m entfernt.<\/p>\n<p>Kleine Eigent\u00fcmergemeinschaft mit nur 4 Nachbarn und sehr niedrigen Gemeinschaftskosten.<\/p>\n<p>Eine einmalige Gelegenheit. Z\u00f6gern Sie nicht, uns zu kontaktieren, um einen Besichtigungstermin zu vereinbaren.<\/p>\n<p>HAFTUNGSAUSSCHLUSS: Die bereitgestellten Informationen wurden mit gr\u00f6\u00dftm\u00f6glicher Sorgfalt zusammengestellt. JH Real Estate Mallorca \u00fcbernimmt jedoch keine Haftung f\u00fcr die Richtigkeit oder etwaige Auslassungen, weshalb diese Angaben kein Vertragsdokument darstellen. Ebenso wenig haften wir f\u00fcr die Nutzung der hier enthaltenen Informationen durch Dritte. <\/p>\n<p>Der Preis versteht sich ohne Steuern, \u00dcbertragungskosten sowie M\u00f6bel oder Elektroger\u00e4te.<\/p>\n<p>Immobilienagentur im ROAIIB (Offizielles Register der Immobilienmakler der Balearen) eingetragen. GOIBE586263\/2024<\/p>\n","protected":false},"excerpt":{"rendered":"<p>PALMA &#8211; FONERS<\/p>\n","protected":false},"author":3,"featured_media":13513,"parent":0,"menu_order":0,"template":"","rem_property_cat":[],"class_list":["post-13643","rem_property","type-rem_property","status-publish","has-post-thumbnail","hentry"],"yoast_head":"<!-- This site is optimized with the Yoast SEO plugin v26.9 - https:\/\/yoast.com\/product\/yoast-seo-wordpress\/ -->\n<title>VE-JHRE054 - ALLEINAUFTRAG - Ausgezeichnete Investitionsm\u00f6glichkeit im Herzen von Palma, nur wenige Schritte von den Avenidas entfernt | JH Real Estate Mallorca<\/title>\n<meta name=\"robots\" content=\"index, follow, max-snippet:-1, max-image-preview:large, max-video-preview:-1\" \/>\n<link rel=\"canonical\" href=\"https:\/\/jhrealestate.es\/de\/immobilie\/ve-jhre054\/\" \/>\n<meta property=\"og:locale\" content=\"de_DE\" \/>\n<meta property=\"og:type\" content=\"article\" \/>\n<meta property=\"og:title\" content=\"VE-JHRE054 - ALLEINAUFTRAG - Ausgezeichnete Investitionsm\u00f6glichkeit im Herzen von Palma, nur wenige Schritte von den Avenidas entfernt | JH Real Estate Mallorca\" \/>\n<meta property=\"og:description\" content=\"PALMA - FONERS\" \/>\n<meta property=\"og:url\" content=\"https:\/\/jhrealestate.es\/de\/immobilie\/ve-jhre054\/\" \/>\n<meta property=\"og:site_name\" content=\"JH Real Estate Mallorca\" \/>\n<meta property=\"article:publisher\" content=\"https:\/\/www.facebook.com\/jh.realestatemallorca\" \/>\n<meta property=\"article:modified_time\" content=\"2025-06-16T21:37:48+00:00\" \/>\n<meta property=\"og:image\" content=\"https:\/\/jhrealestate.es\/wp-content\/uploads\/2025\/04\/VE-JHRE054-1-1024x576.jpg\" \/>\n<meta name=\"twitter:card\" content=\"summary_large_image\" \/>\n<meta name=\"twitter:label1\" content=\"Gesch\u00e4tzte Lesezeit\" \/>\n\t<meta name=\"twitter:data1\" content=\"2\u00a0Minuten\" \/>\n<script type=\"application\/ld+json\" class=\"yoast-schema-graph\">{\"@context\":\"https:\/\/schema.org\",\"@graph\":[{\"@type\":[\"WebPage\",\"RealEstateListing\"],\"@id\":\"https:\/\/jhrealestate.es\/de\/immobilie\/ve-jhre054\/\",\"url\":\"https:\/\/jhrealestate.es\/de\/immobilie\/ve-jhre054\/\",\"name\":\"VE-JHRE054 - ALLEINAUFTRAG - Ausgezeichnete Investitionsm\u00f6glichkeit im Herzen von Palma, nur wenige Schritte von den Avenidas entfernt | JH Real Estate Mallorca\",\"isPartOf\":{\"@id\":\"https:\/\/jhrealestate.es\/de\/#website\"},\"primaryImageOfPage\":{\"@id\":\"https:\/\/jhrealestate.es\/de\/immobilie\/ve-jhre054\/#primaryimage\"},\"image\":{\"@id\":\"https:\/\/jhrealestate.es\/de\/immobilie\/ve-jhre054\/#primaryimage\"},\"thumbnailUrl\":\"https:\/\/jhrealestate.es\/wp-content\/uploads\/2025\/04\/VE-JHRE054-1.jpg\",\"datePublished\":\"2020-06-16T12:44:05+00:00\",\"dateModified\":\"2025-06-16T21:37:48+00:00\",\"breadcrumb\":{\"@id\":\"https:\/\/jhrealestate.es\/de\/immobilie\/ve-jhre054\/#breadcrumb\"},\"inLanguage\":\"de\",\"potentialAction\":[{\"@type\":\"ReadAction\",\"target\":[\"https:\/\/jhrealestate.es\/de\/immobilie\/ve-jhre054\/\"]}]},{\"@type\":\"ImageObject\",\"inLanguage\":\"de\",\"@id\":\"https:\/\/jhrealestate.es\/de\/immobilie\/ve-jhre054\/#primaryimage\",\"url\":\"https:\/\/jhrealestate.es\/wp-content\/uploads\/2025\/04\/VE-JHRE054-1.jpg\",\"contentUrl\":\"https:\/\/jhrealestate.es\/wp-content\/uploads\/2025\/04\/VE-JHRE054-1.jpg\",\"width\":1600,\"height\":900},{\"@type\":\"BreadcrumbList\",\"@id\":\"https:\/\/jhrealestate.es\/de\/immobilie\/ve-jhre054\/#breadcrumb\",\"itemListElement\":[{\"@type\":\"ListItem\",\"position\":1,\"name\":\"Portada\",\"item\":\"https:\/\/jhrealestate.es\/de\/\"},{\"@type\":\"ListItem\",\"position\":2,\"name\":\"Immobilien\",\"item\":\"https:\/\/jhrealestate.es\/de\/immobilie\/\"},{\"@type\":\"ListItem\",\"position\":3,\"name\":\"VE-JHRE054 &#8211; ALLEINAUFTRAG &#8211; Ausgezeichnete Investitionsm\u00f6glichkeit im Herzen von Palma, nur wenige Schritte von den Avenidas entfernt\"}]},{\"@type\":\"WebSite\",\"@id\":\"https:\/\/jhrealestate.es\/de\/#website\",\"url\":\"https:\/\/jhrealestate.es\/de\/\",\"name\":\"JH Real Estate Mallorca\",\"description\":\"Real Estate en Mallorca\",\"publisher\":{\"@id\":\"https:\/\/jhrealestate.es\/de\/#organization\"},\"potentialAction\":[{\"@type\":\"SearchAction\",\"target\":{\"@type\":\"EntryPoint\",\"urlTemplate\":\"https:\/\/jhrealestate.es\/de\/?s={search_term_string}\"},\"query-input\":{\"@type\":\"PropertyValueSpecification\",\"valueRequired\":true,\"valueName\":\"search_term_string\"}}],\"inLanguage\":\"de\"},{\"@type\":\"Organization\",\"@id\":\"https:\/\/jhrealestate.es\/de\/#organization\",\"name\":\"JH Real Estate Mallorca\",\"url\":\"https:\/\/jhrealestate.es\/de\/\",\"logo\":{\"@type\":\"ImageObject\",\"inLanguage\":\"de\",\"@id\":\"https:\/\/jhrealestate.es\/de\/#\/schema\/logo\/image\/\",\"url\":\"https:\/\/jhrealestate.es\/wp-content\/uploads\/2021\/11\/Logo-JHRE.png\",\"contentUrl\":\"https:\/\/jhrealestate.es\/wp-content\/uploads\/2021\/11\/Logo-JHRE.png\",\"width\":252,\"height\":200,\"caption\":\"JH Real Estate Mallorca\"},\"image\":{\"@id\":\"https:\/\/jhrealestate.es\/de\/#\/schema\/logo\/image\/\"},\"sameAs\":[\"https:\/\/www.facebook.com\/jh.realestatemallorca\",\"https:\/\/www.instagram.com\/jh.realestatemallorca\",\"https:\/\/www.youtube.com\/channel\/UCwlku0kp0G8CPBZ61xelIHw\",\"https:\/\/www.linkedin.com\/in\/joseheredia1973\/\"]}]}<\/script>\n<!-- \/ Yoast SEO plugin. -->","yoast_head_json":{"title":"VE-JHRE054 - ALLEINAUFTRAG - Ausgezeichnete Investitionsm\u00f6glichkeit im Herzen von Palma, nur wenige Schritte von den Avenidas entfernt | JH Real Estate Mallorca","robots":{"index":"index","follow":"follow","max-snippet":"max-snippet:-1","max-image-preview":"max-image-preview:large","max-video-preview":"max-video-preview:-1"},"canonical":"https:\/\/jhrealestate.es\/de\/immobilie\/ve-jhre054\/","og_locale":"de_DE","og_type":"article","og_title":"VE-JHRE054 - ALLEINAUFTRAG - Ausgezeichnete Investitionsm\u00f6glichkeit im Herzen von Palma, nur wenige Schritte von den Avenidas entfernt | JH Real Estate Mallorca","og_description":"PALMA - FONERS","og_url":"https:\/\/jhrealestate.es\/de\/immobilie\/ve-jhre054\/","og_site_name":"JH Real Estate Mallorca","article_publisher":"https:\/\/www.facebook.com\/jh.realestatemallorca","article_modified_time":"2025-06-16T21:37:48+00:00","og_image":[{"url":"https:\/\/jhrealestate.es\/wp-content\/uploads\/2025\/04\/VE-JHRE054-1-1024x576.jpg","type":"","width":"","height":""}],"twitter_card":"summary_large_image","twitter_misc":{"Gesch\u00e4tzte Lesezeit":"2\u00a0Minuten"},"schema":{"@context":"https:\/\/schema.org","@graph":[{"@type":["WebPage","RealEstateListing"],"@id":"https:\/\/jhrealestate.es\/de\/immobilie\/ve-jhre054\/","url":"https:\/\/jhrealestate.es\/de\/immobilie\/ve-jhre054\/","name":"VE-JHRE054 - ALLEINAUFTRAG - Ausgezeichnete Investitionsm\u00f6glichkeit im Herzen von Palma, nur wenige Schritte von den Avenidas entfernt | JH Real Estate Mallorca","isPartOf":{"@id":"https:\/\/jhrealestate.es\/de\/#website"},"primaryImageOfPage":{"@id":"https:\/\/jhrealestate.es\/de\/immobilie\/ve-jhre054\/#primaryimage"},"image":{"@id":"https:\/\/jhrealestate.es\/de\/immobilie\/ve-jhre054\/#primaryimage"},"thumbnailUrl":"https:\/\/jhrealestate.es\/wp-content\/uploads\/2025\/04\/VE-JHRE054-1.jpg","datePublished":"2020-06-16T12:44:05+00:00","dateModified":"2025-06-16T21:37:48+00:00","breadcrumb":{"@id":"https:\/\/jhrealestate.es\/de\/immobilie\/ve-jhre054\/#breadcrumb"},"inLanguage":"de","potentialAction":[{"@type":"ReadAction","target":["https:\/\/jhrealestate.es\/de\/immobilie\/ve-jhre054\/"]}]},{"@type":"ImageObject","inLanguage":"de","@id":"https:\/\/jhrealestate.es\/de\/immobilie\/ve-jhre054\/#primaryimage","url":"https:\/\/jhrealestate.es\/wp-content\/uploads\/2025\/04\/VE-JHRE054-1.jpg","contentUrl":"https:\/\/jhrealestate.es\/wp-content\/uploads\/2025\/04\/VE-JHRE054-1.jpg","width":1600,"height":900},{"@type":"BreadcrumbList","@id":"https:\/\/jhrealestate.es\/de\/immobilie\/ve-jhre054\/#breadcrumb","itemListElement":[{"@type":"ListItem","position":1,"name":"Portada","item":"https:\/\/jhrealestate.es\/de\/"},{"@type":"ListItem","position":2,"name":"Immobilien","item":"https:\/\/jhrealestate.es\/de\/immobilie\/"},{"@type":"ListItem","position":3,"name":"VE-JHRE054 &#8211; ALLEINAUFTRAG &#8211; Ausgezeichnete Investitionsm\u00f6glichkeit im Herzen von Palma, nur wenige Schritte von den Avenidas entfernt"}]},{"@type":"WebSite","@id":"https:\/\/jhrealestate.es\/de\/#website","url":"https:\/\/jhrealestate.es\/de\/","name":"JH Real Estate Mallorca","description":"Real Estate en Mallorca","publisher":{"@id":"https:\/\/jhrealestate.es\/de\/#organization"},"potentialAction":[{"@type":"SearchAction","target":{"@type":"EntryPoint","urlTemplate":"https:\/\/jhrealestate.es\/de\/?s={search_term_string}"},"query-input":{"@type":"PropertyValueSpecification","valueRequired":true,"valueName":"search_term_string"}}],"inLanguage":"de"},{"@type":"Organization","@id":"https:\/\/jhrealestate.es\/de\/#organization","name":"JH Real Estate Mallorca","url":"https:\/\/jhrealestate.es\/de\/","logo":{"@type":"ImageObject","inLanguage":"de","@id":"https:\/\/jhrealestate.es\/de\/#\/schema\/logo\/image\/","url":"https:\/\/jhrealestate.es\/wp-content\/uploads\/2021\/11\/Logo-JHRE.png","contentUrl":"https:\/\/jhrealestate.es\/wp-content\/uploads\/2021\/11\/Logo-JHRE.png","width":252,"height":200,"caption":"JH Real Estate Mallorca"},"image":{"@id":"https:\/\/jhrealestate.es\/de\/#\/schema\/logo\/image\/"},"sameAs":["https:\/\/www.facebook.com\/jh.realestatemallorca","https:\/\/www.instagram.com\/jh.realestatemallorca","https:\/\/www.youtube.com\/channel\/UCwlku0kp0G8CPBZ61xelIHw","https:\/\/www.linkedin.com\/in\/joseheredia1973\/"]}]}},"_links":{"self":[{"href":"https:\/\/jhrealestate.es\/de\/wp-json\/wp\/v2\/properties\/13643","targetHints":{"allow":["GET"]}}],"collection":[{"href":"https:\/\/jhrealestate.es\/de\/wp-json\/wp\/v2\/properties"}],"about":[{"href":"https:\/\/jhrealestate.es\/de\/wp-json\/wp\/v2\/types\/rem_property"}],"author":[{"embeddable":true,"href":"https:\/\/jhrealestate.es\/de\/wp-json\/wp\/v2\/users\/3"}],"wp:featuredmedia":[{"embeddable":true,"href":"https:\/\/jhrealestate.es\/de\/wp-json\/wp\/v2\/media\/13513"}],"wp:attachment":[{"href":"https:\/\/jhrealestate.es\/de\/wp-json\/wp\/v2\/media?parent=13643"}],"wp:term":[{"taxonomy":"rem_property_cat","embeddable":true,"href":"https:\/\/jhrealestate.es\/de\/wp-json\/wp\/v2\/rem_property_cat?post=13643"}],"curies":[{"name":"wp","href":"https:\/\/api.w.org\/{rel}","templated":true}]}}