{"id":15491,"date":"2025-11-08T17:04:37","date_gmt":"2025-11-08T16:04:37","guid":{"rendered":"https:\/\/jhrealestate.es\/propiedad\/ve-jhre064\/"},"modified":"2026-03-22T12:31:02","modified_gmt":"2026-03-22T11:31:02","slug":"ve-jhre064","status":"publish","type":"rem_property","link":"https:\/\/jhrealestate.es\/de\/immobilie\/ve-jhre064\/","title":{"rendered":"VE-JHRE064 &#8211; Ger\u00e4umige Wohnung mit 4 Schlafzimmern, 2 Terrassen und Parkplatz im Wohnviertel von Son Armadans."},"content":{"rendered":"<p>Die Wohnung befindet sich im 3. Stock eines Geb\u00e4udes mit nur 8 Nachbarn und verf\u00fcgt \u00fcber eine Gesamtfl\u00e4che von circa 141 m\u00b2 (Terrassen nicht inbegriffen), die wie folgt aufgeteilt ist:<\/p>\n<p>\u2022 4 Schlafzimmer mit Einbauschr\u00e4nken. Das Hauptschlafzimmer verf\u00fcgt \u00fcber ein eigenes Bad, und eines der Schlafzimmer hat ein angrenzendes kleines Wohnzimmer \u2013 ideal als B\u00fcro.<br \/>\u2022 Helles, gro\u00dfz\u00fcgiges Wohn-Esszimmer auf zwei Ebenen mit Zugang zu zwei gro\u00dfen Terrassen.<br \/>\u2022 Gro\u00dfer Eingangsbereich mit Einbauschrank.<br \/>\u2022 2 komplette Badezimmer (beide mit Badewanne\/Dusche).<br \/>\u2022 Parkettboden (Fliesen in K\u00fcche und B\u00e4dern).<br \/>\u2022 Separate, m\u00f6blierte und ausgestattete K\u00fcche (K\u00fchlschrank, Geschirrsp\u00fcler, Backofen, Cerankochfeld, Mikrowelle) mit Vorratsraum.<br \/>\u2022 Gro\u00dfe Waschk\u00fcche mit ger\u00e4umigem Schrank.<br \/>\u2022 Au\u00dfenfenster mit Doppelverglasung.<br \/>\u2022 Gasheizung mit Radiatoren in der gesamten Wohnung.<br \/>\u2022 Geb\u00e4ude mit Aufzug.<br \/>\u2022 Baujahr: 1977.<br \/>\u2022 Tiefgaragenstellplatz.<br \/>\u2022 Gro\u00dfer Abstellraum mit ca. 9 m\u00b2 und 3 Metern H\u00f6he.<\/p>\n<p>Die Wohnung befindet sich in einer Wohngegend im Zentrum von Palma, nur wenige Schritte vom Paseo Mar\u00edtimo und dem Stadtteil Santa Catalina entfernt. In der Umgebung gibt es zahlreiche Dienstleistungen, Gesundheits- und Sportzentren sowie Superm\u00e4rkte. Sehr nahe an der Schulzone und dem franz\u00f6sischen Gymnasium. Bushaltestelle in weniger als 100 m Entfernung und bequemer Zugang zur Ringautobahn \u201eVia de Cintura\u201c.<\/p>\n<p>Kleine, ruhige Gemeinschaft mit nur 8 Nachbarn (ein Nachbar pro Etage) und einem sehr gepflegten Gartenbereich.<\/p>\n<p>Kontaktieren Sie uns f\u00fcr weitere Informationen oder um einen Besichtigungstermin zu vereinbaren!<\/p>\n<p>HAFTUNGSAUSSCHLUSS: Die bereitgestellten Informationen wurden mit gr\u00f6\u00dftm\u00f6glicher Sorgfalt zusammengestellt. JH Real Estate Mallorca \u00fcbernimmt jedoch keine Haftung f\u00fcr deren Richtigkeit oder m\u00f6gliche Auslassungen; sie stellen kein vertragliches Dokument dar. Ebenso \u00fcbernimmt die Agentur keine Verantwortung f\u00fcr die Verwendung der hier enthaltenen Informationen durch Dritte.<\/p>\n<p>Der Preis versteht sich ohne Steuern und \u00dcbertragungskosten.<\/p>\n<p>Immobilienagentur eingetragen im ROAIIB (Offizielles Register der Immobilienmakler der Balearischen Inseln) GOIBE586263\/2024.<\/p>\n","protected":false},"excerpt":{"rendered":"<p>SON ARMADANS &#8211; PALMA<\/p>\n","protected":false},"author":3,"featured_media":15297,"parent":0,"menu_order":0,"template":"","rem_property_cat":[38],"class_list":["post-15491","rem_property","type-rem_property","status-publish","has-post-thumbnail","hentry","rem_property_cat-zum-verkaufen"],"yoast_head":"<!-- This site is optimized with the Yoast SEO plugin v26.9 - https:\/\/yoast.com\/product\/yoast-seo-wordpress\/ -->\n<title>VE-JHRE064 - Ger\u00e4umige Wohnung mit 4 Schlafzimmern, 2 Terrassen und Parkplatz im Wohnviertel von Son Armadans. | JH Real Estate Mallorca<\/title>\n<meta name=\"robots\" content=\"index, follow, max-snippet:-1, max-image-preview:large, max-video-preview:-1\" \/>\n<link rel=\"canonical\" href=\"https:\/\/jhrealestate.es\/de\/immobilie\/ve-jhre064\/\" \/>\n<meta property=\"og:locale\" content=\"de_DE\" \/>\n<meta property=\"og:type\" content=\"article\" \/>\n<meta property=\"og:title\" content=\"VE-JHRE064 - Ger\u00e4umige Wohnung mit 4 Schlafzimmern, 2 Terrassen und Parkplatz im Wohnviertel von Son Armadans. | JH Real Estate Mallorca\" \/>\n<meta property=\"og:description\" content=\"SON ARMADANS - PALMA\" \/>\n<meta property=\"og:url\" content=\"https:\/\/jhrealestate.es\/de\/immobilie\/ve-jhre064\/\" \/>\n<meta property=\"og:site_name\" content=\"JH Real Estate Mallorca\" \/>\n<meta property=\"article:publisher\" content=\"https:\/\/www.facebook.com\/jh.realestatemallorca\" \/>\n<meta property=\"article:modified_time\" content=\"2026-03-22T11:31:02+00:00\" \/>\n<meta property=\"og:image\" content=\"https:\/\/jhrealestate.es\/wp-content\/uploads\/2025\/11\/VE-JHRE064-1-1024x576.jpg\" \/>\n<meta name=\"twitter:card\" content=\"summary_large_image\" \/>\n<meta name=\"twitter:label1\" content=\"Gesch\u00e4tzte Lesezeit\" \/>\n\t<meta name=\"twitter:data1\" content=\"1\u00a0Minute\" \/>\n<script type=\"application\/ld+json\" class=\"yoast-schema-graph\">{\"@context\":\"https:\/\/schema.org\",\"@graph\":[{\"@type\":[\"WebPage\",\"RealEstateListing\"],\"@id\":\"https:\/\/jhrealestate.es\/de\/immobilie\/ve-jhre064\/\",\"url\":\"https:\/\/jhrealestate.es\/de\/immobilie\/ve-jhre064\/\",\"name\":\"VE-JHRE064 - Ger\u00e4umige Wohnung mit 4 Schlafzimmern, 2 Terrassen und Parkplatz im Wohnviertel von Son Armadans. | JH Real Estate Mallorca\",\"isPartOf\":{\"@id\":\"https:\/\/jhrealestate.es\/de\/#website\"},\"primaryImageOfPage\":{\"@id\":\"https:\/\/jhrealestate.es\/de\/immobilie\/ve-jhre064\/#primaryimage\"},\"image\":{\"@id\":\"https:\/\/jhrealestate.es\/de\/immobilie\/ve-jhre064\/#primaryimage\"},\"thumbnailUrl\":\"https:\/\/jhrealestate.es\/wp-content\/uploads\/2025\/11\/VE-JHRE064-1.jpg\",\"datePublished\":\"2025-11-08T16:04:37+00:00\",\"dateModified\":\"2026-03-22T11:31:02+00:00\",\"breadcrumb\":{\"@id\":\"https:\/\/jhrealestate.es\/de\/immobilie\/ve-jhre064\/#breadcrumb\"},\"inLanguage\":\"de\",\"potentialAction\":[{\"@type\":\"ReadAction\",\"target\":[\"https:\/\/jhrealestate.es\/de\/immobilie\/ve-jhre064\/\"]}]},{\"@type\":\"ImageObject\",\"inLanguage\":\"de\",\"@id\":\"https:\/\/jhrealestate.es\/de\/immobilie\/ve-jhre064\/#primaryimage\",\"url\":\"https:\/\/jhrealestate.es\/wp-content\/uploads\/2025\/11\/VE-JHRE064-1.jpg\",\"contentUrl\":\"https:\/\/jhrealestate.es\/wp-content\/uploads\/2025\/11\/VE-JHRE064-1.jpg\",\"width\":1600,\"height\":900},{\"@type\":\"BreadcrumbList\",\"@id\":\"https:\/\/jhrealestate.es\/de\/immobilie\/ve-jhre064\/#breadcrumb\",\"itemListElement\":[{\"@type\":\"ListItem\",\"position\":1,\"name\":\"Portada\",\"item\":\"https:\/\/jhrealestate.es\/de\/\"},{\"@type\":\"ListItem\",\"position\":2,\"name\":\"Immobilien\",\"item\":\"https:\/\/jhrealestate.es\/de\/immobilie\/\"},{\"@type\":\"ListItem\",\"position\":3,\"name\":\"VE-JHRE064 &#8211; Ger\u00e4umige Wohnung mit 4 Schlafzimmern, 2 Terrassen und Parkplatz im Wohnviertel von Son Armadans.\"}]},{\"@type\":\"WebSite\",\"@id\":\"https:\/\/jhrealestate.es\/de\/#website\",\"url\":\"https:\/\/jhrealestate.es\/de\/\",\"name\":\"JH Real Estate Mallorca\",\"description\":\"Real Estate en Mallorca\",\"publisher\":{\"@id\":\"https:\/\/jhrealestate.es\/de\/#organization\"},\"potentialAction\":[{\"@type\":\"SearchAction\",\"target\":{\"@type\":\"EntryPoint\",\"urlTemplate\":\"https:\/\/jhrealestate.es\/de\/?s={search_term_string}\"},\"query-input\":{\"@type\":\"PropertyValueSpecification\",\"valueRequired\":true,\"valueName\":\"search_term_string\"}}],\"inLanguage\":\"de\"},{\"@type\":\"Organization\",\"@id\":\"https:\/\/jhrealestate.es\/de\/#organization\",\"name\":\"JH Real Estate Mallorca\",\"url\":\"https:\/\/jhrealestate.es\/de\/\",\"logo\":{\"@type\":\"ImageObject\",\"inLanguage\":\"de\",\"@id\":\"https:\/\/jhrealestate.es\/de\/#\/schema\/logo\/image\/\",\"url\":\"https:\/\/jhrealestate.es\/wp-content\/uploads\/2021\/11\/Logo-JHRE.png\",\"contentUrl\":\"https:\/\/jhrealestate.es\/wp-content\/uploads\/2021\/11\/Logo-JHRE.png\",\"width\":252,\"height\":200,\"caption\":\"JH Real Estate Mallorca\"},\"image\":{\"@id\":\"https:\/\/jhrealestate.es\/de\/#\/schema\/logo\/image\/\"},\"sameAs\":[\"https:\/\/www.facebook.com\/jh.realestatemallorca\",\"https:\/\/www.instagram.com\/jh.realestatemallorca\",\"https:\/\/www.youtube.com\/channel\/UCwlku0kp0G8CPBZ61xelIHw\",\"https:\/\/www.linkedin.com\/in\/joseheredia1973\/\"]}]}<\/script>\n<!-- \/ Yoast SEO plugin. -->","yoast_head_json":{"title":"VE-JHRE064 - Ger\u00e4umige Wohnung mit 4 Schlafzimmern, 2 Terrassen und Parkplatz im Wohnviertel von Son Armadans. | JH Real Estate Mallorca","robots":{"index":"index","follow":"follow","max-snippet":"max-snippet:-1","max-image-preview":"max-image-preview:large","max-video-preview":"max-video-preview:-1"},"canonical":"https:\/\/jhrealestate.es\/de\/immobilie\/ve-jhre064\/","og_locale":"de_DE","og_type":"article","og_title":"VE-JHRE064 - Ger\u00e4umige Wohnung mit 4 Schlafzimmern, 2 Terrassen und Parkplatz im Wohnviertel von Son Armadans. | JH Real Estate Mallorca","og_description":"SON ARMADANS - PALMA","og_url":"https:\/\/jhrealestate.es\/de\/immobilie\/ve-jhre064\/","og_site_name":"JH Real Estate Mallorca","article_publisher":"https:\/\/www.facebook.com\/jh.realestatemallorca","article_modified_time":"2026-03-22T11:31:02+00:00","og_image":[{"url":"https:\/\/jhrealestate.es\/wp-content\/uploads\/2025\/11\/VE-JHRE064-1-1024x576.jpg","type":"","width":"","height":""}],"twitter_card":"summary_large_image","twitter_misc":{"Gesch\u00e4tzte Lesezeit":"1\u00a0Minute"},"schema":{"@context":"https:\/\/schema.org","@graph":[{"@type":["WebPage","RealEstateListing"],"@id":"https:\/\/jhrealestate.es\/de\/immobilie\/ve-jhre064\/","url":"https:\/\/jhrealestate.es\/de\/immobilie\/ve-jhre064\/","name":"VE-JHRE064 - Ger\u00e4umige Wohnung mit 4 Schlafzimmern, 2 Terrassen und Parkplatz im Wohnviertel von Son Armadans. | JH Real Estate Mallorca","isPartOf":{"@id":"https:\/\/jhrealestate.es\/de\/#website"},"primaryImageOfPage":{"@id":"https:\/\/jhrealestate.es\/de\/immobilie\/ve-jhre064\/#primaryimage"},"image":{"@id":"https:\/\/jhrealestate.es\/de\/immobilie\/ve-jhre064\/#primaryimage"},"thumbnailUrl":"https:\/\/jhrealestate.es\/wp-content\/uploads\/2025\/11\/VE-JHRE064-1.jpg","datePublished":"2025-11-08T16:04:37+00:00","dateModified":"2026-03-22T11:31:02+00:00","breadcrumb":{"@id":"https:\/\/jhrealestate.es\/de\/immobilie\/ve-jhre064\/#breadcrumb"},"inLanguage":"de","potentialAction":[{"@type":"ReadAction","target":["https:\/\/jhrealestate.es\/de\/immobilie\/ve-jhre064\/"]}]},{"@type":"ImageObject","inLanguage":"de","@id":"https:\/\/jhrealestate.es\/de\/immobilie\/ve-jhre064\/#primaryimage","url":"https:\/\/jhrealestate.es\/wp-content\/uploads\/2025\/11\/VE-JHRE064-1.jpg","contentUrl":"https:\/\/jhrealestate.es\/wp-content\/uploads\/2025\/11\/VE-JHRE064-1.jpg","width":1600,"height":900},{"@type":"BreadcrumbList","@id":"https:\/\/jhrealestate.es\/de\/immobilie\/ve-jhre064\/#breadcrumb","itemListElement":[{"@type":"ListItem","position":1,"name":"Portada","item":"https:\/\/jhrealestate.es\/de\/"},{"@type":"ListItem","position":2,"name":"Immobilien","item":"https:\/\/jhrealestate.es\/de\/immobilie\/"},{"@type":"ListItem","position":3,"name":"VE-JHRE064 &#8211; Ger\u00e4umige Wohnung mit 4 Schlafzimmern, 2 Terrassen und Parkplatz im Wohnviertel von Son Armadans."}]},{"@type":"WebSite","@id":"https:\/\/jhrealestate.es\/de\/#website","url":"https:\/\/jhrealestate.es\/de\/","name":"JH Real Estate Mallorca","description":"Real Estate en Mallorca","publisher":{"@id":"https:\/\/jhrealestate.es\/de\/#organization"},"potentialAction":[{"@type":"SearchAction","target":{"@type":"EntryPoint","urlTemplate":"https:\/\/jhrealestate.es\/de\/?s={search_term_string}"},"query-input":{"@type":"PropertyValueSpecification","valueRequired":true,"valueName":"search_term_string"}}],"inLanguage":"de"},{"@type":"Organization","@id":"https:\/\/jhrealestate.es\/de\/#organization","name":"JH Real Estate Mallorca","url":"https:\/\/jhrealestate.es\/de\/","logo":{"@type":"ImageObject","inLanguage":"de","@id":"https:\/\/jhrealestate.es\/de\/#\/schema\/logo\/image\/","url":"https:\/\/jhrealestate.es\/wp-content\/uploads\/2021\/11\/Logo-JHRE.png","contentUrl":"https:\/\/jhrealestate.es\/wp-content\/uploads\/2021\/11\/Logo-JHRE.png","width":252,"height":200,"caption":"JH Real Estate Mallorca"},"image":{"@id":"https:\/\/jhrealestate.es\/de\/#\/schema\/logo\/image\/"},"sameAs":["https:\/\/www.facebook.com\/jh.realestatemallorca","https:\/\/www.instagram.com\/jh.realestatemallorca","https:\/\/www.youtube.com\/channel\/UCwlku0kp0G8CPBZ61xelIHw","https:\/\/www.linkedin.com\/in\/joseheredia1973\/"]}]}},"_links":{"self":[{"href":"https:\/\/jhrealestate.es\/de\/wp-json\/wp\/v2\/properties\/15491","targetHints":{"allow":["GET"]}}],"collection":[{"href":"https:\/\/jhrealestate.es\/de\/wp-json\/wp\/v2\/properties"}],"about":[{"href":"https:\/\/jhrealestate.es\/de\/wp-json\/wp\/v2\/types\/rem_property"}],"author":[{"embeddable":true,"href":"https:\/\/jhrealestate.es\/de\/wp-json\/wp\/v2\/users\/3"}],"wp:featuredmedia":[{"embeddable":true,"href":"https:\/\/jhrealestate.es\/de\/wp-json\/wp\/v2\/media\/15297"}],"wp:attachment":[{"href":"https:\/\/jhrealestate.es\/de\/wp-json\/wp\/v2\/media?parent=15491"}],"wp:term":[{"taxonomy":"rem_property_cat","embeddable":true,"href":"https:\/\/jhrealestate.es\/de\/wp-json\/wp\/v2\/rem_property_cat?post=15491"}],"curies":[{"name":"wp","href":"https:\/\/api.w.org\/{rel}","templated":true}]}}