{"id":15951,"date":"2026-03-01T13:47:34","date_gmt":"2026-03-01T12:47:34","guid":{"rendered":"https:\/\/jhrealestate.es\/propiedad\/al-jhre066\/"},"modified":"2026-04-30T15:17:52","modified_gmt":"2026-04-30T13:17:52","slug":"al-jhre066","status":"publish","type":"rem_property","link":"https:\/\/jhrealestate.es\/de\/immobilie\/al-jhre066\/","title":{"rendered":"AL-JHRE066 &#8211; Erdgeschoss-Wohnung mit gro\u00dfer Terrasse in einer Wohnanlage mit Schwimmbad. 250m vom Strand entfernt"},"content":{"rendered":"<p>ZUR SAISONMIETE VERF\u00dcGBAR \u2013 MINDESTMIETDAUER 3 MONATE<\/p>\n<p>Die Immobilie befindet sich in einer sehr ruhigen Wohnanlage mit gro\u00dfz\u00fcgigen Gartenfl\u00e4chen und direktem Meerzugang.<\/p>\n<p>Die Wohnung verf\u00fcgt \u00fcber eine gesamte bebaute Fl\u00e4che von 164 m\u00b2 und eine teilweise \u00fcberdachte Terrasse von 51 m\u00b2 mit Markisen und Chill-out-Bereich.<br \/>\u2022 Gro\u00dfz\u00fcgiges und sehr helles Wohn- und Esszimmer mit 26 m\u00b2 Wohnfl\u00e4che und direktem Zugang zur Terrasse<br \/>\u2022 3 Doppelschlafzimmer mit Einbauschr\u00e4nken. Das Hauptschlafzimmer verf\u00fcgt \u00fcber einen sehr gro\u00dfen Kleiderschrank sowie ein Badezimmer mit Dusche<br \/>\u2022 2 Badezimmer (1 en suite)<br \/>\u2022 G\u00e4ste-WC<br \/>\u2022 Vollst\u00e4ndig m\u00f6blierte und ausgestattete K\u00fcche mit gro\u00dfer zentraler Kochinsel inklusive K\u00fchl-\/Gefrierschrank, Cerankochfeld, Backofen, Mikrowelle, Geschirrsp\u00fcler, Weink\u00fchlschrank und Premium-Kaffeemaschine<br \/>\u2022 Hauswirtschaftsraum mit Stauraum, Waschmaschine und Gastherme <br \/>\u2022 Klimaanlage (warm\/kalt) im gesamten Haus<br \/>\u2022 Gasheizung \u00fcber Heizk\u00f6rper<br \/>\u2022 Fernsehen mit der HD+ TV-App (deutsche TV-Sender)<br \/>\u2022 WIRD KOMPLETT M\u00d6BLIERT VERMIETET<br \/>\u2022 HAUSTIERE NICHT ERLAUBT<br \/>\u2022 Einfaches Parken auf der Strasse <br \/>\u2022 Ausrichtung: Westen<br \/>\u2022 Laminatboden, Fliesen in B\u00e4dern und K\u00fcche<br \/>\u2022 Aluminiumfenster mit Doppelverglasung<br \/>\u2022 Wei\u00df lackierte Innent\u00fcren<br \/>\u2022 Baujahr: 2001<\/p>\n<p>Im Au\u00dfenbereich befinden sich eine gro\u00dfz\u00fcgige Veranda, eine Terrasse mit Markisen und Ruhebereich. Die Gemeinschaftsbereiche bieten eine gro\u00dfe Gartenanlage mit Gemeinschaftspool und Liegebereich.<\/p>\n<p>Der Hauseingang auf der Meerseite bietet direkten Zugang zu einer Fu\u00dfg\u00e4ngerpromenade mit Fahrradweg, die mit S\u2019Arenal \/ Playa de Palma verbunden ist. Von dort aus besteht ebenfalls direkter Zugang zum Meer \u2013 zweifellos eine privilegierte Lage. Die kleine Badebucht Cala Mosques ist nur 250 m entfernt (5 Minuten zu Fu\u00df).<\/p>\n<p>Am Eingang der Wohnsiedlung von Son Veri Nou finden Sie zahlreiche Dienstleistungen wie einen Supermarkt, mehrere Restaurants und Bars sowie weitere Einrichtungen wie ein Gesundheitszentrum, eine Zahnklinik, Friseur usw. Der Flughafen Palma ist nur 10 Autominuten entfernt, Palma 15 Minuten. Der Golfplatz Maioris liegt weniger als 10 Minuten entfernt.<\/p>\n<p>Wichtiger Hinweis: Diese Immobilie wird ausschlie\u00dflich zur tempor\u00e4ren Vermietung angeboten und richtet sich an Personen, die aus pers\u00f6nlichen, beruflichen oder famili\u00e4ren Gr\u00fcnden eine vor\u00fcbergehende Wohnl\u00f6sung ben\u00f6tigen. F\u00fcr den Vertragsabschluss ist der Nachweis eines Hauptwohnsitzes erforderlich.<\/p>\n<p>Konditionen:<br \/>1 Monatsmiete Kaution, Gemeinschaftskosten und Internet sind in der Miete enthalten. Wasser, Gas und Strom gehen zu Lasten des Mieters.<br \/>Maklerprovision = 5 % + 21 % MwSt. des Gesamtmietbetrags f\u00fcr die Aufenthaltsdauer<br \/>Wir suchen nach Mietern mit guten Referenzen und finanziellen Garantien<\/p>\n<p>Immobilienagentur im ROAIIB (Offizielles Register der Immobilienmakler der Balearischen Inseln) GOIBE586263\/2024 eingetragen<\/p>\n","protected":false},"excerpt":{"rendered":"<p>SON VERI NOU &#8211; LLUCMAJOR<\/p>\n","protected":false},"author":3,"featured_media":15809,"parent":0,"menu_order":0,"template":"","rem_property_cat":[],"class_list":["post-15951","rem_property","type-rem_property","status-publish","has-post-thumbnail","hentry"],"yoast_head":"<!-- This site is optimized with the Yoast SEO plugin v26.9 - https:\/\/yoast.com\/product\/yoast-seo-wordpress\/ -->\n<title>AL-JHRE066 - Erdgeschoss-Wohnung mit gro\u00dfer Terrasse in einer Wohnanlage mit Schwimmbad. 250m vom Strand entfernt | JH Real Estate Mallorca<\/title>\n<meta name=\"robots\" content=\"index, follow, max-snippet:-1, max-image-preview:large, max-video-preview:-1\" \/>\n<link rel=\"canonical\" href=\"https:\/\/jhrealestate.es\/de\/immobilie\/al-jhre066\/\" \/>\n<meta property=\"og:locale\" content=\"de_DE\" \/>\n<meta property=\"og:type\" content=\"article\" \/>\n<meta property=\"og:title\" content=\"AL-JHRE066 - Erdgeschoss-Wohnung mit gro\u00dfer Terrasse in einer Wohnanlage mit Schwimmbad. 250m vom Strand entfernt | JH Real Estate Mallorca\" \/>\n<meta property=\"og:description\" content=\"SON VERI NOU - LLUCMAJOR\" \/>\n<meta property=\"og:url\" content=\"https:\/\/jhrealestate.es\/de\/immobilie\/al-jhre066\/\" \/>\n<meta property=\"og:site_name\" content=\"JH Real Estate Mallorca\" \/>\n<meta property=\"article:publisher\" content=\"https:\/\/www.facebook.com\/jh.realestatemallorca\" \/>\n<meta property=\"article:modified_time\" content=\"2026-04-30T13:17:52+00:00\" \/>\n<meta property=\"og:image\" content=\"https:\/\/jhrealestate.es\/wp-content\/uploads\/2026\/03\/AL-JHRE066-1B-1024x576.jpg\" \/>\n<meta name=\"twitter:card\" content=\"summary_large_image\" \/>\n<meta name=\"twitter:label1\" content=\"Gesch\u00e4tzte Lesezeit\" \/>\n\t<meta name=\"twitter:data1\" content=\"2\u00a0Minuten\" \/>\n<script type=\"application\/ld+json\" class=\"yoast-schema-graph\">{\"@context\":\"https:\/\/schema.org\",\"@graph\":[{\"@type\":[\"WebPage\",\"RealEstateListing\"],\"@id\":\"https:\/\/jhrealestate.es\/de\/immobilie\/al-jhre066\/\",\"url\":\"https:\/\/jhrealestate.es\/de\/immobilie\/al-jhre066\/\",\"name\":\"AL-JHRE066 - Erdgeschoss-Wohnung mit gro\u00dfer Terrasse in einer Wohnanlage mit Schwimmbad. 250m vom Strand entfernt | JH Real Estate Mallorca\",\"isPartOf\":{\"@id\":\"https:\/\/jhrealestate.es\/de\/#website\"},\"primaryImageOfPage\":{\"@id\":\"https:\/\/jhrealestate.es\/de\/immobilie\/al-jhre066\/#primaryimage\"},\"image\":{\"@id\":\"https:\/\/jhrealestate.es\/de\/immobilie\/al-jhre066\/#primaryimage\"},\"thumbnailUrl\":\"https:\/\/jhrealestate.es\/wp-content\/uploads\/2026\/03\/AL-JHRE066-1B.jpg\",\"datePublished\":\"2026-03-01T12:47:34+00:00\",\"dateModified\":\"2026-04-30T13:17:52+00:00\",\"breadcrumb\":{\"@id\":\"https:\/\/jhrealestate.es\/de\/immobilie\/al-jhre066\/#breadcrumb\"},\"inLanguage\":\"de\",\"potentialAction\":[{\"@type\":\"ReadAction\",\"target\":[\"https:\/\/jhrealestate.es\/de\/immobilie\/al-jhre066\/\"]}]},{\"@type\":\"ImageObject\",\"inLanguage\":\"de\",\"@id\":\"https:\/\/jhrealestate.es\/de\/immobilie\/al-jhre066\/#primaryimage\",\"url\":\"https:\/\/jhrealestate.es\/wp-content\/uploads\/2026\/03\/AL-JHRE066-1B.jpg\",\"contentUrl\":\"https:\/\/jhrealestate.es\/wp-content\/uploads\/2026\/03\/AL-JHRE066-1B.jpg\",\"width\":1599,\"height\":900},{\"@type\":\"BreadcrumbList\",\"@id\":\"https:\/\/jhrealestate.es\/de\/immobilie\/al-jhre066\/#breadcrumb\",\"itemListElement\":[{\"@type\":\"ListItem\",\"position\":1,\"name\":\"Portada\",\"item\":\"https:\/\/jhrealestate.es\/de\/\"},{\"@type\":\"ListItem\",\"position\":2,\"name\":\"Immobilien\",\"item\":\"https:\/\/jhrealestate.es\/de\/immobilie\/\"},{\"@type\":\"ListItem\",\"position\":3,\"name\":\"AL-JHRE066 &#8211; Erdgeschoss-Wohnung mit gro\u00dfer Terrasse in einer Wohnanlage mit Schwimmbad. 250m vom Strand entfernt\"}]},{\"@type\":\"WebSite\",\"@id\":\"https:\/\/jhrealestate.es\/de\/#website\",\"url\":\"https:\/\/jhrealestate.es\/de\/\",\"name\":\"JH Real Estate Mallorca\",\"description\":\"Real Estate en Mallorca\",\"publisher\":{\"@id\":\"https:\/\/jhrealestate.es\/de\/#organization\"},\"potentialAction\":[{\"@type\":\"SearchAction\",\"target\":{\"@type\":\"EntryPoint\",\"urlTemplate\":\"https:\/\/jhrealestate.es\/de\/?s={search_term_string}\"},\"query-input\":{\"@type\":\"PropertyValueSpecification\",\"valueRequired\":true,\"valueName\":\"search_term_string\"}}],\"inLanguage\":\"de\"},{\"@type\":\"Organization\",\"@id\":\"https:\/\/jhrealestate.es\/de\/#organization\",\"name\":\"JH Real Estate Mallorca\",\"url\":\"https:\/\/jhrealestate.es\/de\/\",\"logo\":{\"@type\":\"ImageObject\",\"inLanguage\":\"de\",\"@id\":\"https:\/\/jhrealestate.es\/de\/#\/schema\/logo\/image\/\",\"url\":\"https:\/\/jhrealestate.es\/wp-content\/uploads\/2021\/11\/Logo-JHRE.png\",\"contentUrl\":\"https:\/\/jhrealestate.es\/wp-content\/uploads\/2021\/11\/Logo-JHRE.png\",\"width\":252,\"height\":200,\"caption\":\"JH Real Estate Mallorca\"},\"image\":{\"@id\":\"https:\/\/jhrealestate.es\/de\/#\/schema\/logo\/image\/\"},\"sameAs\":[\"https:\/\/www.facebook.com\/jh.realestatemallorca\",\"https:\/\/www.instagram.com\/jh.realestatemallorca\",\"https:\/\/www.youtube.com\/channel\/UCwlku0kp0G8CPBZ61xelIHw\",\"https:\/\/www.linkedin.com\/in\/joseheredia1973\/\"]}]}<\/script>\n<!-- \/ Yoast SEO plugin. -->","yoast_head_json":{"title":"AL-JHRE066 - Erdgeschoss-Wohnung mit gro\u00dfer Terrasse in einer Wohnanlage mit Schwimmbad. 250m vom Strand entfernt | JH Real Estate Mallorca","robots":{"index":"index","follow":"follow","max-snippet":"max-snippet:-1","max-image-preview":"max-image-preview:large","max-video-preview":"max-video-preview:-1"},"canonical":"https:\/\/jhrealestate.es\/de\/immobilie\/al-jhre066\/","og_locale":"de_DE","og_type":"article","og_title":"AL-JHRE066 - Erdgeschoss-Wohnung mit gro\u00dfer Terrasse in einer Wohnanlage mit Schwimmbad. 250m vom Strand entfernt | JH Real Estate Mallorca","og_description":"SON VERI NOU - LLUCMAJOR","og_url":"https:\/\/jhrealestate.es\/de\/immobilie\/al-jhre066\/","og_site_name":"JH Real Estate Mallorca","article_publisher":"https:\/\/www.facebook.com\/jh.realestatemallorca","article_modified_time":"2026-04-30T13:17:52+00:00","og_image":[{"url":"https:\/\/jhrealestate.es\/wp-content\/uploads\/2026\/03\/AL-JHRE066-1B-1024x576.jpg","type":"","width":"","height":""}],"twitter_card":"summary_large_image","twitter_misc":{"Gesch\u00e4tzte Lesezeit":"2\u00a0Minuten"},"schema":{"@context":"https:\/\/schema.org","@graph":[{"@type":["WebPage","RealEstateListing"],"@id":"https:\/\/jhrealestate.es\/de\/immobilie\/al-jhre066\/","url":"https:\/\/jhrealestate.es\/de\/immobilie\/al-jhre066\/","name":"AL-JHRE066 - Erdgeschoss-Wohnung mit gro\u00dfer Terrasse in einer Wohnanlage mit Schwimmbad. 250m vom Strand entfernt | JH Real Estate Mallorca","isPartOf":{"@id":"https:\/\/jhrealestate.es\/de\/#website"},"primaryImageOfPage":{"@id":"https:\/\/jhrealestate.es\/de\/immobilie\/al-jhre066\/#primaryimage"},"image":{"@id":"https:\/\/jhrealestate.es\/de\/immobilie\/al-jhre066\/#primaryimage"},"thumbnailUrl":"https:\/\/jhrealestate.es\/wp-content\/uploads\/2026\/03\/AL-JHRE066-1B.jpg","datePublished":"2026-03-01T12:47:34+00:00","dateModified":"2026-04-30T13:17:52+00:00","breadcrumb":{"@id":"https:\/\/jhrealestate.es\/de\/immobilie\/al-jhre066\/#breadcrumb"},"inLanguage":"de","potentialAction":[{"@type":"ReadAction","target":["https:\/\/jhrealestate.es\/de\/immobilie\/al-jhre066\/"]}]},{"@type":"ImageObject","inLanguage":"de","@id":"https:\/\/jhrealestate.es\/de\/immobilie\/al-jhre066\/#primaryimage","url":"https:\/\/jhrealestate.es\/wp-content\/uploads\/2026\/03\/AL-JHRE066-1B.jpg","contentUrl":"https:\/\/jhrealestate.es\/wp-content\/uploads\/2026\/03\/AL-JHRE066-1B.jpg","width":1599,"height":900},{"@type":"BreadcrumbList","@id":"https:\/\/jhrealestate.es\/de\/immobilie\/al-jhre066\/#breadcrumb","itemListElement":[{"@type":"ListItem","position":1,"name":"Portada","item":"https:\/\/jhrealestate.es\/de\/"},{"@type":"ListItem","position":2,"name":"Immobilien","item":"https:\/\/jhrealestate.es\/de\/immobilie\/"},{"@type":"ListItem","position":3,"name":"AL-JHRE066 &#8211; Erdgeschoss-Wohnung mit gro\u00dfer Terrasse in einer Wohnanlage mit Schwimmbad. 250m vom Strand entfernt"}]},{"@type":"WebSite","@id":"https:\/\/jhrealestate.es\/de\/#website","url":"https:\/\/jhrealestate.es\/de\/","name":"JH Real Estate Mallorca","description":"Real Estate en Mallorca","publisher":{"@id":"https:\/\/jhrealestate.es\/de\/#organization"},"potentialAction":[{"@type":"SearchAction","target":{"@type":"EntryPoint","urlTemplate":"https:\/\/jhrealestate.es\/de\/?s={search_term_string}"},"query-input":{"@type":"PropertyValueSpecification","valueRequired":true,"valueName":"search_term_string"}}],"inLanguage":"de"},{"@type":"Organization","@id":"https:\/\/jhrealestate.es\/de\/#organization","name":"JH Real Estate Mallorca","url":"https:\/\/jhrealestate.es\/de\/","logo":{"@type":"ImageObject","inLanguage":"de","@id":"https:\/\/jhrealestate.es\/de\/#\/schema\/logo\/image\/","url":"https:\/\/jhrealestate.es\/wp-content\/uploads\/2021\/11\/Logo-JHRE.png","contentUrl":"https:\/\/jhrealestate.es\/wp-content\/uploads\/2021\/11\/Logo-JHRE.png","width":252,"height":200,"caption":"JH Real Estate Mallorca"},"image":{"@id":"https:\/\/jhrealestate.es\/de\/#\/schema\/logo\/image\/"},"sameAs":["https:\/\/www.facebook.com\/jh.realestatemallorca","https:\/\/www.instagram.com\/jh.realestatemallorca","https:\/\/www.youtube.com\/channel\/UCwlku0kp0G8CPBZ61xelIHw","https:\/\/www.linkedin.com\/in\/joseheredia1973\/"]}]}},"_links":{"self":[{"href":"https:\/\/jhrealestate.es\/de\/wp-json\/wp\/v2\/properties\/15951","targetHints":{"allow":["GET"]}}],"collection":[{"href":"https:\/\/jhrealestate.es\/de\/wp-json\/wp\/v2\/properties"}],"about":[{"href":"https:\/\/jhrealestate.es\/de\/wp-json\/wp\/v2\/types\/rem_property"}],"author":[{"embeddable":true,"href":"https:\/\/jhrealestate.es\/de\/wp-json\/wp\/v2\/users\/3"}],"wp:featuredmedia":[{"embeddable":true,"href":"https:\/\/jhrealestate.es\/de\/wp-json\/wp\/v2\/media\/15809"}],"wp:attachment":[{"href":"https:\/\/jhrealestate.es\/de\/wp-json\/wp\/v2\/media?parent=15951"}],"wp:term":[{"taxonomy":"rem_property_cat","embeddable":true,"href":"https:\/\/jhrealestate.es\/de\/wp-json\/wp\/v2\/rem_property_cat?post=15951"}],"curies":[{"name":"wp","href":"https:\/\/api.w.org\/{rel}","templated":true}]}}