{"id":3159,"date":"2022-05-22T16:25:04","date_gmt":"2022-05-22T14:25:04","guid":{"rendered":"https:\/\/jhrealestate.es\/property\/ve-jhre022-4-zimmer-wohnung-mit-terrasse-und-gemeinschaftspool\/"},"modified":"2023-07-24T18:15:24","modified_gmt":"2023-07-24T16:15:24","slug":"ve-jhre022","status":"publish","type":"rem_property","link":"https:\/\/jhrealestate.es\/de\/immobilie\/ve-jhre022\/","title":{"rendered":"VE-JHRE022 &#8211; 4-Zimmer-Wohnung mit Terrasse und Gemeinschaftspool"},"content":{"rendered":"<p>Die Wohnung hat eine Baufl\u00e4che von 137 m2 mit perfekter Aufteilung und einer gro\u00dfz\u00fcgigen \u00fcberdachten Terrasse von ca. 34 m2, wo Sie die Sonnenunterg\u00e4nge mit freiem Blick auf die Serra de Tramuntana und die Gr\u00fcnanlage der Urbanisation genie\u00dfen werden.<\/p>\n<p>Gro\u00dfes und helles Wohnzimmer mit Zugang zur Terrasse<br \/>\nGro\u00dfr\u00e4umige unabh\u00e4ngige und voll ausgestattete K\u00fcche<br \/>\n4 Doppelzimmer mit Einbauschr\u00e4nken<br \/>\n2 komplette Badezimmer<br \/>\nW\u00e4schekammer<br \/>\nWeisse Aluminiumfenster und Laminatb\u00f6den<br \/>\nKanalklimaanlage (warm-kalt)<br \/>\nGro\u00dfz\u00fcgigen Gartenanlagen mit Freizeitbereich (Kinderspielplatz, Padelpl\u00e4tze, halber Basketballplatz und Multisport Spielplatz)<br \/>\nPool f\u00fcr Erwachsene und getrenntes Schwimmbecken f\u00fcr Kinder<br \/>\nNah am Golfplatz von Son Gual und 10 Fahrminuten von PMI Flughafen.<br \/>\nParkplatz &amp; gro\u00dfer Abstellraum<br \/>\nKleiner Supermarkt 150 m<br \/>\nIdeal f\u00fcr Familien mit Kindern<br \/>\nEnergieausweis: E<br \/>\nBaujahr: 2005<br \/>\n1. Etage mit Aufzug<\/p>\n","protected":false},"excerpt":{"rendered":"<p>PALMA &#8211; SON GUAL<\/p>\n","protected":false},"author":3,"featured_media":5991,"parent":0,"menu_order":0,"template":"","rem_property_cat":[38],"class_list":["post-3159","rem_property","type-rem_property","status-publish","has-post-thumbnail","hentry","rem_property_cat-zum-verkaufen"],"yoast_head":"<!-- This site is optimized with the Yoast SEO plugin v26.9 - https:\/\/yoast.com\/product\/yoast-seo-wordpress\/ -->\n<title>VE-JHRE022 - 4-Zimmer-Wohnung mit Terrasse und Gemeinschaftspool | JH Real Estate Mallorca<\/title>\n<meta name=\"robots\" content=\"index, follow, max-snippet:-1, max-image-preview:large, max-video-preview:-1\" \/>\n<link rel=\"canonical\" href=\"https:\/\/jhrealestate.es\/de\/immobilie\/ve-jhre022\/\" \/>\n<meta property=\"og:locale\" content=\"de_DE\" \/>\n<meta property=\"og:type\" content=\"article\" \/>\n<meta property=\"og:title\" content=\"VE-JHRE022 - 4-Zimmer-Wohnung mit Terrasse und Gemeinschaftspool | JH Real Estate Mallorca\" \/>\n<meta property=\"og:description\" content=\"PALMA - SON GUAL\" \/>\n<meta property=\"og:url\" content=\"https:\/\/jhrealestate.es\/de\/immobilie\/ve-jhre022\/\" \/>\n<meta property=\"og:site_name\" content=\"JH Real Estate Mallorca\" \/>\n<meta property=\"article:publisher\" content=\"https:\/\/www.facebook.com\/jh.realestatemallorca\" \/>\n<meta property=\"article:modified_time\" content=\"2023-07-24T16:15:24+00:00\" \/>\n<meta property=\"og:image\" content=\"https:\/\/jhrealestate.es\/wp-content\/uploads\/2022\/05\/VE-JHRE022-1-1024x576.jpg\" \/>\n<meta name=\"twitter:card\" content=\"summary_large_image\" \/>\n<meta name=\"twitter:label1\" content=\"Gesch\u00e4tzte Lesezeit\" \/>\n\t<meta name=\"twitter:data1\" content=\"1\u00a0Minute\" \/>\n<script type=\"application\/ld+json\" class=\"yoast-schema-graph\">{\"@context\":\"https:\/\/schema.org\",\"@graph\":[{\"@type\":[\"WebPage\",\"RealEstateListing\"],\"@id\":\"https:\/\/jhrealestate.es\/de\/immobilie\/ve-jhre022\/\",\"url\":\"https:\/\/jhrealestate.es\/de\/immobilie\/ve-jhre022\/\",\"name\":\"VE-JHRE022 - 4-Zimmer-Wohnung mit Terrasse und Gemeinschaftspool | JH Real Estate Mallorca\",\"isPartOf\":{\"@id\":\"https:\/\/jhrealestate.es\/de\/#website\"},\"primaryImageOfPage\":{\"@id\":\"https:\/\/jhrealestate.es\/de\/immobilie\/ve-jhre022\/#primaryimage\"},\"image\":{\"@id\":\"https:\/\/jhrealestate.es\/de\/immobilie\/ve-jhre022\/#primaryimage\"},\"thumbnailUrl\":\"https:\/\/jhrealestate.es\/wp-content\/uploads\/2022\/05\/VE-JHRE022-1.jpg\",\"datePublished\":\"2022-05-22T14:25:04+00:00\",\"dateModified\":\"2023-07-24T16:15:24+00:00\",\"breadcrumb\":{\"@id\":\"https:\/\/jhrealestate.es\/de\/immobilie\/ve-jhre022\/#breadcrumb\"},\"inLanguage\":\"de\",\"potentialAction\":[{\"@type\":\"ReadAction\",\"target\":[\"https:\/\/jhrealestate.es\/de\/immobilie\/ve-jhre022\/\"]}]},{\"@type\":\"ImageObject\",\"inLanguage\":\"de\",\"@id\":\"https:\/\/jhrealestate.es\/de\/immobilie\/ve-jhre022\/#primaryimage\",\"url\":\"https:\/\/jhrealestate.es\/wp-content\/uploads\/2022\/05\/VE-JHRE022-1.jpg\",\"contentUrl\":\"https:\/\/jhrealestate.es\/wp-content\/uploads\/2022\/05\/VE-JHRE022-1.jpg\",\"width\":1600,\"height\":900},{\"@type\":\"BreadcrumbList\",\"@id\":\"https:\/\/jhrealestate.es\/de\/immobilie\/ve-jhre022\/#breadcrumb\",\"itemListElement\":[{\"@type\":\"ListItem\",\"position\":1,\"name\":\"Portada\",\"item\":\"https:\/\/jhrealestate.es\/de\/\"},{\"@type\":\"ListItem\",\"position\":2,\"name\":\"Immobilien\",\"item\":\"https:\/\/jhrealestate.es\/de\/immobilie\/\"},{\"@type\":\"ListItem\",\"position\":3,\"name\":\"VE-JHRE022 &#8211; 4-Zimmer-Wohnung mit Terrasse und Gemeinschaftspool\"}]},{\"@type\":\"WebSite\",\"@id\":\"https:\/\/jhrealestate.es\/de\/#website\",\"url\":\"https:\/\/jhrealestate.es\/de\/\",\"name\":\"JH Real Estate Mallorca\",\"description\":\"Real Estate en Mallorca\",\"publisher\":{\"@id\":\"https:\/\/jhrealestate.es\/de\/#organization\"},\"potentialAction\":[{\"@type\":\"SearchAction\",\"target\":{\"@type\":\"EntryPoint\",\"urlTemplate\":\"https:\/\/jhrealestate.es\/de\/?s={search_term_string}\"},\"query-input\":{\"@type\":\"PropertyValueSpecification\",\"valueRequired\":true,\"valueName\":\"search_term_string\"}}],\"inLanguage\":\"de\"},{\"@type\":\"Organization\",\"@id\":\"https:\/\/jhrealestate.es\/de\/#organization\",\"name\":\"JH Real Estate Mallorca\",\"url\":\"https:\/\/jhrealestate.es\/de\/\",\"logo\":{\"@type\":\"ImageObject\",\"inLanguage\":\"de\",\"@id\":\"https:\/\/jhrealestate.es\/de\/#\/schema\/logo\/image\/\",\"url\":\"https:\/\/jhrealestate.es\/wp-content\/uploads\/2021\/11\/Logo-JHRE.png\",\"contentUrl\":\"https:\/\/jhrealestate.es\/wp-content\/uploads\/2021\/11\/Logo-JHRE.png\",\"width\":252,\"height\":200,\"caption\":\"JH Real Estate Mallorca\"},\"image\":{\"@id\":\"https:\/\/jhrealestate.es\/de\/#\/schema\/logo\/image\/\"},\"sameAs\":[\"https:\/\/www.facebook.com\/jh.realestatemallorca\",\"https:\/\/www.instagram.com\/jh.realestatemallorca\",\"https:\/\/www.youtube.com\/channel\/UCwlku0kp0G8CPBZ61xelIHw\",\"https:\/\/www.linkedin.com\/in\/joseheredia1973\/\"]}]}<\/script>\n<!-- \/ Yoast SEO plugin. -->","yoast_head_json":{"title":"VE-JHRE022 - 4-Zimmer-Wohnung mit Terrasse und Gemeinschaftspool | JH Real Estate Mallorca","robots":{"index":"index","follow":"follow","max-snippet":"max-snippet:-1","max-image-preview":"max-image-preview:large","max-video-preview":"max-video-preview:-1"},"canonical":"https:\/\/jhrealestate.es\/de\/immobilie\/ve-jhre022\/","og_locale":"de_DE","og_type":"article","og_title":"VE-JHRE022 - 4-Zimmer-Wohnung mit Terrasse und Gemeinschaftspool | JH Real Estate Mallorca","og_description":"PALMA - SON GUAL","og_url":"https:\/\/jhrealestate.es\/de\/immobilie\/ve-jhre022\/","og_site_name":"JH Real Estate Mallorca","article_publisher":"https:\/\/www.facebook.com\/jh.realestatemallorca","article_modified_time":"2023-07-24T16:15:24+00:00","og_image":[{"url":"https:\/\/jhrealestate.es\/wp-content\/uploads\/2022\/05\/VE-JHRE022-1-1024x576.jpg","type":"","width":"","height":""}],"twitter_card":"summary_large_image","twitter_misc":{"Gesch\u00e4tzte Lesezeit":"1\u00a0Minute"},"schema":{"@context":"https:\/\/schema.org","@graph":[{"@type":["WebPage","RealEstateListing"],"@id":"https:\/\/jhrealestate.es\/de\/immobilie\/ve-jhre022\/","url":"https:\/\/jhrealestate.es\/de\/immobilie\/ve-jhre022\/","name":"VE-JHRE022 - 4-Zimmer-Wohnung mit Terrasse und Gemeinschaftspool | JH Real Estate Mallorca","isPartOf":{"@id":"https:\/\/jhrealestate.es\/de\/#website"},"primaryImageOfPage":{"@id":"https:\/\/jhrealestate.es\/de\/immobilie\/ve-jhre022\/#primaryimage"},"image":{"@id":"https:\/\/jhrealestate.es\/de\/immobilie\/ve-jhre022\/#primaryimage"},"thumbnailUrl":"https:\/\/jhrealestate.es\/wp-content\/uploads\/2022\/05\/VE-JHRE022-1.jpg","datePublished":"2022-05-22T14:25:04+00:00","dateModified":"2023-07-24T16:15:24+00:00","breadcrumb":{"@id":"https:\/\/jhrealestate.es\/de\/immobilie\/ve-jhre022\/#breadcrumb"},"inLanguage":"de","potentialAction":[{"@type":"ReadAction","target":["https:\/\/jhrealestate.es\/de\/immobilie\/ve-jhre022\/"]}]},{"@type":"ImageObject","inLanguage":"de","@id":"https:\/\/jhrealestate.es\/de\/immobilie\/ve-jhre022\/#primaryimage","url":"https:\/\/jhrealestate.es\/wp-content\/uploads\/2022\/05\/VE-JHRE022-1.jpg","contentUrl":"https:\/\/jhrealestate.es\/wp-content\/uploads\/2022\/05\/VE-JHRE022-1.jpg","width":1600,"height":900},{"@type":"BreadcrumbList","@id":"https:\/\/jhrealestate.es\/de\/immobilie\/ve-jhre022\/#breadcrumb","itemListElement":[{"@type":"ListItem","position":1,"name":"Portada","item":"https:\/\/jhrealestate.es\/de\/"},{"@type":"ListItem","position":2,"name":"Immobilien","item":"https:\/\/jhrealestate.es\/de\/immobilie\/"},{"@type":"ListItem","position":3,"name":"VE-JHRE022 &#8211; 4-Zimmer-Wohnung mit Terrasse und Gemeinschaftspool"}]},{"@type":"WebSite","@id":"https:\/\/jhrealestate.es\/de\/#website","url":"https:\/\/jhrealestate.es\/de\/","name":"JH Real Estate Mallorca","description":"Real Estate en Mallorca","publisher":{"@id":"https:\/\/jhrealestate.es\/de\/#organization"},"potentialAction":[{"@type":"SearchAction","target":{"@type":"EntryPoint","urlTemplate":"https:\/\/jhrealestate.es\/de\/?s={search_term_string}"},"query-input":{"@type":"PropertyValueSpecification","valueRequired":true,"valueName":"search_term_string"}}],"inLanguage":"de"},{"@type":"Organization","@id":"https:\/\/jhrealestate.es\/de\/#organization","name":"JH Real Estate Mallorca","url":"https:\/\/jhrealestate.es\/de\/","logo":{"@type":"ImageObject","inLanguage":"de","@id":"https:\/\/jhrealestate.es\/de\/#\/schema\/logo\/image\/","url":"https:\/\/jhrealestate.es\/wp-content\/uploads\/2021\/11\/Logo-JHRE.png","contentUrl":"https:\/\/jhrealestate.es\/wp-content\/uploads\/2021\/11\/Logo-JHRE.png","width":252,"height":200,"caption":"JH Real Estate Mallorca"},"image":{"@id":"https:\/\/jhrealestate.es\/de\/#\/schema\/logo\/image\/"},"sameAs":["https:\/\/www.facebook.com\/jh.realestatemallorca","https:\/\/www.instagram.com\/jh.realestatemallorca","https:\/\/www.youtube.com\/channel\/UCwlku0kp0G8CPBZ61xelIHw","https:\/\/www.linkedin.com\/in\/joseheredia1973\/"]}]}},"_links":{"self":[{"href":"https:\/\/jhrealestate.es\/de\/wp-json\/wp\/v2\/properties\/3159","targetHints":{"allow":["GET"]}}],"collection":[{"href":"https:\/\/jhrealestate.es\/de\/wp-json\/wp\/v2\/properties"}],"about":[{"href":"https:\/\/jhrealestate.es\/de\/wp-json\/wp\/v2\/types\/rem_property"}],"author":[{"embeddable":true,"href":"https:\/\/jhrealestate.es\/de\/wp-json\/wp\/v2\/users\/3"}],"wp:featuredmedia":[{"embeddable":true,"href":"https:\/\/jhrealestate.es\/de\/wp-json\/wp\/v2\/media\/5991"}],"wp:attachment":[{"href":"https:\/\/jhrealestate.es\/de\/wp-json\/wp\/v2\/media?parent=3159"}],"wp:term":[{"taxonomy":"rem_property_cat","embeddable":true,"href":"https:\/\/jhrealestate.es\/de\/wp-json\/wp\/v2\/rem_property_cat?post=3159"}],"curies":[{"name":"wp","href":"https:\/\/api.w.org\/{rel}","templated":true}]}}