{"id":6329,"date":"2014-01-24T11:00:24","date_gmt":"2014-01-24T10:00:24","guid":{"rendered":"https:\/\/jhrealestate.es\/propiedad\/ve-jhre028\/"},"modified":"2024-01-14T12:35:02","modified_gmt":"2024-01-14T11:35:02","slug":"ve-jhre028","status":"publish","type":"rem_property","link":"https:\/\/jhrealestate.es\/de\/immobilie\/ve-jhre028\/","title":{"rendered":"VE-JHRE028 &#8211; Finca mit einem 2-st\u00f6ckigen Haus und gro\u00dfem Grundst\u00fcck"},"content":{"rendered":"<p>Finca mit einem gro\u00dfen Grundst\u00fcck von 18.780 qm und einem 2-st\u00f6ckigen Haus mit einer bebauten Gesamtfl\u00e4che von 244 qm.<\/p>\n<p>Um die Finca zu betreten, gibt es ein automatisches Tor, das den Weg zum Haus durch einen sch\u00f6nen gefliesten Weg mit Palmen \u00f6ffnet. Das Haus bietet eine optimale Aufteilung<\/p>\n<p>\u2022 Erdgeschoss: 112 qm bebaute Fl\u00e4che + 14 qm Veranda<br \/>Es wird durch eine gro\u00dfe Halle betreten, die auf der linken Seite Zugang zu einer gro\u00dfen, ausgestatteten und m\u00f6blierten K\u00fcche mit Speisekammer und einem 13 m\u00b2 gro\u00dfen Schlafzimmer mit Einbauschrank und einem kompletten Badezimmer bietet. Auf der rechten Seite gibt es Zugang zu einem 25 qm ger\u00e4umigen Wohn-\/Esszimmer mit Kamin, das erweitert werden kann, wenn es mit der angrenzenden Garage verbunden wird. Am Ende gibt es auch eine Waschk\u00fcche mit Waschmaschine.<\/p>\n<p>\u2022 Erster Stock von 96 qm bebaute Fl\u00e4che + 22 qm Terrasse<br \/>Im ersten Stock finden wir vier Doppelzimmer zwischen 13 und 18 qm (2 davon mit Zugang zur Au\u00dfenterrasse) und ein komplettes Badezimmer mit Badewanne\/Dusche. Gro\u00dfe Halle, die Zugang zu einer gro\u00dfen Terrasse mit Blick auf das Grundst\u00fcck bietet.<\/p>\n<p>Drau\u00dfen gibt es ein weitl\u00e4ufiges Grundst\u00fcck mit etwa 8.800 m\u00b2 Mandelb\u00e4umen und etwa 7.727 m\u00b2 Obstb\u00e4umen mit Orangen, Zitronen, Clementinen, Mandarinen, Grapefruit, Aprikosen, Pflaumen, Birnen, Mispeln, Kirschen, Kiwis, Avocados, Feigen und Pfirsichen unter anderem sowie ein Gem\u00fcsegarten&#8230; Es hat ein Tropfbew\u00e4sserungssystem. Sowohl das Haus als auch sein Grundst\u00fcck sind dank eines eigenen Wasserbrunnens und eines Tanks mit Wasser selbst versorgt. Nicht weit vom Haus entfernt befindet sich ein Swimmingpool mit einer gro\u00dfen Terrasse und einem Wassertank darunter. Am Eingang finden wir einen zus\u00e4tzlichen \u00fcberdachten Parkplatz und einen gro\u00dfen Lagerraum.<\/p>\n<p>Das Haus wurde 1991 gebaut und verf\u00fcgt \u00fcber alle gesetzlichen Unterlagen, einschlie\u00dflich Bewohnbarkeitsbescheinigung und Grundrisse. Es liegt kein st\u00e4dtebaulicher Versto\u00df vor, daher k\u00f6nnte jede Art von Reformlizenz beantragt werden, solange das bebaute Volumen des Hauses nicht erweitert wird, was durch die aktuelle Gesetzgebung verboten ist. Es ist an das Stromnetz angeschlossen und hat Glasfaser-Internet installiert. Es ist in perfektem Zustand, aber seine Dekoration muss aktualisiert werden. Keramikb\u00f6den, Innenausbau und Fenster aus Holz, Fensterl\u00e4den aus Holz und Aluminium in Holzoptik. Das Haus hat keine Heizung oder Klimaanlage. Warmwasser durch Butangas.<\/p>\n<p>Das Haus ist perfekt f\u00fcr diejenigen, die auf dem Land wohnen m\u00f6chten, ohne zu weit von der Stadt entfernt zu sein, da es zwischen der UIB, Son Sardina und Palmanyola liegt, weniger als 10 Minuten vom Zentrum von Palma entfernt.<\/p>\n<p>Erwerbskosten und M\u00f6bel, die auf den Bildern und im Video zu sehen sind, sind nicht im Verkaufspreis enthalten<\/p>\n","protected":false},"excerpt":{"rendered":"<p>SON SARDINA &#8211; SON BIBLIONI &#8211; PALMA<\/p>\n","protected":false},"author":3,"featured_media":6183,"parent":0,"menu_order":0,"template":"","rem_property_cat":[],"class_list":["post-6329","rem_property","type-rem_property","status-publish","has-post-thumbnail","hentry"],"yoast_head":"<!-- This site is optimized with the Yoast SEO plugin v26.9 - https:\/\/yoast.com\/product\/yoast-seo-wordpress\/ -->\n<title>VE-JHRE028 - Finca mit einem 2-st\u00f6ckigen Haus und gro\u00dfem Grundst\u00fcck | JH Real Estate Mallorca<\/title>\n<meta name=\"robots\" content=\"index, follow, max-snippet:-1, max-image-preview:large, max-video-preview:-1\" \/>\n<link rel=\"canonical\" href=\"https:\/\/jhrealestate.es\/de\/immobilie\/ve-jhre028\/\" \/>\n<meta property=\"og:locale\" content=\"de_DE\" \/>\n<meta property=\"og:type\" content=\"article\" \/>\n<meta property=\"og:title\" content=\"VE-JHRE028 - Finca mit einem 2-st\u00f6ckigen Haus und gro\u00dfem Grundst\u00fcck | JH Real Estate Mallorca\" \/>\n<meta property=\"og:description\" content=\"SON SARDINA - SON BIBLIONI - PALMA\" \/>\n<meta property=\"og:url\" content=\"https:\/\/jhrealestate.es\/de\/immobilie\/ve-jhre028\/\" \/>\n<meta property=\"og:site_name\" content=\"JH Real Estate Mallorca\" \/>\n<meta property=\"article:publisher\" content=\"https:\/\/www.facebook.com\/jh.realestatemallorca\" \/>\n<meta property=\"article:modified_time\" content=\"2024-01-14T11:35:02+00:00\" \/>\n<meta property=\"og:image\" content=\"https:\/\/jhrealestate.es\/wp-content\/uploads\/2023\/02\/VE-JHRE028-1-1024x576.jpg\" \/>\n<meta name=\"twitter:card\" content=\"summary_large_image\" \/>\n<meta name=\"twitter:label1\" content=\"Gesch\u00e4tzte Lesezeit\" \/>\n\t<meta name=\"twitter:data1\" content=\"2\u00a0Minuten\" \/>\n<script type=\"application\/ld+json\" class=\"yoast-schema-graph\">{\"@context\":\"https:\/\/schema.org\",\"@graph\":[{\"@type\":[\"WebPage\",\"RealEstateListing\"],\"@id\":\"https:\/\/jhrealestate.es\/de\/immobilie\/ve-jhre028\/\",\"url\":\"https:\/\/jhrealestate.es\/de\/immobilie\/ve-jhre028\/\",\"name\":\"VE-JHRE028 - Finca mit einem 2-st\u00f6ckigen Haus und gro\u00dfem Grundst\u00fcck | JH Real Estate Mallorca\",\"isPartOf\":{\"@id\":\"https:\/\/jhrealestate.es\/de\/#website\"},\"primaryImageOfPage\":{\"@id\":\"https:\/\/jhrealestate.es\/de\/immobilie\/ve-jhre028\/#primaryimage\"},\"image\":{\"@id\":\"https:\/\/jhrealestate.es\/de\/immobilie\/ve-jhre028\/#primaryimage\"},\"thumbnailUrl\":\"https:\/\/jhrealestate.es\/wp-content\/uploads\/2023\/02\/VE-JHRE028-1.jpg\",\"datePublished\":\"2014-01-24T10:00:24+00:00\",\"dateModified\":\"2024-01-14T11:35:02+00:00\",\"breadcrumb\":{\"@id\":\"https:\/\/jhrealestate.es\/de\/immobilie\/ve-jhre028\/#breadcrumb\"},\"inLanguage\":\"de\",\"potentialAction\":[{\"@type\":\"ReadAction\",\"target\":[\"https:\/\/jhrealestate.es\/de\/immobilie\/ve-jhre028\/\"]}]},{\"@type\":\"ImageObject\",\"inLanguage\":\"de\",\"@id\":\"https:\/\/jhrealestate.es\/de\/immobilie\/ve-jhre028\/#primaryimage\",\"url\":\"https:\/\/jhrealestate.es\/wp-content\/uploads\/2023\/02\/VE-JHRE028-1.jpg\",\"contentUrl\":\"https:\/\/jhrealestate.es\/wp-content\/uploads\/2023\/02\/VE-JHRE028-1.jpg\",\"width\":1600,\"height\":900},{\"@type\":\"BreadcrumbList\",\"@id\":\"https:\/\/jhrealestate.es\/de\/immobilie\/ve-jhre028\/#breadcrumb\",\"itemListElement\":[{\"@type\":\"ListItem\",\"position\":1,\"name\":\"Portada\",\"item\":\"https:\/\/jhrealestate.es\/de\/\"},{\"@type\":\"ListItem\",\"position\":2,\"name\":\"Immobilien\",\"item\":\"https:\/\/jhrealestate.es\/de\/immobilie\/\"},{\"@type\":\"ListItem\",\"position\":3,\"name\":\"VE-JHRE028 &#8211; Finca mit einem 2-st\u00f6ckigen Haus und gro\u00dfem Grundst\u00fcck\"}]},{\"@type\":\"WebSite\",\"@id\":\"https:\/\/jhrealestate.es\/de\/#website\",\"url\":\"https:\/\/jhrealestate.es\/de\/\",\"name\":\"JH Real Estate Mallorca\",\"description\":\"Real Estate en Mallorca\",\"publisher\":{\"@id\":\"https:\/\/jhrealestate.es\/de\/#organization\"},\"potentialAction\":[{\"@type\":\"SearchAction\",\"target\":{\"@type\":\"EntryPoint\",\"urlTemplate\":\"https:\/\/jhrealestate.es\/de\/?s={search_term_string}\"},\"query-input\":{\"@type\":\"PropertyValueSpecification\",\"valueRequired\":true,\"valueName\":\"search_term_string\"}}],\"inLanguage\":\"de\"},{\"@type\":\"Organization\",\"@id\":\"https:\/\/jhrealestate.es\/de\/#organization\",\"name\":\"JH Real Estate Mallorca\",\"url\":\"https:\/\/jhrealestate.es\/de\/\",\"logo\":{\"@type\":\"ImageObject\",\"inLanguage\":\"de\",\"@id\":\"https:\/\/jhrealestate.es\/de\/#\/schema\/logo\/image\/\",\"url\":\"https:\/\/jhrealestate.es\/wp-content\/uploads\/2021\/11\/Logo-JHRE.png\",\"contentUrl\":\"https:\/\/jhrealestate.es\/wp-content\/uploads\/2021\/11\/Logo-JHRE.png\",\"width\":252,\"height\":200,\"caption\":\"JH Real Estate Mallorca\"},\"image\":{\"@id\":\"https:\/\/jhrealestate.es\/de\/#\/schema\/logo\/image\/\"},\"sameAs\":[\"https:\/\/www.facebook.com\/jh.realestatemallorca\",\"https:\/\/www.instagram.com\/jh.realestatemallorca\",\"https:\/\/www.youtube.com\/channel\/UCwlku0kp0G8CPBZ61xelIHw\",\"https:\/\/www.linkedin.com\/in\/joseheredia1973\/\"]}]}<\/script>\n<!-- \/ Yoast SEO plugin. -->","yoast_head_json":{"title":"VE-JHRE028 - Finca mit einem 2-st\u00f6ckigen Haus und gro\u00dfem Grundst\u00fcck | JH Real Estate Mallorca","robots":{"index":"index","follow":"follow","max-snippet":"max-snippet:-1","max-image-preview":"max-image-preview:large","max-video-preview":"max-video-preview:-1"},"canonical":"https:\/\/jhrealestate.es\/de\/immobilie\/ve-jhre028\/","og_locale":"de_DE","og_type":"article","og_title":"VE-JHRE028 - Finca mit einem 2-st\u00f6ckigen Haus und gro\u00dfem Grundst\u00fcck | JH Real Estate Mallorca","og_description":"SON SARDINA - SON BIBLIONI - PALMA","og_url":"https:\/\/jhrealestate.es\/de\/immobilie\/ve-jhre028\/","og_site_name":"JH Real Estate Mallorca","article_publisher":"https:\/\/www.facebook.com\/jh.realestatemallorca","article_modified_time":"2024-01-14T11:35:02+00:00","og_image":[{"url":"https:\/\/jhrealestate.es\/wp-content\/uploads\/2023\/02\/VE-JHRE028-1-1024x576.jpg","type":"","width":"","height":""}],"twitter_card":"summary_large_image","twitter_misc":{"Gesch\u00e4tzte Lesezeit":"2\u00a0Minuten"},"schema":{"@context":"https:\/\/schema.org","@graph":[{"@type":["WebPage","RealEstateListing"],"@id":"https:\/\/jhrealestate.es\/de\/immobilie\/ve-jhre028\/","url":"https:\/\/jhrealestate.es\/de\/immobilie\/ve-jhre028\/","name":"VE-JHRE028 - Finca mit einem 2-st\u00f6ckigen Haus und gro\u00dfem Grundst\u00fcck | JH Real Estate Mallorca","isPartOf":{"@id":"https:\/\/jhrealestate.es\/de\/#website"},"primaryImageOfPage":{"@id":"https:\/\/jhrealestate.es\/de\/immobilie\/ve-jhre028\/#primaryimage"},"image":{"@id":"https:\/\/jhrealestate.es\/de\/immobilie\/ve-jhre028\/#primaryimage"},"thumbnailUrl":"https:\/\/jhrealestate.es\/wp-content\/uploads\/2023\/02\/VE-JHRE028-1.jpg","datePublished":"2014-01-24T10:00:24+00:00","dateModified":"2024-01-14T11:35:02+00:00","breadcrumb":{"@id":"https:\/\/jhrealestate.es\/de\/immobilie\/ve-jhre028\/#breadcrumb"},"inLanguage":"de","potentialAction":[{"@type":"ReadAction","target":["https:\/\/jhrealestate.es\/de\/immobilie\/ve-jhre028\/"]}]},{"@type":"ImageObject","inLanguage":"de","@id":"https:\/\/jhrealestate.es\/de\/immobilie\/ve-jhre028\/#primaryimage","url":"https:\/\/jhrealestate.es\/wp-content\/uploads\/2023\/02\/VE-JHRE028-1.jpg","contentUrl":"https:\/\/jhrealestate.es\/wp-content\/uploads\/2023\/02\/VE-JHRE028-1.jpg","width":1600,"height":900},{"@type":"BreadcrumbList","@id":"https:\/\/jhrealestate.es\/de\/immobilie\/ve-jhre028\/#breadcrumb","itemListElement":[{"@type":"ListItem","position":1,"name":"Portada","item":"https:\/\/jhrealestate.es\/de\/"},{"@type":"ListItem","position":2,"name":"Immobilien","item":"https:\/\/jhrealestate.es\/de\/immobilie\/"},{"@type":"ListItem","position":3,"name":"VE-JHRE028 &#8211; Finca mit einem 2-st\u00f6ckigen Haus und gro\u00dfem Grundst\u00fcck"}]},{"@type":"WebSite","@id":"https:\/\/jhrealestate.es\/de\/#website","url":"https:\/\/jhrealestate.es\/de\/","name":"JH Real Estate Mallorca","description":"Real Estate en Mallorca","publisher":{"@id":"https:\/\/jhrealestate.es\/de\/#organization"},"potentialAction":[{"@type":"SearchAction","target":{"@type":"EntryPoint","urlTemplate":"https:\/\/jhrealestate.es\/de\/?s={search_term_string}"},"query-input":{"@type":"PropertyValueSpecification","valueRequired":true,"valueName":"search_term_string"}}],"inLanguage":"de"},{"@type":"Organization","@id":"https:\/\/jhrealestate.es\/de\/#organization","name":"JH Real Estate Mallorca","url":"https:\/\/jhrealestate.es\/de\/","logo":{"@type":"ImageObject","inLanguage":"de","@id":"https:\/\/jhrealestate.es\/de\/#\/schema\/logo\/image\/","url":"https:\/\/jhrealestate.es\/wp-content\/uploads\/2021\/11\/Logo-JHRE.png","contentUrl":"https:\/\/jhrealestate.es\/wp-content\/uploads\/2021\/11\/Logo-JHRE.png","width":252,"height":200,"caption":"JH Real Estate Mallorca"},"image":{"@id":"https:\/\/jhrealestate.es\/de\/#\/schema\/logo\/image\/"},"sameAs":["https:\/\/www.facebook.com\/jh.realestatemallorca","https:\/\/www.instagram.com\/jh.realestatemallorca","https:\/\/www.youtube.com\/channel\/UCwlku0kp0G8CPBZ61xelIHw","https:\/\/www.linkedin.com\/in\/joseheredia1973\/"]}]}},"_links":{"self":[{"href":"https:\/\/jhrealestate.es\/de\/wp-json\/wp\/v2\/properties\/6329","targetHints":{"allow":["GET"]}}],"collection":[{"href":"https:\/\/jhrealestate.es\/de\/wp-json\/wp\/v2\/properties"}],"about":[{"href":"https:\/\/jhrealestate.es\/de\/wp-json\/wp\/v2\/types\/rem_property"}],"author":[{"embeddable":true,"href":"https:\/\/jhrealestate.es\/de\/wp-json\/wp\/v2\/users\/3"}],"wp:featuredmedia":[{"embeddable":true,"href":"https:\/\/jhrealestate.es\/de\/wp-json\/wp\/v2\/media\/6183"}],"wp:attachment":[{"href":"https:\/\/jhrealestate.es\/de\/wp-json\/wp\/v2\/media?parent=6329"}],"wp:term":[{"taxonomy":"rem_property_cat","embeddable":true,"href":"https:\/\/jhrealestate.es\/de\/wp-json\/wp\/v2\/rem_property_cat?post=6329"}],"curies":[{"name":"wp","href":"https:\/\/api.w.org\/{rel}","templated":true}]}}