{"id":8671,"date":"2013-11-22T17:05:26","date_gmt":"2013-11-22T16:05:26","guid":{"rendered":"https:\/\/jhrealestate.es\/propiedad\/ve-jhre037\/"},"modified":"2025-01-27T23:38:51","modified_gmt":"2025-01-27T22:38:51","slug":"ve-jhre037","status":"publish","type":"rem_property","link":"https:\/\/jhrealestate.es\/de\/immobilie\/ve-jhre037\/","title":{"rendered":"VE-JHRE037 &#8211; Einst\u00f6ckiges traditionelles Haus im mediterranen Stil mit Vermietungslizenz im Naturpark Es Trenc-Ses Covetes"},"content":{"rendered":"<p>Das Anwesen verf\u00fcgt \u00fcber ein eingez\u00e4untes Grundst\u00fcck von ca. 2.200 qm und ein Haus mit einer bebauten Fl\u00e4che von ca. 132 qm mit einer 29 qm gro\u00dfen Veranda.<\/p>\n<p>Das Haupthaus ist wie folgt aufgeteilt:<br \/>\u2022\u00a0 \u00a0Gro\u00dfes Esszimmer von ca. 27 qm im traditionellen mallorquinischen Stil mit freiliegenden Holzbalken und einem Holzofen.<br \/>\u2022\u00a0 \u00a03 Doppelzimmer (2 davon mit Einbauschr\u00e4nken)<br \/>\u2022\u00a0 \u00a0Komplettes Badezimmer mit Dusche<br \/>\u2022\u00a0 \u00a0G\u00e4ste WC <br \/>\u2022\u00a0 \u00a029 qm gro\u00dfe Veranda mit Kamin und Gartenblick<br \/>\u2022\u00a0 \u00a0Ger\u00e4umige K\u00fcche, komplett m\u00f6bliert und ausgestattet mit K\u00fchl-\/Gefrierschrank, Geschirrsp\u00fcler, Backofen, Gasherd (Butan) und Mikrowelle. Es hat auf einer Seite Zugang zum Waschraum mit Waschmaschine und elektrischem Warmwasserbereiter und auf der anderen Seite zu einer gro\u00dfen hinteren \u00fcberdachten Terrasse mit Grillplatz.<br \/>\u2022\u00a0 \u00a0S\u00fcdostausrichtung<br \/>\u2022\u00a0 \u00a0Klimaanlage im Wohn-\/Esszimmer<br \/>\u2022\u00a0 \u00a0Baujahr: 1970<br \/>\u2022\u00a0 \u00a0Gro\u00dfe \u00fcberdachte Garage f\u00fcr 2 Autos<br \/>\u2022\u00a0 \u00a0Pergola f\u00fcr zus\u00e4tzliche Parkpl\u00e4tze \u2013 4 Pl\u00e4tze<br \/>\u2022\u00a0 \u00a0Vermietungslizenz f\u00fcr 6 Personen<\/p>\n<p>Das Anwesen liegt im Naturpark Es Trenc. Ses Covetes verf\u00fcgt \u00fcber einen ruhigen und unber\u00fchrten Sandstrand, der zwischen Sa R\u00e0pita (1 km) und dem beliebten Strand Es Trenc (1,3 km) mit seinem kristallklaren Wasser liegt. Palma ist ca. 50 km entfernt und der Flughafen Palma ist nur 30 Autominuten entfernt. Campos mit seinem breiten Angebot an Einkaufsm\u00f6glichkeiten (Mercadona, Eroski, Aldi, Lidl oder M\u00fcller,&#8230;) ist nur 10 Autominuten entfernt.<\/p>\n<p>Die Gegend bietet eine Mischung aus Ruhe und nat\u00fcrlicher Sch\u00f6nheit und ist der perfekte Ort f\u00fcr Liebhaber unber\u00fchrter Str\u00e4nde und Natur.<\/p>\n<p>Der Preis beinhaltet keine Steuern und Geb\u00fchren, die mit dem Kauf verbunden sind.<br \/>Kontaktieren Sie uns f\u00fcr weitere Informationen und um einen Besichtigungstermin zu vereinbaren!<\/p>\n","protected":false},"excerpt":{"rendered":"<p>SES COVETES<\/p>\n","protected":false},"author":3,"featured_media":8585,"parent":0,"menu_order":0,"template":"","rem_property_cat":[],"class_list":["post-8671","rem_property","type-rem_property","status-publish","has-post-thumbnail","hentry"],"yoast_head":"<!-- This site is optimized with the Yoast SEO plugin v26.9 - https:\/\/yoast.com\/product\/yoast-seo-wordpress\/ -->\n<title>VE-JHRE037 - Einst\u00f6ckiges traditionelles Haus im mediterranen Stil mit Vermietungslizenz im Naturpark Es Trenc-Ses Covetes | JH Real Estate Mallorca<\/title>\n<meta name=\"robots\" content=\"index, follow, max-snippet:-1, max-image-preview:large, max-video-preview:-1\" \/>\n<link rel=\"canonical\" href=\"https:\/\/jhrealestate.es\/de\/immobilie\/ve-jhre037\/\" \/>\n<meta property=\"og:locale\" content=\"de_DE\" \/>\n<meta property=\"og:type\" content=\"article\" \/>\n<meta property=\"og:title\" content=\"VE-JHRE037 - Einst\u00f6ckiges traditionelles Haus im mediterranen Stil mit Vermietungslizenz im Naturpark Es Trenc-Ses Covetes | JH Real Estate Mallorca\" \/>\n<meta property=\"og:description\" content=\"SES COVETES\" \/>\n<meta property=\"og:url\" content=\"https:\/\/jhrealestate.es\/de\/immobilie\/ve-jhre037\/\" \/>\n<meta property=\"og:site_name\" content=\"JH Real Estate Mallorca\" \/>\n<meta property=\"article:publisher\" content=\"https:\/\/www.facebook.com\/jh.realestatemallorca\" \/>\n<meta property=\"article:modified_time\" content=\"2025-01-27T22:38:51+00:00\" \/>\n<meta property=\"og:image\" content=\"https:\/\/jhrealestate.es\/wp-content\/uploads\/2023\/07\/VE-JHRE037-1-1024x576.jpg\" \/>\n<meta name=\"twitter:card\" content=\"summary_large_image\" \/>\n<meta name=\"twitter:label1\" content=\"Gesch\u00e4tzte Lesezeit\" \/>\n\t<meta name=\"twitter:data1\" content=\"1\u00a0Minute\" \/>\n<script type=\"application\/ld+json\" class=\"yoast-schema-graph\">{\"@context\":\"https:\/\/schema.org\",\"@graph\":[{\"@type\":[\"WebPage\",\"RealEstateListing\"],\"@id\":\"https:\/\/jhrealestate.es\/de\/immobilie\/ve-jhre037\/\",\"url\":\"https:\/\/jhrealestate.es\/de\/immobilie\/ve-jhre037\/\",\"name\":\"VE-JHRE037 - Einst\u00f6ckiges traditionelles Haus im mediterranen Stil mit Vermietungslizenz im Naturpark Es Trenc-Ses Covetes | JH Real Estate Mallorca\",\"isPartOf\":{\"@id\":\"https:\/\/jhrealestate.es\/de\/#website\"},\"primaryImageOfPage\":{\"@id\":\"https:\/\/jhrealestate.es\/de\/immobilie\/ve-jhre037\/#primaryimage\"},\"image\":{\"@id\":\"https:\/\/jhrealestate.es\/de\/immobilie\/ve-jhre037\/#primaryimage\"},\"thumbnailUrl\":\"https:\/\/jhrealestate.es\/wp-content\/uploads\/2023\/07\/VE-JHRE037-1.jpg\",\"datePublished\":\"2013-11-22T16:05:26+00:00\",\"dateModified\":\"2025-01-27T22:38:51+00:00\",\"breadcrumb\":{\"@id\":\"https:\/\/jhrealestate.es\/de\/immobilie\/ve-jhre037\/#breadcrumb\"},\"inLanguage\":\"de\",\"potentialAction\":[{\"@type\":\"ReadAction\",\"target\":[\"https:\/\/jhrealestate.es\/de\/immobilie\/ve-jhre037\/\"]}]},{\"@type\":\"ImageObject\",\"inLanguage\":\"de\",\"@id\":\"https:\/\/jhrealestate.es\/de\/immobilie\/ve-jhre037\/#primaryimage\",\"url\":\"https:\/\/jhrealestate.es\/wp-content\/uploads\/2023\/07\/VE-JHRE037-1.jpg\",\"contentUrl\":\"https:\/\/jhrealestate.es\/wp-content\/uploads\/2023\/07\/VE-JHRE037-1.jpg\",\"width\":1600,\"height\":900},{\"@type\":\"BreadcrumbList\",\"@id\":\"https:\/\/jhrealestate.es\/de\/immobilie\/ve-jhre037\/#breadcrumb\",\"itemListElement\":[{\"@type\":\"ListItem\",\"position\":1,\"name\":\"Portada\",\"item\":\"https:\/\/jhrealestate.es\/de\/\"},{\"@type\":\"ListItem\",\"position\":2,\"name\":\"Immobilien\",\"item\":\"https:\/\/jhrealestate.es\/de\/immobilie\/\"},{\"@type\":\"ListItem\",\"position\":3,\"name\":\"VE-JHRE037 &#8211; Einst\u00f6ckiges traditionelles Haus im mediterranen Stil mit Vermietungslizenz im Naturpark Es Trenc-Ses Covetes\"}]},{\"@type\":\"WebSite\",\"@id\":\"https:\/\/jhrealestate.es\/de\/#website\",\"url\":\"https:\/\/jhrealestate.es\/de\/\",\"name\":\"JH Real Estate Mallorca\",\"description\":\"Real Estate en Mallorca\",\"publisher\":{\"@id\":\"https:\/\/jhrealestate.es\/de\/#organization\"},\"potentialAction\":[{\"@type\":\"SearchAction\",\"target\":{\"@type\":\"EntryPoint\",\"urlTemplate\":\"https:\/\/jhrealestate.es\/de\/?s={search_term_string}\"},\"query-input\":{\"@type\":\"PropertyValueSpecification\",\"valueRequired\":true,\"valueName\":\"search_term_string\"}}],\"inLanguage\":\"de\"},{\"@type\":\"Organization\",\"@id\":\"https:\/\/jhrealestate.es\/de\/#organization\",\"name\":\"JH Real Estate Mallorca\",\"url\":\"https:\/\/jhrealestate.es\/de\/\",\"logo\":{\"@type\":\"ImageObject\",\"inLanguage\":\"de\",\"@id\":\"https:\/\/jhrealestate.es\/de\/#\/schema\/logo\/image\/\",\"url\":\"https:\/\/jhrealestate.es\/wp-content\/uploads\/2021\/11\/Logo-JHRE.png\",\"contentUrl\":\"https:\/\/jhrealestate.es\/wp-content\/uploads\/2021\/11\/Logo-JHRE.png\",\"width\":252,\"height\":200,\"caption\":\"JH Real Estate Mallorca\"},\"image\":{\"@id\":\"https:\/\/jhrealestate.es\/de\/#\/schema\/logo\/image\/\"},\"sameAs\":[\"https:\/\/www.facebook.com\/jh.realestatemallorca\",\"https:\/\/www.instagram.com\/jh.realestatemallorca\",\"https:\/\/www.youtube.com\/channel\/UCwlku0kp0G8CPBZ61xelIHw\",\"https:\/\/www.linkedin.com\/in\/joseheredia1973\/\"]}]}<\/script>\n<!-- \/ Yoast SEO plugin. -->","yoast_head_json":{"title":"VE-JHRE037 - Einst\u00f6ckiges traditionelles Haus im mediterranen Stil mit Vermietungslizenz im Naturpark Es Trenc-Ses Covetes | JH Real Estate Mallorca","robots":{"index":"index","follow":"follow","max-snippet":"max-snippet:-1","max-image-preview":"max-image-preview:large","max-video-preview":"max-video-preview:-1"},"canonical":"https:\/\/jhrealestate.es\/de\/immobilie\/ve-jhre037\/","og_locale":"de_DE","og_type":"article","og_title":"VE-JHRE037 - Einst\u00f6ckiges traditionelles Haus im mediterranen Stil mit Vermietungslizenz im Naturpark Es Trenc-Ses Covetes | JH Real Estate Mallorca","og_description":"SES COVETES","og_url":"https:\/\/jhrealestate.es\/de\/immobilie\/ve-jhre037\/","og_site_name":"JH Real Estate Mallorca","article_publisher":"https:\/\/www.facebook.com\/jh.realestatemallorca","article_modified_time":"2025-01-27T22:38:51+00:00","og_image":[{"url":"https:\/\/jhrealestate.es\/wp-content\/uploads\/2023\/07\/VE-JHRE037-1-1024x576.jpg","type":"","width":"","height":""}],"twitter_card":"summary_large_image","twitter_misc":{"Gesch\u00e4tzte Lesezeit":"1\u00a0Minute"},"schema":{"@context":"https:\/\/schema.org","@graph":[{"@type":["WebPage","RealEstateListing"],"@id":"https:\/\/jhrealestate.es\/de\/immobilie\/ve-jhre037\/","url":"https:\/\/jhrealestate.es\/de\/immobilie\/ve-jhre037\/","name":"VE-JHRE037 - Einst\u00f6ckiges traditionelles Haus im mediterranen Stil mit Vermietungslizenz im Naturpark Es Trenc-Ses Covetes | JH Real Estate Mallorca","isPartOf":{"@id":"https:\/\/jhrealestate.es\/de\/#website"},"primaryImageOfPage":{"@id":"https:\/\/jhrealestate.es\/de\/immobilie\/ve-jhre037\/#primaryimage"},"image":{"@id":"https:\/\/jhrealestate.es\/de\/immobilie\/ve-jhre037\/#primaryimage"},"thumbnailUrl":"https:\/\/jhrealestate.es\/wp-content\/uploads\/2023\/07\/VE-JHRE037-1.jpg","datePublished":"2013-11-22T16:05:26+00:00","dateModified":"2025-01-27T22:38:51+00:00","breadcrumb":{"@id":"https:\/\/jhrealestate.es\/de\/immobilie\/ve-jhre037\/#breadcrumb"},"inLanguage":"de","potentialAction":[{"@type":"ReadAction","target":["https:\/\/jhrealestate.es\/de\/immobilie\/ve-jhre037\/"]}]},{"@type":"ImageObject","inLanguage":"de","@id":"https:\/\/jhrealestate.es\/de\/immobilie\/ve-jhre037\/#primaryimage","url":"https:\/\/jhrealestate.es\/wp-content\/uploads\/2023\/07\/VE-JHRE037-1.jpg","contentUrl":"https:\/\/jhrealestate.es\/wp-content\/uploads\/2023\/07\/VE-JHRE037-1.jpg","width":1600,"height":900},{"@type":"BreadcrumbList","@id":"https:\/\/jhrealestate.es\/de\/immobilie\/ve-jhre037\/#breadcrumb","itemListElement":[{"@type":"ListItem","position":1,"name":"Portada","item":"https:\/\/jhrealestate.es\/de\/"},{"@type":"ListItem","position":2,"name":"Immobilien","item":"https:\/\/jhrealestate.es\/de\/immobilie\/"},{"@type":"ListItem","position":3,"name":"VE-JHRE037 &#8211; Einst\u00f6ckiges traditionelles Haus im mediterranen Stil mit Vermietungslizenz im Naturpark Es Trenc-Ses Covetes"}]},{"@type":"WebSite","@id":"https:\/\/jhrealestate.es\/de\/#website","url":"https:\/\/jhrealestate.es\/de\/","name":"JH Real Estate Mallorca","description":"Real Estate en Mallorca","publisher":{"@id":"https:\/\/jhrealestate.es\/de\/#organization"},"potentialAction":[{"@type":"SearchAction","target":{"@type":"EntryPoint","urlTemplate":"https:\/\/jhrealestate.es\/de\/?s={search_term_string}"},"query-input":{"@type":"PropertyValueSpecification","valueRequired":true,"valueName":"search_term_string"}}],"inLanguage":"de"},{"@type":"Organization","@id":"https:\/\/jhrealestate.es\/de\/#organization","name":"JH Real Estate Mallorca","url":"https:\/\/jhrealestate.es\/de\/","logo":{"@type":"ImageObject","inLanguage":"de","@id":"https:\/\/jhrealestate.es\/de\/#\/schema\/logo\/image\/","url":"https:\/\/jhrealestate.es\/wp-content\/uploads\/2021\/11\/Logo-JHRE.png","contentUrl":"https:\/\/jhrealestate.es\/wp-content\/uploads\/2021\/11\/Logo-JHRE.png","width":252,"height":200,"caption":"JH Real Estate Mallorca"},"image":{"@id":"https:\/\/jhrealestate.es\/de\/#\/schema\/logo\/image\/"},"sameAs":["https:\/\/www.facebook.com\/jh.realestatemallorca","https:\/\/www.instagram.com\/jh.realestatemallorca","https:\/\/www.youtube.com\/channel\/UCwlku0kp0G8CPBZ61xelIHw","https:\/\/www.linkedin.com\/in\/joseheredia1973\/"]}]}},"_links":{"self":[{"href":"https:\/\/jhrealestate.es\/de\/wp-json\/wp\/v2\/properties\/8671","targetHints":{"allow":["GET"]}}],"collection":[{"href":"https:\/\/jhrealestate.es\/de\/wp-json\/wp\/v2\/properties"}],"about":[{"href":"https:\/\/jhrealestate.es\/de\/wp-json\/wp\/v2\/types\/rem_property"}],"author":[{"embeddable":true,"href":"https:\/\/jhrealestate.es\/de\/wp-json\/wp\/v2\/users\/3"}],"wp:featuredmedia":[{"embeddable":true,"href":"https:\/\/jhrealestate.es\/de\/wp-json\/wp\/v2\/media\/8585"}],"wp:attachment":[{"href":"https:\/\/jhrealestate.es\/de\/wp-json\/wp\/v2\/media?parent=8671"}],"wp:term":[{"taxonomy":"rem_property_cat","embeddable":true,"href":"https:\/\/jhrealestate.es\/de\/wp-json\/wp\/v2\/rem_property_cat?post=8671"}],"curies":[{"name":"wp","href":"https:\/\/api.w.org\/{rel}","templated":true}]}}