{"id":11505,"date":"2005-06-16T12:13:40","date_gmt":"2005-06-16T10:13:40","guid":{"rendered":"https:\/\/jhrealestate.es\/propiedad\/al-jhre046\/"},"modified":"2025-09-25T16:12:18","modified_gmt":"2025-09-25T14:12:18","slug":"al-jhre046","status":"publish","type":"rem_property","link":"https:\/\/jhrealestate.es\/fr\/propriete\/al-jhre046\/","title":{"rendered":"AL-JHRE046 &#8211; EN EXCLUSIVIT\u00c9 &#8211; DISPONIBLE JUSQU\u2019AU 31\/03\/2026 POUR DES S\u00c9JOURS D\u2019AU MOINS 2 MOIS"},"content":{"rendered":"<p>Maison individuelle situ\u00e9e dans un quartier calme de Portocolom, sur la c\u00f4te sud-est de Majorque. Portocolom est l&rsquo;un des plus beaux ports naturels de l&rsquo;\u00eele avec ses maisons traditionnelles et color\u00e9es autour des quais et sa promenade remplie de restaurants, bars et boutiques. Les embarcations traditionnelles de son port lui donnent un aspect pittoresque ; c&rsquo;est un endroit qui a su combiner authenticit\u00e9 et tradition avec un tourisme contr\u00f4l\u00e9.<\/p>\n<p>La maison se compose de deux \u00e9tages et a une surface construite d&rsquo;environ 270 m\u00b2 avec 2 porches et une piscine. La r\u00e9partition est la suivante :<\/p>\n<p>Rez-de-chauss\u00e9e :<br \/>\u2022 2 \u00e0 3 chambres doubles avec placards int\u00e9gr\u00e9s (l&rsquo;une d&rsquo;elles peut servir de salon ou de bureau et donne acc\u00e8s \u00e0 la terrasse de la piscine)<br \/>\u2022 Une salle de bain enti\u00e8rement \u00e9quip\u00e9e avec douche\/baignoire<br \/>\u2022 Toilettes de courtoisie pour les invit\u00e9s<br \/>\u2022 Buanderie\/d\u00e9barras avec r\u00e9frig\u00e9rateur suppl\u00e9mentaire et lave-linge<br \/>\u2022 Spacieux salon-salle \u00e0 manger tr\u00e8s lumineux avec climatisation (froid\/chaud) et chemin\u00e9e. Il donne acc\u00e8s \u00e0 un petit porche<br \/>\u2022 Grand hall d&rsquo;entr\u00e9e donnant acc\u00e8s au salon et \u00e0 la zone de nuit<br \/>\u2022 Cuisine enti\u00e8rement \u00e9quip\u00e9e avec lave-vaisselle, four, plaque vitroc\u00e9ramique et r\u00e9frig\u00e9rateur. Elle donne acc\u00e8s \u00e0 un porche dont vous pourrez profiter toute l&rsquo;ann\u00e9e.<br \/>\u2022 Sol en carrelage<br \/>\u2022 Fen\u00eatres avec double vitrage et portes en bois massif<br \/>\u2022 La maison dispose d&rsquo;une connexion Internet haut d\u00e9bit (fibre optique) \u2013 Non incluse dans le loyer mensuel<\/p>\n<p>1er \u00c9tage :<br \/>\u2022 2 chambres doubles avec climatisation (froid\/chaud), chacune avec sa salle de bain ext\u00e9rieure en suite avec douche (l&rsquo;une d&rsquo;elles avec acc\u00e8s \u00e0 la terrasse avec vue d\u00e9gag\u00e9e sur le quartier).<\/p>\n<p>\u00c0 l&rsquo;ext\u00e9rieur, il y a une grande zone de jardin avec piscine et une terrasse avec pergola et salon de jardin ainsi qu&rsquo;une zone de repos avec des transats. Sur un c\u00f4t\u00e9 de la maison, il y a un porche avec barbecue et acc\u00e8s \u00e0 la cuisine.<br \/>Garage spacieux avec espace de rangement. Places de parking suppl\u00e9mentaires \u00e0 l&rsquo;ext\u00e9rieur de la maison.<\/p>\n<p>Portocolom est un coin tranquille et authentique, parfait pour ceux qui cherchent \u00e0 exp\u00e9rimenter le v\u00e9ritable go\u00fbt de Majorque. Le supermarch\u00e9 le plus proche est \u00e0 moins de 2 km, la plage de Cala Marsal avec ses eaux transparentes et ses chiringuitos est \u00e0 seulement 5 minutes en voiture (3 km). L&rsquo;Acad\u00e9mie Rafa Nadal et le Tudor Rose British College sont \u00e0 un peu plus de 20 minutes en voiture. L&rsquo;a\u00e9roport de Palma est \u00e0 seulement 1 heure de trajet.<\/p>\n<p>La maison est lou\u00e9e enti\u00e8rement meubl\u00e9e et \u00e9quip\u00e9e, elle dispose de la t\u00e9l\u00e9vision par satellite (Astra 19.2).<br \/>Ann\u00e9e de construction \u2013 1987<br \/>La taxe annuelle de collecte des ordures, l&rsquo;\u00e9lectricit\u00e9, l&rsquo;eau et l\u2019entretien de la piscine et du jardin sont \u00e0 la charge des locataires.\u00a0<br \/>Caution et honoraires d\u2019agence selon la dur\u00e9e du s\u00e9jour (conditions sur demande)<\/p>\n<p>Ne manquez pas cette opportunit\u00e9 unique ! Contactez-nous pour organiser une visite et d\u00e9couvrir tous les d\u00e9tails de cette magnifique maison.<\/p>\n<p>Agence immobili\u00e8re inscrite au ROAIIB (Registre officiel des agents immobiliers des \u00eeles Bal\u00e9ares) GOIBE586263\/2024<\/p>\n","protected":false},"excerpt":{"rendered":"<p>PORTOCOLOM &#8211; FELANITX<\/p>\n","protected":false},"author":3,"featured_media":11508,"parent":0,"menu_order":0,"template":"","rem_property_cat":[],"class_list":["post-11505","rem_property","type-rem_property","status-publish","has-post-thumbnail","hentry"],"yoast_head":"<!-- This site is optimized with the Yoast SEO plugin v26.9 - https:\/\/yoast.com\/product\/yoast-seo-wordpress\/ -->\n<title>AL-JHRE046 - EN EXCLUSIVIT\u00c9 - DISPONIBLE JUSQU\u2019AU 31\/03\/2026 POUR DES S\u00c9JOURS D\u2019AU MOINS 2 MOIS | JH Real Estate Mallorca<\/title>\n<meta name=\"robots\" content=\"index, follow, max-snippet:-1, max-image-preview:large, max-video-preview:-1\" \/>\n<link rel=\"canonical\" href=\"https:\/\/jhrealestate.es\/fr\/propriete\/al-jhre046\/\" \/>\n<meta property=\"og:locale\" content=\"fr_FR\" \/>\n<meta property=\"og:type\" content=\"article\" \/>\n<meta property=\"og:title\" content=\"AL-JHRE046 - EN EXCLUSIVIT\u00c9 - DISPONIBLE JUSQU\u2019AU 31\/03\/2026 POUR DES S\u00c9JOURS D\u2019AU MOINS 2 MOIS | JH Real Estate Mallorca\" \/>\n<meta property=\"og:description\" content=\"PORTOCOLOM - FELANITX\" \/>\n<meta property=\"og:url\" content=\"https:\/\/jhrealestate.es\/fr\/propriete\/al-jhre046\/\" \/>\n<meta property=\"og:site_name\" content=\"JH Real Estate Mallorca\" \/>\n<meta property=\"article:publisher\" content=\"https:\/\/www.facebook.com\/jh.realestatemallorca\" \/>\n<meta property=\"article:modified_time\" content=\"2025-09-25T14:12:18+00:00\" \/>\n<meta property=\"og:image\" content=\"https:\/\/jhrealestate.es\/wp-content\/uploads\/2024\/06\/VE-JHRE037-1-EXCLU-1-1024x576.jpg\" \/>\n<meta name=\"twitter:card\" content=\"summary_large_image\" \/>\n<meta name=\"twitter:label1\" content=\"Dur\u00e9e de lecture estim\u00e9e\" \/>\n\t<meta name=\"twitter:data1\" content=\"3 minutes\" \/>\n<script type=\"application\/ld+json\" class=\"yoast-schema-graph\">{\"@context\":\"https:\/\/schema.org\",\"@graph\":[{\"@type\":[\"WebPage\",\"RealEstateListing\"],\"@id\":\"https:\/\/jhrealestate.es\/fr\/propriete\/al-jhre046\/\",\"url\":\"https:\/\/jhrealestate.es\/fr\/propriete\/al-jhre046\/\",\"name\":\"AL-JHRE046 - EN EXCLUSIVIT\u00c9 - DISPONIBLE JUSQU\u2019AU 31\/03\/2026 POUR DES S\u00c9JOURS D\u2019AU MOINS 2 MOIS | JH Real Estate Mallorca\",\"isPartOf\":{\"@id\":\"https:\/\/jhrealestate.es\/fr\/#website\"},\"primaryImageOfPage\":{\"@id\":\"https:\/\/jhrealestate.es\/fr\/propriete\/al-jhre046\/#primaryimage\"},\"image\":{\"@id\":\"https:\/\/jhrealestate.es\/fr\/propriete\/al-jhre046\/#primaryimage\"},\"thumbnailUrl\":\"https:\/\/jhrealestate.es\/wp-content\/uploads\/2024\/06\/AL-JHRE046-1-scaled.jpg\",\"datePublished\":\"2005-06-16T10:13:40+00:00\",\"dateModified\":\"2025-09-25T14:12:18+00:00\",\"breadcrumb\":{\"@id\":\"https:\/\/jhrealestate.es\/fr\/propriete\/al-jhre046\/#breadcrumb\"},\"inLanguage\":\"fr-FR\",\"potentialAction\":[{\"@type\":\"ReadAction\",\"target\":[\"https:\/\/jhrealestate.es\/fr\/propriete\/al-jhre046\/\"]}]},{\"@type\":\"ImageObject\",\"inLanguage\":\"fr-FR\",\"@id\":\"https:\/\/jhrealestate.es\/fr\/propriete\/al-jhre046\/#primaryimage\",\"url\":\"https:\/\/jhrealestate.es\/wp-content\/uploads\/2024\/06\/AL-JHRE046-1-scaled.jpg\",\"contentUrl\":\"https:\/\/jhrealestate.es\/wp-content\/uploads\/2024\/06\/AL-JHRE046-1-scaled.jpg\",\"width\":2880,\"height\":1620},{\"@type\":\"BreadcrumbList\",\"@id\":\"https:\/\/jhrealestate.es\/fr\/propriete\/al-jhre046\/#breadcrumb\",\"itemListElement\":[{\"@type\":\"ListItem\",\"position\":1,\"name\":\"Portada\",\"item\":\"https:\/\/jhrealestate.es\/fr\/\"},{\"@type\":\"ListItem\",\"position\":2,\"name\":\"Propri\u00e9t\u00e9s\",\"item\":\"https:\/\/jhrealestate.es\/fr\/propriete\/\"},{\"@type\":\"ListItem\",\"position\":3,\"name\":\"AL-JHRE046 &#8211; EN EXCLUSIVIT\u00c9 &#8211; DISPONIBLE JUSQU\u2019AU 31\/03\/2026 POUR DES S\u00c9JOURS D\u2019AU MOINS 2 MOIS\"}]},{\"@type\":\"WebSite\",\"@id\":\"https:\/\/jhrealestate.es\/fr\/#website\",\"url\":\"https:\/\/jhrealestate.es\/fr\/\",\"name\":\"JH Real Estate Mallorca\",\"description\":\"Real Estate en Mallorca\",\"publisher\":{\"@id\":\"https:\/\/jhrealestate.es\/fr\/#organization\"},\"potentialAction\":[{\"@type\":\"SearchAction\",\"target\":{\"@type\":\"EntryPoint\",\"urlTemplate\":\"https:\/\/jhrealestate.es\/fr\/?s={search_term_string}\"},\"query-input\":{\"@type\":\"PropertyValueSpecification\",\"valueRequired\":true,\"valueName\":\"search_term_string\"}}],\"inLanguage\":\"fr-FR\"},{\"@type\":\"Organization\",\"@id\":\"https:\/\/jhrealestate.es\/fr\/#organization\",\"name\":\"JH Real Estate Mallorca\",\"url\":\"https:\/\/jhrealestate.es\/fr\/\",\"logo\":{\"@type\":\"ImageObject\",\"inLanguage\":\"fr-FR\",\"@id\":\"https:\/\/jhrealestate.es\/fr\/#\/schema\/logo\/image\/\",\"url\":\"https:\/\/jhrealestate.es\/wp-content\/uploads\/2021\/11\/Logo-JHRE.png\",\"contentUrl\":\"https:\/\/jhrealestate.es\/wp-content\/uploads\/2021\/11\/Logo-JHRE.png\",\"width\":252,\"height\":200,\"caption\":\"JH Real Estate Mallorca\"},\"image\":{\"@id\":\"https:\/\/jhrealestate.es\/fr\/#\/schema\/logo\/image\/\"},\"sameAs\":[\"https:\/\/www.facebook.com\/jh.realestatemallorca\",\"https:\/\/www.instagram.com\/jh.realestatemallorca\",\"https:\/\/www.youtube.com\/channel\/UCwlku0kp0G8CPBZ61xelIHw\",\"https:\/\/www.linkedin.com\/in\/joseheredia1973\/\"]}]}<\/script>\n<!-- \/ Yoast SEO plugin. -->","yoast_head_json":{"title":"AL-JHRE046 - EN EXCLUSIVIT\u00c9 - DISPONIBLE JUSQU\u2019AU 31\/03\/2026 POUR DES S\u00c9JOURS D\u2019AU MOINS 2 MOIS | JH Real Estate Mallorca","robots":{"index":"index","follow":"follow","max-snippet":"max-snippet:-1","max-image-preview":"max-image-preview:large","max-video-preview":"max-video-preview:-1"},"canonical":"https:\/\/jhrealestate.es\/fr\/propriete\/al-jhre046\/","og_locale":"fr_FR","og_type":"article","og_title":"AL-JHRE046 - EN EXCLUSIVIT\u00c9 - DISPONIBLE JUSQU\u2019AU 31\/03\/2026 POUR DES S\u00c9JOURS D\u2019AU MOINS 2 MOIS | JH Real Estate Mallorca","og_description":"PORTOCOLOM - FELANITX","og_url":"https:\/\/jhrealestate.es\/fr\/propriete\/al-jhre046\/","og_site_name":"JH Real Estate Mallorca","article_publisher":"https:\/\/www.facebook.com\/jh.realestatemallorca","article_modified_time":"2025-09-25T14:12:18+00:00","og_image":[{"url":"https:\/\/jhrealestate.es\/wp-content\/uploads\/2024\/06\/VE-JHRE037-1-EXCLU-1-1024x576.jpg","type":"","width":"","height":""}],"twitter_card":"summary_large_image","twitter_misc":{"Dur\u00e9e de lecture estim\u00e9e":"3 minutes"},"schema":{"@context":"https:\/\/schema.org","@graph":[{"@type":["WebPage","RealEstateListing"],"@id":"https:\/\/jhrealestate.es\/fr\/propriete\/al-jhre046\/","url":"https:\/\/jhrealestate.es\/fr\/propriete\/al-jhre046\/","name":"AL-JHRE046 - EN EXCLUSIVIT\u00c9 - DISPONIBLE JUSQU\u2019AU 31\/03\/2026 POUR DES S\u00c9JOURS D\u2019AU MOINS 2 MOIS | JH Real Estate Mallorca","isPartOf":{"@id":"https:\/\/jhrealestate.es\/fr\/#website"},"primaryImageOfPage":{"@id":"https:\/\/jhrealestate.es\/fr\/propriete\/al-jhre046\/#primaryimage"},"image":{"@id":"https:\/\/jhrealestate.es\/fr\/propriete\/al-jhre046\/#primaryimage"},"thumbnailUrl":"https:\/\/jhrealestate.es\/wp-content\/uploads\/2024\/06\/AL-JHRE046-1-scaled.jpg","datePublished":"2005-06-16T10:13:40+00:00","dateModified":"2025-09-25T14:12:18+00:00","breadcrumb":{"@id":"https:\/\/jhrealestate.es\/fr\/propriete\/al-jhre046\/#breadcrumb"},"inLanguage":"fr-FR","potentialAction":[{"@type":"ReadAction","target":["https:\/\/jhrealestate.es\/fr\/propriete\/al-jhre046\/"]}]},{"@type":"ImageObject","inLanguage":"fr-FR","@id":"https:\/\/jhrealestate.es\/fr\/propriete\/al-jhre046\/#primaryimage","url":"https:\/\/jhrealestate.es\/wp-content\/uploads\/2024\/06\/AL-JHRE046-1-scaled.jpg","contentUrl":"https:\/\/jhrealestate.es\/wp-content\/uploads\/2024\/06\/AL-JHRE046-1-scaled.jpg","width":2880,"height":1620},{"@type":"BreadcrumbList","@id":"https:\/\/jhrealestate.es\/fr\/propriete\/al-jhre046\/#breadcrumb","itemListElement":[{"@type":"ListItem","position":1,"name":"Portada","item":"https:\/\/jhrealestate.es\/fr\/"},{"@type":"ListItem","position":2,"name":"Propri\u00e9t\u00e9s","item":"https:\/\/jhrealestate.es\/fr\/propriete\/"},{"@type":"ListItem","position":3,"name":"AL-JHRE046 &#8211; EN EXCLUSIVIT\u00c9 &#8211; DISPONIBLE JUSQU\u2019AU 31\/03\/2026 POUR DES S\u00c9JOURS D\u2019AU MOINS 2 MOIS"}]},{"@type":"WebSite","@id":"https:\/\/jhrealestate.es\/fr\/#website","url":"https:\/\/jhrealestate.es\/fr\/","name":"JH Real Estate Mallorca","description":"Real Estate en Mallorca","publisher":{"@id":"https:\/\/jhrealestate.es\/fr\/#organization"},"potentialAction":[{"@type":"SearchAction","target":{"@type":"EntryPoint","urlTemplate":"https:\/\/jhrealestate.es\/fr\/?s={search_term_string}"},"query-input":{"@type":"PropertyValueSpecification","valueRequired":true,"valueName":"search_term_string"}}],"inLanguage":"fr-FR"},{"@type":"Organization","@id":"https:\/\/jhrealestate.es\/fr\/#organization","name":"JH Real Estate Mallorca","url":"https:\/\/jhrealestate.es\/fr\/","logo":{"@type":"ImageObject","inLanguage":"fr-FR","@id":"https:\/\/jhrealestate.es\/fr\/#\/schema\/logo\/image\/","url":"https:\/\/jhrealestate.es\/wp-content\/uploads\/2021\/11\/Logo-JHRE.png","contentUrl":"https:\/\/jhrealestate.es\/wp-content\/uploads\/2021\/11\/Logo-JHRE.png","width":252,"height":200,"caption":"JH Real Estate Mallorca"},"image":{"@id":"https:\/\/jhrealestate.es\/fr\/#\/schema\/logo\/image\/"},"sameAs":["https:\/\/www.facebook.com\/jh.realestatemallorca","https:\/\/www.instagram.com\/jh.realestatemallorca","https:\/\/www.youtube.com\/channel\/UCwlku0kp0G8CPBZ61xelIHw","https:\/\/www.linkedin.com\/in\/joseheredia1973\/"]}]}},"_links":{"self":[{"href":"https:\/\/jhrealestate.es\/fr\/wp-json\/wp\/v2\/properties\/11505","targetHints":{"allow":["GET"]}}],"collection":[{"href":"https:\/\/jhrealestate.es\/fr\/wp-json\/wp\/v2\/properties"}],"about":[{"href":"https:\/\/jhrealestate.es\/fr\/wp-json\/wp\/v2\/types\/rem_property"}],"author":[{"embeddable":true,"href":"https:\/\/jhrealestate.es\/fr\/wp-json\/wp\/v2\/users\/3"}],"wp:featuredmedia":[{"embeddable":true,"href":"https:\/\/jhrealestate.es\/fr\/wp-json\/wp\/v2\/media\/11508"}],"wp:attachment":[{"href":"https:\/\/jhrealestate.es\/fr\/wp-json\/wp\/v2\/media?parent=11505"}],"wp:term":[{"taxonomy":"rem_property_cat","embeddable":true,"href":"https:\/\/jhrealestate.es\/fr\/wp-json\/wp\/v2\/rem_property_cat?post=11505"}],"curies":[{"name":"wp","href":"https:\/\/api.w.org\/{rel}","templated":true}]}}