{"id":11798,"date":"2014-08-12T15:12:17","date_gmt":"2014-08-12T13:12:17","guid":{"rendered":"https:\/\/jhrealestate.es\/propiedad\/ve-jhre050\/"},"modified":"2024-10-07T10:06:13","modified_gmt":"2024-10-07T08:06:13","slug":"ve-jhre050","status":"publish","type":"rem_property","link":"https:\/\/jhrealestate.es\/fr\/propriete\/ve-jhre050\/","title":{"rendered":"VE-JHRE050 &#8211; Spacieux appartement r\u00e9nov\u00e9 avec 3 chambres pr\u00e8s de Palmaplanas, Ocimax et Consell de Mallorca"},"content":{"rendered":"<p>L&rsquo;appartement est situ\u00e9 au 3\u00e8me \u00e9tage d&rsquo;un immeuble dans un complexe r\u00e9sidentiel tr\u00e8s calme avec tous types de services \u00e0 port\u00e9e de main. Il a une surface totale de 121 m\u00b2 r\u00e9partie comme suit :<\/p>\n<p>\u2022 3 chambres doubles (toutes ext\u00e9rieures et avec des placards int\u00e9gr\u00e9s)<br \/>\u2022 Grand salon-salle \u00e0 manger tr\u00e8s lumineux d&rsquo;environ 30 m\u00b2 avec acc\u00e8s \u00e0 un petit balcon<br \/>\u2022 Cuisine meubl\u00e9e et \u00e9quip\u00e9e, enti\u00e8rement r\u00e9nov\u00e9e, avec acc\u00e8s \u00e0 une buanderie avec machine \u00e0 laver, chaudi\u00e8re \u00e0 gaz et espace de rangement<br \/>\u2022 2 salles de bains enti\u00e8rement \u00e9quip\u00e9es, toutes deux avec douche<br \/>\u2022 Grand hall d&rsquo;entr\u00e9e avec placard int\u00e9gr\u00e9<br \/>\u2022 Grand espace ouvert pouvant servir de bureau ou de 4\u00e8me chambre<br \/>\u2022 Climatisation avec pompe \u00e0 chaleur dans les deux parties du logement<br \/>\u2022 Sol stratifi\u00e9, carrelage dans la cuisine et les salles de bains<br \/>\u2022 Immeuble avec ascenseur<br \/>\u2022 Charges de copropri\u00e9t\u00e9 peu \u00e9lev\u00e9es<br \/>\u2022 Orientation sud<br \/>\u2022 Fen\u00eatres \u00e0 double vitrage c\u00f4t\u00e9 rue<br \/>\u2022 Le logement ne dispose PAS de parking<\/p>\n<p>Dans les environs, vous trouverez une large gamme de services tels que centres commerciaux et de loisirs, supermarch\u00e9s, \u00e9coles, centres de sant\u00e9 et commerces. Connexion rapide avec le centre de Palma (10 min) et la Via de Cintura. Arr\u00eats de bus \u00e0 moins de 100 m. <br \/>\u00c0 l&rsquo;ext\u00e9rieur de l&rsquo;immeuble, il y a une grande zone de jardin. <br \/>Ann\u00e9e de construction 1980.<\/p>\n<p>N&rsquo;h\u00e9sitez pas \u00e0 nous contacter pour organiser une visite de ce fabuleux penthouse.<\/p>\n<p>MENTION L\u00c9GALE : Les informations fournies ont \u00e9t\u00e9 pr\u00e9sent\u00e9es avec toute la pr\u00e9cision possible. Cependant, JH Real Estate Mallorca d\u00e9cline toute responsabilit\u00e9 quant \u00e0 leur exactitude ou \u00e0 d&rsquo;\u00e9ventuelles omissions, et cela ne constitue donc pas un document contractuel. L\u2019agence n&rsquo;est pas non plus responsable de l&rsquo;utilisation que des tiers pourraient faire des informations contenues ici. <\/p>\n<p>Le prix n&rsquo;inclut pas les meubles, les taxes et les frais de transmission.<\/p>\n","protected":false},"excerpt":{"rendered":"<p>PALMA &#8211; OCIMAX<\/p>\n","protected":false},"author":3,"featured_media":11702,"parent":0,"menu_order":0,"template":"","rem_property_cat":[],"class_list":["post-11798","rem_property","type-rem_property","status-publish","has-post-thumbnail","hentry"],"yoast_head":"<!-- This site is optimized with the Yoast SEO plugin v26.9 - https:\/\/yoast.com\/product\/yoast-seo-wordpress\/ -->\n<title>VE-JHRE050 - Spacieux appartement r\u00e9nov\u00e9 avec 3 chambres pr\u00e8s de Palmaplanas, Ocimax et Consell de Mallorca | JH Real Estate Mallorca<\/title>\n<meta name=\"robots\" content=\"index, follow, max-snippet:-1, max-image-preview:large, max-video-preview:-1\" \/>\n<link rel=\"canonical\" href=\"https:\/\/jhrealestate.es\/fr\/propriete\/ve-jhre050\/\" \/>\n<meta property=\"og:locale\" content=\"fr_FR\" \/>\n<meta property=\"og:type\" content=\"article\" \/>\n<meta property=\"og:title\" content=\"VE-JHRE050 - Spacieux appartement r\u00e9nov\u00e9 avec 3 chambres pr\u00e8s de Palmaplanas, Ocimax et Consell de Mallorca | JH Real Estate Mallorca\" \/>\n<meta property=\"og:description\" content=\"PALMA - OCIMAX\" \/>\n<meta property=\"og:url\" content=\"https:\/\/jhrealestate.es\/fr\/propriete\/ve-jhre050\/\" \/>\n<meta property=\"og:site_name\" content=\"JH Real Estate Mallorca\" \/>\n<meta property=\"article:publisher\" content=\"https:\/\/www.facebook.com\/jh.realestatemallorca\" \/>\n<meta property=\"article:modified_time\" content=\"2024-10-07T08:06:13+00:00\" \/>\n<meta property=\"og:image\" content=\"https:\/\/jhrealestate.es\/wp-content\/uploads\/2024\/08\/VE-JHRE050-1-1-1024x576.jpg\" \/>\n<meta name=\"twitter:card\" content=\"summary_large_image\" \/>\n<meta name=\"twitter:label1\" content=\"Dur\u00e9e de lecture estim\u00e9e\" \/>\n\t<meta name=\"twitter:data1\" content=\"2 minutes\" \/>\n<script type=\"application\/ld+json\" class=\"yoast-schema-graph\">{\"@context\":\"https:\/\/schema.org\",\"@graph\":[{\"@type\":[\"WebPage\",\"RealEstateListing\"],\"@id\":\"https:\/\/jhrealestate.es\/fr\/propriete\/ve-jhre050\/\",\"url\":\"https:\/\/jhrealestate.es\/fr\/propriete\/ve-jhre050\/\",\"name\":\"VE-JHRE050 - Spacieux appartement r\u00e9nov\u00e9 avec 3 chambres pr\u00e8s de Palmaplanas, Ocimax et Consell de Mallorca | JH Real Estate Mallorca\",\"isPartOf\":{\"@id\":\"https:\/\/jhrealestate.es\/fr\/#website\"},\"primaryImageOfPage\":{\"@id\":\"https:\/\/jhrealestate.es\/fr\/propriete\/ve-jhre050\/#primaryimage\"},\"image\":{\"@id\":\"https:\/\/jhrealestate.es\/fr\/propriete\/ve-jhre050\/#primaryimage\"},\"thumbnailUrl\":\"https:\/\/jhrealestate.es\/wp-content\/uploads\/2024\/08\/VE-JHRE050-1.jpg\",\"datePublished\":\"2014-08-12T13:12:17+00:00\",\"dateModified\":\"2024-10-07T08:06:13+00:00\",\"breadcrumb\":{\"@id\":\"https:\/\/jhrealestate.es\/fr\/propriete\/ve-jhre050\/#breadcrumb\"},\"inLanguage\":\"fr-FR\",\"potentialAction\":[{\"@type\":\"ReadAction\",\"target\":[\"https:\/\/jhrealestate.es\/fr\/propriete\/ve-jhre050\/\"]}]},{\"@type\":\"ImageObject\",\"inLanguage\":\"fr-FR\",\"@id\":\"https:\/\/jhrealestate.es\/fr\/propriete\/ve-jhre050\/#primaryimage\",\"url\":\"https:\/\/jhrealestate.es\/wp-content\/uploads\/2024\/08\/VE-JHRE050-1.jpg\",\"contentUrl\":\"https:\/\/jhrealestate.es\/wp-content\/uploads\/2024\/08\/VE-JHRE050-1.jpg\",\"width\":1600,\"height\":900},{\"@type\":\"BreadcrumbList\",\"@id\":\"https:\/\/jhrealestate.es\/fr\/propriete\/ve-jhre050\/#breadcrumb\",\"itemListElement\":[{\"@type\":\"ListItem\",\"position\":1,\"name\":\"Portada\",\"item\":\"https:\/\/jhrealestate.es\/fr\/\"},{\"@type\":\"ListItem\",\"position\":2,\"name\":\"Propri\u00e9t\u00e9s\",\"item\":\"https:\/\/jhrealestate.es\/fr\/propriete\/\"},{\"@type\":\"ListItem\",\"position\":3,\"name\":\"VE-JHRE050 &#8211; Spacieux appartement r\u00e9nov\u00e9 avec 3 chambres pr\u00e8s de Palmaplanas, Ocimax et Consell de Mallorca\"}]},{\"@type\":\"WebSite\",\"@id\":\"https:\/\/jhrealestate.es\/fr\/#website\",\"url\":\"https:\/\/jhrealestate.es\/fr\/\",\"name\":\"JH Real Estate Mallorca\",\"description\":\"Real Estate en Mallorca\",\"publisher\":{\"@id\":\"https:\/\/jhrealestate.es\/fr\/#organization\"},\"potentialAction\":[{\"@type\":\"SearchAction\",\"target\":{\"@type\":\"EntryPoint\",\"urlTemplate\":\"https:\/\/jhrealestate.es\/fr\/?s={search_term_string}\"},\"query-input\":{\"@type\":\"PropertyValueSpecification\",\"valueRequired\":true,\"valueName\":\"search_term_string\"}}],\"inLanguage\":\"fr-FR\"},{\"@type\":\"Organization\",\"@id\":\"https:\/\/jhrealestate.es\/fr\/#organization\",\"name\":\"JH Real Estate Mallorca\",\"url\":\"https:\/\/jhrealestate.es\/fr\/\",\"logo\":{\"@type\":\"ImageObject\",\"inLanguage\":\"fr-FR\",\"@id\":\"https:\/\/jhrealestate.es\/fr\/#\/schema\/logo\/image\/\",\"url\":\"https:\/\/jhrealestate.es\/wp-content\/uploads\/2021\/11\/Logo-JHRE.png\",\"contentUrl\":\"https:\/\/jhrealestate.es\/wp-content\/uploads\/2021\/11\/Logo-JHRE.png\",\"width\":252,\"height\":200,\"caption\":\"JH Real Estate Mallorca\"},\"image\":{\"@id\":\"https:\/\/jhrealestate.es\/fr\/#\/schema\/logo\/image\/\"},\"sameAs\":[\"https:\/\/www.facebook.com\/jh.realestatemallorca\",\"https:\/\/www.instagram.com\/jh.realestatemallorca\",\"https:\/\/www.youtube.com\/channel\/UCwlku0kp0G8CPBZ61xelIHw\",\"https:\/\/www.linkedin.com\/in\/joseheredia1973\/\"]}]}<\/script>\n<!-- \/ Yoast SEO plugin. -->","yoast_head_json":{"title":"VE-JHRE050 - Spacieux appartement r\u00e9nov\u00e9 avec 3 chambres pr\u00e8s de Palmaplanas, Ocimax et Consell de Mallorca | JH Real Estate Mallorca","robots":{"index":"index","follow":"follow","max-snippet":"max-snippet:-1","max-image-preview":"max-image-preview:large","max-video-preview":"max-video-preview:-1"},"canonical":"https:\/\/jhrealestate.es\/fr\/propriete\/ve-jhre050\/","og_locale":"fr_FR","og_type":"article","og_title":"VE-JHRE050 - Spacieux appartement r\u00e9nov\u00e9 avec 3 chambres pr\u00e8s de Palmaplanas, Ocimax et Consell de Mallorca | JH Real Estate Mallorca","og_description":"PALMA - OCIMAX","og_url":"https:\/\/jhrealestate.es\/fr\/propriete\/ve-jhre050\/","og_site_name":"JH Real Estate Mallorca","article_publisher":"https:\/\/www.facebook.com\/jh.realestatemallorca","article_modified_time":"2024-10-07T08:06:13+00:00","og_image":[{"url":"https:\/\/jhrealestate.es\/wp-content\/uploads\/2024\/08\/VE-JHRE050-1-1-1024x576.jpg","type":"","width":"","height":""}],"twitter_card":"summary_large_image","twitter_misc":{"Dur\u00e9e de lecture estim\u00e9e":"2 minutes"},"schema":{"@context":"https:\/\/schema.org","@graph":[{"@type":["WebPage","RealEstateListing"],"@id":"https:\/\/jhrealestate.es\/fr\/propriete\/ve-jhre050\/","url":"https:\/\/jhrealestate.es\/fr\/propriete\/ve-jhre050\/","name":"VE-JHRE050 - Spacieux appartement r\u00e9nov\u00e9 avec 3 chambres pr\u00e8s de Palmaplanas, Ocimax et Consell de Mallorca | JH Real Estate Mallorca","isPartOf":{"@id":"https:\/\/jhrealestate.es\/fr\/#website"},"primaryImageOfPage":{"@id":"https:\/\/jhrealestate.es\/fr\/propriete\/ve-jhre050\/#primaryimage"},"image":{"@id":"https:\/\/jhrealestate.es\/fr\/propriete\/ve-jhre050\/#primaryimage"},"thumbnailUrl":"https:\/\/jhrealestate.es\/wp-content\/uploads\/2024\/08\/VE-JHRE050-1.jpg","datePublished":"2014-08-12T13:12:17+00:00","dateModified":"2024-10-07T08:06:13+00:00","breadcrumb":{"@id":"https:\/\/jhrealestate.es\/fr\/propriete\/ve-jhre050\/#breadcrumb"},"inLanguage":"fr-FR","potentialAction":[{"@type":"ReadAction","target":["https:\/\/jhrealestate.es\/fr\/propriete\/ve-jhre050\/"]}]},{"@type":"ImageObject","inLanguage":"fr-FR","@id":"https:\/\/jhrealestate.es\/fr\/propriete\/ve-jhre050\/#primaryimage","url":"https:\/\/jhrealestate.es\/wp-content\/uploads\/2024\/08\/VE-JHRE050-1.jpg","contentUrl":"https:\/\/jhrealestate.es\/wp-content\/uploads\/2024\/08\/VE-JHRE050-1.jpg","width":1600,"height":900},{"@type":"BreadcrumbList","@id":"https:\/\/jhrealestate.es\/fr\/propriete\/ve-jhre050\/#breadcrumb","itemListElement":[{"@type":"ListItem","position":1,"name":"Portada","item":"https:\/\/jhrealestate.es\/fr\/"},{"@type":"ListItem","position":2,"name":"Propri\u00e9t\u00e9s","item":"https:\/\/jhrealestate.es\/fr\/propriete\/"},{"@type":"ListItem","position":3,"name":"VE-JHRE050 &#8211; Spacieux appartement r\u00e9nov\u00e9 avec 3 chambres pr\u00e8s de Palmaplanas, Ocimax et Consell de Mallorca"}]},{"@type":"WebSite","@id":"https:\/\/jhrealestate.es\/fr\/#website","url":"https:\/\/jhrealestate.es\/fr\/","name":"JH Real Estate Mallorca","description":"Real Estate en Mallorca","publisher":{"@id":"https:\/\/jhrealestate.es\/fr\/#organization"},"potentialAction":[{"@type":"SearchAction","target":{"@type":"EntryPoint","urlTemplate":"https:\/\/jhrealestate.es\/fr\/?s={search_term_string}"},"query-input":{"@type":"PropertyValueSpecification","valueRequired":true,"valueName":"search_term_string"}}],"inLanguage":"fr-FR"},{"@type":"Organization","@id":"https:\/\/jhrealestate.es\/fr\/#organization","name":"JH Real Estate Mallorca","url":"https:\/\/jhrealestate.es\/fr\/","logo":{"@type":"ImageObject","inLanguage":"fr-FR","@id":"https:\/\/jhrealestate.es\/fr\/#\/schema\/logo\/image\/","url":"https:\/\/jhrealestate.es\/wp-content\/uploads\/2021\/11\/Logo-JHRE.png","contentUrl":"https:\/\/jhrealestate.es\/wp-content\/uploads\/2021\/11\/Logo-JHRE.png","width":252,"height":200,"caption":"JH Real Estate Mallorca"},"image":{"@id":"https:\/\/jhrealestate.es\/fr\/#\/schema\/logo\/image\/"},"sameAs":["https:\/\/www.facebook.com\/jh.realestatemallorca","https:\/\/www.instagram.com\/jh.realestatemallorca","https:\/\/www.youtube.com\/channel\/UCwlku0kp0G8CPBZ61xelIHw","https:\/\/www.linkedin.com\/in\/joseheredia1973\/"]}]}},"_links":{"self":[{"href":"https:\/\/jhrealestate.es\/fr\/wp-json\/wp\/v2\/properties\/11798","targetHints":{"allow":["GET"]}}],"collection":[{"href":"https:\/\/jhrealestate.es\/fr\/wp-json\/wp\/v2\/properties"}],"about":[{"href":"https:\/\/jhrealestate.es\/fr\/wp-json\/wp\/v2\/types\/rem_property"}],"author":[{"embeddable":true,"href":"https:\/\/jhrealestate.es\/fr\/wp-json\/wp\/v2\/users\/3"}],"wp:featuredmedia":[{"embeddable":true,"href":"https:\/\/jhrealestate.es\/fr\/wp-json\/wp\/v2\/media\/11702"}],"wp:attachment":[{"href":"https:\/\/jhrealestate.es\/fr\/wp-json\/wp\/v2\/media?parent=11798"}],"wp:term":[{"taxonomy":"rem_property_cat","embeddable":true,"href":"https:\/\/jhrealestate.es\/fr\/wp-json\/wp\/v2\/rem_property_cat?post=11798"}],"curies":[{"name":"wp","href":"https:\/\/api.w.org\/{rel}","templated":true}]}}