{"id":12120,"date":"2014-09-16T18:55:18","date_gmt":"2014-09-16T16:55:18","guid":{"rendered":"https:\/\/jhrealestate.es\/propiedad\/al-jhre053\/"},"modified":"2025-06-02T21:41:39","modified_gmt":"2025-06-02T19:41:39","slug":"al-jhre053","status":"publish","type":"rem_property","link":"https:\/\/jhrealestate.es\/fr\/propriete\/al-jhre053\/","title":{"rendered":"AL-JHRE053 &#8211; \u00c9l\u00e9gante maison de ville avec 5 chambres en plein de Porreres avec garage et grand patio."},"content":{"rendered":"<p>La maison a une surface totale de 259 m\u00b2 r\u00e9partie sur 3 \u00e9tages. Elle a \u00e9t\u00e9 construite en 2002, combinant parfaitement le style traditionnel des maisons de ville de l&rsquo;int\u00e9rieur de l&rsquo;\u00eele avec des \u00e9l\u00e9ments plus modernes et fonctionnels.<\/p>\n<p>Au rez-de-chauss\u00e9e, nous avons :<br \/>\u2022 Grand hall d&rsquo;entr\u00e9e<br \/>\u2022 Toilettes de courtoisie pour les invit\u00e9s<br \/>\u2022 Garage pour 1 voiture<br \/>\u2022 Grande cuisine avec \u00eelot et table int\u00e9gr\u00e9e, enti\u00e8rement meubl\u00e9e et \u00e9quip\u00e9e d&rsquo;appareils \u00e9lectrom\u00e9nagers de premi\u00e8re marque (lave-vaisselle, four, plaque de cuisson, micro-ondes, r\u00e9frig\u00e9rateur)<br \/>\u2022 Buanderie avec machine \u00e0 laver, \u00e9vier et placards de rangement<br \/>\u2022 Garde-manger<br \/>\u2022 \u00c9l\u00e9gante salle \u00e0 manger avec acc\u00e8s \u00e0 un salon confortable avec chemin\u00e9e et sortie sur la terrasse arri\u00e8re<br \/>\u2022 Grande terrasse ext\u00e9rieure avec barbecue, un espace id\u00e9al pour organiser des repas en plein air<br \/>\u2022 Petite cave pour stockage et\/ou cave \u00e0 vin<\/p>\n<p>Au premier \u00e9tage :<br \/>\u2022 Grande chambre principale avec un grand dressing et une salle de bain en suite avec douche et baignoire<br \/>\u2022 3 autres chambres doubles avec placards int\u00e9gr\u00e9s : 2 d&rsquo;entre elles pour enfants (l&rsquo;une avec des lits superpos\u00e9s et l&rsquo;autre avec 2 lits simples)<br \/>\u2022 Salle de bain compl\u00e8te avec douche<\/p>\n<p>Au deuxi\u00e8me \u00e9tage :<br \/>\u2022 Grande salle de s\u00e9jour tr\u00e8s lumineuse avec chemin\u00e9e et poutres apparentes pouvant servir de salon TV, bureau ou espace de travail<br \/>\u2022 Chambre double avec acc\u00e8s \u00e0 une petite terrasse<\/p>\n<p>Autres caract\u00e9ristiques :<br \/>\u2022 Climatisation dans la chambre principale et les salons<br \/>\u2022 Mat\u00e9riaux de haute qualit\u00e9<br \/>\u2022 Fen\u00eatres \u00e0 double vitrage<br \/>\u2022 Sols carrel\u00e9s (parquet flottant au deuxi\u00e8me \u00e9tage de la maison)<br \/>\u2022 Chauffage central au fioul avec radiateurs<br \/>\u2022 Animaux domestiques accept\u00e9s (\u00e0 la discr\u00e9tion des propri\u00e9taires)<\/p>\n<p>Porreres est un charmant village majorquin, bien reli\u00e9 \u00e0 moins de 10 km de la Ma-15 (4-voies Palma &lt;&gt; Manacor) et \u00e0 seulement 30 minutes de Palma et de son a\u00e9roport. Manacor est \u00e0 environ 25 minutes en voiture, et la plage d\u2019Es Trenc \u00e0 environ 30 minutes.<\/p>\n<p>L&rsquo;\u00e9cole publique \u2013 CEIP Climent Serra i Serra (de 3 \u00e0 11 ans) et la cr\u00e8che Sa Sitra (jusqu&rsquo;\u00e0 3 ans) sont \u00e0 environ 150m. Il existe \u00e9galement l&rsquo;option de l&rsquo;\u00e9cole semi-priv\u00e9e (Colegio concertado) Verge de Monte-Sion \u00e0 environ 350m. Le lyc\u00e9e (IES) se trouve \u00e0 l&rsquo;entr\u00e9e du village, \u00e0 c\u00f4t\u00e9 du centre sportif et de la piscine municipale. Le village offre une large gamme de services, de commerces et plusieurs supermarch\u00e9s. La place du village avec ses restaurants, bars et terrasses est le point de rencontre des habitants.<\/p>\n<p>La maison est lou\u00e9e meubl\u00e9e selon le reportage photographique.<br \/>L&rsquo;\u00e9lectricit\u00e9, le fioul pour le syst\u00e8me de chauffage et la taxe annuelle d&rsquo;ordures ne sont pas inclus dans le loyer. 1 mois de d\u00e9p\u00f4t + 1 mois de garantie suppl\u00e9mentaire sont demand\u00e9s. Consultez le reste des conditions.<br \/>Nous recherchons des locataires pour une longue dur\u00e9e (minimum 1 an) avec de bonnes r\u00e9f\u00e9rences et garanties.<\/p>\n<p>Ne manquez pas cette opportunit\u00e9 unique ! Contactez-nous pour programmer une visite et d\u00e9couvrir tous les d\u00e9tails de cette merveilleuse maison.<\/p>\n","protected":false},"excerpt":{"rendered":"<p>PORRERES<\/p>\n","protected":false},"author":3,"featured_media":12000,"parent":0,"menu_order":0,"template":"","rem_property_cat":[],"class_list":["post-12120","rem_property","type-rem_property","status-publish","has-post-thumbnail","hentry"],"yoast_head":"<!-- This site is optimized with the Yoast SEO plugin v26.9 - https:\/\/yoast.com\/product\/yoast-seo-wordpress\/ -->\n<title>AL-JHRE053 - \u00c9l\u00e9gante maison de ville avec 5 chambres en plein de Porreres avec garage et grand patio. | JH Real Estate Mallorca<\/title>\n<meta name=\"robots\" content=\"index, follow, max-snippet:-1, max-image-preview:large, max-video-preview:-1\" \/>\n<link rel=\"canonical\" href=\"https:\/\/jhrealestate.es\/fr\/propriete\/al-jhre053\/\" \/>\n<meta property=\"og:locale\" content=\"fr_FR\" \/>\n<meta property=\"og:type\" content=\"article\" \/>\n<meta property=\"og:title\" content=\"AL-JHRE053 - \u00c9l\u00e9gante maison de ville avec 5 chambres en plein de Porreres avec garage et grand patio. | JH Real Estate Mallorca\" \/>\n<meta property=\"og:description\" content=\"PORRERES\" \/>\n<meta property=\"og:url\" content=\"https:\/\/jhrealestate.es\/fr\/propriete\/al-jhre053\/\" \/>\n<meta property=\"og:site_name\" content=\"JH Real Estate Mallorca\" \/>\n<meta property=\"article:publisher\" content=\"https:\/\/www.facebook.com\/jh.realestatemallorca\" \/>\n<meta property=\"article:modified_time\" content=\"2025-06-02T19:41:39+00:00\" \/>\n<meta property=\"og:image\" content=\"https:\/\/jhrealestate.es\/wp-content\/uploads\/2024\/09\/AL-JHRE053-1-1024x576.jpg\" \/>\n<meta name=\"twitter:card\" content=\"summary_large_image\" \/>\n<meta name=\"twitter:label1\" content=\"Dur\u00e9e de lecture estim\u00e9e\" \/>\n\t<meta name=\"twitter:data1\" content=\"3 minutes\" \/>\n<script type=\"application\/ld+json\" class=\"yoast-schema-graph\">{\"@context\":\"https:\/\/schema.org\",\"@graph\":[{\"@type\":[\"WebPage\",\"RealEstateListing\"],\"@id\":\"https:\/\/jhrealestate.es\/fr\/propriete\/al-jhre053\/\",\"url\":\"https:\/\/jhrealestate.es\/fr\/propriete\/al-jhre053\/\",\"name\":\"AL-JHRE053 - \u00c9l\u00e9gante maison de ville avec 5 chambres en plein de Porreres avec garage et grand patio. | JH Real Estate Mallorca\",\"isPartOf\":{\"@id\":\"https:\/\/jhrealestate.es\/fr\/#website\"},\"primaryImageOfPage\":{\"@id\":\"https:\/\/jhrealestate.es\/fr\/propriete\/al-jhre053\/#primaryimage\"},\"image\":{\"@id\":\"https:\/\/jhrealestate.es\/fr\/propriete\/al-jhre053\/#primaryimage\"},\"thumbnailUrl\":\"https:\/\/jhrealestate.es\/wp-content\/uploads\/2024\/09\/AL-JHRE053-1.jpg\",\"datePublished\":\"2014-09-16T16:55:18+00:00\",\"dateModified\":\"2025-06-02T19:41:39+00:00\",\"breadcrumb\":{\"@id\":\"https:\/\/jhrealestate.es\/fr\/propriete\/al-jhre053\/#breadcrumb\"},\"inLanguage\":\"fr-FR\",\"potentialAction\":[{\"@type\":\"ReadAction\",\"target\":[\"https:\/\/jhrealestate.es\/fr\/propriete\/al-jhre053\/\"]}]},{\"@type\":\"ImageObject\",\"inLanguage\":\"fr-FR\",\"@id\":\"https:\/\/jhrealestate.es\/fr\/propriete\/al-jhre053\/#primaryimage\",\"url\":\"https:\/\/jhrealestate.es\/wp-content\/uploads\/2024\/09\/AL-JHRE053-1.jpg\",\"contentUrl\":\"https:\/\/jhrealestate.es\/wp-content\/uploads\/2024\/09\/AL-JHRE053-1.jpg\",\"width\":1600,\"height\":900},{\"@type\":\"BreadcrumbList\",\"@id\":\"https:\/\/jhrealestate.es\/fr\/propriete\/al-jhre053\/#breadcrumb\",\"itemListElement\":[{\"@type\":\"ListItem\",\"position\":1,\"name\":\"Portada\",\"item\":\"https:\/\/jhrealestate.es\/fr\/\"},{\"@type\":\"ListItem\",\"position\":2,\"name\":\"Propri\u00e9t\u00e9s\",\"item\":\"https:\/\/jhrealestate.es\/fr\/propriete\/\"},{\"@type\":\"ListItem\",\"position\":3,\"name\":\"AL-JHRE053 &#8211; \u00c9l\u00e9gante maison de ville avec 5 chambres en plein de Porreres avec garage et grand patio.\"}]},{\"@type\":\"WebSite\",\"@id\":\"https:\/\/jhrealestate.es\/fr\/#website\",\"url\":\"https:\/\/jhrealestate.es\/fr\/\",\"name\":\"JH Real Estate Mallorca\",\"description\":\"Real Estate en Mallorca\",\"publisher\":{\"@id\":\"https:\/\/jhrealestate.es\/fr\/#organization\"},\"potentialAction\":[{\"@type\":\"SearchAction\",\"target\":{\"@type\":\"EntryPoint\",\"urlTemplate\":\"https:\/\/jhrealestate.es\/fr\/?s={search_term_string}\"},\"query-input\":{\"@type\":\"PropertyValueSpecification\",\"valueRequired\":true,\"valueName\":\"search_term_string\"}}],\"inLanguage\":\"fr-FR\"},{\"@type\":\"Organization\",\"@id\":\"https:\/\/jhrealestate.es\/fr\/#organization\",\"name\":\"JH Real Estate Mallorca\",\"url\":\"https:\/\/jhrealestate.es\/fr\/\",\"logo\":{\"@type\":\"ImageObject\",\"inLanguage\":\"fr-FR\",\"@id\":\"https:\/\/jhrealestate.es\/fr\/#\/schema\/logo\/image\/\",\"url\":\"https:\/\/jhrealestate.es\/wp-content\/uploads\/2021\/11\/Logo-JHRE.png\",\"contentUrl\":\"https:\/\/jhrealestate.es\/wp-content\/uploads\/2021\/11\/Logo-JHRE.png\",\"width\":252,\"height\":200,\"caption\":\"JH Real Estate Mallorca\"},\"image\":{\"@id\":\"https:\/\/jhrealestate.es\/fr\/#\/schema\/logo\/image\/\"},\"sameAs\":[\"https:\/\/www.facebook.com\/jh.realestatemallorca\",\"https:\/\/www.instagram.com\/jh.realestatemallorca\",\"https:\/\/www.youtube.com\/channel\/UCwlku0kp0G8CPBZ61xelIHw\",\"https:\/\/www.linkedin.com\/in\/joseheredia1973\/\"]}]}<\/script>\n<!-- \/ Yoast SEO plugin. -->","yoast_head_json":{"title":"AL-JHRE053 - \u00c9l\u00e9gante maison de ville avec 5 chambres en plein de Porreres avec garage et grand patio. | JH Real Estate Mallorca","robots":{"index":"index","follow":"follow","max-snippet":"max-snippet:-1","max-image-preview":"max-image-preview:large","max-video-preview":"max-video-preview:-1"},"canonical":"https:\/\/jhrealestate.es\/fr\/propriete\/al-jhre053\/","og_locale":"fr_FR","og_type":"article","og_title":"AL-JHRE053 - \u00c9l\u00e9gante maison de ville avec 5 chambres en plein de Porreres avec garage et grand patio. | JH Real Estate Mallorca","og_description":"PORRERES","og_url":"https:\/\/jhrealestate.es\/fr\/propriete\/al-jhre053\/","og_site_name":"JH Real Estate Mallorca","article_publisher":"https:\/\/www.facebook.com\/jh.realestatemallorca","article_modified_time":"2025-06-02T19:41:39+00:00","og_image":[{"url":"https:\/\/jhrealestate.es\/wp-content\/uploads\/2024\/09\/AL-JHRE053-1-1024x576.jpg","type":"","width":"","height":""}],"twitter_card":"summary_large_image","twitter_misc":{"Dur\u00e9e de lecture estim\u00e9e":"3 minutes"},"schema":{"@context":"https:\/\/schema.org","@graph":[{"@type":["WebPage","RealEstateListing"],"@id":"https:\/\/jhrealestate.es\/fr\/propriete\/al-jhre053\/","url":"https:\/\/jhrealestate.es\/fr\/propriete\/al-jhre053\/","name":"AL-JHRE053 - \u00c9l\u00e9gante maison de ville avec 5 chambres en plein de Porreres avec garage et grand patio. | JH Real Estate Mallorca","isPartOf":{"@id":"https:\/\/jhrealestate.es\/fr\/#website"},"primaryImageOfPage":{"@id":"https:\/\/jhrealestate.es\/fr\/propriete\/al-jhre053\/#primaryimage"},"image":{"@id":"https:\/\/jhrealestate.es\/fr\/propriete\/al-jhre053\/#primaryimage"},"thumbnailUrl":"https:\/\/jhrealestate.es\/wp-content\/uploads\/2024\/09\/AL-JHRE053-1.jpg","datePublished":"2014-09-16T16:55:18+00:00","dateModified":"2025-06-02T19:41:39+00:00","breadcrumb":{"@id":"https:\/\/jhrealestate.es\/fr\/propriete\/al-jhre053\/#breadcrumb"},"inLanguage":"fr-FR","potentialAction":[{"@type":"ReadAction","target":["https:\/\/jhrealestate.es\/fr\/propriete\/al-jhre053\/"]}]},{"@type":"ImageObject","inLanguage":"fr-FR","@id":"https:\/\/jhrealestate.es\/fr\/propriete\/al-jhre053\/#primaryimage","url":"https:\/\/jhrealestate.es\/wp-content\/uploads\/2024\/09\/AL-JHRE053-1.jpg","contentUrl":"https:\/\/jhrealestate.es\/wp-content\/uploads\/2024\/09\/AL-JHRE053-1.jpg","width":1600,"height":900},{"@type":"BreadcrumbList","@id":"https:\/\/jhrealestate.es\/fr\/propriete\/al-jhre053\/#breadcrumb","itemListElement":[{"@type":"ListItem","position":1,"name":"Portada","item":"https:\/\/jhrealestate.es\/fr\/"},{"@type":"ListItem","position":2,"name":"Propri\u00e9t\u00e9s","item":"https:\/\/jhrealestate.es\/fr\/propriete\/"},{"@type":"ListItem","position":3,"name":"AL-JHRE053 &#8211; \u00c9l\u00e9gante maison de ville avec 5 chambres en plein de Porreres avec garage et grand patio."}]},{"@type":"WebSite","@id":"https:\/\/jhrealestate.es\/fr\/#website","url":"https:\/\/jhrealestate.es\/fr\/","name":"JH Real Estate Mallorca","description":"Real Estate en Mallorca","publisher":{"@id":"https:\/\/jhrealestate.es\/fr\/#organization"},"potentialAction":[{"@type":"SearchAction","target":{"@type":"EntryPoint","urlTemplate":"https:\/\/jhrealestate.es\/fr\/?s={search_term_string}"},"query-input":{"@type":"PropertyValueSpecification","valueRequired":true,"valueName":"search_term_string"}}],"inLanguage":"fr-FR"},{"@type":"Organization","@id":"https:\/\/jhrealestate.es\/fr\/#organization","name":"JH Real Estate Mallorca","url":"https:\/\/jhrealestate.es\/fr\/","logo":{"@type":"ImageObject","inLanguage":"fr-FR","@id":"https:\/\/jhrealestate.es\/fr\/#\/schema\/logo\/image\/","url":"https:\/\/jhrealestate.es\/wp-content\/uploads\/2021\/11\/Logo-JHRE.png","contentUrl":"https:\/\/jhrealestate.es\/wp-content\/uploads\/2021\/11\/Logo-JHRE.png","width":252,"height":200,"caption":"JH Real Estate Mallorca"},"image":{"@id":"https:\/\/jhrealestate.es\/fr\/#\/schema\/logo\/image\/"},"sameAs":["https:\/\/www.facebook.com\/jh.realestatemallorca","https:\/\/www.instagram.com\/jh.realestatemallorca","https:\/\/www.youtube.com\/channel\/UCwlku0kp0G8CPBZ61xelIHw","https:\/\/www.linkedin.com\/in\/joseheredia1973\/"]}]}},"_links":{"self":[{"href":"https:\/\/jhrealestate.es\/fr\/wp-json\/wp\/v2\/properties\/12120","targetHints":{"allow":["GET"]}}],"collection":[{"href":"https:\/\/jhrealestate.es\/fr\/wp-json\/wp\/v2\/properties"}],"about":[{"href":"https:\/\/jhrealestate.es\/fr\/wp-json\/wp\/v2\/types\/rem_property"}],"author":[{"embeddable":true,"href":"https:\/\/jhrealestate.es\/fr\/wp-json\/wp\/v2\/users\/3"}],"wp:featuredmedia":[{"embeddable":true,"href":"https:\/\/jhrealestate.es\/fr\/wp-json\/wp\/v2\/media\/12000"}],"wp:attachment":[{"href":"https:\/\/jhrealestate.es\/fr\/wp-json\/wp\/v2\/media?parent=12120"}],"wp:term":[{"taxonomy":"rem_property_cat","embeddable":true,"href":"https:\/\/jhrealestate.es\/fr\/wp-json\/wp\/v2\/rem_property_cat?post=12120"}],"curies":[{"name":"wp","href":"https:\/\/api.w.org\/{rel}","templated":true}]}}