{"id":12446,"date":"2004-11-12T22:26:54","date_gmt":"2004-11-12T21:26:54","guid":{"rendered":"https:\/\/jhrealestate.es\/propiedad\/ve-jhre049\/"},"modified":"2025-01-28T22:45:21","modified_gmt":"2025-01-28T21:45:21","slug":"ve-jhre049","status":"publish","type":"rem_property","link":"https:\/\/jhrealestate.es\/fr\/propriete\/ve-jhre049\/","title":{"rendered":"VE-JHRE049 &#8211; Merveilleuse villa de luxe dans un style moderne sur les hauteurs de Costa d&rsquo;en Blanes"},"content":{"rendered":"<p>La maison est situ\u00e9e dans l&rsquo;un des quartiers r\u00e9sidentiels les plus prestigieux de l&rsquo;\u00eele et offre une vue panoramique imprenable sur la mer et la marina de Puerto Portals.<\/p>\n<p>La maison a \u00e9t\u00e9 enti\u00e8rement r\u00e9nov\u00e9e en 2017 avec des mat\u00e9riaux de haute qualit\u00e9. L&rsquo;int\u00e9rieur a \u00e9t\u00e9 redessin\u00e9 pour lui donner une allure plus moderne et sophistiqu\u00e9e. Elle se compose de 3 \u00e9tages et dispose d&rsquo;une surface construite totale d&rsquo;environ 400 m2 (360 m2 de surface utile).<\/p>\n<p>L&rsquo;entr\u00e9e principale situ\u00e9e au niveau interm\u00e9diaire de la maison donne acc\u00e8s \u00e0 un grand salon-salle \u00e0 manger avec une vue imprenable sur la mer. Depuis le salon, on acc\u00e8de \u00e0 un grand porche avec une zone de d\u00e9tente. Son orientation sud vous permettra de profiter des petits d\u00e9jeuners et d\u00eeners toute l&rsquo;ann\u00e9e. Dans un coin de l&rsquo;\u00e9tage, on trouve une grande cuisine ouverte avec \u00eelot, enti\u00e8rement \u00e9quip\u00e9e d&rsquo;appareils \u00e9lectrom\u00e9nagers de premi\u00e8re marque. Dans l&rsquo;autre coin, on trouve une grande chambre et des toilettes pour invit\u00e9s.<\/p>\n<p>On acc\u00e8de \u00e0 l&rsquo;\u00e9tage sup\u00e9rieur de la maison par un large escalier baign\u00e9 de lumi\u00e8re. D&rsquo;un c\u00f4t\u00e9, on acc\u00e8de \u00e0 la chambre principale de la maison avec dressing et grande salle de bain avec vue sur la baie. \u00c0 l&rsquo;autre extr\u00e9mit\u00e9 du couloir se trouvent 2 chambres, chacune avec sa salle de bain en suite et vue sur la mer.<\/p>\n<p>Depuis l&rsquo;\u00e9tage central, en descendant des escaliers, on arrive \u00e0 l&rsquo;\u00e9tage inf\u00e9rieur de la maison avec acc\u00e8s \u00e0 un grand garage pour 2 voitures et une zone de stockage. \u00c0 l&rsquo;ext\u00e9rieur de cet \u00e9tage inf\u00e9rieur, il y a une terrasse suppl\u00e9mentaire avec une cuisine d&rsquo;\u00e9t\u00e9. De l\u00e0, on acc\u00e8de \u00e0 une double piscine d&rsquo;eau douce.<\/p>\n<p>L&rsquo;ext\u00e9rieur de la maison dispose de vastes zones de jardin et d&rsquo;une capacit\u00e9 de stationnement pour 2 voitures suppl\u00e9mentaires.<\/p>\n<p>Caract\u00e9ristiques de la maison : climatisation (froid\/chaud) par conduits dans toute la maison, chauffage par le sol, \u00e9l\u00e9gants sols en travertin, fen\u00eatres \u00e0 double vitrage, placards int\u00e9gr\u00e9s, adoucisseur d&rsquo;eau, syst\u00e8me de filtration de l&rsquo;eau par osmose, buanderie et plusieurs d\u00e9barras.<\/p>\n<p>Costa d&rsquo;en Blanes est un quartier r\u00e9sidentiel calme \u00e0 quelques minutes du luxueux port de plaisance de Puerto Portals avec ses restaurants et boutiques exclusives. La communaut\u00e9 de propri\u00e9taires dispose de 3 courts de padel pour ses r\u00e9sidents ainsi qu&rsquo;un service de s\u00e9curit\u00e9 24h\/24. Le centre de Palma est \u00e0 10 minutes en voiture, l&rsquo;a\u00e9roport \u00e0 seulement 20 minutes. Dans les environs, il y a plusieurs \u00e9coles priv\u00e9es internationales, le Real Golf de Bendinat est \u00e0 seulement quelques minutes en voiture. La plage la plus proche est celle de Puerto Portals, \u00e0 3 km.<\/p>\n<p>N&rsquo;h\u00e9sitez pas \u00e0 nous contacter pour organiser une visite de ce fabuleux penthouse.<\/p>\n<p>MENTION L\u00c9GALE : Les informations fournies ont \u00e9t\u00e9 pr\u00e9sent\u00e9es avec toute la pr\u00e9cision possible. Cependant, JH Real Estate Mallorca d\u00e9cline toute responsabilit\u00e9 quant \u00e0 leur exactitude ou \u00e0 d&rsquo;\u00e9ventuelles omissions, et cela ne constitue donc pas un document contractuel. L\u2019agence n&rsquo;est pas non plus responsable de l&rsquo;utilisation que des tiers pourraient faire des informations contenues ici.<\/p>\n<p>Le prix n&rsquo;inclut pas les meubles, les taxes et les frais de transmission.<\/p>\n<p>Agence immobili\u00e8re inscrite au ROAIIB (Registre officiel des agents immobiliers des \u00eeles Bal\u00e9ares) GOIBE586263\/2024<\/p>\n","protected":false},"excerpt":{"rendered":"<p>COSTA D&rsquo;EN BLANES &#8211; CALVI\u00c0<\/p>\n","protected":false},"author":3,"featured_media":12355,"parent":0,"menu_order":0,"template":"","rem_property_cat":[],"class_list":["post-12446","rem_property","type-rem_property","status-publish","has-post-thumbnail","hentry"],"yoast_head":"<!-- This site is optimized with the Yoast SEO plugin v26.9 - https:\/\/yoast.com\/product\/yoast-seo-wordpress\/ -->\n<title>VE-JHRE049 - Merveilleuse villa de luxe dans un style moderne sur les hauteurs de Costa d&#039;en Blanes | JH Real Estate Mallorca<\/title>\n<meta name=\"robots\" content=\"index, follow, max-snippet:-1, max-image-preview:large, max-video-preview:-1\" \/>\n<link rel=\"canonical\" href=\"https:\/\/jhrealestate.es\/fr\/propriete\/ve-jhre049\/\" \/>\n<meta property=\"og:locale\" content=\"fr_FR\" \/>\n<meta property=\"og:type\" content=\"article\" \/>\n<meta property=\"og:title\" content=\"VE-JHRE049 - Merveilleuse villa de luxe dans un style moderne sur les hauteurs de Costa d&#039;en Blanes | JH Real Estate Mallorca\" \/>\n<meta property=\"og:description\" content=\"COSTA D&#039;EN BLANES - CALVI\u00c0\" \/>\n<meta property=\"og:url\" content=\"https:\/\/jhrealestate.es\/fr\/propriete\/ve-jhre049\/\" \/>\n<meta property=\"og:site_name\" content=\"JH Real Estate Mallorca\" \/>\n<meta property=\"article:publisher\" content=\"https:\/\/www.facebook.com\/jh.realestatemallorca\" \/>\n<meta property=\"article:modified_time\" content=\"2025-01-28T21:45:21+00:00\" \/>\n<meta property=\"og:image\" content=\"https:\/\/jhrealestate.es\/wp-content\/uploads\/2024\/11\/DSC04278-HDR-1024x576.jpg\" \/>\n<meta name=\"twitter:card\" content=\"summary_large_image\" \/>\n<meta name=\"twitter:label1\" content=\"Dur\u00e9e de lecture estim\u00e9e\" \/>\n\t<meta name=\"twitter:data1\" content=\"3 minutes\" \/>\n<script type=\"application\/ld+json\" class=\"yoast-schema-graph\">{\"@context\":\"https:\/\/schema.org\",\"@graph\":[{\"@type\":[\"WebPage\",\"RealEstateListing\"],\"@id\":\"https:\/\/jhrealestate.es\/fr\/propriete\/ve-jhre049\/\",\"url\":\"https:\/\/jhrealestate.es\/fr\/propriete\/ve-jhre049\/\",\"name\":\"VE-JHRE049 - Merveilleuse villa de luxe dans un style moderne sur les hauteurs de Costa d'en Blanes | JH Real Estate Mallorca\",\"isPartOf\":{\"@id\":\"https:\/\/jhrealestate.es\/fr\/#website\"},\"primaryImageOfPage\":{\"@id\":\"https:\/\/jhrealestate.es\/fr\/propriete\/ve-jhre049\/#primaryimage\"},\"image\":{\"@id\":\"https:\/\/jhrealestate.es\/fr\/propriete\/ve-jhre049\/#primaryimage\"},\"thumbnailUrl\":\"https:\/\/jhrealestate.es\/wp-content\/uploads\/2024\/11\/DSC04278-HDR.jpg\",\"datePublished\":\"2004-11-12T21:26:54+00:00\",\"dateModified\":\"2025-01-28T21:45:21+00:00\",\"breadcrumb\":{\"@id\":\"https:\/\/jhrealestate.es\/fr\/propriete\/ve-jhre049\/#breadcrumb\"},\"inLanguage\":\"fr-FR\",\"potentialAction\":[{\"@type\":\"ReadAction\",\"target\":[\"https:\/\/jhrealestate.es\/fr\/propriete\/ve-jhre049\/\"]}]},{\"@type\":\"ImageObject\",\"inLanguage\":\"fr-FR\",\"@id\":\"https:\/\/jhrealestate.es\/fr\/propriete\/ve-jhre049\/#primaryimage\",\"url\":\"https:\/\/jhrealestate.es\/wp-content\/uploads\/2024\/11\/DSC04278-HDR.jpg\",\"contentUrl\":\"https:\/\/jhrealestate.es\/wp-content\/uploads\/2024\/11\/DSC04278-HDR.jpg\",\"width\":1600,\"height\":900},{\"@type\":\"BreadcrumbList\",\"@id\":\"https:\/\/jhrealestate.es\/fr\/propriete\/ve-jhre049\/#breadcrumb\",\"itemListElement\":[{\"@type\":\"ListItem\",\"position\":1,\"name\":\"Portada\",\"item\":\"https:\/\/jhrealestate.es\/fr\/\"},{\"@type\":\"ListItem\",\"position\":2,\"name\":\"Propri\u00e9t\u00e9s\",\"item\":\"https:\/\/jhrealestate.es\/fr\/propriete\/\"},{\"@type\":\"ListItem\",\"position\":3,\"name\":\"VE-JHRE049 &#8211; Merveilleuse villa de luxe dans un style moderne sur les hauteurs de Costa d&rsquo;en Blanes\"}]},{\"@type\":\"WebSite\",\"@id\":\"https:\/\/jhrealestate.es\/fr\/#website\",\"url\":\"https:\/\/jhrealestate.es\/fr\/\",\"name\":\"JH Real Estate Mallorca\",\"description\":\"Real Estate en Mallorca\",\"publisher\":{\"@id\":\"https:\/\/jhrealestate.es\/fr\/#organization\"},\"potentialAction\":[{\"@type\":\"SearchAction\",\"target\":{\"@type\":\"EntryPoint\",\"urlTemplate\":\"https:\/\/jhrealestate.es\/fr\/?s={search_term_string}\"},\"query-input\":{\"@type\":\"PropertyValueSpecification\",\"valueRequired\":true,\"valueName\":\"search_term_string\"}}],\"inLanguage\":\"fr-FR\"},{\"@type\":\"Organization\",\"@id\":\"https:\/\/jhrealestate.es\/fr\/#organization\",\"name\":\"JH Real Estate Mallorca\",\"url\":\"https:\/\/jhrealestate.es\/fr\/\",\"logo\":{\"@type\":\"ImageObject\",\"inLanguage\":\"fr-FR\",\"@id\":\"https:\/\/jhrealestate.es\/fr\/#\/schema\/logo\/image\/\",\"url\":\"https:\/\/jhrealestate.es\/wp-content\/uploads\/2021\/11\/Logo-JHRE.png\",\"contentUrl\":\"https:\/\/jhrealestate.es\/wp-content\/uploads\/2021\/11\/Logo-JHRE.png\",\"width\":252,\"height\":200,\"caption\":\"JH Real Estate Mallorca\"},\"image\":{\"@id\":\"https:\/\/jhrealestate.es\/fr\/#\/schema\/logo\/image\/\"},\"sameAs\":[\"https:\/\/www.facebook.com\/jh.realestatemallorca\",\"https:\/\/www.instagram.com\/jh.realestatemallorca\",\"https:\/\/www.youtube.com\/channel\/UCwlku0kp0G8CPBZ61xelIHw\",\"https:\/\/www.linkedin.com\/in\/joseheredia1973\/\"]}]}<\/script>\n<!-- \/ Yoast SEO plugin. -->","yoast_head_json":{"title":"VE-JHRE049 - Merveilleuse villa de luxe dans un style moderne sur les hauteurs de Costa d'en Blanes | JH Real Estate Mallorca","robots":{"index":"index","follow":"follow","max-snippet":"max-snippet:-1","max-image-preview":"max-image-preview:large","max-video-preview":"max-video-preview:-1"},"canonical":"https:\/\/jhrealestate.es\/fr\/propriete\/ve-jhre049\/","og_locale":"fr_FR","og_type":"article","og_title":"VE-JHRE049 - Merveilleuse villa de luxe dans un style moderne sur les hauteurs de Costa d'en Blanes | JH Real Estate Mallorca","og_description":"COSTA D'EN BLANES - CALVI\u00c0","og_url":"https:\/\/jhrealestate.es\/fr\/propriete\/ve-jhre049\/","og_site_name":"JH Real Estate Mallorca","article_publisher":"https:\/\/www.facebook.com\/jh.realestatemallorca","article_modified_time":"2025-01-28T21:45:21+00:00","og_image":[{"url":"https:\/\/jhrealestate.es\/wp-content\/uploads\/2024\/11\/DSC04278-HDR-1024x576.jpg","type":"","width":"","height":""}],"twitter_card":"summary_large_image","twitter_misc":{"Dur\u00e9e de lecture estim\u00e9e":"3 minutes"},"schema":{"@context":"https:\/\/schema.org","@graph":[{"@type":["WebPage","RealEstateListing"],"@id":"https:\/\/jhrealestate.es\/fr\/propriete\/ve-jhre049\/","url":"https:\/\/jhrealestate.es\/fr\/propriete\/ve-jhre049\/","name":"VE-JHRE049 - Merveilleuse villa de luxe dans un style moderne sur les hauteurs de Costa d'en Blanes | JH Real Estate Mallorca","isPartOf":{"@id":"https:\/\/jhrealestate.es\/fr\/#website"},"primaryImageOfPage":{"@id":"https:\/\/jhrealestate.es\/fr\/propriete\/ve-jhre049\/#primaryimage"},"image":{"@id":"https:\/\/jhrealestate.es\/fr\/propriete\/ve-jhre049\/#primaryimage"},"thumbnailUrl":"https:\/\/jhrealestate.es\/wp-content\/uploads\/2024\/11\/DSC04278-HDR.jpg","datePublished":"2004-11-12T21:26:54+00:00","dateModified":"2025-01-28T21:45:21+00:00","breadcrumb":{"@id":"https:\/\/jhrealestate.es\/fr\/propriete\/ve-jhre049\/#breadcrumb"},"inLanguage":"fr-FR","potentialAction":[{"@type":"ReadAction","target":["https:\/\/jhrealestate.es\/fr\/propriete\/ve-jhre049\/"]}]},{"@type":"ImageObject","inLanguage":"fr-FR","@id":"https:\/\/jhrealestate.es\/fr\/propriete\/ve-jhre049\/#primaryimage","url":"https:\/\/jhrealestate.es\/wp-content\/uploads\/2024\/11\/DSC04278-HDR.jpg","contentUrl":"https:\/\/jhrealestate.es\/wp-content\/uploads\/2024\/11\/DSC04278-HDR.jpg","width":1600,"height":900},{"@type":"BreadcrumbList","@id":"https:\/\/jhrealestate.es\/fr\/propriete\/ve-jhre049\/#breadcrumb","itemListElement":[{"@type":"ListItem","position":1,"name":"Portada","item":"https:\/\/jhrealestate.es\/fr\/"},{"@type":"ListItem","position":2,"name":"Propri\u00e9t\u00e9s","item":"https:\/\/jhrealestate.es\/fr\/propriete\/"},{"@type":"ListItem","position":3,"name":"VE-JHRE049 &#8211; Merveilleuse villa de luxe dans un style moderne sur les hauteurs de Costa d&rsquo;en Blanes"}]},{"@type":"WebSite","@id":"https:\/\/jhrealestate.es\/fr\/#website","url":"https:\/\/jhrealestate.es\/fr\/","name":"JH Real Estate Mallorca","description":"Real Estate en Mallorca","publisher":{"@id":"https:\/\/jhrealestate.es\/fr\/#organization"},"potentialAction":[{"@type":"SearchAction","target":{"@type":"EntryPoint","urlTemplate":"https:\/\/jhrealestate.es\/fr\/?s={search_term_string}"},"query-input":{"@type":"PropertyValueSpecification","valueRequired":true,"valueName":"search_term_string"}}],"inLanguage":"fr-FR"},{"@type":"Organization","@id":"https:\/\/jhrealestate.es\/fr\/#organization","name":"JH Real Estate Mallorca","url":"https:\/\/jhrealestate.es\/fr\/","logo":{"@type":"ImageObject","inLanguage":"fr-FR","@id":"https:\/\/jhrealestate.es\/fr\/#\/schema\/logo\/image\/","url":"https:\/\/jhrealestate.es\/wp-content\/uploads\/2021\/11\/Logo-JHRE.png","contentUrl":"https:\/\/jhrealestate.es\/wp-content\/uploads\/2021\/11\/Logo-JHRE.png","width":252,"height":200,"caption":"JH Real Estate Mallorca"},"image":{"@id":"https:\/\/jhrealestate.es\/fr\/#\/schema\/logo\/image\/"},"sameAs":["https:\/\/www.facebook.com\/jh.realestatemallorca","https:\/\/www.instagram.com\/jh.realestatemallorca","https:\/\/www.youtube.com\/channel\/UCwlku0kp0G8CPBZ61xelIHw","https:\/\/www.linkedin.com\/in\/joseheredia1973\/"]}]}},"_links":{"self":[{"href":"https:\/\/jhrealestate.es\/fr\/wp-json\/wp\/v2\/properties\/12446","targetHints":{"allow":["GET"]}}],"collection":[{"href":"https:\/\/jhrealestate.es\/fr\/wp-json\/wp\/v2\/properties"}],"about":[{"href":"https:\/\/jhrealestate.es\/fr\/wp-json\/wp\/v2\/types\/rem_property"}],"author":[{"embeddable":true,"href":"https:\/\/jhrealestate.es\/fr\/wp-json\/wp\/v2\/users\/3"}],"wp:featuredmedia":[{"embeddable":true,"href":"https:\/\/jhrealestate.es\/fr\/wp-json\/wp\/v2\/media\/12355"}],"wp:attachment":[{"href":"https:\/\/jhrealestate.es\/fr\/wp-json\/wp\/v2\/media?parent=12446"}],"wp:term":[{"taxonomy":"rem_property_cat","embeddable":true,"href":"https:\/\/jhrealestate.es\/fr\/wp-json\/wp\/v2\/rem_property_cat?post=12446"}],"curies":[{"name":"wp","href":"https:\/\/api.w.org\/{rel}","templated":true}]}}