{"id":13644,"date":"2020-06-16T14:44:05","date_gmt":"2020-06-16T12:44:05","guid":{"rendered":"https:\/\/jhrealestate.es\/propiedad\/ve-jhre053-2\/"},"modified":"2025-06-16T23:38:03","modified_gmt":"2025-06-16T21:38:03","slug":"ve-jhre054","status":"publish","type":"rem_property","link":"https:\/\/jhrealestate.es\/fr\/propriete\/ve-jhre054\/","title":{"rendered":"VE-JHRE054 &#8211; EN EXCLUSIVIT\u00c9 &#8211; excellente opportunit\u00e9 d\u2019investissement au c\u0153ur de Palma, \u00e0 quelques pas des Avenidas"},"content":{"rendered":"<p>\u00c0 vendre : rez-de-chauss\u00e9e r\u00e9cemment r\u00e9nov\u00e9 dans le quartier de Foners, pr\u00eat \u00e0 emm\u00e9nager. Ce qui distingue particuli\u00e8rement ce bien, c\u2019est la possibilit\u00e9 de l\u2019utiliser comme deux espaces compl\u00e8tement ind\u00e9pendants, reli\u00e9s par un hall d\u2019entr\u00e9e commun. Vous aurez ainsi la possibilit\u00e9 de louer les deux espaces, ce qui vous permettra d\u2019obtenir une excellente rentabilit\u00e9, ou de vivre dans l\u2019un des deux tout en louant l\u2019autre afin de r\u00e9duire vos d\u00e9penses et rentabiliser votre investissement d\u00e8s le premier jour.<\/p>\n<p>La surface totale du bien est de 125 m\u00b2 et comprend un petit patio int\u00e9rieur pouvant \u00eatre utilis\u00e9 comme terrasse en \u00e9t\u00e9.<\/p>\n<p>L\u2019espace principal se compose d\u2019un vaste salon-salle \u00e0 manger avec cuisine ouverte et une mezzanine qui peut servir d\u2019espace nuit suppl\u00e9mentaire pour les invit\u00e9s ou les enfants. La cuisine est moderne, enti\u00e8rement meubl\u00e9e et \u00e9quip\u00e9e. La chambre principale dispose d\u2019une grande armoire encastr\u00e9e et d\u2019une salle de bain en suite avec baignoire-douche. Il y a \u00e9galement un WC suppl\u00e9mentaire avec douche dans un coin.<\/p>\n<p>Le second espace est accessible par une petite pi\u00e8ce qui m\u00e8ne \u00e0 un grand espace ouvert avec, d\u2019un c\u00f4t\u00e9, une zone de couchage et, de l\u2019autre, une grande armoire avec lit escamotable, transformant la pi\u00e8ce en bureau pendant la journ\u00e9e. Cette partie du logement dispose aussi d\u2019une grande cuisine meubl\u00e9e et \u00e9quip\u00e9e, avec acc\u00e8s \u00e0 un petit patio int\u00e9rieur qui apporte beaucoup de lumi\u00e8re naturelle et fait office de terrasse ext\u00e9rieure.<\/p>\n<p>La distribution du logement est optimale et tr\u00e8s polyvalente, pouvant \u00eatre utilis\u00e9e comme un seul logement ou deux unit\u00e9s ind\u00e9pendantes.<\/p>\n<p>Le bien b\u00e9n\u00e9ficie d\u2019un emplacement strat\u00e9gique, situ\u00e9 dans un quartier de Palma en pleine transformation, entre les Avenidas et le parc Krekovic. Dans les environs, vous trouverez une large gamme de commerces et de services. Transports publics \u00e0 environ 100 m.<br \/>Petite copropri\u00e9t\u00e9 de seulement 4 voisins, avec tr\u00e8s peu de charges communes.<\/p>\n<p>Une opportunit\u00e9 unique. N\u2019h\u00e9sitez pas \u00e0 nous contacter pour organiser une visite.<\/p>\n<p>AVERTISSEMENT : Les informations fournies ont \u00e9t\u00e9 pr\u00e9sent\u00e9es avec la plus grande pr\u00e9cision possible. Toutefois, JH Real Estate Mallorca ne peut \u00eatre tenu responsable de leur exactitude ni d\u2019\u00e9ventuelles omissions. Ce document n\u2019a pas de valeur contractuelle. Nous ne sommes pas responsables de l\u2019usage que des tiers pourraient faire des informations contenues dans cette annonce. <\/p>\n<p>Le prix n\u2019inclut pas les taxes, frais de mutation, ni les meubles ou les appareils \u00e9lectrom\u00e9nagers.<\/p>\n<p>Agence immobili\u00e8re inscrite au ROAIIB (Registre officiel des agents immobiliers des \u00eeles Bal\u00e9ares) GOIBE586263\/2024<\/p>\n","protected":false},"excerpt":{"rendered":"<p>PALMA &#8211; FONERS<\/p>\n","protected":false},"author":3,"featured_media":13512,"parent":0,"menu_order":0,"template":"","rem_property_cat":[],"class_list":["post-13644","rem_property","type-rem_property","status-publish","has-post-thumbnail","hentry"],"yoast_head":"<!-- This site is optimized with the Yoast SEO plugin v26.9 - https:\/\/yoast.com\/product\/yoast-seo-wordpress\/ -->\n<title>VE-JHRE054 - EN EXCLUSIVIT\u00c9 - excellente opportunit\u00e9 d\u2019investissement au c\u0153ur de Palma, \u00e0 quelques pas des Avenidas | JH Real Estate Mallorca<\/title>\n<meta name=\"robots\" content=\"index, follow, max-snippet:-1, max-image-preview:large, max-video-preview:-1\" \/>\n<link rel=\"canonical\" href=\"https:\/\/jhrealestate.es\/fr\/propriete\/ve-jhre054\/\" \/>\n<meta property=\"og:locale\" content=\"fr_FR\" \/>\n<meta property=\"og:type\" content=\"article\" \/>\n<meta property=\"og:title\" content=\"VE-JHRE054 - EN EXCLUSIVIT\u00c9 - excellente opportunit\u00e9 d\u2019investissement au c\u0153ur de Palma, \u00e0 quelques pas des Avenidas | JH Real Estate Mallorca\" \/>\n<meta property=\"og:description\" content=\"PALMA - FONERS\" \/>\n<meta property=\"og:url\" content=\"https:\/\/jhrealestate.es\/fr\/propriete\/ve-jhre054\/\" \/>\n<meta property=\"og:site_name\" content=\"JH Real Estate Mallorca\" \/>\n<meta property=\"article:publisher\" content=\"https:\/\/www.facebook.com\/jh.realestatemallorca\" \/>\n<meta property=\"article:modified_time\" content=\"2025-06-16T21:38:03+00:00\" \/>\n<meta property=\"og:image\" content=\"https:\/\/jhrealestate.es\/wp-content\/uploads\/2025\/04\/VE-JHRE054-1-1024x576.jpg\" \/>\n<meta name=\"twitter:card\" content=\"summary_large_image\" \/>\n<meta name=\"twitter:label1\" content=\"Dur\u00e9e de lecture estim\u00e9e\" \/>\n\t<meta name=\"twitter:data1\" content=\"2 minutes\" \/>\n<script type=\"application\/ld+json\" class=\"yoast-schema-graph\">{\"@context\":\"https:\/\/schema.org\",\"@graph\":[{\"@type\":[\"WebPage\",\"RealEstateListing\"],\"@id\":\"https:\/\/jhrealestate.es\/fr\/propriete\/ve-jhre054\/\",\"url\":\"https:\/\/jhrealestate.es\/fr\/propriete\/ve-jhre054\/\",\"name\":\"VE-JHRE054 - EN EXCLUSIVIT\u00c9 - excellente opportunit\u00e9 d\u2019investissement au c\u0153ur de Palma, \u00e0 quelques pas des Avenidas | JH Real Estate Mallorca\",\"isPartOf\":{\"@id\":\"https:\/\/jhrealestate.es\/fr\/#website\"},\"primaryImageOfPage\":{\"@id\":\"https:\/\/jhrealestate.es\/fr\/propriete\/ve-jhre054\/#primaryimage\"},\"image\":{\"@id\":\"https:\/\/jhrealestate.es\/fr\/propriete\/ve-jhre054\/#primaryimage\"},\"thumbnailUrl\":\"https:\/\/jhrealestate.es\/wp-content\/uploads\/2025\/04\/VE-JHRE054-1.jpg\",\"datePublished\":\"2020-06-16T12:44:05+00:00\",\"dateModified\":\"2025-06-16T21:38:03+00:00\",\"breadcrumb\":{\"@id\":\"https:\/\/jhrealestate.es\/fr\/propriete\/ve-jhre054\/#breadcrumb\"},\"inLanguage\":\"fr-FR\",\"potentialAction\":[{\"@type\":\"ReadAction\",\"target\":[\"https:\/\/jhrealestate.es\/fr\/propriete\/ve-jhre054\/\"]}]},{\"@type\":\"ImageObject\",\"inLanguage\":\"fr-FR\",\"@id\":\"https:\/\/jhrealestate.es\/fr\/propriete\/ve-jhre054\/#primaryimage\",\"url\":\"https:\/\/jhrealestate.es\/wp-content\/uploads\/2025\/04\/VE-JHRE054-1.jpg\",\"contentUrl\":\"https:\/\/jhrealestate.es\/wp-content\/uploads\/2025\/04\/VE-JHRE054-1.jpg\",\"width\":1600,\"height\":900},{\"@type\":\"BreadcrumbList\",\"@id\":\"https:\/\/jhrealestate.es\/fr\/propriete\/ve-jhre054\/#breadcrumb\",\"itemListElement\":[{\"@type\":\"ListItem\",\"position\":1,\"name\":\"Portada\",\"item\":\"https:\/\/jhrealestate.es\/fr\/\"},{\"@type\":\"ListItem\",\"position\":2,\"name\":\"Propri\u00e9t\u00e9s\",\"item\":\"https:\/\/jhrealestate.es\/fr\/propriete\/\"},{\"@type\":\"ListItem\",\"position\":3,\"name\":\"VE-JHRE054 &#8211; EN EXCLUSIVIT\u00c9 &#8211; excellente opportunit\u00e9 d\u2019investissement au c\u0153ur de Palma, \u00e0 quelques pas des Avenidas\"}]},{\"@type\":\"WebSite\",\"@id\":\"https:\/\/jhrealestate.es\/fr\/#website\",\"url\":\"https:\/\/jhrealestate.es\/fr\/\",\"name\":\"JH Real Estate Mallorca\",\"description\":\"Real Estate en Mallorca\",\"publisher\":{\"@id\":\"https:\/\/jhrealestate.es\/fr\/#organization\"},\"potentialAction\":[{\"@type\":\"SearchAction\",\"target\":{\"@type\":\"EntryPoint\",\"urlTemplate\":\"https:\/\/jhrealestate.es\/fr\/?s={search_term_string}\"},\"query-input\":{\"@type\":\"PropertyValueSpecification\",\"valueRequired\":true,\"valueName\":\"search_term_string\"}}],\"inLanguage\":\"fr-FR\"},{\"@type\":\"Organization\",\"@id\":\"https:\/\/jhrealestate.es\/fr\/#organization\",\"name\":\"JH Real Estate Mallorca\",\"url\":\"https:\/\/jhrealestate.es\/fr\/\",\"logo\":{\"@type\":\"ImageObject\",\"inLanguage\":\"fr-FR\",\"@id\":\"https:\/\/jhrealestate.es\/fr\/#\/schema\/logo\/image\/\",\"url\":\"https:\/\/jhrealestate.es\/wp-content\/uploads\/2021\/11\/Logo-JHRE.png\",\"contentUrl\":\"https:\/\/jhrealestate.es\/wp-content\/uploads\/2021\/11\/Logo-JHRE.png\",\"width\":252,\"height\":200,\"caption\":\"JH Real Estate Mallorca\"},\"image\":{\"@id\":\"https:\/\/jhrealestate.es\/fr\/#\/schema\/logo\/image\/\"},\"sameAs\":[\"https:\/\/www.facebook.com\/jh.realestatemallorca\",\"https:\/\/www.instagram.com\/jh.realestatemallorca\",\"https:\/\/www.youtube.com\/channel\/UCwlku0kp0G8CPBZ61xelIHw\",\"https:\/\/www.linkedin.com\/in\/joseheredia1973\/\"]}]}<\/script>\n<!-- \/ Yoast SEO plugin. -->","yoast_head_json":{"title":"VE-JHRE054 - EN EXCLUSIVIT\u00c9 - excellente opportunit\u00e9 d\u2019investissement au c\u0153ur de Palma, \u00e0 quelques pas des Avenidas | JH Real Estate Mallorca","robots":{"index":"index","follow":"follow","max-snippet":"max-snippet:-1","max-image-preview":"max-image-preview:large","max-video-preview":"max-video-preview:-1"},"canonical":"https:\/\/jhrealestate.es\/fr\/propriete\/ve-jhre054\/","og_locale":"fr_FR","og_type":"article","og_title":"VE-JHRE054 - EN EXCLUSIVIT\u00c9 - excellente opportunit\u00e9 d\u2019investissement au c\u0153ur de Palma, \u00e0 quelques pas des Avenidas | JH Real Estate Mallorca","og_description":"PALMA - FONERS","og_url":"https:\/\/jhrealestate.es\/fr\/propriete\/ve-jhre054\/","og_site_name":"JH Real Estate Mallorca","article_publisher":"https:\/\/www.facebook.com\/jh.realestatemallorca","article_modified_time":"2025-06-16T21:38:03+00:00","og_image":[{"url":"https:\/\/jhrealestate.es\/wp-content\/uploads\/2025\/04\/VE-JHRE054-1-1024x576.jpg","type":"","width":"","height":""}],"twitter_card":"summary_large_image","twitter_misc":{"Dur\u00e9e de lecture estim\u00e9e":"2 minutes"},"schema":{"@context":"https:\/\/schema.org","@graph":[{"@type":["WebPage","RealEstateListing"],"@id":"https:\/\/jhrealestate.es\/fr\/propriete\/ve-jhre054\/","url":"https:\/\/jhrealestate.es\/fr\/propriete\/ve-jhre054\/","name":"VE-JHRE054 - EN EXCLUSIVIT\u00c9 - excellente opportunit\u00e9 d\u2019investissement au c\u0153ur de Palma, \u00e0 quelques pas des Avenidas | JH Real Estate Mallorca","isPartOf":{"@id":"https:\/\/jhrealestate.es\/fr\/#website"},"primaryImageOfPage":{"@id":"https:\/\/jhrealestate.es\/fr\/propriete\/ve-jhre054\/#primaryimage"},"image":{"@id":"https:\/\/jhrealestate.es\/fr\/propriete\/ve-jhre054\/#primaryimage"},"thumbnailUrl":"https:\/\/jhrealestate.es\/wp-content\/uploads\/2025\/04\/VE-JHRE054-1.jpg","datePublished":"2020-06-16T12:44:05+00:00","dateModified":"2025-06-16T21:38:03+00:00","breadcrumb":{"@id":"https:\/\/jhrealestate.es\/fr\/propriete\/ve-jhre054\/#breadcrumb"},"inLanguage":"fr-FR","potentialAction":[{"@type":"ReadAction","target":["https:\/\/jhrealestate.es\/fr\/propriete\/ve-jhre054\/"]}]},{"@type":"ImageObject","inLanguage":"fr-FR","@id":"https:\/\/jhrealestate.es\/fr\/propriete\/ve-jhre054\/#primaryimage","url":"https:\/\/jhrealestate.es\/wp-content\/uploads\/2025\/04\/VE-JHRE054-1.jpg","contentUrl":"https:\/\/jhrealestate.es\/wp-content\/uploads\/2025\/04\/VE-JHRE054-1.jpg","width":1600,"height":900},{"@type":"BreadcrumbList","@id":"https:\/\/jhrealestate.es\/fr\/propriete\/ve-jhre054\/#breadcrumb","itemListElement":[{"@type":"ListItem","position":1,"name":"Portada","item":"https:\/\/jhrealestate.es\/fr\/"},{"@type":"ListItem","position":2,"name":"Propri\u00e9t\u00e9s","item":"https:\/\/jhrealestate.es\/fr\/propriete\/"},{"@type":"ListItem","position":3,"name":"VE-JHRE054 &#8211; EN EXCLUSIVIT\u00c9 &#8211; excellente opportunit\u00e9 d\u2019investissement au c\u0153ur de Palma, \u00e0 quelques pas des Avenidas"}]},{"@type":"WebSite","@id":"https:\/\/jhrealestate.es\/fr\/#website","url":"https:\/\/jhrealestate.es\/fr\/","name":"JH Real Estate Mallorca","description":"Real Estate en Mallorca","publisher":{"@id":"https:\/\/jhrealestate.es\/fr\/#organization"},"potentialAction":[{"@type":"SearchAction","target":{"@type":"EntryPoint","urlTemplate":"https:\/\/jhrealestate.es\/fr\/?s={search_term_string}"},"query-input":{"@type":"PropertyValueSpecification","valueRequired":true,"valueName":"search_term_string"}}],"inLanguage":"fr-FR"},{"@type":"Organization","@id":"https:\/\/jhrealestate.es\/fr\/#organization","name":"JH Real Estate Mallorca","url":"https:\/\/jhrealestate.es\/fr\/","logo":{"@type":"ImageObject","inLanguage":"fr-FR","@id":"https:\/\/jhrealestate.es\/fr\/#\/schema\/logo\/image\/","url":"https:\/\/jhrealestate.es\/wp-content\/uploads\/2021\/11\/Logo-JHRE.png","contentUrl":"https:\/\/jhrealestate.es\/wp-content\/uploads\/2021\/11\/Logo-JHRE.png","width":252,"height":200,"caption":"JH Real Estate Mallorca"},"image":{"@id":"https:\/\/jhrealestate.es\/fr\/#\/schema\/logo\/image\/"},"sameAs":["https:\/\/www.facebook.com\/jh.realestatemallorca","https:\/\/www.instagram.com\/jh.realestatemallorca","https:\/\/www.youtube.com\/channel\/UCwlku0kp0G8CPBZ61xelIHw","https:\/\/www.linkedin.com\/in\/joseheredia1973\/"]}]}},"_links":{"self":[{"href":"https:\/\/jhrealestate.es\/fr\/wp-json\/wp\/v2\/properties\/13644","targetHints":{"allow":["GET"]}}],"collection":[{"href":"https:\/\/jhrealestate.es\/fr\/wp-json\/wp\/v2\/properties"}],"about":[{"href":"https:\/\/jhrealestate.es\/fr\/wp-json\/wp\/v2\/types\/rem_property"}],"author":[{"embeddable":true,"href":"https:\/\/jhrealestate.es\/fr\/wp-json\/wp\/v2\/users\/3"}],"wp:featuredmedia":[{"embeddable":true,"href":"https:\/\/jhrealestate.es\/fr\/wp-json\/wp\/v2\/media\/13512"}],"wp:attachment":[{"href":"https:\/\/jhrealestate.es\/fr\/wp-json\/wp\/v2\/media?parent=13644"}],"wp:term":[{"taxonomy":"rem_property_cat","embeddable":true,"href":"https:\/\/jhrealestate.es\/fr\/wp-json\/wp\/v2\/rem_property_cat?post=13644"}],"curies":[{"name":"wp","href":"https:\/\/api.w.org\/{rel}","templated":true}]}}