{"id":14123,"date":"2005-05-23T13:49:02","date_gmt":"2005-05-23T11:49:02","guid":{"rendered":"https:\/\/jhrealestate.es\/propiedad\/ve-jhre058\/"},"modified":"2025-05-24T10:38:49","modified_gmt":"2025-05-24T08:38:49","slug":"ve-jhre058","status":"publish","type":"rem_property","link":"https:\/\/jhrealestate.es\/fr\/propriete\/ve-jhre058\/","title":{"rendered":"VE-JHRE058 &#8211; Villa de r\u00eave \u00e0 Costa d&rsquo;en Blanes, alliant \u00e9l\u00e9gance et confort"},"content":{"rendered":"<p>D\u00e9couvrez cette villa exceptionnelle, r\u00e9cemment construite, situ\u00e9e dans le prestigieux quartier de Costa d&rsquo;en Blanes, au sud-ouest de Majorque. Enti\u00e8rement meubl\u00e9e et d\u00e9cor\u00e9e avec un soin minutieux, cette propri\u00e9t\u00e9 offre une atmosph\u00e8re raffin\u00e9e et chaleureuse, parfaite pour emm\u00e9nager sans travaux. La maison est implant\u00e9e sur un terrain de 1 000 m\u00b2 avec 401 m\u00b2 construits, entour\u00e9e de nature et offrant une grande intimit\u00e9.<\/p>\n<p>Con\u00e7ue dans un style moderne et baign\u00e9e de lumi\u00e8re, la villa comprend trois grandes chambres avec salles de bain privatives, ainsi qu\u2019une possibilit\u00e9 d\u2019am\u00e9nager une quatri\u00e8me chambre au rez-de-chauss\u00e9e. \u00c0 l\u2019\u00e9tage sup\u00e9rieur, deux chambres s\u2019ouvrent sur une terrasse ensoleill\u00e9e avec des vues panoramiques spectaculaires. La suite parentale se distingue par son vaste dressing, une salle de bain \u00e9l\u00e9gante et une douche spacieuse. La deuxi\u00e8me chambre offre \u00e9galement un excellent confort et de grands espaces de rangement.<\/p>\n<p>Au rez-de-chauss\u00e9e, la villa devient un espace d\u00e9di\u00e9 au bien-\u00eatre : la troisi\u00e8me chambre est actuellement am\u00e9nag\u00e9e en salle de sport, \u00e9quip\u00e9e d\u2019un sauna et d\u2019une douche. On y trouve \u00e9galement la pi\u00e8ce de vie principale, un espace ouvert baign\u00e9 de lumi\u00e8re naturelle qui r\u00e9unit un salon confortable avec chemin\u00e9e, une salle \u00e0 manger et une cuisine ouverte haut de gamme.<\/p>\n<p>La cuisine principale, de style contemporain, est \u00e9quip\u00e9e d\u2019\u00e9lectrom\u00e9nagers de marques prestigieuses comme Miele et Gaggenau. Elle dispose \u00e9galement d\u2019un \u00eelot central et d\u2019une seconde cuisine ind\u00e9pendante tr\u00e8s pratique pour pr\u00e9server l\u2019ordre dans la cuisine principale. Depuis cet espace, on acc\u00e8de directement \u00e0 une cuisine d\u2019\u00e9t\u00e9 ext\u00e9rieure, dot\u00e9e d\u2019un barbecue professionnel, ainsi qu\u2019\u00e0 plusieurs terrasses couvertes et d\u00e9couvertes.<\/p>\n<p>L\u2019ext\u00e9rieur de la villa est id\u00e9al pour la d\u00e9tente et les moments de convivialit\u00e9, avec des espaces con\u00e7us pour recevoir, et une piscine chauff\u00e9e \u00e0 eau sal\u00e9e \u00e9quip\u00e9e d\u2019un syst\u00e8me de nage \u00e0 contre-courant. Le tout est entour\u00e9 d\u2019un magnifique jardin luxuriant, plant\u00e9 de v\u00e9g\u00e9tation tropicale, m\u00e9diterran\u00e9enne et d\u2019arbres fruitiers.<\/p>\n<p>Orient\u00e9e plein sud, la maison b\u00e9n\u00e9ficie d\u2019un ensoleillement optimal tout au long de l\u2019ann\u00e9e. Elle est \u00e9galement \u00e9quip\u00e9e du chauffage au sol avec pompe \u00e0 chaleur, de la climatisation, d\u2019un double garage avec fen\u00eatre, et d\u2019un grand nombre de prestations haut de gamme : salle de sport, sauna, syst\u00e8me audio Dolby Surround, panneau solaire thermique, arrosage automatique, syst\u00e8me d\u2019alarme, TV connect\u00e9e Sony, traitement des eaux, et bien plus encore.<\/p>\n<p>\u00c0 seulement quelques minutes de Palma et du prestigieux port de Puerto Portals, son emplacement est id\u00e9al, proche d\u2019\u00e9coles internationales, de parcours de golf, de plages, de boutiques exclusives et de restaurants gastronomiques. Que vous recherchiez la tranquillit\u00e9, la nature ou un style de vie chic, cette villa \u00e0 Costa d\u2019en Blanes vous offre tout cela\u2026 et plus encore.<\/p>\n<p>AVERTISSEMENT : Les informations fournies ont \u00e9t\u00e9 pr\u00e9sent\u00e9es avec la plus grande pr\u00e9cision possible. Toutefois, JH Real Estate Mallorca ne peut \u00eatre tenu responsable de leur exactitude ni d\u2019\u00e9ventuelles omissions. Ce document n\u2019a pas de valeur contractuelle. Nous ne sommes pas responsables de l\u2019usage que des tiers pourraient faire des informations contenues dans cette annonce. <\/p>\n<p>Le prix n\u2019inclut pas les taxes, frais de mutation, ni les meubles ou les appareils \u00e9lectrom\u00e9nagers.<\/p>\n<p>Agence immobili\u00e8re inscrite au ROAIIB (Registre officiel des agents immobiliers des \u00celes Bal\u00e9ares) GOIBE578635\/2024.<\/p>\n","protected":false},"excerpt":{"rendered":"<p>CALVI\u00c0 &#8211; COSTA DEN BLANES<\/p>\n","protected":false},"author":3,"featured_media":14126,"parent":0,"menu_order":0,"template":"","rem_property_cat":[36],"class_list":["post-14123","rem_property","type-rem_property","status-publish","has-post-thumbnail","hentry","rem_property_cat-vente"],"yoast_head":"<!-- This site is optimized with the Yoast SEO plugin v26.9 - https:\/\/yoast.com\/product\/yoast-seo-wordpress\/ -->\n<title>VE-JHRE058 - Villa de r\u00eave \u00e0 Costa d&#039;en Blanes, alliant \u00e9l\u00e9gance et confort | JH Real Estate Mallorca<\/title>\n<meta name=\"robots\" content=\"index, follow, max-snippet:-1, max-image-preview:large, max-video-preview:-1\" \/>\n<link rel=\"canonical\" href=\"https:\/\/jhrealestate.es\/fr\/propriete\/ve-jhre058\/\" \/>\n<meta property=\"og:locale\" content=\"fr_FR\" \/>\n<meta property=\"og:type\" content=\"article\" \/>\n<meta property=\"og:title\" content=\"VE-JHRE058 - Villa de r\u00eave \u00e0 Costa d&#039;en Blanes, alliant \u00e9l\u00e9gance et confort | JH Real Estate Mallorca\" \/>\n<meta property=\"og:description\" content=\"CALVI\u00c0 - COSTA DEN BLANES\" \/>\n<meta property=\"og:url\" content=\"https:\/\/jhrealestate.es\/fr\/propriete\/ve-jhre058\/\" \/>\n<meta property=\"og:site_name\" content=\"JH Real Estate Mallorca\" \/>\n<meta property=\"article:publisher\" content=\"https:\/\/www.facebook.com\/jh.realestatemallorca\" \/>\n<meta property=\"article:modified_time\" content=\"2025-05-24T08:38:49+00:00\" \/>\n<meta property=\"og:image\" content=\"https:\/\/jhrealestate.es\/wp-content\/uploads\/2025\/05\/VE-JHRE058-1-1024x682.jpg\" \/>\n<meta name=\"twitter:card\" content=\"summary_large_image\" \/>\n<meta name=\"twitter:label1\" content=\"Dur\u00e9e de lecture estim\u00e9e\" \/>\n\t<meta name=\"twitter:data1\" content=\"3 minutes\" \/>\n<script type=\"application\/ld+json\" class=\"yoast-schema-graph\">{\"@context\":\"https:\/\/schema.org\",\"@graph\":[{\"@type\":[\"WebPage\",\"RealEstateListing\"],\"@id\":\"https:\/\/jhrealestate.es\/fr\/propriete\/ve-jhre058\/\",\"url\":\"https:\/\/jhrealestate.es\/fr\/propriete\/ve-jhre058\/\",\"name\":\"VE-JHRE058 - Villa de r\u00eave \u00e0 Costa d'en Blanes, alliant \u00e9l\u00e9gance et confort | JH Real Estate Mallorca\",\"isPartOf\":{\"@id\":\"https:\/\/jhrealestate.es\/fr\/#website\"},\"primaryImageOfPage\":{\"@id\":\"https:\/\/jhrealestate.es\/fr\/propriete\/ve-jhre058\/#primaryimage\"},\"image\":{\"@id\":\"https:\/\/jhrealestate.es\/fr\/propriete\/ve-jhre058\/#primaryimage\"},\"thumbnailUrl\":\"https:\/\/jhrealestate.es\/wp-content\/uploads\/2025\/05\/VE-JHRE058-1-2.jpg\",\"datePublished\":\"2005-05-23T11:49:02+00:00\",\"dateModified\":\"2025-05-24T08:38:49+00:00\",\"breadcrumb\":{\"@id\":\"https:\/\/jhrealestate.es\/fr\/propriete\/ve-jhre058\/#breadcrumb\"},\"inLanguage\":\"fr-FR\",\"potentialAction\":[{\"@type\":\"ReadAction\",\"target\":[\"https:\/\/jhrealestate.es\/fr\/propriete\/ve-jhre058\/\"]}]},{\"@type\":\"ImageObject\",\"inLanguage\":\"fr-FR\",\"@id\":\"https:\/\/jhrealestate.es\/fr\/propriete\/ve-jhre058\/#primaryimage\",\"url\":\"https:\/\/jhrealestate.es\/wp-content\/uploads\/2025\/05\/VE-JHRE058-1-2.jpg\",\"contentUrl\":\"https:\/\/jhrealestate.es\/wp-content\/uploads\/2025\/05\/VE-JHRE058-1-2.jpg\",\"width\":1600,\"height\":900},{\"@type\":\"BreadcrumbList\",\"@id\":\"https:\/\/jhrealestate.es\/fr\/propriete\/ve-jhre058\/#breadcrumb\",\"itemListElement\":[{\"@type\":\"ListItem\",\"position\":1,\"name\":\"Portada\",\"item\":\"https:\/\/jhrealestate.es\/fr\/\"},{\"@type\":\"ListItem\",\"position\":2,\"name\":\"Propri\u00e9t\u00e9s\",\"item\":\"https:\/\/jhrealestate.es\/fr\/propriete\/\"},{\"@type\":\"ListItem\",\"position\":3,\"name\":\"VE-JHRE058 &#8211; Villa de r\u00eave \u00e0 Costa d&rsquo;en Blanes, alliant \u00e9l\u00e9gance et confort\"}]},{\"@type\":\"WebSite\",\"@id\":\"https:\/\/jhrealestate.es\/fr\/#website\",\"url\":\"https:\/\/jhrealestate.es\/fr\/\",\"name\":\"JH Real Estate Mallorca\",\"description\":\"Real Estate en Mallorca\",\"publisher\":{\"@id\":\"https:\/\/jhrealestate.es\/fr\/#organization\"},\"potentialAction\":[{\"@type\":\"SearchAction\",\"target\":{\"@type\":\"EntryPoint\",\"urlTemplate\":\"https:\/\/jhrealestate.es\/fr\/?s={search_term_string}\"},\"query-input\":{\"@type\":\"PropertyValueSpecification\",\"valueRequired\":true,\"valueName\":\"search_term_string\"}}],\"inLanguage\":\"fr-FR\"},{\"@type\":\"Organization\",\"@id\":\"https:\/\/jhrealestate.es\/fr\/#organization\",\"name\":\"JH Real Estate Mallorca\",\"url\":\"https:\/\/jhrealestate.es\/fr\/\",\"logo\":{\"@type\":\"ImageObject\",\"inLanguage\":\"fr-FR\",\"@id\":\"https:\/\/jhrealestate.es\/fr\/#\/schema\/logo\/image\/\",\"url\":\"https:\/\/jhrealestate.es\/wp-content\/uploads\/2021\/11\/Logo-JHRE.png\",\"contentUrl\":\"https:\/\/jhrealestate.es\/wp-content\/uploads\/2021\/11\/Logo-JHRE.png\",\"width\":252,\"height\":200,\"caption\":\"JH Real Estate Mallorca\"},\"image\":{\"@id\":\"https:\/\/jhrealestate.es\/fr\/#\/schema\/logo\/image\/\"},\"sameAs\":[\"https:\/\/www.facebook.com\/jh.realestatemallorca\",\"https:\/\/www.instagram.com\/jh.realestatemallorca\",\"https:\/\/www.youtube.com\/channel\/UCwlku0kp0G8CPBZ61xelIHw\",\"https:\/\/www.linkedin.com\/in\/joseheredia1973\/\"]}]}<\/script>\n<!-- \/ Yoast SEO plugin. -->","yoast_head_json":{"title":"VE-JHRE058 - Villa de r\u00eave \u00e0 Costa d'en Blanes, alliant \u00e9l\u00e9gance et confort | JH Real Estate Mallorca","robots":{"index":"index","follow":"follow","max-snippet":"max-snippet:-1","max-image-preview":"max-image-preview:large","max-video-preview":"max-video-preview:-1"},"canonical":"https:\/\/jhrealestate.es\/fr\/propriete\/ve-jhre058\/","og_locale":"fr_FR","og_type":"article","og_title":"VE-JHRE058 - Villa de r\u00eave \u00e0 Costa d'en Blanes, alliant \u00e9l\u00e9gance et confort | JH Real Estate Mallorca","og_description":"CALVI\u00c0 - COSTA DEN BLANES","og_url":"https:\/\/jhrealestate.es\/fr\/propriete\/ve-jhre058\/","og_site_name":"JH Real Estate Mallorca","article_publisher":"https:\/\/www.facebook.com\/jh.realestatemallorca","article_modified_time":"2025-05-24T08:38:49+00:00","og_image":[{"url":"https:\/\/jhrealestate.es\/wp-content\/uploads\/2025\/05\/VE-JHRE058-1-1024x682.jpg","type":"","width":"","height":""}],"twitter_card":"summary_large_image","twitter_misc":{"Dur\u00e9e de lecture estim\u00e9e":"3 minutes"},"schema":{"@context":"https:\/\/schema.org","@graph":[{"@type":["WebPage","RealEstateListing"],"@id":"https:\/\/jhrealestate.es\/fr\/propriete\/ve-jhre058\/","url":"https:\/\/jhrealestate.es\/fr\/propriete\/ve-jhre058\/","name":"VE-JHRE058 - Villa de r\u00eave \u00e0 Costa d'en Blanes, alliant \u00e9l\u00e9gance et confort | JH Real Estate Mallorca","isPartOf":{"@id":"https:\/\/jhrealestate.es\/fr\/#website"},"primaryImageOfPage":{"@id":"https:\/\/jhrealestate.es\/fr\/propriete\/ve-jhre058\/#primaryimage"},"image":{"@id":"https:\/\/jhrealestate.es\/fr\/propriete\/ve-jhre058\/#primaryimage"},"thumbnailUrl":"https:\/\/jhrealestate.es\/wp-content\/uploads\/2025\/05\/VE-JHRE058-1-2.jpg","datePublished":"2005-05-23T11:49:02+00:00","dateModified":"2025-05-24T08:38:49+00:00","breadcrumb":{"@id":"https:\/\/jhrealestate.es\/fr\/propriete\/ve-jhre058\/#breadcrumb"},"inLanguage":"fr-FR","potentialAction":[{"@type":"ReadAction","target":["https:\/\/jhrealestate.es\/fr\/propriete\/ve-jhre058\/"]}]},{"@type":"ImageObject","inLanguage":"fr-FR","@id":"https:\/\/jhrealestate.es\/fr\/propriete\/ve-jhre058\/#primaryimage","url":"https:\/\/jhrealestate.es\/wp-content\/uploads\/2025\/05\/VE-JHRE058-1-2.jpg","contentUrl":"https:\/\/jhrealestate.es\/wp-content\/uploads\/2025\/05\/VE-JHRE058-1-2.jpg","width":1600,"height":900},{"@type":"BreadcrumbList","@id":"https:\/\/jhrealestate.es\/fr\/propriete\/ve-jhre058\/#breadcrumb","itemListElement":[{"@type":"ListItem","position":1,"name":"Portada","item":"https:\/\/jhrealestate.es\/fr\/"},{"@type":"ListItem","position":2,"name":"Propri\u00e9t\u00e9s","item":"https:\/\/jhrealestate.es\/fr\/propriete\/"},{"@type":"ListItem","position":3,"name":"VE-JHRE058 &#8211; Villa de r\u00eave \u00e0 Costa d&rsquo;en Blanes, alliant \u00e9l\u00e9gance et confort"}]},{"@type":"WebSite","@id":"https:\/\/jhrealestate.es\/fr\/#website","url":"https:\/\/jhrealestate.es\/fr\/","name":"JH Real Estate Mallorca","description":"Real Estate en Mallorca","publisher":{"@id":"https:\/\/jhrealestate.es\/fr\/#organization"},"potentialAction":[{"@type":"SearchAction","target":{"@type":"EntryPoint","urlTemplate":"https:\/\/jhrealestate.es\/fr\/?s={search_term_string}"},"query-input":{"@type":"PropertyValueSpecification","valueRequired":true,"valueName":"search_term_string"}}],"inLanguage":"fr-FR"},{"@type":"Organization","@id":"https:\/\/jhrealestate.es\/fr\/#organization","name":"JH Real Estate Mallorca","url":"https:\/\/jhrealestate.es\/fr\/","logo":{"@type":"ImageObject","inLanguage":"fr-FR","@id":"https:\/\/jhrealestate.es\/fr\/#\/schema\/logo\/image\/","url":"https:\/\/jhrealestate.es\/wp-content\/uploads\/2021\/11\/Logo-JHRE.png","contentUrl":"https:\/\/jhrealestate.es\/wp-content\/uploads\/2021\/11\/Logo-JHRE.png","width":252,"height":200,"caption":"JH Real Estate Mallorca"},"image":{"@id":"https:\/\/jhrealestate.es\/fr\/#\/schema\/logo\/image\/"},"sameAs":["https:\/\/www.facebook.com\/jh.realestatemallorca","https:\/\/www.instagram.com\/jh.realestatemallorca","https:\/\/www.youtube.com\/channel\/UCwlku0kp0G8CPBZ61xelIHw","https:\/\/www.linkedin.com\/in\/joseheredia1973\/"]}]}},"_links":{"self":[{"href":"https:\/\/jhrealestate.es\/fr\/wp-json\/wp\/v2\/properties\/14123","targetHints":{"allow":["GET"]}}],"collection":[{"href":"https:\/\/jhrealestate.es\/fr\/wp-json\/wp\/v2\/properties"}],"about":[{"href":"https:\/\/jhrealestate.es\/fr\/wp-json\/wp\/v2\/types\/rem_property"}],"author":[{"embeddable":true,"href":"https:\/\/jhrealestate.es\/fr\/wp-json\/wp\/v2\/users\/3"}],"wp:featuredmedia":[{"embeddable":true,"href":"https:\/\/jhrealestate.es\/fr\/wp-json\/wp\/v2\/media\/14126"}],"wp:attachment":[{"href":"https:\/\/jhrealestate.es\/fr\/wp-json\/wp\/v2\/media?parent=14123"}],"wp:term":[{"taxonomy":"rem_property_cat","embeddable":true,"href":"https:\/\/jhrealestate.es\/fr\/wp-json\/wp\/v2\/rem_property_cat?post=14123"}],"curies":[{"name":"wp","href":"https:\/\/api.w.org\/{rel}","templated":true}]}}