{"id":3165,"date":"2022-05-21T13:19:54","date_gmt":"2022-05-21T11:19:54","guid":{"rendered":"https:\/\/jhrealestate.es\/property\/ve-jhre004-maison-jumelee-avec-3-chambres-grande-terrasse-et-garage\/"},"modified":"2023-07-24T18:09:58","modified_gmt":"2023-07-24T16:09:58","slug":"ve-jhre004","status":"publish","type":"rem_property","link":"https:\/\/jhrealestate.es\/fr\/propriete\/ve-jhre004\/","title":{"rendered":"VE-JHRE004 &#8211; Maison jumel\u00e9e avec 3 chambres, grande terrasse et garage."},"content":{"rendered":"<p>La maison a 217 m2 construits parfaitement r\u00e9partis sur 3 \u00e9tages avec une grande terrasse o\u00f9 vous pouvez construire une piscine. Garage inclus dans le prix.<\/p>\n<p>Grand salon et cuisine (ils pourraient \u00eatre unis pour former une grande pi\u00e8ce \u00e0 vivre)<br \/>\n3 chambres doubles<br \/>\n2 salles de bains<br \/>\nToilette de courtoisie<br \/>\nAcc\u00e8s direct \u00e0 la maison depuis le garage<br \/>\nAu rez de chauss\u00e9e : Bureau-biblioth\u00e8que ou 4e chambre (individuelle)<br \/>\nPorche avec acc\u00e8s \u00e0 une grande terrasse avec barbecue.<br \/>\nCertification \u00e9nerg\u00e9tique : E<\/p>\n","protected":false},"excerpt":{"rendered":"<p>PALMA &#8211; LA VILETA \/ SON SERRA<\/p>\n","protected":false},"author":3,"featured_media":5994,"parent":0,"menu_order":0,"template":"","rem_property_cat":[36],"class_list":["post-3165","rem_property","type-rem_property","status-publish","has-post-thumbnail","hentry","rem_property_cat-vente"],"yoast_head":"<!-- This site is optimized with the Yoast SEO plugin v26.9 - https:\/\/yoast.com\/product\/yoast-seo-wordpress\/ -->\n<title>VE-JHRE004 - Maison jumel\u00e9e avec 3 chambres, grande terrasse et garage. | JH Real Estate Mallorca<\/title>\n<meta name=\"robots\" content=\"index, follow, max-snippet:-1, max-image-preview:large, max-video-preview:-1\" \/>\n<link rel=\"canonical\" href=\"https:\/\/jhrealestate.es\/fr\/propriete\/ve-jhre004\/\" \/>\n<meta property=\"og:locale\" content=\"fr_FR\" \/>\n<meta property=\"og:type\" content=\"article\" \/>\n<meta property=\"og:title\" content=\"VE-JHRE004 - Maison jumel\u00e9e avec 3 chambres, grande terrasse et garage. | JH Real Estate Mallorca\" \/>\n<meta property=\"og:description\" content=\"PALMA - LA VILETA \/ SON SERRA\" \/>\n<meta property=\"og:url\" content=\"https:\/\/jhrealestate.es\/fr\/propriete\/ve-jhre004\/\" \/>\n<meta property=\"og:site_name\" content=\"JH Real Estate Mallorca\" \/>\n<meta property=\"article:publisher\" content=\"https:\/\/www.facebook.com\/jh.realestatemallorca\" \/>\n<meta property=\"article:modified_time\" content=\"2023-07-24T16:09:58+00:00\" \/>\n<meta property=\"og:image\" content=\"https:\/\/jhrealestate.es\/wp-content\/uploads\/2022\/05\/VE-JHRE004-1-1-1024x576.jpg\" \/>\n<meta name=\"twitter:card\" content=\"summary_large_image\" \/>\n<script type=\"application\/ld+json\" class=\"yoast-schema-graph\">{\"@context\":\"https:\/\/schema.org\",\"@graph\":[{\"@type\":[\"WebPage\",\"RealEstateListing\"],\"@id\":\"https:\/\/jhrealestate.es\/fr\/propriete\/ve-jhre004\/\",\"url\":\"https:\/\/jhrealestate.es\/fr\/propriete\/ve-jhre004\/\",\"name\":\"VE-JHRE004 - Maison jumel\u00e9e avec 3 chambres, grande terrasse et garage. | JH Real Estate Mallorca\",\"isPartOf\":{\"@id\":\"https:\/\/jhrealestate.es\/fr\/#website\"},\"primaryImageOfPage\":{\"@id\":\"https:\/\/jhrealestate.es\/fr\/propriete\/ve-jhre004\/#primaryimage\"},\"image\":{\"@id\":\"https:\/\/jhrealestate.es\/fr\/propriete\/ve-jhre004\/#primaryimage\"},\"thumbnailUrl\":\"https:\/\/jhrealestate.es\/wp-content\/uploads\/2022\/05\/VE-JHRE004-1-1.jpg\",\"datePublished\":\"2022-05-21T11:19:54+00:00\",\"dateModified\":\"2023-07-24T16:09:58+00:00\",\"breadcrumb\":{\"@id\":\"https:\/\/jhrealestate.es\/fr\/propriete\/ve-jhre004\/#breadcrumb\"},\"inLanguage\":\"fr-FR\",\"potentialAction\":[{\"@type\":\"ReadAction\",\"target\":[\"https:\/\/jhrealestate.es\/fr\/propriete\/ve-jhre004\/\"]}]},{\"@type\":\"ImageObject\",\"inLanguage\":\"fr-FR\",\"@id\":\"https:\/\/jhrealestate.es\/fr\/propriete\/ve-jhre004\/#primaryimage\",\"url\":\"https:\/\/jhrealestate.es\/wp-content\/uploads\/2022\/05\/VE-JHRE004-1-1.jpg\",\"contentUrl\":\"https:\/\/jhrealestate.es\/wp-content\/uploads\/2022\/05\/VE-JHRE004-1-1.jpg\",\"width\":1600,\"height\":900},{\"@type\":\"BreadcrumbList\",\"@id\":\"https:\/\/jhrealestate.es\/fr\/propriete\/ve-jhre004\/#breadcrumb\",\"itemListElement\":[{\"@type\":\"ListItem\",\"position\":1,\"name\":\"Portada\",\"item\":\"https:\/\/jhrealestate.es\/fr\/\"},{\"@type\":\"ListItem\",\"position\":2,\"name\":\"Propri\u00e9t\u00e9s\",\"item\":\"https:\/\/jhrealestate.es\/fr\/propriete\/\"},{\"@type\":\"ListItem\",\"position\":3,\"name\":\"VE-JHRE004 &#8211; Maison jumel\u00e9e avec 3 chambres, grande terrasse et garage.\"}]},{\"@type\":\"WebSite\",\"@id\":\"https:\/\/jhrealestate.es\/fr\/#website\",\"url\":\"https:\/\/jhrealestate.es\/fr\/\",\"name\":\"JH Real Estate Mallorca\",\"description\":\"Real Estate en Mallorca\",\"publisher\":{\"@id\":\"https:\/\/jhrealestate.es\/fr\/#organization\"},\"potentialAction\":[{\"@type\":\"SearchAction\",\"target\":{\"@type\":\"EntryPoint\",\"urlTemplate\":\"https:\/\/jhrealestate.es\/fr\/?s={search_term_string}\"},\"query-input\":{\"@type\":\"PropertyValueSpecification\",\"valueRequired\":true,\"valueName\":\"search_term_string\"}}],\"inLanguage\":\"fr-FR\"},{\"@type\":\"Organization\",\"@id\":\"https:\/\/jhrealestate.es\/fr\/#organization\",\"name\":\"JH Real Estate Mallorca\",\"url\":\"https:\/\/jhrealestate.es\/fr\/\",\"logo\":{\"@type\":\"ImageObject\",\"inLanguage\":\"fr-FR\",\"@id\":\"https:\/\/jhrealestate.es\/fr\/#\/schema\/logo\/image\/\",\"url\":\"https:\/\/jhrealestate.es\/wp-content\/uploads\/2021\/11\/Logo-JHRE.png\",\"contentUrl\":\"https:\/\/jhrealestate.es\/wp-content\/uploads\/2021\/11\/Logo-JHRE.png\",\"width\":252,\"height\":200,\"caption\":\"JH Real Estate Mallorca\"},\"image\":{\"@id\":\"https:\/\/jhrealestate.es\/fr\/#\/schema\/logo\/image\/\"},\"sameAs\":[\"https:\/\/www.facebook.com\/jh.realestatemallorca\",\"https:\/\/www.instagram.com\/jh.realestatemallorca\",\"https:\/\/www.youtube.com\/channel\/UCwlku0kp0G8CPBZ61xelIHw\",\"https:\/\/www.linkedin.com\/in\/joseheredia1973\/\"]}]}<\/script>\n<!-- \/ Yoast SEO plugin. -->","yoast_head_json":{"title":"VE-JHRE004 - Maison jumel\u00e9e avec 3 chambres, grande terrasse et garage. | JH Real Estate Mallorca","robots":{"index":"index","follow":"follow","max-snippet":"max-snippet:-1","max-image-preview":"max-image-preview:large","max-video-preview":"max-video-preview:-1"},"canonical":"https:\/\/jhrealestate.es\/fr\/propriete\/ve-jhre004\/","og_locale":"fr_FR","og_type":"article","og_title":"VE-JHRE004 - Maison jumel\u00e9e avec 3 chambres, grande terrasse et garage. | JH Real Estate Mallorca","og_description":"PALMA - LA VILETA \/ SON SERRA","og_url":"https:\/\/jhrealestate.es\/fr\/propriete\/ve-jhre004\/","og_site_name":"JH Real Estate Mallorca","article_publisher":"https:\/\/www.facebook.com\/jh.realestatemallorca","article_modified_time":"2023-07-24T16:09:58+00:00","og_image":[{"url":"https:\/\/jhrealestate.es\/wp-content\/uploads\/2022\/05\/VE-JHRE004-1-1-1024x576.jpg","type":"","width":"","height":""}],"twitter_card":"summary_large_image","schema":{"@context":"https:\/\/schema.org","@graph":[{"@type":["WebPage","RealEstateListing"],"@id":"https:\/\/jhrealestate.es\/fr\/propriete\/ve-jhre004\/","url":"https:\/\/jhrealestate.es\/fr\/propriete\/ve-jhre004\/","name":"VE-JHRE004 - Maison jumel\u00e9e avec 3 chambres, grande terrasse et garage. | JH Real Estate Mallorca","isPartOf":{"@id":"https:\/\/jhrealestate.es\/fr\/#website"},"primaryImageOfPage":{"@id":"https:\/\/jhrealestate.es\/fr\/propriete\/ve-jhre004\/#primaryimage"},"image":{"@id":"https:\/\/jhrealestate.es\/fr\/propriete\/ve-jhre004\/#primaryimage"},"thumbnailUrl":"https:\/\/jhrealestate.es\/wp-content\/uploads\/2022\/05\/VE-JHRE004-1-1.jpg","datePublished":"2022-05-21T11:19:54+00:00","dateModified":"2023-07-24T16:09:58+00:00","breadcrumb":{"@id":"https:\/\/jhrealestate.es\/fr\/propriete\/ve-jhre004\/#breadcrumb"},"inLanguage":"fr-FR","potentialAction":[{"@type":"ReadAction","target":["https:\/\/jhrealestate.es\/fr\/propriete\/ve-jhre004\/"]}]},{"@type":"ImageObject","inLanguage":"fr-FR","@id":"https:\/\/jhrealestate.es\/fr\/propriete\/ve-jhre004\/#primaryimage","url":"https:\/\/jhrealestate.es\/wp-content\/uploads\/2022\/05\/VE-JHRE004-1-1.jpg","contentUrl":"https:\/\/jhrealestate.es\/wp-content\/uploads\/2022\/05\/VE-JHRE004-1-1.jpg","width":1600,"height":900},{"@type":"BreadcrumbList","@id":"https:\/\/jhrealestate.es\/fr\/propriete\/ve-jhre004\/#breadcrumb","itemListElement":[{"@type":"ListItem","position":1,"name":"Portada","item":"https:\/\/jhrealestate.es\/fr\/"},{"@type":"ListItem","position":2,"name":"Propri\u00e9t\u00e9s","item":"https:\/\/jhrealestate.es\/fr\/propriete\/"},{"@type":"ListItem","position":3,"name":"VE-JHRE004 &#8211; Maison jumel\u00e9e avec 3 chambres, grande terrasse et garage."}]},{"@type":"WebSite","@id":"https:\/\/jhrealestate.es\/fr\/#website","url":"https:\/\/jhrealestate.es\/fr\/","name":"JH Real Estate Mallorca","description":"Real Estate en Mallorca","publisher":{"@id":"https:\/\/jhrealestate.es\/fr\/#organization"},"potentialAction":[{"@type":"SearchAction","target":{"@type":"EntryPoint","urlTemplate":"https:\/\/jhrealestate.es\/fr\/?s={search_term_string}"},"query-input":{"@type":"PropertyValueSpecification","valueRequired":true,"valueName":"search_term_string"}}],"inLanguage":"fr-FR"},{"@type":"Organization","@id":"https:\/\/jhrealestate.es\/fr\/#organization","name":"JH Real Estate Mallorca","url":"https:\/\/jhrealestate.es\/fr\/","logo":{"@type":"ImageObject","inLanguage":"fr-FR","@id":"https:\/\/jhrealestate.es\/fr\/#\/schema\/logo\/image\/","url":"https:\/\/jhrealestate.es\/wp-content\/uploads\/2021\/11\/Logo-JHRE.png","contentUrl":"https:\/\/jhrealestate.es\/wp-content\/uploads\/2021\/11\/Logo-JHRE.png","width":252,"height":200,"caption":"JH Real Estate Mallorca"},"image":{"@id":"https:\/\/jhrealestate.es\/fr\/#\/schema\/logo\/image\/"},"sameAs":["https:\/\/www.facebook.com\/jh.realestatemallorca","https:\/\/www.instagram.com\/jh.realestatemallorca","https:\/\/www.youtube.com\/channel\/UCwlku0kp0G8CPBZ61xelIHw","https:\/\/www.linkedin.com\/in\/joseheredia1973\/"]}]}},"_links":{"self":[{"href":"https:\/\/jhrealestate.es\/fr\/wp-json\/wp\/v2\/properties\/3165","targetHints":{"allow":["GET"]}}],"collection":[{"href":"https:\/\/jhrealestate.es\/fr\/wp-json\/wp\/v2\/properties"}],"about":[{"href":"https:\/\/jhrealestate.es\/fr\/wp-json\/wp\/v2\/types\/rem_property"}],"author":[{"embeddable":true,"href":"https:\/\/jhrealestate.es\/fr\/wp-json\/wp\/v2\/users\/3"}],"wp:featuredmedia":[{"embeddable":true,"href":"https:\/\/jhrealestate.es\/fr\/wp-json\/wp\/v2\/media\/5994"}],"wp:attachment":[{"href":"https:\/\/jhrealestate.es\/fr\/wp-json\/wp\/v2\/media?parent=3165"}],"wp:term":[{"taxonomy":"rem_property_cat","embeddable":true,"href":"https:\/\/jhrealestate.es\/fr\/wp-json\/wp\/v2\/rem_property_cat?post=3165"}],"curies":[{"name":"wp","href":"https:\/\/api.w.org\/{rel}","templated":true}]}}