{"id":3186,"date":"2024-09-07T18:10:46","date_gmt":"2024-09-07T16:10:46","guid":{"rendered":"https:\/\/jhrealestate.es\/property\/al-jhre011-penthouse-de-4-chambres-sur-le-paseo-maritimo-avec-vue-panoramique-sur-le-port-de-palma\/"},"modified":"2024-11-06T09:50:33","modified_gmt":"2024-11-06T08:50:33","slug":"al-jhre011","status":"publish","type":"rem_property","link":"https:\/\/jhrealestate.es\/fr\/propriete\/al-jhre011\/","title":{"rendered":"AL-JHRE011 &#8211; Penthouse de 4 chambres sur le Paseo Maritimo avec vue panoramique sur le port de Palma"},"content":{"rendered":"<p>Penthouse de 4 chambres sur le Paseo Maritimo avec vue panoramique sur le port de Palma<\/p>\n<p>Penthouse dans un b\u00e2timent embl\u00e9matique du Paseo Maritimo avec une vue impressionnante sur la marina de Palma. L\u2019appartement a un total de 222 m2 r\u00e9partis entre:<\/p>\n<p>\u2022\u00a0 \u00a0Grand hall d\u2019entr\u00e9e<br \/>\u2022\u00a0 \u00a0Salon\/salle \u00e0 manger tr\u00e8s lumineux avec biblioth\u00e8que et chemin\u00e9e, avec acc\u00e8s \u00e0 une grande terrasse avec une vue imprenable sur la promenade et le port de Palma<br \/>\u2022\u00a0 \u00a0Cuisine ind\u00e9pendante meubl\u00e9e et enti\u00e8rement \u00e9quip\u00e9e (r\u00e9frig\u00e9rateur, four, lave-vaisselle, micro-ondes et plaque de cuisson au gaz).<br \/>\u2022\u00a0 \u00a04 chambres avec placards int\u00e9gr\u00e9s<br \/>\u2022\u00a0 \u00a03 salles de bain compl\u00e8tes (1 en suite)<br \/>\u2022\u00a0 \u00a0Toilettes de courtoisie pour les invit\u00e9s<br \/>\u2022\u00a0 \u00a0A\/C dans le salon\/salle \u00e0 manger<br \/>\u2022\u00a0 \u00a0Chauffage par radiateurs au gaz<br \/>\u2022\u00a0 \u00a0Sol en marbre, carrelage dans la cuisine<br \/>\u2022\u00a0 \u00a0Fen\u00eatres Climalit avec double vitrage<br \/>\u2022\u00a0 \u00a0Buanderie avec lave-linge\/s\u00e9che-linge, cong\u00e9lateur et armoires de rangement<br \/>\u2022\u00a0 \u00a0Grand parking souterrain pour 2 voitures (62 m2)<br \/>\u2022\u00a0 \u00a0Lou\u00e9 AVEC MEUBLES &#8211; POSSIBILIT\u00c9 D&rsquo;ENLEVER QUELQUES MEUBLES<br \/>\u2022\u00a0 \u00a0Qualit\u00e9s sup\u00e9rieures<br \/>\u2022\u00a0 \u00a0Ann\u00e9e de construction : 1972<br \/>\u2022\u00a0 \u00a0Service de conciergerie<\/p>\n<p>Dans les environs, vous trouverez une grande vari\u00e9t\u00e9 de boutiques et de restaurants, ainsi qu&rsquo;une fantastique promenade o\u00f9 vous pourrez vous promener, faire du sport ou faire du v\u00e9lo.<\/p>\n<p>Le loyer comprend les charges de copropri\u00e9t\u00e9. L&rsquo;eau, le gaz, l&rsquo;\u00e9lectricit\u00e9, Internet et la taxe annuelle sur les ordures sont \u00e0 la charge des locataires. Nous recherchons des locataires de longue dur\u00e9e avec de bonnes r\u00e9f\u00e9rences et garanties.<br \/>Conditions : 1 mois de caution + 1 mois de garantie suppl\u00e9mentaire<br \/>Les honoraires d&rsquo;agence sont \u00e0 la charge des propri\u00e9taires<\/p>\n<p>Ne manquez pas cette occasion unique ! Contactez-nous pour programmer une visite et d\u00e9couvrir tous les d\u00e9tails de cet appartement magnifique.<\/p>\n","protected":false},"excerpt":{"rendered":"<p>PALMA &#8211; PASEO MAR\u00cdTIMO<\/p>\n","protected":false},"author":3,"featured_media":5998,"parent":0,"menu_order":0,"template":"","rem_property_cat":[40],"class_list":["post-3186","rem_property","type-rem_property","status-publish","has-post-thumbnail","hentry","rem_property_cat-a-louer"],"yoast_head":"<!-- This site is optimized with the Yoast SEO plugin v26.9 - https:\/\/yoast.com\/product\/yoast-seo-wordpress\/ -->\n<title>AL-JHRE011 - Penthouse de 4 chambres sur le Paseo Maritimo avec vue panoramique sur le port de Palma | JH Real Estate Mallorca<\/title>\n<meta name=\"robots\" content=\"index, follow, max-snippet:-1, max-image-preview:large, max-video-preview:-1\" \/>\n<link rel=\"canonical\" href=\"https:\/\/jhrealestate.es\/fr\/propriete\/al-jhre011\/\" \/>\n<meta property=\"og:locale\" content=\"fr_FR\" \/>\n<meta property=\"og:type\" content=\"article\" \/>\n<meta property=\"og:title\" content=\"AL-JHRE011 - Penthouse de 4 chambres sur le Paseo Maritimo avec vue panoramique sur le port de Palma | JH Real Estate Mallorca\" \/>\n<meta property=\"og:description\" content=\"PALMA - PASEO MAR\u00cdTIMO\" \/>\n<meta property=\"og:url\" content=\"https:\/\/jhrealestate.es\/fr\/propriete\/al-jhre011\/\" \/>\n<meta property=\"og:site_name\" content=\"JH Real Estate Mallorca\" \/>\n<meta property=\"article:publisher\" content=\"https:\/\/www.facebook.com\/jh.realestatemallorca\" \/>\n<meta property=\"article:modified_time\" content=\"2024-11-06T08:50:33+00:00\" \/>\n<meta property=\"og:image\" content=\"https:\/\/jhrealestate.es\/wp-content\/uploads\/2022\/05\/AL-JHRE011-1-1-1024x576.jpg\" \/>\n<meta name=\"twitter:card\" content=\"summary_large_image\" \/>\n<meta name=\"twitter:label1\" content=\"Dur\u00e9e de lecture estim\u00e9e\" \/>\n\t<meta name=\"twitter:data1\" content=\"1 minute\" \/>\n<script type=\"application\/ld+json\" class=\"yoast-schema-graph\">{\"@context\":\"https:\/\/schema.org\",\"@graph\":[{\"@type\":[\"WebPage\",\"RealEstateListing\"],\"@id\":\"https:\/\/jhrealestate.es\/fr\/propriete\/al-jhre011\/\",\"url\":\"https:\/\/jhrealestate.es\/fr\/propriete\/al-jhre011\/\",\"name\":\"AL-JHRE011 - Penthouse de 4 chambres sur le Paseo Maritimo avec vue panoramique sur le port de Palma | JH Real Estate Mallorca\",\"isPartOf\":{\"@id\":\"https:\/\/jhrealestate.es\/fr\/#website\"},\"primaryImageOfPage\":{\"@id\":\"https:\/\/jhrealestate.es\/fr\/propriete\/al-jhre011\/#primaryimage\"},\"image\":{\"@id\":\"https:\/\/jhrealestate.es\/fr\/propriete\/al-jhre011\/#primaryimage\"},\"thumbnailUrl\":\"https:\/\/jhrealestate.es\/wp-content\/uploads\/2022\/05\/AL-JHRE011-1-1.jpg\",\"datePublished\":\"2024-09-07T16:10:46+00:00\",\"dateModified\":\"2024-11-06T08:50:33+00:00\",\"breadcrumb\":{\"@id\":\"https:\/\/jhrealestate.es\/fr\/propriete\/al-jhre011\/#breadcrumb\"},\"inLanguage\":\"fr-FR\",\"potentialAction\":[{\"@type\":\"ReadAction\",\"target\":[\"https:\/\/jhrealestate.es\/fr\/propriete\/al-jhre011\/\"]}]},{\"@type\":\"ImageObject\",\"inLanguage\":\"fr-FR\",\"@id\":\"https:\/\/jhrealestate.es\/fr\/propriete\/al-jhre011\/#primaryimage\",\"url\":\"https:\/\/jhrealestate.es\/wp-content\/uploads\/2022\/05\/AL-JHRE011-1-1.jpg\",\"contentUrl\":\"https:\/\/jhrealestate.es\/wp-content\/uploads\/2022\/05\/AL-JHRE011-1-1.jpg\",\"width\":1600,\"height\":900},{\"@type\":\"BreadcrumbList\",\"@id\":\"https:\/\/jhrealestate.es\/fr\/propriete\/al-jhre011\/#breadcrumb\",\"itemListElement\":[{\"@type\":\"ListItem\",\"position\":1,\"name\":\"Portada\",\"item\":\"https:\/\/jhrealestate.es\/fr\/\"},{\"@type\":\"ListItem\",\"position\":2,\"name\":\"Propri\u00e9t\u00e9s\",\"item\":\"https:\/\/jhrealestate.es\/fr\/propriete\/\"},{\"@type\":\"ListItem\",\"position\":3,\"name\":\"AL-JHRE011 &#8211; Penthouse de 4 chambres sur le Paseo Maritimo avec vue panoramique sur le port de Palma\"}]},{\"@type\":\"WebSite\",\"@id\":\"https:\/\/jhrealestate.es\/fr\/#website\",\"url\":\"https:\/\/jhrealestate.es\/fr\/\",\"name\":\"JH Real Estate Mallorca\",\"description\":\"Real Estate en Mallorca\",\"publisher\":{\"@id\":\"https:\/\/jhrealestate.es\/fr\/#organization\"},\"potentialAction\":[{\"@type\":\"SearchAction\",\"target\":{\"@type\":\"EntryPoint\",\"urlTemplate\":\"https:\/\/jhrealestate.es\/fr\/?s={search_term_string}\"},\"query-input\":{\"@type\":\"PropertyValueSpecification\",\"valueRequired\":true,\"valueName\":\"search_term_string\"}}],\"inLanguage\":\"fr-FR\"},{\"@type\":\"Organization\",\"@id\":\"https:\/\/jhrealestate.es\/fr\/#organization\",\"name\":\"JH Real Estate Mallorca\",\"url\":\"https:\/\/jhrealestate.es\/fr\/\",\"logo\":{\"@type\":\"ImageObject\",\"inLanguage\":\"fr-FR\",\"@id\":\"https:\/\/jhrealestate.es\/fr\/#\/schema\/logo\/image\/\",\"url\":\"https:\/\/jhrealestate.es\/wp-content\/uploads\/2021\/11\/Logo-JHRE.png\",\"contentUrl\":\"https:\/\/jhrealestate.es\/wp-content\/uploads\/2021\/11\/Logo-JHRE.png\",\"width\":252,\"height\":200,\"caption\":\"JH Real Estate Mallorca\"},\"image\":{\"@id\":\"https:\/\/jhrealestate.es\/fr\/#\/schema\/logo\/image\/\"},\"sameAs\":[\"https:\/\/www.facebook.com\/jh.realestatemallorca\",\"https:\/\/www.instagram.com\/jh.realestatemallorca\",\"https:\/\/www.youtube.com\/channel\/UCwlku0kp0G8CPBZ61xelIHw\",\"https:\/\/www.linkedin.com\/in\/joseheredia1973\/\"]}]}<\/script>\n<!-- \/ Yoast SEO plugin. -->","yoast_head_json":{"title":"AL-JHRE011 - Penthouse de 4 chambres sur le Paseo Maritimo avec vue panoramique sur le port de Palma | JH Real Estate Mallorca","robots":{"index":"index","follow":"follow","max-snippet":"max-snippet:-1","max-image-preview":"max-image-preview:large","max-video-preview":"max-video-preview:-1"},"canonical":"https:\/\/jhrealestate.es\/fr\/propriete\/al-jhre011\/","og_locale":"fr_FR","og_type":"article","og_title":"AL-JHRE011 - Penthouse de 4 chambres sur le Paseo Maritimo avec vue panoramique sur le port de Palma | JH Real Estate Mallorca","og_description":"PALMA - PASEO MAR\u00cdTIMO","og_url":"https:\/\/jhrealestate.es\/fr\/propriete\/al-jhre011\/","og_site_name":"JH Real Estate Mallorca","article_publisher":"https:\/\/www.facebook.com\/jh.realestatemallorca","article_modified_time":"2024-11-06T08:50:33+00:00","og_image":[{"url":"https:\/\/jhrealestate.es\/wp-content\/uploads\/2022\/05\/AL-JHRE011-1-1-1024x576.jpg","type":"","width":"","height":""}],"twitter_card":"summary_large_image","twitter_misc":{"Dur\u00e9e de lecture estim\u00e9e":"1 minute"},"schema":{"@context":"https:\/\/schema.org","@graph":[{"@type":["WebPage","RealEstateListing"],"@id":"https:\/\/jhrealestate.es\/fr\/propriete\/al-jhre011\/","url":"https:\/\/jhrealestate.es\/fr\/propriete\/al-jhre011\/","name":"AL-JHRE011 - Penthouse de 4 chambres sur le Paseo Maritimo avec vue panoramique sur le port de Palma | JH Real Estate Mallorca","isPartOf":{"@id":"https:\/\/jhrealestate.es\/fr\/#website"},"primaryImageOfPage":{"@id":"https:\/\/jhrealestate.es\/fr\/propriete\/al-jhre011\/#primaryimage"},"image":{"@id":"https:\/\/jhrealestate.es\/fr\/propriete\/al-jhre011\/#primaryimage"},"thumbnailUrl":"https:\/\/jhrealestate.es\/wp-content\/uploads\/2022\/05\/AL-JHRE011-1-1.jpg","datePublished":"2024-09-07T16:10:46+00:00","dateModified":"2024-11-06T08:50:33+00:00","breadcrumb":{"@id":"https:\/\/jhrealestate.es\/fr\/propriete\/al-jhre011\/#breadcrumb"},"inLanguage":"fr-FR","potentialAction":[{"@type":"ReadAction","target":["https:\/\/jhrealestate.es\/fr\/propriete\/al-jhre011\/"]}]},{"@type":"ImageObject","inLanguage":"fr-FR","@id":"https:\/\/jhrealestate.es\/fr\/propriete\/al-jhre011\/#primaryimage","url":"https:\/\/jhrealestate.es\/wp-content\/uploads\/2022\/05\/AL-JHRE011-1-1.jpg","contentUrl":"https:\/\/jhrealestate.es\/wp-content\/uploads\/2022\/05\/AL-JHRE011-1-1.jpg","width":1600,"height":900},{"@type":"BreadcrumbList","@id":"https:\/\/jhrealestate.es\/fr\/propriete\/al-jhre011\/#breadcrumb","itemListElement":[{"@type":"ListItem","position":1,"name":"Portada","item":"https:\/\/jhrealestate.es\/fr\/"},{"@type":"ListItem","position":2,"name":"Propri\u00e9t\u00e9s","item":"https:\/\/jhrealestate.es\/fr\/propriete\/"},{"@type":"ListItem","position":3,"name":"AL-JHRE011 &#8211; Penthouse de 4 chambres sur le Paseo Maritimo avec vue panoramique sur le port de Palma"}]},{"@type":"WebSite","@id":"https:\/\/jhrealestate.es\/fr\/#website","url":"https:\/\/jhrealestate.es\/fr\/","name":"JH Real Estate Mallorca","description":"Real Estate en Mallorca","publisher":{"@id":"https:\/\/jhrealestate.es\/fr\/#organization"},"potentialAction":[{"@type":"SearchAction","target":{"@type":"EntryPoint","urlTemplate":"https:\/\/jhrealestate.es\/fr\/?s={search_term_string}"},"query-input":{"@type":"PropertyValueSpecification","valueRequired":true,"valueName":"search_term_string"}}],"inLanguage":"fr-FR"},{"@type":"Organization","@id":"https:\/\/jhrealestate.es\/fr\/#organization","name":"JH Real Estate Mallorca","url":"https:\/\/jhrealestate.es\/fr\/","logo":{"@type":"ImageObject","inLanguage":"fr-FR","@id":"https:\/\/jhrealestate.es\/fr\/#\/schema\/logo\/image\/","url":"https:\/\/jhrealestate.es\/wp-content\/uploads\/2021\/11\/Logo-JHRE.png","contentUrl":"https:\/\/jhrealestate.es\/wp-content\/uploads\/2021\/11\/Logo-JHRE.png","width":252,"height":200,"caption":"JH Real Estate Mallorca"},"image":{"@id":"https:\/\/jhrealestate.es\/fr\/#\/schema\/logo\/image\/"},"sameAs":["https:\/\/www.facebook.com\/jh.realestatemallorca","https:\/\/www.instagram.com\/jh.realestatemallorca","https:\/\/www.youtube.com\/channel\/UCwlku0kp0G8CPBZ61xelIHw","https:\/\/www.linkedin.com\/in\/joseheredia1973\/"]}]}},"_links":{"self":[{"href":"https:\/\/jhrealestate.es\/fr\/wp-json\/wp\/v2\/properties\/3186","targetHints":{"allow":["GET"]}}],"collection":[{"href":"https:\/\/jhrealestate.es\/fr\/wp-json\/wp\/v2\/properties"}],"about":[{"href":"https:\/\/jhrealestate.es\/fr\/wp-json\/wp\/v2\/types\/rem_property"}],"author":[{"embeddable":true,"href":"https:\/\/jhrealestate.es\/fr\/wp-json\/wp\/v2\/users\/3"}],"wp:featuredmedia":[{"embeddable":true,"href":"https:\/\/jhrealestate.es\/fr\/wp-json\/wp\/v2\/media\/5998"}],"wp:attachment":[{"href":"https:\/\/jhrealestate.es\/fr\/wp-json\/wp\/v2\/media?parent=3186"}],"wp:term":[{"taxonomy":"rem_property_cat","embeddable":true,"href":"https:\/\/jhrealestate.es\/fr\/wp-json\/wp\/v2\/rem_property_cat?post=3186"}],"curies":[{"name":"wp","href":"https:\/\/api.w.org\/{rel}","templated":true}]}}