{"id":4245,"date":"2022-07-19T20:23:13","date_gmt":"2022-07-19T18:23:13","guid":{"rendered":"https:\/\/jhrealestate.es\/property\/al-jhre024-disponible-en-septembre-2022-maison-de-campagne-majorquine-du-xviie-siecle-renovee-a-santa-maria-del-cami\/"},"modified":"2023-07-24T16:52:28","modified_gmt":"2023-07-24T14:52:28","slug":"al-jhre024","status":"publish","type":"rem_property","link":"https:\/\/jhrealestate.es\/fr\/propriete\/al-jhre024\/","title":{"rendered":"AL-JHRE024 &#8211; Disponible en Septembre 2022 &#8211; Maison de campagne majorquine du XVIIe si\u00e8cle r\u00e9nov\u00e9e \u00e0 Santa Mar\u00eda del Cam\u00ed."},"content":{"rendered":"<p>La ferme est divis\u00e9e en deux maisons unifamiliales et ind\u00e9pendantes. Les diff\u00e9rentes r\u00e9formes entreprises ont permis l&rsquo;int\u00e9gration d&rsquo;\u00e9l\u00e9ments contemporains, tout en conservant le caract\u00e8re et le charme des anciennes maisons.<\/p>\n<p>La maison dispose de 337 m2 de surface habitable r\u00e9partis sur deux \u00e9tages.<br \/>\nAu rez-de-chauss\u00e9e il y a :<br \/>\n\u2022 Grand hall d&rsquo;entr\u00e9e<br \/>\n\u2022 salon avec chemin\u00e9e et pi\u00e8ce attenante<br \/>\n\u2022 Grande salle de bain avec douche et machine \u00e0 laver<br \/>\n\u2022 Salle biblioth\u00e8que pouvant \u00eatre convertie en salle \u00e0 manger<br \/>\n\u2022 Bureau\/chambre avec acc\u00e8s \u00e0 la terrasse du jardin arri\u00e8re<br \/>\n\u2022 D\u00e9barras\/cave<br \/>\n\u2022 Grande cuisine enti\u00e8rement meubl\u00e9e et \u00e9quip\u00e9e avec salle \u00e0 manger et acc\u00e8s \u00e0 la terrasse<br \/>\n\u2022 Grand garde-manger s\u00e9par\u00e9<br \/>\nSur la mezzanine, il y a un espace ouvert avec parquet et vue d\u00e9gag\u00e9e sur le salon. Il peut \u00eatre utilis\u00e9 comme bureau, salle de lecture ou salle de jeux pour les enfants.<br \/>\nAu premier \u00e9tage :<br \/>\n\u2022 Grande salle de t\u00e9l\u00e9vision<br \/>\n\u2022 2 chambres (une avec salle de bain attenante avec baignoire)<\/p>\n<p>La maison est accessible par un portail en pierre avec une porte en verre d\u2019acier, menant \u00e0 une entr\u00e9e \u00e0 double hauteur avec un mur en pierre apparente et une grande colonne en mar\u00e9s jusqu&rsquo;au plafond avec poutres apparentes.<br \/>\nDehors, il y a deux jardins avec beaucoup de terrain, une grande terrasse avec pergola et barbecue, pelouse et zone avec des arbres fruitiers.<br \/>\nGrand parking. La maison dispose d&rsquo;un syst\u00e8me d&rsquo;irrigation, de d\u00e9calcification et d&rsquo;osmose automatique.<\/p>\n<p>La maison dispose de la climatisation chaud\/froid, du chauffage \u00e9lectrique, eau chaude par thermos \u00e0 gaz (rez-de-chauss\u00e9e) et \u00e9lectrique (1er \u00e9tage).<\/p>\n<p>La maison est lou\u00e9e non meubl\u00e9e ou partiellement meubl\u00e9e.<\/p>\n<p>La maison b\u00e9n\u00e9ficie d&rsquo;un emplacement privil\u00e9gi\u00e9 avec vue d\u00e9gag\u00e9e sur la Serra de Tramuntana, \u00e0 5 minutes \u00e0 pied de la gare, \u00e0 10 minutes en voiture du centre commercial du Festival Park et \u00e0 20 minutes du centre de Palma.<\/p>\n<p>Le loyer comprend l&rsquo;eau (propre citerne) et un service d&rsquo;entretien de jardinage. Gaz, \u00e9lectricit\u00e9, Internet et frais annuels d&rsquo;ordures pay\u00e9s par les locataires. Nous recherchons des locataires de longue dur\u00e9e (minimum 1 an) avec de bonnes r\u00e9f\u00e9rences et garanties.<\/p>\n<p>1 mois de caution + 2 mois de caution suppl\u00e9mentaire sont demand\u00e9s.<\/p>\n","protected":false},"excerpt":{"rendered":"<p>SANTA MAR\u00cdA DEL CAM\u00cd<\/p>\n","protected":false},"author":3,"featured_media":5958,"parent":0,"menu_order":0,"template":"","rem_property_cat":[40],"class_list":["post-4245","rem_property","type-rem_property","status-publish","has-post-thumbnail","hentry","rem_property_cat-a-louer"],"yoast_head":"<!-- This site is optimized with the Yoast SEO plugin v26.9 - https:\/\/yoast.com\/product\/yoast-seo-wordpress\/ -->\n<title>AL-JHRE024 - Disponible en Septembre 2022 - Maison de campagne majorquine du XVIIe si\u00e8cle r\u00e9nov\u00e9e \u00e0 Santa Mar\u00eda del Cam\u00ed. | JH Real Estate Mallorca<\/title>\n<meta name=\"robots\" content=\"index, follow, max-snippet:-1, max-image-preview:large, max-video-preview:-1\" \/>\n<link rel=\"canonical\" href=\"https:\/\/jhrealestate.es\/fr\/propriete\/al-jhre024\/\" \/>\n<meta property=\"og:locale\" content=\"fr_FR\" \/>\n<meta property=\"og:type\" content=\"article\" \/>\n<meta property=\"og:title\" content=\"AL-JHRE024 - Disponible en Septembre 2022 - Maison de campagne majorquine du XVIIe si\u00e8cle r\u00e9nov\u00e9e \u00e0 Santa Mar\u00eda del Cam\u00ed. | JH Real Estate Mallorca\" \/>\n<meta property=\"og:description\" content=\"SANTA MAR\u00cdA DEL CAM\u00cd\" \/>\n<meta property=\"og:url\" content=\"https:\/\/jhrealestate.es\/fr\/propriete\/al-jhre024\/\" \/>\n<meta property=\"og:site_name\" content=\"JH Real Estate Mallorca\" \/>\n<meta property=\"article:publisher\" content=\"https:\/\/www.facebook.com\/jh.realestatemallorca\" \/>\n<meta property=\"article:modified_time\" content=\"2023-07-24T14:52:28+00:00\" \/>\n<meta property=\"og:image\" content=\"https:\/\/jhrealestate.es\/wp-content\/uploads\/2022\/07\/AL-JHRE024-1-1-1024x576.jpg\" \/>\n<meta name=\"twitter:card\" content=\"summary_large_image\" \/>\n<meta name=\"twitter:label1\" content=\"Dur\u00e9e de lecture estim\u00e9e\" \/>\n\t<meta name=\"twitter:data1\" content=\"2 minutes\" \/>\n<script type=\"application\/ld+json\" class=\"yoast-schema-graph\">{\"@context\":\"https:\/\/schema.org\",\"@graph\":[{\"@type\":[\"WebPage\",\"RealEstateListing\"],\"@id\":\"https:\/\/jhrealestate.es\/fr\/propriete\/al-jhre024\/\",\"url\":\"https:\/\/jhrealestate.es\/fr\/propriete\/al-jhre024\/\",\"name\":\"AL-JHRE024 - Disponible en Septembre 2022 - Maison de campagne majorquine du XVIIe si\u00e8cle r\u00e9nov\u00e9e \u00e0 Santa Mar\u00eda del Cam\u00ed. | JH Real Estate Mallorca\",\"isPartOf\":{\"@id\":\"https:\/\/jhrealestate.es\/fr\/#website\"},\"primaryImageOfPage\":{\"@id\":\"https:\/\/jhrealestate.es\/fr\/propriete\/al-jhre024\/#primaryimage\"},\"image\":{\"@id\":\"https:\/\/jhrealestate.es\/fr\/propriete\/al-jhre024\/#primaryimage\"},\"thumbnailUrl\":\"https:\/\/jhrealestate.es\/wp-content\/uploads\/2022\/07\/AL-JHRE024-1-1.jpg\",\"datePublished\":\"2022-07-19T18:23:13+00:00\",\"dateModified\":\"2023-07-24T14:52:28+00:00\",\"breadcrumb\":{\"@id\":\"https:\/\/jhrealestate.es\/fr\/propriete\/al-jhre024\/#breadcrumb\"},\"inLanguage\":\"fr-FR\",\"potentialAction\":[{\"@type\":\"ReadAction\",\"target\":[\"https:\/\/jhrealestate.es\/fr\/propriete\/al-jhre024\/\"]}]},{\"@type\":\"ImageObject\",\"inLanguage\":\"fr-FR\",\"@id\":\"https:\/\/jhrealestate.es\/fr\/propriete\/al-jhre024\/#primaryimage\",\"url\":\"https:\/\/jhrealestate.es\/wp-content\/uploads\/2022\/07\/AL-JHRE024-1-1.jpg\",\"contentUrl\":\"https:\/\/jhrealestate.es\/wp-content\/uploads\/2022\/07\/AL-JHRE024-1-1.jpg\",\"width\":1600,\"height\":900},{\"@type\":\"BreadcrumbList\",\"@id\":\"https:\/\/jhrealestate.es\/fr\/propriete\/al-jhre024\/#breadcrumb\",\"itemListElement\":[{\"@type\":\"ListItem\",\"position\":1,\"name\":\"Portada\",\"item\":\"https:\/\/jhrealestate.es\/fr\/\"},{\"@type\":\"ListItem\",\"position\":2,\"name\":\"Propri\u00e9t\u00e9s\",\"item\":\"https:\/\/jhrealestate.es\/fr\/propriete\/\"},{\"@type\":\"ListItem\",\"position\":3,\"name\":\"AL-JHRE024 &#8211; Disponible en Septembre 2022 &#8211; Maison de campagne majorquine du XVIIe si\u00e8cle r\u00e9nov\u00e9e \u00e0 Santa Mar\u00eda del Cam\u00ed.\"}]},{\"@type\":\"WebSite\",\"@id\":\"https:\/\/jhrealestate.es\/fr\/#website\",\"url\":\"https:\/\/jhrealestate.es\/fr\/\",\"name\":\"JH Real Estate Mallorca\",\"description\":\"Real Estate en Mallorca\",\"publisher\":{\"@id\":\"https:\/\/jhrealestate.es\/fr\/#organization\"},\"potentialAction\":[{\"@type\":\"SearchAction\",\"target\":{\"@type\":\"EntryPoint\",\"urlTemplate\":\"https:\/\/jhrealestate.es\/fr\/?s={search_term_string}\"},\"query-input\":{\"@type\":\"PropertyValueSpecification\",\"valueRequired\":true,\"valueName\":\"search_term_string\"}}],\"inLanguage\":\"fr-FR\"},{\"@type\":\"Organization\",\"@id\":\"https:\/\/jhrealestate.es\/fr\/#organization\",\"name\":\"JH Real Estate Mallorca\",\"url\":\"https:\/\/jhrealestate.es\/fr\/\",\"logo\":{\"@type\":\"ImageObject\",\"inLanguage\":\"fr-FR\",\"@id\":\"https:\/\/jhrealestate.es\/fr\/#\/schema\/logo\/image\/\",\"url\":\"https:\/\/jhrealestate.es\/wp-content\/uploads\/2021\/11\/Logo-JHRE.png\",\"contentUrl\":\"https:\/\/jhrealestate.es\/wp-content\/uploads\/2021\/11\/Logo-JHRE.png\",\"width\":252,\"height\":200,\"caption\":\"JH Real Estate Mallorca\"},\"image\":{\"@id\":\"https:\/\/jhrealestate.es\/fr\/#\/schema\/logo\/image\/\"},\"sameAs\":[\"https:\/\/www.facebook.com\/jh.realestatemallorca\",\"https:\/\/www.instagram.com\/jh.realestatemallorca\",\"https:\/\/www.youtube.com\/channel\/UCwlku0kp0G8CPBZ61xelIHw\",\"https:\/\/www.linkedin.com\/in\/joseheredia1973\/\"]}]}<\/script>\n<!-- \/ Yoast SEO plugin. -->","yoast_head_json":{"title":"AL-JHRE024 - Disponible en Septembre 2022 - Maison de campagne majorquine du XVIIe si\u00e8cle r\u00e9nov\u00e9e \u00e0 Santa Mar\u00eda del Cam\u00ed. | JH Real Estate Mallorca","robots":{"index":"index","follow":"follow","max-snippet":"max-snippet:-1","max-image-preview":"max-image-preview:large","max-video-preview":"max-video-preview:-1"},"canonical":"https:\/\/jhrealestate.es\/fr\/propriete\/al-jhre024\/","og_locale":"fr_FR","og_type":"article","og_title":"AL-JHRE024 - Disponible en Septembre 2022 - Maison de campagne majorquine du XVIIe si\u00e8cle r\u00e9nov\u00e9e \u00e0 Santa Mar\u00eda del Cam\u00ed. | JH Real Estate Mallorca","og_description":"SANTA MAR\u00cdA DEL CAM\u00cd","og_url":"https:\/\/jhrealestate.es\/fr\/propriete\/al-jhre024\/","og_site_name":"JH Real Estate Mallorca","article_publisher":"https:\/\/www.facebook.com\/jh.realestatemallorca","article_modified_time":"2023-07-24T14:52:28+00:00","og_image":[{"url":"https:\/\/jhrealestate.es\/wp-content\/uploads\/2022\/07\/AL-JHRE024-1-1-1024x576.jpg","type":"","width":"","height":""}],"twitter_card":"summary_large_image","twitter_misc":{"Dur\u00e9e de lecture estim\u00e9e":"2 minutes"},"schema":{"@context":"https:\/\/schema.org","@graph":[{"@type":["WebPage","RealEstateListing"],"@id":"https:\/\/jhrealestate.es\/fr\/propriete\/al-jhre024\/","url":"https:\/\/jhrealestate.es\/fr\/propriete\/al-jhre024\/","name":"AL-JHRE024 - Disponible en Septembre 2022 - Maison de campagne majorquine du XVIIe si\u00e8cle r\u00e9nov\u00e9e \u00e0 Santa Mar\u00eda del Cam\u00ed. | JH Real Estate Mallorca","isPartOf":{"@id":"https:\/\/jhrealestate.es\/fr\/#website"},"primaryImageOfPage":{"@id":"https:\/\/jhrealestate.es\/fr\/propriete\/al-jhre024\/#primaryimage"},"image":{"@id":"https:\/\/jhrealestate.es\/fr\/propriete\/al-jhre024\/#primaryimage"},"thumbnailUrl":"https:\/\/jhrealestate.es\/wp-content\/uploads\/2022\/07\/AL-JHRE024-1-1.jpg","datePublished":"2022-07-19T18:23:13+00:00","dateModified":"2023-07-24T14:52:28+00:00","breadcrumb":{"@id":"https:\/\/jhrealestate.es\/fr\/propriete\/al-jhre024\/#breadcrumb"},"inLanguage":"fr-FR","potentialAction":[{"@type":"ReadAction","target":["https:\/\/jhrealestate.es\/fr\/propriete\/al-jhre024\/"]}]},{"@type":"ImageObject","inLanguage":"fr-FR","@id":"https:\/\/jhrealestate.es\/fr\/propriete\/al-jhre024\/#primaryimage","url":"https:\/\/jhrealestate.es\/wp-content\/uploads\/2022\/07\/AL-JHRE024-1-1.jpg","contentUrl":"https:\/\/jhrealestate.es\/wp-content\/uploads\/2022\/07\/AL-JHRE024-1-1.jpg","width":1600,"height":900},{"@type":"BreadcrumbList","@id":"https:\/\/jhrealestate.es\/fr\/propriete\/al-jhre024\/#breadcrumb","itemListElement":[{"@type":"ListItem","position":1,"name":"Portada","item":"https:\/\/jhrealestate.es\/fr\/"},{"@type":"ListItem","position":2,"name":"Propri\u00e9t\u00e9s","item":"https:\/\/jhrealestate.es\/fr\/propriete\/"},{"@type":"ListItem","position":3,"name":"AL-JHRE024 &#8211; Disponible en Septembre 2022 &#8211; Maison de campagne majorquine du XVIIe si\u00e8cle r\u00e9nov\u00e9e \u00e0 Santa Mar\u00eda del Cam\u00ed."}]},{"@type":"WebSite","@id":"https:\/\/jhrealestate.es\/fr\/#website","url":"https:\/\/jhrealestate.es\/fr\/","name":"JH Real Estate Mallorca","description":"Real Estate en Mallorca","publisher":{"@id":"https:\/\/jhrealestate.es\/fr\/#organization"},"potentialAction":[{"@type":"SearchAction","target":{"@type":"EntryPoint","urlTemplate":"https:\/\/jhrealestate.es\/fr\/?s={search_term_string}"},"query-input":{"@type":"PropertyValueSpecification","valueRequired":true,"valueName":"search_term_string"}}],"inLanguage":"fr-FR"},{"@type":"Organization","@id":"https:\/\/jhrealestate.es\/fr\/#organization","name":"JH Real Estate Mallorca","url":"https:\/\/jhrealestate.es\/fr\/","logo":{"@type":"ImageObject","inLanguage":"fr-FR","@id":"https:\/\/jhrealestate.es\/fr\/#\/schema\/logo\/image\/","url":"https:\/\/jhrealestate.es\/wp-content\/uploads\/2021\/11\/Logo-JHRE.png","contentUrl":"https:\/\/jhrealestate.es\/wp-content\/uploads\/2021\/11\/Logo-JHRE.png","width":252,"height":200,"caption":"JH Real Estate Mallorca"},"image":{"@id":"https:\/\/jhrealestate.es\/fr\/#\/schema\/logo\/image\/"},"sameAs":["https:\/\/www.facebook.com\/jh.realestatemallorca","https:\/\/www.instagram.com\/jh.realestatemallorca","https:\/\/www.youtube.com\/channel\/UCwlku0kp0G8CPBZ61xelIHw","https:\/\/www.linkedin.com\/in\/joseheredia1973\/"]}]}},"_links":{"self":[{"href":"https:\/\/jhrealestate.es\/fr\/wp-json\/wp\/v2\/properties\/4245","targetHints":{"allow":["GET"]}}],"collection":[{"href":"https:\/\/jhrealestate.es\/fr\/wp-json\/wp\/v2\/properties"}],"about":[{"href":"https:\/\/jhrealestate.es\/fr\/wp-json\/wp\/v2\/types\/rem_property"}],"author":[{"embeddable":true,"href":"https:\/\/jhrealestate.es\/fr\/wp-json\/wp\/v2\/users\/3"}],"wp:featuredmedia":[{"embeddable":true,"href":"https:\/\/jhrealestate.es\/fr\/wp-json\/wp\/v2\/media\/5958"}],"wp:attachment":[{"href":"https:\/\/jhrealestate.es\/fr\/wp-json\/wp\/v2\/media?parent=4245"}],"wp:term":[{"taxonomy":"rem_property_cat","embeddable":true,"href":"https:\/\/jhrealestate.es\/fr\/wp-json\/wp\/v2\/rem_property_cat?post=4245"}],"curies":[{"name":"wp","href":"https:\/\/api.w.org\/{rel}","templated":true}]}}