{"id":4345,"date":"2022-07-23T10:21:39","date_gmt":"2022-07-23T08:21:39","guid":{"rendered":"https:\/\/jhrealestate.es\/property\/al-jhre025-grand-appartement-dans-le-quartier-de-son-armadans-avec-4-chambres-2-terrasses-et-parking\/"},"modified":"2023-07-24T16:53:52","modified_gmt":"2023-07-24T14:53:52","slug":"al-jhre025","status":"publish","type":"rem_property","link":"https:\/\/jhrealestate.es\/fr\/propriete\/al-jhre025\/","title":{"rendered":"AL-JHRE025 &#8211; Grand appartement dans le quartier de Son Armadans avec 4 chambres, 2 terrasses et parking."},"content":{"rendered":"<p>L\u2019appartement a une superficie totale de 147m2 distribu\u00e9s comme suit.<br \/>\n\u2022\u00a0 4 chambres avec placards int\u00e9gr\u00e9s<br \/>\n\u2022\u00a0 Grand salon-salle \u00e0 manger lumineux sur 2 niveaux avec acc\u00e8s aux 2 terrasses.<br \/>\n\u2022\u00a0 2 salles de bain compl\u00e8tes (toutes deux avec baignoire\/douche)<br \/>\n\u2022\u00a0 Parquet (carrelage dans la cuisine et les salles de bains)<br \/>\n\u2022\u00a0 Cuisine ind\u00e9pendante, meubl\u00e9e et \u00e9quip\u00e9e (r\u00e9frig\u00e9rateur, lave-vaisselle, four, vitro, micro-onde) avec garde-manger.<br \/>\n\u2022\u00a0 Galerie avec lave-linge, s\u00e8che-linge, Cave \u00e1 vin, armoires de rangement<br \/>\n\u2022\u00a0 Menuiserie ext\u00e9rieure climalit double vitrage (sauf dans la salle \u00e0 manger)<br \/>\n\u2022\u00a0 Chauffage par radiateurs \u00e0 gaz<br \/>\n\u2022\u00a0 Lou\u00e9 avec les meubles qui apparaissent sur les photos<br \/>\n\u2022\u00a0 3\u00e8me \u00e9tage avec ascenseur<br \/>\n\u2022\u00a0 Ann\u00e9e de construction : 1977<br \/>\n\u2022\u00a0 Grand garage inclus (1 voiture + 1 moto)<br \/>\nL\u2019appartement est situ\u00e9 dans un quartier r\u00e9sidentiel du centre de Palma avec tous les services \u00e0 proximit\u00e9, \u00e0 une courte distance du Paseo Maritimo et du quartier de Santa Catalina. Arr\u00eat de bus \u00e0 50m, Supermarch\u00e9 \u00e0 300m.<br \/>\nLes frais de communaut\u00e9 el l&rsquo;eau sont inclus dans le loyer mensuel. \u00c9lectricit\u00e9, gaz et taxe annuelle des ordures m\u00e9nag\u00e8res \u00e0 la charge des locataires.<br \/>\nCommunaut\u00e9 de seulement 8 voisins (1 voisin par \u00e9tage) tr\u00e8s calme avec un jardin tr\u00e8s bien conserv\u00e9.<br \/>\nConditions : 1 mois de caution + 1 mois de garantie suppl\u00e9mentaire + mois immobilier + TVA 21%<br \/>\nNous recherchons des locataires de longue dur\u00e9e avec de bonnes r\u00e9f\u00e9rences et garanties.<\/p>\n","protected":false},"excerpt":{"rendered":"<p>PALMA &#8211; SON ARMADANS<\/p>\n","protected":false},"author":3,"featured_media":5954,"parent":0,"menu_order":0,"template":"","rem_property_cat":[40],"class_list":["post-4345","rem_property","type-rem_property","status-publish","has-post-thumbnail","hentry","rem_property_cat-a-louer"],"yoast_head":"<!-- This site is optimized with the Yoast SEO plugin v26.9 - https:\/\/yoast.com\/product\/yoast-seo-wordpress\/ -->\n<title>AL-JHRE025 - Grand appartement dans le quartier de Son Armadans avec 4 chambres, 2 terrasses et parking. | JH Real Estate Mallorca<\/title>\n<meta name=\"robots\" content=\"index, follow, max-snippet:-1, max-image-preview:large, max-video-preview:-1\" \/>\n<link rel=\"canonical\" href=\"https:\/\/jhrealestate.es\/fr\/propriete\/al-jhre025\/\" \/>\n<meta property=\"og:locale\" content=\"fr_FR\" \/>\n<meta property=\"og:type\" content=\"article\" \/>\n<meta property=\"og:title\" content=\"AL-JHRE025 - Grand appartement dans le quartier de Son Armadans avec 4 chambres, 2 terrasses et parking. | JH Real Estate Mallorca\" \/>\n<meta property=\"og:description\" content=\"PALMA - SON ARMADANS\" \/>\n<meta property=\"og:url\" content=\"https:\/\/jhrealestate.es\/fr\/propriete\/al-jhre025\/\" \/>\n<meta property=\"og:site_name\" content=\"JH Real Estate Mallorca\" \/>\n<meta property=\"article:publisher\" content=\"https:\/\/www.facebook.com\/jh.realestatemallorca\" \/>\n<meta property=\"article:modified_time\" content=\"2023-07-24T14:53:52+00:00\" \/>\n<meta property=\"og:image\" content=\"https:\/\/jhrealestate.es\/wp-content\/uploads\/2022\/07\/AL-JHRE025-1-1-1024x576.jpg\" \/>\n<meta name=\"twitter:card\" content=\"summary_large_image\" \/>\n<meta name=\"twitter:label1\" content=\"Dur\u00e9e de lecture estim\u00e9e\" \/>\n\t<meta name=\"twitter:data1\" content=\"1 minute\" \/>\n<script type=\"application\/ld+json\" class=\"yoast-schema-graph\">{\"@context\":\"https:\/\/schema.org\",\"@graph\":[{\"@type\":[\"WebPage\",\"RealEstateListing\"],\"@id\":\"https:\/\/jhrealestate.es\/fr\/propriete\/al-jhre025\/\",\"url\":\"https:\/\/jhrealestate.es\/fr\/propriete\/al-jhre025\/\",\"name\":\"AL-JHRE025 - Grand appartement dans le quartier de Son Armadans avec 4 chambres, 2 terrasses et parking. | JH Real Estate Mallorca\",\"isPartOf\":{\"@id\":\"https:\/\/jhrealestate.es\/fr\/#website\"},\"primaryImageOfPage\":{\"@id\":\"https:\/\/jhrealestate.es\/fr\/propriete\/al-jhre025\/#primaryimage\"},\"image\":{\"@id\":\"https:\/\/jhrealestate.es\/fr\/propriete\/al-jhre025\/#primaryimage\"},\"thumbnailUrl\":\"https:\/\/jhrealestate.es\/wp-content\/uploads\/2022\/07\/AL-JHRE025-1-1.jpg\",\"datePublished\":\"2022-07-23T08:21:39+00:00\",\"dateModified\":\"2023-07-24T14:53:52+00:00\",\"breadcrumb\":{\"@id\":\"https:\/\/jhrealestate.es\/fr\/propriete\/al-jhre025\/#breadcrumb\"},\"inLanguage\":\"fr-FR\",\"potentialAction\":[{\"@type\":\"ReadAction\",\"target\":[\"https:\/\/jhrealestate.es\/fr\/propriete\/al-jhre025\/\"]}]},{\"@type\":\"ImageObject\",\"inLanguage\":\"fr-FR\",\"@id\":\"https:\/\/jhrealestate.es\/fr\/propriete\/al-jhre025\/#primaryimage\",\"url\":\"https:\/\/jhrealestate.es\/wp-content\/uploads\/2022\/07\/AL-JHRE025-1-1.jpg\",\"contentUrl\":\"https:\/\/jhrealestate.es\/wp-content\/uploads\/2022\/07\/AL-JHRE025-1-1.jpg\",\"width\":1600,\"height\":900},{\"@type\":\"BreadcrumbList\",\"@id\":\"https:\/\/jhrealestate.es\/fr\/propriete\/al-jhre025\/#breadcrumb\",\"itemListElement\":[{\"@type\":\"ListItem\",\"position\":1,\"name\":\"Portada\",\"item\":\"https:\/\/jhrealestate.es\/fr\/\"},{\"@type\":\"ListItem\",\"position\":2,\"name\":\"Propri\u00e9t\u00e9s\",\"item\":\"https:\/\/jhrealestate.es\/fr\/propriete\/\"},{\"@type\":\"ListItem\",\"position\":3,\"name\":\"AL-JHRE025 &#8211; Grand appartement dans le quartier de Son Armadans avec 4 chambres, 2 terrasses et parking.\"}]},{\"@type\":\"WebSite\",\"@id\":\"https:\/\/jhrealestate.es\/fr\/#website\",\"url\":\"https:\/\/jhrealestate.es\/fr\/\",\"name\":\"JH Real Estate Mallorca\",\"description\":\"Real Estate en Mallorca\",\"publisher\":{\"@id\":\"https:\/\/jhrealestate.es\/fr\/#organization\"},\"potentialAction\":[{\"@type\":\"SearchAction\",\"target\":{\"@type\":\"EntryPoint\",\"urlTemplate\":\"https:\/\/jhrealestate.es\/fr\/?s={search_term_string}\"},\"query-input\":{\"@type\":\"PropertyValueSpecification\",\"valueRequired\":true,\"valueName\":\"search_term_string\"}}],\"inLanguage\":\"fr-FR\"},{\"@type\":\"Organization\",\"@id\":\"https:\/\/jhrealestate.es\/fr\/#organization\",\"name\":\"JH Real Estate Mallorca\",\"url\":\"https:\/\/jhrealestate.es\/fr\/\",\"logo\":{\"@type\":\"ImageObject\",\"inLanguage\":\"fr-FR\",\"@id\":\"https:\/\/jhrealestate.es\/fr\/#\/schema\/logo\/image\/\",\"url\":\"https:\/\/jhrealestate.es\/wp-content\/uploads\/2021\/11\/Logo-JHRE.png\",\"contentUrl\":\"https:\/\/jhrealestate.es\/wp-content\/uploads\/2021\/11\/Logo-JHRE.png\",\"width\":252,\"height\":200,\"caption\":\"JH Real Estate Mallorca\"},\"image\":{\"@id\":\"https:\/\/jhrealestate.es\/fr\/#\/schema\/logo\/image\/\"},\"sameAs\":[\"https:\/\/www.facebook.com\/jh.realestatemallorca\",\"https:\/\/www.instagram.com\/jh.realestatemallorca\",\"https:\/\/www.youtube.com\/channel\/UCwlku0kp0G8CPBZ61xelIHw\",\"https:\/\/www.linkedin.com\/in\/joseheredia1973\/\"]}]}<\/script>\n<!-- \/ Yoast SEO plugin. -->","yoast_head_json":{"title":"AL-JHRE025 - Grand appartement dans le quartier de Son Armadans avec 4 chambres, 2 terrasses et parking. | JH Real Estate Mallorca","robots":{"index":"index","follow":"follow","max-snippet":"max-snippet:-1","max-image-preview":"max-image-preview:large","max-video-preview":"max-video-preview:-1"},"canonical":"https:\/\/jhrealestate.es\/fr\/propriete\/al-jhre025\/","og_locale":"fr_FR","og_type":"article","og_title":"AL-JHRE025 - Grand appartement dans le quartier de Son Armadans avec 4 chambres, 2 terrasses et parking. | JH Real Estate Mallorca","og_description":"PALMA - SON ARMADANS","og_url":"https:\/\/jhrealestate.es\/fr\/propriete\/al-jhre025\/","og_site_name":"JH Real Estate Mallorca","article_publisher":"https:\/\/www.facebook.com\/jh.realestatemallorca","article_modified_time":"2023-07-24T14:53:52+00:00","og_image":[{"url":"https:\/\/jhrealestate.es\/wp-content\/uploads\/2022\/07\/AL-JHRE025-1-1-1024x576.jpg","type":"","width":"","height":""}],"twitter_card":"summary_large_image","twitter_misc":{"Dur\u00e9e de lecture estim\u00e9e":"1 minute"},"schema":{"@context":"https:\/\/schema.org","@graph":[{"@type":["WebPage","RealEstateListing"],"@id":"https:\/\/jhrealestate.es\/fr\/propriete\/al-jhre025\/","url":"https:\/\/jhrealestate.es\/fr\/propriete\/al-jhre025\/","name":"AL-JHRE025 - Grand appartement dans le quartier de Son Armadans avec 4 chambres, 2 terrasses et parking. | JH Real Estate Mallorca","isPartOf":{"@id":"https:\/\/jhrealestate.es\/fr\/#website"},"primaryImageOfPage":{"@id":"https:\/\/jhrealestate.es\/fr\/propriete\/al-jhre025\/#primaryimage"},"image":{"@id":"https:\/\/jhrealestate.es\/fr\/propriete\/al-jhre025\/#primaryimage"},"thumbnailUrl":"https:\/\/jhrealestate.es\/wp-content\/uploads\/2022\/07\/AL-JHRE025-1-1.jpg","datePublished":"2022-07-23T08:21:39+00:00","dateModified":"2023-07-24T14:53:52+00:00","breadcrumb":{"@id":"https:\/\/jhrealestate.es\/fr\/propriete\/al-jhre025\/#breadcrumb"},"inLanguage":"fr-FR","potentialAction":[{"@type":"ReadAction","target":["https:\/\/jhrealestate.es\/fr\/propriete\/al-jhre025\/"]}]},{"@type":"ImageObject","inLanguage":"fr-FR","@id":"https:\/\/jhrealestate.es\/fr\/propriete\/al-jhre025\/#primaryimage","url":"https:\/\/jhrealestate.es\/wp-content\/uploads\/2022\/07\/AL-JHRE025-1-1.jpg","contentUrl":"https:\/\/jhrealestate.es\/wp-content\/uploads\/2022\/07\/AL-JHRE025-1-1.jpg","width":1600,"height":900},{"@type":"BreadcrumbList","@id":"https:\/\/jhrealestate.es\/fr\/propriete\/al-jhre025\/#breadcrumb","itemListElement":[{"@type":"ListItem","position":1,"name":"Portada","item":"https:\/\/jhrealestate.es\/fr\/"},{"@type":"ListItem","position":2,"name":"Propri\u00e9t\u00e9s","item":"https:\/\/jhrealestate.es\/fr\/propriete\/"},{"@type":"ListItem","position":3,"name":"AL-JHRE025 &#8211; Grand appartement dans le quartier de Son Armadans avec 4 chambres, 2 terrasses et parking."}]},{"@type":"WebSite","@id":"https:\/\/jhrealestate.es\/fr\/#website","url":"https:\/\/jhrealestate.es\/fr\/","name":"JH Real Estate Mallorca","description":"Real Estate en Mallorca","publisher":{"@id":"https:\/\/jhrealestate.es\/fr\/#organization"},"potentialAction":[{"@type":"SearchAction","target":{"@type":"EntryPoint","urlTemplate":"https:\/\/jhrealestate.es\/fr\/?s={search_term_string}"},"query-input":{"@type":"PropertyValueSpecification","valueRequired":true,"valueName":"search_term_string"}}],"inLanguage":"fr-FR"},{"@type":"Organization","@id":"https:\/\/jhrealestate.es\/fr\/#organization","name":"JH Real Estate Mallorca","url":"https:\/\/jhrealestate.es\/fr\/","logo":{"@type":"ImageObject","inLanguage":"fr-FR","@id":"https:\/\/jhrealestate.es\/fr\/#\/schema\/logo\/image\/","url":"https:\/\/jhrealestate.es\/wp-content\/uploads\/2021\/11\/Logo-JHRE.png","contentUrl":"https:\/\/jhrealestate.es\/wp-content\/uploads\/2021\/11\/Logo-JHRE.png","width":252,"height":200,"caption":"JH Real Estate Mallorca"},"image":{"@id":"https:\/\/jhrealestate.es\/fr\/#\/schema\/logo\/image\/"},"sameAs":["https:\/\/www.facebook.com\/jh.realestatemallorca","https:\/\/www.instagram.com\/jh.realestatemallorca","https:\/\/www.youtube.com\/channel\/UCwlku0kp0G8CPBZ61xelIHw","https:\/\/www.linkedin.com\/in\/joseheredia1973\/"]}]}},"_links":{"self":[{"href":"https:\/\/jhrealestate.es\/fr\/wp-json\/wp\/v2\/properties\/4345","targetHints":{"allow":["GET"]}}],"collection":[{"href":"https:\/\/jhrealestate.es\/fr\/wp-json\/wp\/v2\/properties"}],"about":[{"href":"https:\/\/jhrealestate.es\/fr\/wp-json\/wp\/v2\/types\/rem_property"}],"author":[{"embeddable":true,"href":"https:\/\/jhrealestate.es\/fr\/wp-json\/wp\/v2\/users\/3"}],"wp:featuredmedia":[{"embeddable":true,"href":"https:\/\/jhrealestate.es\/fr\/wp-json\/wp\/v2\/media\/5954"}],"wp:attachment":[{"href":"https:\/\/jhrealestate.es\/fr\/wp-json\/wp\/v2\/media?parent=4345"}],"wp:term":[{"taxonomy":"rem_property_cat","embeddable":true,"href":"https:\/\/jhrealestate.es\/fr\/wp-json\/wp\/v2\/rem_property_cat?post=4345"}],"curies":[{"name":"wp","href":"https:\/\/api.w.org\/{rel}","templated":true}]}}