{"id":5382,"date":"2022-11-11T14:50:49","date_gmt":"2022-11-11T13:50:49","guid":{"rendered":"https:\/\/jhrealestate.es\/propiedad\/al-jhre032\/"},"modified":"2023-07-24T18:06:02","modified_gmt":"2023-07-24T16:06:02","slug":"al-jhre032","status":"publish","type":"rem_property","link":"https:\/\/jhrealestate.es\/fr\/propriete\/al-jhre032\/","title":{"rendered":"AL-JHRE032 &#8211; Rez-de-chauss\u00e9e avec grande terrasse et jardin \u00e0 Cas Catal\u00e0 &#8211; Calvi\u00e0 &#8211; 100m de la plage"},"content":{"rendered":"<p>REZ-DE-CHAUSS\u00c9E AVEC GRANDE TERRASSE ET JARDIN \u00c0 CAS CATALA &#8211; CALVI\u00c0 &#8211; \u00c0 100m de la plage.<\/p>\n<p>L\u2019appartement est situ\u00e9 dans un quartier r\u00e9sidentiel tr\u00e8s calme et exclusif, \u00e0 seulement 2 minutes de la plage de Cal\u00f3 des Macs avec son restaurant populaire Bugambilia. Il a une superficie totale construite de 113 m2 r\u00e9partis entre<\/p>\n<p>\u2022\u00a0 \u00a0 Grand salon lumineux d&rsquo;une surface utile de 28 m2 avec acc\u00e8s au porche et au vaste jardin.<br \/>\n\u2022\u00a0 \u00a0 3 chambres doubles avec placards int\u00e9gr\u00e9s.<br \/>\n\u2022\u00a0 \u00a0 Pi\u00e8ce attenante ind\u00e9pendante d&rsquo;environ 18 m2 climatis\u00e9e pouvant servir de 4\u00e8me chambre, bureau ou salle de jeux pour enfants.<br \/>\n\u2022\u00a0 \u00a0 2 salles de bains (1 en suite)<br \/>\n\u2022\u00a0 \u00a0 Cuisine enti\u00e8rement meubl\u00e9e et \u00e9quip\u00e9e (lave-linge et s\u00e8che-linge inclus) avec acc\u00e8s \u00e0 la terrasse arri\u00e8re<br \/>\n\u2022\u00a0 \u00a0 Climatisation dans le salon\/salle \u00e0 manger et la pi\u00e8ce attenante<br \/>\n\u2022\u00a0 \u00a0 Chauffage par radiateurs \u00e0 gaz<br \/>\n\u2022\u00a0 \u00a0 Ventilateurs de plafond dans les chambres et le salon<br \/>\n\u2022\u00a0 \u00a0 Douche ext\u00e9rieure<br \/>\n\u2022\u00a0 \u00a0 Lou\u00e9 meubl\u00e9, semi-meubl\u00e9 ou non meubl\u00e9 selon les besoins du locataire<br \/>\n\u2022\u00a0 \u00a0 Grand jardin avec syst\u00e8me d&rsquo;irrigation automatique et gazon naturel<br \/>\n\u2022\u00a0 \u00a0 Animaux domestiques accept\u00e9s<br \/>\n\u2022\u00a0 \u00a0 Place de parking ext\u00e9rieure et couverte incluse (stationnement facile dans la rue)<br \/>\n\u2022\u00a0 \u00a0 Orientation &#8211; Est<br \/>\n\u2022\u00a0 \u00a0 Sol stratifi\u00e9, carrelage dans les salles de bains et la cuisine<br \/>\n\u2022\u00a0 \u00a0 Fen\u00eatres en aluminium avec double vitrage dans toutes les pi\u00e8ces<br \/>\n\u2022\u00a0 \u00a0 Grand espace ext\u00e9rieur avec porche, terrasses et jardin d&rsquo;environ 250 m2<br \/>\n\u2022\u00a0 \u00a0 Menuiserie int\u00e9rieure laqu\u00e9e blanche<br \/>\n\u2022\u00a0 \u00a0 Ann\u00e9e de construction 1992<\/p>\n<p>\u00c0 l&rsquo;ext\u00e9rieur, il y a un grand porche avec des stores \u00e9lectriques et une grande terrasse ext\u00e9rieure avec espace de repos. De l&rsquo;autre c\u00f4t\u00e9 de la maison, vous pouvez profiter d&rsquo;un vaste jardin en gazon naturel avec une porte d&rsquo;acc\u00e8s au jardin communautaire qui vous m\u00e8nera \u00e0 la piscine communautaire.<\/p>\n<p>Charges comprises dans le loyer. Eau, gaz, \u00e9lectricit\u00e9 et redevance annuelle d&rsquo;ordures m\u00e9nag\u00e8res \u00e0 la charge du locataire.<\/p>\n<p>Dans les environs, vous trouverez un large \u00e9ventail de services et de magasins, supermarch\u00e9s, restaurants. A une courte distance de la marina de Cala Nova. Arr\u00eat de bus \u00e0 100m.<\/p>\n<p>Nous recherchons des locataires de longue dur\u00e9e avec de bonnes r\u00e9f\u00e9rences et garanties.<br \/>\nConditions : 1 mois de caution + caution suppl\u00e9mentaire pour le mobilier (si lou\u00e9 meubl\u00e9)<br \/>\nFrais Agence immobili\u00e8re: 1 mois + 21%<\/p>\n","protected":false},"excerpt":{"rendered":"<p>CAS CATAL\u00c0 &#8211; CALVI\u00c0<\/p>\n","protected":false},"author":3,"featured_media":5898,"parent":0,"menu_order":0,"template":"","rem_property_cat":[],"class_list":["post-5382","rem_property","type-rem_property","status-publish","has-post-thumbnail","hentry"],"yoast_head":"<!-- This site is optimized with the Yoast SEO plugin v26.9 - https:\/\/yoast.com\/product\/yoast-seo-wordpress\/ -->\n<title>AL-JHRE032 - Rez-de-chauss\u00e9e avec grande terrasse et jardin \u00e0 Cas Catal\u00e0 - Calvi\u00e0 - 100m de la plage | JH Real Estate Mallorca<\/title>\n<meta name=\"robots\" content=\"index, follow, max-snippet:-1, max-image-preview:large, max-video-preview:-1\" \/>\n<link rel=\"canonical\" href=\"https:\/\/jhrealestate.es\/fr\/propriete\/al-jhre032\/\" \/>\n<meta property=\"og:locale\" content=\"fr_FR\" \/>\n<meta property=\"og:type\" content=\"article\" \/>\n<meta property=\"og:title\" content=\"AL-JHRE032 - Rez-de-chauss\u00e9e avec grande terrasse et jardin \u00e0 Cas Catal\u00e0 - Calvi\u00e0 - 100m de la plage | JH Real Estate Mallorca\" \/>\n<meta property=\"og:description\" content=\"CAS CATAL\u00c0 - CALVI\u00c0\" \/>\n<meta property=\"og:url\" content=\"https:\/\/jhrealestate.es\/fr\/propriete\/al-jhre032\/\" \/>\n<meta property=\"og:site_name\" content=\"JH Real Estate Mallorca\" \/>\n<meta property=\"article:publisher\" content=\"https:\/\/www.facebook.com\/jh.realestatemallorca\" \/>\n<meta property=\"article:modified_time\" content=\"2023-07-24T16:06:02+00:00\" \/>\n<meta property=\"og:image\" content=\"https:\/\/jhrealestate.es\/wp-content\/uploads\/2022\/11\/AL-JHRE032-1-1024x576.jpg\" \/>\n<meta name=\"twitter:card\" content=\"summary_large_image\" \/>\n<meta name=\"twitter:label1\" content=\"Dur\u00e9e de lecture estim\u00e9e\" \/>\n\t<meta name=\"twitter:data1\" content=\"2 minutes\" \/>\n<script type=\"application\/ld+json\" class=\"yoast-schema-graph\">{\"@context\":\"https:\/\/schema.org\",\"@graph\":[{\"@type\":[\"WebPage\",\"RealEstateListing\"],\"@id\":\"https:\/\/jhrealestate.es\/fr\/propriete\/al-jhre032\/\",\"url\":\"https:\/\/jhrealestate.es\/fr\/propriete\/al-jhre032\/\",\"name\":\"AL-JHRE032 - Rez-de-chauss\u00e9e avec grande terrasse et jardin \u00e0 Cas Catal\u00e0 - Calvi\u00e0 - 100m de la plage | JH Real Estate Mallorca\",\"isPartOf\":{\"@id\":\"https:\/\/jhrealestate.es\/fr\/#website\"},\"primaryImageOfPage\":{\"@id\":\"https:\/\/jhrealestate.es\/fr\/propriete\/al-jhre032\/#primaryimage\"},\"image\":{\"@id\":\"https:\/\/jhrealestate.es\/fr\/propriete\/al-jhre032\/#primaryimage\"},\"thumbnailUrl\":\"https:\/\/jhrealestate.es\/wp-content\/uploads\/2022\/11\/AL-JHRE032-1-1.jpg\",\"datePublished\":\"2022-11-11T13:50:49+00:00\",\"dateModified\":\"2023-07-24T16:06:02+00:00\",\"breadcrumb\":{\"@id\":\"https:\/\/jhrealestate.es\/fr\/propriete\/al-jhre032\/#breadcrumb\"},\"inLanguage\":\"fr-FR\",\"potentialAction\":[{\"@type\":\"ReadAction\",\"target\":[\"https:\/\/jhrealestate.es\/fr\/propriete\/al-jhre032\/\"]}]},{\"@type\":\"ImageObject\",\"inLanguage\":\"fr-FR\",\"@id\":\"https:\/\/jhrealestate.es\/fr\/propriete\/al-jhre032\/#primaryimage\",\"url\":\"https:\/\/jhrealestate.es\/wp-content\/uploads\/2022\/11\/AL-JHRE032-1-1.jpg\",\"contentUrl\":\"https:\/\/jhrealestate.es\/wp-content\/uploads\/2022\/11\/AL-JHRE032-1-1.jpg\",\"width\":1600,\"height\":900},{\"@type\":\"BreadcrumbList\",\"@id\":\"https:\/\/jhrealestate.es\/fr\/propriete\/al-jhre032\/#breadcrumb\",\"itemListElement\":[{\"@type\":\"ListItem\",\"position\":1,\"name\":\"Portada\",\"item\":\"https:\/\/jhrealestate.es\/fr\/\"},{\"@type\":\"ListItem\",\"position\":2,\"name\":\"Propri\u00e9t\u00e9s\",\"item\":\"https:\/\/jhrealestate.es\/fr\/propriete\/\"},{\"@type\":\"ListItem\",\"position\":3,\"name\":\"AL-JHRE032 &#8211; Rez-de-chauss\u00e9e avec grande terrasse et jardin \u00e0 Cas Catal\u00e0 &#8211; Calvi\u00e0 &#8211; 100m de la plage\"}]},{\"@type\":\"WebSite\",\"@id\":\"https:\/\/jhrealestate.es\/fr\/#website\",\"url\":\"https:\/\/jhrealestate.es\/fr\/\",\"name\":\"JH Real Estate Mallorca\",\"description\":\"Real Estate en Mallorca\",\"publisher\":{\"@id\":\"https:\/\/jhrealestate.es\/fr\/#organization\"},\"potentialAction\":[{\"@type\":\"SearchAction\",\"target\":{\"@type\":\"EntryPoint\",\"urlTemplate\":\"https:\/\/jhrealestate.es\/fr\/?s={search_term_string}\"},\"query-input\":{\"@type\":\"PropertyValueSpecification\",\"valueRequired\":true,\"valueName\":\"search_term_string\"}}],\"inLanguage\":\"fr-FR\"},{\"@type\":\"Organization\",\"@id\":\"https:\/\/jhrealestate.es\/fr\/#organization\",\"name\":\"JH Real Estate Mallorca\",\"url\":\"https:\/\/jhrealestate.es\/fr\/\",\"logo\":{\"@type\":\"ImageObject\",\"inLanguage\":\"fr-FR\",\"@id\":\"https:\/\/jhrealestate.es\/fr\/#\/schema\/logo\/image\/\",\"url\":\"https:\/\/jhrealestate.es\/wp-content\/uploads\/2021\/11\/Logo-JHRE.png\",\"contentUrl\":\"https:\/\/jhrealestate.es\/wp-content\/uploads\/2021\/11\/Logo-JHRE.png\",\"width\":252,\"height\":200,\"caption\":\"JH Real Estate Mallorca\"},\"image\":{\"@id\":\"https:\/\/jhrealestate.es\/fr\/#\/schema\/logo\/image\/\"},\"sameAs\":[\"https:\/\/www.facebook.com\/jh.realestatemallorca\",\"https:\/\/www.instagram.com\/jh.realestatemallorca\",\"https:\/\/www.youtube.com\/channel\/UCwlku0kp0G8CPBZ61xelIHw\",\"https:\/\/www.linkedin.com\/in\/joseheredia1973\/\"]}]}<\/script>\n<!-- \/ Yoast SEO plugin. -->","yoast_head_json":{"title":"AL-JHRE032 - Rez-de-chauss\u00e9e avec grande terrasse et jardin \u00e0 Cas Catal\u00e0 - Calvi\u00e0 - 100m de la plage | JH Real Estate Mallorca","robots":{"index":"index","follow":"follow","max-snippet":"max-snippet:-1","max-image-preview":"max-image-preview:large","max-video-preview":"max-video-preview:-1"},"canonical":"https:\/\/jhrealestate.es\/fr\/propriete\/al-jhre032\/","og_locale":"fr_FR","og_type":"article","og_title":"AL-JHRE032 - Rez-de-chauss\u00e9e avec grande terrasse et jardin \u00e0 Cas Catal\u00e0 - Calvi\u00e0 - 100m de la plage | JH Real Estate Mallorca","og_description":"CAS CATAL\u00c0 - CALVI\u00c0","og_url":"https:\/\/jhrealestate.es\/fr\/propriete\/al-jhre032\/","og_site_name":"JH Real Estate Mallorca","article_publisher":"https:\/\/www.facebook.com\/jh.realestatemallorca","article_modified_time":"2023-07-24T16:06:02+00:00","og_image":[{"url":"https:\/\/jhrealestate.es\/wp-content\/uploads\/2022\/11\/AL-JHRE032-1-1024x576.jpg","type":"","width":"","height":""}],"twitter_card":"summary_large_image","twitter_misc":{"Dur\u00e9e de lecture estim\u00e9e":"2 minutes"},"schema":{"@context":"https:\/\/schema.org","@graph":[{"@type":["WebPage","RealEstateListing"],"@id":"https:\/\/jhrealestate.es\/fr\/propriete\/al-jhre032\/","url":"https:\/\/jhrealestate.es\/fr\/propriete\/al-jhre032\/","name":"AL-JHRE032 - Rez-de-chauss\u00e9e avec grande terrasse et jardin \u00e0 Cas Catal\u00e0 - Calvi\u00e0 - 100m de la plage | JH Real Estate Mallorca","isPartOf":{"@id":"https:\/\/jhrealestate.es\/fr\/#website"},"primaryImageOfPage":{"@id":"https:\/\/jhrealestate.es\/fr\/propriete\/al-jhre032\/#primaryimage"},"image":{"@id":"https:\/\/jhrealestate.es\/fr\/propriete\/al-jhre032\/#primaryimage"},"thumbnailUrl":"https:\/\/jhrealestate.es\/wp-content\/uploads\/2022\/11\/AL-JHRE032-1-1.jpg","datePublished":"2022-11-11T13:50:49+00:00","dateModified":"2023-07-24T16:06:02+00:00","breadcrumb":{"@id":"https:\/\/jhrealestate.es\/fr\/propriete\/al-jhre032\/#breadcrumb"},"inLanguage":"fr-FR","potentialAction":[{"@type":"ReadAction","target":["https:\/\/jhrealestate.es\/fr\/propriete\/al-jhre032\/"]}]},{"@type":"ImageObject","inLanguage":"fr-FR","@id":"https:\/\/jhrealestate.es\/fr\/propriete\/al-jhre032\/#primaryimage","url":"https:\/\/jhrealestate.es\/wp-content\/uploads\/2022\/11\/AL-JHRE032-1-1.jpg","contentUrl":"https:\/\/jhrealestate.es\/wp-content\/uploads\/2022\/11\/AL-JHRE032-1-1.jpg","width":1600,"height":900},{"@type":"BreadcrumbList","@id":"https:\/\/jhrealestate.es\/fr\/propriete\/al-jhre032\/#breadcrumb","itemListElement":[{"@type":"ListItem","position":1,"name":"Portada","item":"https:\/\/jhrealestate.es\/fr\/"},{"@type":"ListItem","position":2,"name":"Propri\u00e9t\u00e9s","item":"https:\/\/jhrealestate.es\/fr\/propriete\/"},{"@type":"ListItem","position":3,"name":"AL-JHRE032 &#8211; Rez-de-chauss\u00e9e avec grande terrasse et jardin \u00e0 Cas Catal\u00e0 &#8211; Calvi\u00e0 &#8211; 100m de la plage"}]},{"@type":"WebSite","@id":"https:\/\/jhrealestate.es\/fr\/#website","url":"https:\/\/jhrealestate.es\/fr\/","name":"JH Real Estate Mallorca","description":"Real Estate en Mallorca","publisher":{"@id":"https:\/\/jhrealestate.es\/fr\/#organization"},"potentialAction":[{"@type":"SearchAction","target":{"@type":"EntryPoint","urlTemplate":"https:\/\/jhrealestate.es\/fr\/?s={search_term_string}"},"query-input":{"@type":"PropertyValueSpecification","valueRequired":true,"valueName":"search_term_string"}}],"inLanguage":"fr-FR"},{"@type":"Organization","@id":"https:\/\/jhrealestate.es\/fr\/#organization","name":"JH Real Estate Mallorca","url":"https:\/\/jhrealestate.es\/fr\/","logo":{"@type":"ImageObject","inLanguage":"fr-FR","@id":"https:\/\/jhrealestate.es\/fr\/#\/schema\/logo\/image\/","url":"https:\/\/jhrealestate.es\/wp-content\/uploads\/2021\/11\/Logo-JHRE.png","contentUrl":"https:\/\/jhrealestate.es\/wp-content\/uploads\/2021\/11\/Logo-JHRE.png","width":252,"height":200,"caption":"JH Real Estate Mallorca"},"image":{"@id":"https:\/\/jhrealestate.es\/fr\/#\/schema\/logo\/image\/"},"sameAs":["https:\/\/www.facebook.com\/jh.realestatemallorca","https:\/\/www.instagram.com\/jh.realestatemallorca","https:\/\/www.youtube.com\/channel\/UCwlku0kp0G8CPBZ61xelIHw","https:\/\/www.linkedin.com\/in\/joseheredia1973\/"]}]}},"_links":{"self":[{"href":"https:\/\/jhrealestate.es\/fr\/wp-json\/wp\/v2\/properties\/5382","targetHints":{"allow":["GET"]}}],"collection":[{"href":"https:\/\/jhrealestate.es\/fr\/wp-json\/wp\/v2\/properties"}],"about":[{"href":"https:\/\/jhrealestate.es\/fr\/wp-json\/wp\/v2\/types\/rem_property"}],"author":[{"embeddable":true,"href":"https:\/\/jhrealestate.es\/fr\/wp-json\/wp\/v2\/users\/3"}],"wp:featuredmedia":[{"embeddable":true,"href":"https:\/\/jhrealestate.es\/fr\/wp-json\/wp\/v2\/media\/5898"}],"wp:attachment":[{"href":"https:\/\/jhrealestate.es\/fr\/wp-json\/wp\/v2\/media?parent=5382"}],"wp:term":[{"taxonomy":"rem_property_cat","embeddable":true,"href":"https:\/\/jhrealestate.es\/fr\/wp-json\/wp\/v2\/rem_property_cat?post=5382"}],"curies":[{"name":"wp","href":"https:\/\/api.w.org\/{rel}","templated":true}]}}