{"id":5603,"date":"2022-11-29T21:17:12","date_gmt":"2022-11-29T20:17:12","guid":{"rendered":"https:\/\/jhrealestate.es\/propiedad\/al-jhre034\/"},"modified":"2024-03-02T12:17:20","modified_gmt":"2024-03-02T11:17:20","slug":"al-jhre034","status":"publish","type":"rem_property","link":"https:\/\/jhrealestate.es\/fr\/propriete\/al-jhre034\/","title":{"rendered":"AL-JHRE034 &#8211; Appartement avec 2 chambres, vues sur mer et parking"},"content":{"rendered":"<p>LOCATION SAISONNI\u00c8RE \u00c0 PARTIR DE 1 150 EUR \/ mois \u2013 MINIMUM 2 MOIS (JUILLET &amp; AO\u00dbT NON DISPONIBLE) \u2013 V\u00c9RIFIER LA DISPONIBILIT\u00c9 ET LES PRIX<\/p>\n<p>Appartement tr\u00e8s confortable de 2 chambres avec parking et terrasse avec vue sur la mer &#8211; \u00e0 50m de la mer<br \/>La maison est situ\u00e9e au 2\u00e8me \u00e9tage d&rsquo;un immeuble tr\u00e8s calme du quartier de Sant Agust\u00ed. Il a une d\u00e9coration tr\u00e8s chaleureuse et une superficie totale construite de 67 m2 r\u00e9partis entre :<\/p>\n<p>\u2022 Salle \u00e0 manger tr\u00e8s lumineuse de 20 m2 avec acc\u00e8s \u00e0 une terrasse de 6 m2 avec vue sur la mer<br \/>\u2022 Cuisine ind\u00e9pendante enti\u00e8rement meubl\u00e9e et \u00e9quip\u00e9e avec lave-vaisselle, r\u00e9frig\u00e9rateur, four, plaque vitroc\u00e9ramique, micro-onde &amp; cafeti\u00e8re Nespresso.<br \/>\u2022 Buanderie\/garde-manger avec lave-linge et s\u00e8che-linge.<br \/>\u2022 2 chambres doubles avec placards (une avec un lit double, l&rsquo;autre avec un lit simple pouvant \u00eatre converti en lit double)<br \/>\u2022 Salle de bain avec douche\/baignoire et s\u00e8che-serviettes.<br \/>\u2022 Climatisation (chaud\/froid) dans le salon et les chambres<br \/>\u2022 Radiateurs \u00e9lectriques dans le salon, la cuisine et les chambres<br \/>\u2022 Sol carrel\u00e9 dans toute la maison.<br \/>\u2022 \u00c0 louer MEUBL\u00c9<br \/>\u2022 Fen\u00eatres en aluminium blanc \u00e0 double vitrage.<br \/>\u2022 Ann\u00e9e de construction 2001<br \/>\u2022 Connexion Internet par fibre optique<br \/>\u2022 Place de parking<br \/>\u2022 Syst\u00e8me d&rsquo;alarme<br \/>\u2022 Les animaux domestiques ne sont pas accept\u00e9s.<br \/>\u2022 Orientation sud<br \/>\u2022 Immeuble avec ascenseur<\/p>\n<p>L&rsquo;appartement est situ\u00e9 dans une rue calme \u00e0 seulement 200 m\u00e8tres de la plage, arr\u00eat de bus \u00e0 50 m\u00e8tres. Le quartier dispose de tous les services, de commerces et d&rsquo;un large choix de restaurants. Supermarch\u00e9 \u00e0 250m. Le Cala Nova Yacht Club avec son beach-club est \u00e0 seulement 300 m\u00e8tres.<br \/>Le loyer comprend les frais de communaut\u00e9, l&rsquo;eau et internet. \u00c9lectricit\u00e9 non incluse.<\/p>\n<p>Conditions : 1 mois de caution<br \/>Honoraires Agence immobili\u00e8re = 10% du total du s\u00e9jour<\/p>\n","protected":false},"excerpt":{"rendered":"<p>PALMA &#8211; SANT AGUST\u00cd<\/p>\n","protected":false},"author":3,"featured_media":5855,"parent":0,"menu_order":0,"template":"","rem_property_cat":[],"class_list":["post-5603","rem_property","type-rem_property","status-publish","has-post-thumbnail","hentry"],"yoast_head":"<!-- This site is optimized with the Yoast SEO plugin v26.9 - https:\/\/yoast.com\/product\/yoast-seo-wordpress\/ -->\n<title>AL-JHRE034 - Appartement avec 2 chambres, vues sur mer et parking | JH Real Estate Mallorca<\/title>\n<meta name=\"robots\" content=\"index, follow, max-snippet:-1, max-image-preview:large, max-video-preview:-1\" \/>\n<link rel=\"canonical\" href=\"https:\/\/jhrealestate.es\/fr\/propriete\/al-jhre034\/\" \/>\n<meta property=\"og:locale\" content=\"fr_FR\" \/>\n<meta property=\"og:type\" content=\"article\" \/>\n<meta property=\"og:title\" content=\"AL-JHRE034 - Appartement avec 2 chambres, vues sur mer et parking | JH Real Estate Mallorca\" \/>\n<meta property=\"og:description\" content=\"PALMA - SANT AGUST\u00cd\" \/>\n<meta property=\"og:url\" content=\"https:\/\/jhrealestate.es\/fr\/propriete\/al-jhre034\/\" \/>\n<meta property=\"og:site_name\" content=\"JH Real Estate Mallorca\" \/>\n<meta property=\"article:publisher\" content=\"https:\/\/www.facebook.com\/jh.realestatemallorca\" \/>\n<meta property=\"article:modified_time\" content=\"2024-03-02T11:17:20+00:00\" \/>\n<meta property=\"og:image\" content=\"https:\/\/jhrealestate.es\/wp-content\/uploads\/2022\/11\/AL-JHRE034-1-1024x576.jpg\" \/>\n<meta name=\"twitter:card\" content=\"summary_large_image\" \/>\n<meta name=\"twitter:label1\" content=\"Dur\u00e9e de lecture estim\u00e9e\" \/>\n\t<meta name=\"twitter:data1\" content=\"1 minute\" \/>\n<script type=\"application\/ld+json\" class=\"yoast-schema-graph\">{\"@context\":\"https:\/\/schema.org\",\"@graph\":[{\"@type\":[\"WebPage\",\"RealEstateListing\"],\"@id\":\"https:\/\/jhrealestate.es\/fr\/propriete\/al-jhre034\/\",\"url\":\"https:\/\/jhrealestate.es\/fr\/propriete\/al-jhre034\/\",\"name\":\"AL-JHRE034 - Appartement avec 2 chambres, vues sur mer et parking | JH Real Estate Mallorca\",\"isPartOf\":{\"@id\":\"https:\/\/jhrealestate.es\/fr\/#website\"},\"primaryImageOfPage\":{\"@id\":\"https:\/\/jhrealestate.es\/fr\/propriete\/al-jhre034\/#primaryimage\"},\"image\":{\"@id\":\"https:\/\/jhrealestate.es\/fr\/propriete\/al-jhre034\/#primaryimage\"},\"thumbnailUrl\":\"https:\/\/jhrealestate.es\/wp-content\/uploads\/2022\/11\/AL-JHRE034-1-1.jpg\",\"datePublished\":\"2022-11-29T20:17:12+00:00\",\"dateModified\":\"2024-03-02T11:17:20+00:00\",\"breadcrumb\":{\"@id\":\"https:\/\/jhrealestate.es\/fr\/propriete\/al-jhre034\/#breadcrumb\"},\"inLanguage\":\"fr-FR\",\"potentialAction\":[{\"@type\":\"ReadAction\",\"target\":[\"https:\/\/jhrealestate.es\/fr\/propriete\/al-jhre034\/\"]}]},{\"@type\":\"ImageObject\",\"inLanguage\":\"fr-FR\",\"@id\":\"https:\/\/jhrealestate.es\/fr\/propriete\/al-jhre034\/#primaryimage\",\"url\":\"https:\/\/jhrealestate.es\/wp-content\/uploads\/2022\/11\/AL-JHRE034-1-1.jpg\",\"contentUrl\":\"https:\/\/jhrealestate.es\/wp-content\/uploads\/2022\/11\/AL-JHRE034-1-1.jpg\",\"width\":1600,\"height\":900},{\"@type\":\"BreadcrumbList\",\"@id\":\"https:\/\/jhrealestate.es\/fr\/propriete\/al-jhre034\/#breadcrumb\",\"itemListElement\":[{\"@type\":\"ListItem\",\"position\":1,\"name\":\"Portada\",\"item\":\"https:\/\/jhrealestate.es\/fr\/\"},{\"@type\":\"ListItem\",\"position\":2,\"name\":\"Propri\u00e9t\u00e9s\",\"item\":\"https:\/\/jhrealestate.es\/fr\/propriete\/\"},{\"@type\":\"ListItem\",\"position\":3,\"name\":\"AL-JHRE034 &#8211; Appartement avec 2 chambres, vues sur mer et parking\"}]},{\"@type\":\"WebSite\",\"@id\":\"https:\/\/jhrealestate.es\/fr\/#website\",\"url\":\"https:\/\/jhrealestate.es\/fr\/\",\"name\":\"JH Real Estate Mallorca\",\"description\":\"Real Estate en Mallorca\",\"publisher\":{\"@id\":\"https:\/\/jhrealestate.es\/fr\/#organization\"},\"potentialAction\":[{\"@type\":\"SearchAction\",\"target\":{\"@type\":\"EntryPoint\",\"urlTemplate\":\"https:\/\/jhrealestate.es\/fr\/?s={search_term_string}\"},\"query-input\":{\"@type\":\"PropertyValueSpecification\",\"valueRequired\":true,\"valueName\":\"search_term_string\"}}],\"inLanguage\":\"fr-FR\"},{\"@type\":\"Organization\",\"@id\":\"https:\/\/jhrealestate.es\/fr\/#organization\",\"name\":\"JH Real Estate Mallorca\",\"url\":\"https:\/\/jhrealestate.es\/fr\/\",\"logo\":{\"@type\":\"ImageObject\",\"inLanguage\":\"fr-FR\",\"@id\":\"https:\/\/jhrealestate.es\/fr\/#\/schema\/logo\/image\/\",\"url\":\"https:\/\/jhrealestate.es\/wp-content\/uploads\/2021\/11\/Logo-JHRE.png\",\"contentUrl\":\"https:\/\/jhrealestate.es\/wp-content\/uploads\/2021\/11\/Logo-JHRE.png\",\"width\":252,\"height\":200,\"caption\":\"JH Real Estate Mallorca\"},\"image\":{\"@id\":\"https:\/\/jhrealestate.es\/fr\/#\/schema\/logo\/image\/\"},\"sameAs\":[\"https:\/\/www.facebook.com\/jh.realestatemallorca\",\"https:\/\/www.instagram.com\/jh.realestatemallorca\",\"https:\/\/www.youtube.com\/channel\/UCwlku0kp0G8CPBZ61xelIHw\",\"https:\/\/www.linkedin.com\/in\/joseheredia1973\/\"]}]}<\/script>\n<!-- \/ Yoast SEO plugin. -->","yoast_head_json":{"title":"AL-JHRE034 - Appartement avec 2 chambres, vues sur mer et parking | JH Real Estate Mallorca","robots":{"index":"index","follow":"follow","max-snippet":"max-snippet:-1","max-image-preview":"max-image-preview:large","max-video-preview":"max-video-preview:-1"},"canonical":"https:\/\/jhrealestate.es\/fr\/propriete\/al-jhre034\/","og_locale":"fr_FR","og_type":"article","og_title":"AL-JHRE034 - Appartement avec 2 chambres, vues sur mer et parking | JH Real Estate Mallorca","og_description":"PALMA - SANT AGUST\u00cd","og_url":"https:\/\/jhrealestate.es\/fr\/propriete\/al-jhre034\/","og_site_name":"JH Real Estate Mallorca","article_publisher":"https:\/\/www.facebook.com\/jh.realestatemallorca","article_modified_time":"2024-03-02T11:17:20+00:00","og_image":[{"url":"https:\/\/jhrealestate.es\/wp-content\/uploads\/2022\/11\/AL-JHRE034-1-1024x576.jpg","type":"","width":"","height":""}],"twitter_card":"summary_large_image","twitter_misc":{"Dur\u00e9e de lecture estim\u00e9e":"1 minute"},"schema":{"@context":"https:\/\/schema.org","@graph":[{"@type":["WebPage","RealEstateListing"],"@id":"https:\/\/jhrealestate.es\/fr\/propriete\/al-jhre034\/","url":"https:\/\/jhrealestate.es\/fr\/propriete\/al-jhre034\/","name":"AL-JHRE034 - Appartement avec 2 chambres, vues sur mer et parking | JH Real Estate Mallorca","isPartOf":{"@id":"https:\/\/jhrealestate.es\/fr\/#website"},"primaryImageOfPage":{"@id":"https:\/\/jhrealestate.es\/fr\/propriete\/al-jhre034\/#primaryimage"},"image":{"@id":"https:\/\/jhrealestate.es\/fr\/propriete\/al-jhre034\/#primaryimage"},"thumbnailUrl":"https:\/\/jhrealestate.es\/wp-content\/uploads\/2022\/11\/AL-JHRE034-1-1.jpg","datePublished":"2022-11-29T20:17:12+00:00","dateModified":"2024-03-02T11:17:20+00:00","breadcrumb":{"@id":"https:\/\/jhrealestate.es\/fr\/propriete\/al-jhre034\/#breadcrumb"},"inLanguage":"fr-FR","potentialAction":[{"@type":"ReadAction","target":["https:\/\/jhrealestate.es\/fr\/propriete\/al-jhre034\/"]}]},{"@type":"ImageObject","inLanguage":"fr-FR","@id":"https:\/\/jhrealestate.es\/fr\/propriete\/al-jhre034\/#primaryimage","url":"https:\/\/jhrealestate.es\/wp-content\/uploads\/2022\/11\/AL-JHRE034-1-1.jpg","contentUrl":"https:\/\/jhrealestate.es\/wp-content\/uploads\/2022\/11\/AL-JHRE034-1-1.jpg","width":1600,"height":900},{"@type":"BreadcrumbList","@id":"https:\/\/jhrealestate.es\/fr\/propriete\/al-jhre034\/#breadcrumb","itemListElement":[{"@type":"ListItem","position":1,"name":"Portada","item":"https:\/\/jhrealestate.es\/fr\/"},{"@type":"ListItem","position":2,"name":"Propri\u00e9t\u00e9s","item":"https:\/\/jhrealestate.es\/fr\/propriete\/"},{"@type":"ListItem","position":3,"name":"AL-JHRE034 &#8211; Appartement avec 2 chambres, vues sur mer et parking"}]},{"@type":"WebSite","@id":"https:\/\/jhrealestate.es\/fr\/#website","url":"https:\/\/jhrealestate.es\/fr\/","name":"JH Real Estate Mallorca","description":"Real Estate en Mallorca","publisher":{"@id":"https:\/\/jhrealestate.es\/fr\/#organization"},"potentialAction":[{"@type":"SearchAction","target":{"@type":"EntryPoint","urlTemplate":"https:\/\/jhrealestate.es\/fr\/?s={search_term_string}"},"query-input":{"@type":"PropertyValueSpecification","valueRequired":true,"valueName":"search_term_string"}}],"inLanguage":"fr-FR"},{"@type":"Organization","@id":"https:\/\/jhrealestate.es\/fr\/#organization","name":"JH Real Estate Mallorca","url":"https:\/\/jhrealestate.es\/fr\/","logo":{"@type":"ImageObject","inLanguage":"fr-FR","@id":"https:\/\/jhrealestate.es\/fr\/#\/schema\/logo\/image\/","url":"https:\/\/jhrealestate.es\/wp-content\/uploads\/2021\/11\/Logo-JHRE.png","contentUrl":"https:\/\/jhrealestate.es\/wp-content\/uploads\/2021\/11\/Logo-JHRE.png","width":252,"height":200,"caption":"JH Real Estate Mallorca"},"image":{"@id":"https:\/\/jhrealestate.es\/fr\/#\/schema\/logo\/image\/"},"sameAs":["https:\/\/www.facebook.com\/jh.realestatemallorca","https:\/\/www.instagram.com\/jh.realestatemallorca","https:\/\/www.youtube.com\/channel\/UCwlku0kp0G8CPBZ61xelIHw","https:\/\/www.linkedin.com\/in\/joseheredia1973\/"]}]}},"_links":{"self":[{"href":"https:\/\/jhrealestate.es\/fr\/wp-json\/wp\/v2\/properties\/5603","targetHints":{"allow":["GET"]}}],"collection":[{"href":"https:\/\/jhrealestate.es\/fr\/wp-json\/wp\/v2\/properties"}],"about":[{"href":"https:\/\/jhrealestate.es\/fr\/wp-json\/wp\/v2\/types\/rem_property"}],"author":[{"embeddable":true,"href":"https:\/\/jhrealestate.es\/fr\/wp-json\/wp\/v2\/users\/3"}],"wp:featuredmedia":[{"embeddable":true,"href":"https:\/\/jhrealestate.es\/fr\/wp-json\/wp\/v2\/media\/5855"}],"wp:attachment":[{"href":"https:\/\/jhrealestate.es\/fr\/wp-json\/wp\/v2\/media?parent=5603"}],"wp:term":[{"taxonomy":"rem_property_cat","embeddable":true,"href":"https:\/\/jhrealestate.es\/fr\/wp-json\/wp\/v2\/rem_property_cat?post=5603"}],"curies":[{"name":"wp","href":"https:\/\/api.w.org\/{rel}","templated":true}]}}