{"id":6330,"date":"2014-01-24T11:00:24","date_gmt":"2014-01-24T10:00:24","guid":{"rendered":"https:\/\/jhrealestate.es\/propiedad\/ve-jhre028\/"},"modified":"2024-01-14T12:34:44","modified_gmt":"2024-01-14T11:34:44","slug":"ve-jhre028","status":"publish","type":"rem_property","link":"https:\/\/jhrealestate.es\/fr\/propriete\/ve-jhre028\/","title":{"rendered":"VE-JHRE028 &#8211; Finca une maison sur 2 \u00e9tages et grand terrain"},"content":{"rendered":"<p>Finca avec un grand terrain de 18 780 m\u00b2 et une maison sur 2 \u00e9tages avec une superficie totale construite de 244 m2.<\/p>\n<p>Pour entrer dans la finca, il y a un portail automatique qui ouvre le chemin de la maison par un beau chemin carrel\u00e9 bord\u00e9 de palmiers. Le chalet offre une distribution optimale<\/p>\n<p>\u2022 Rez-de-chauss\u00e9e : 112 m\u00b2 construits + un porche de 14 m\u00b2<br \/>On y entre par un grand hall qui donne acc\u00e8s sur son c\u00f4t\u00e9 gauche \u00e0 une grande cuisine \u00e9quip\u00e9e et meubl\u00e9e avec un garde-manger, et \u00e0 une chambre de 13 m\u00b2 avec une armoire int\u00e9gr\u00e9e et une salle de bain compl\u00e8te. Sur le c\u00f4t\u00e9 droit, on acc\u00e8de \u00e0 un spacieux s\u00e9jour\/salle \u00e0 manger avec une chemin\u00e9e d&rsquo;environ 25 m\u00b2 qui peut \u00eatre agrandi s&rsquo;il est uni au garage attenant. Il y a aussi une buanderie avec un lave-linge.<\/p>\n<p>\u2022 Premier \u00e9tage de 96 m\u00b2 construits + terrasse de 22 m\u00b2<br \/>Au premier \u00e9tage, nous trouvons quatre chambres doubles entre 13 et 18 m\u00b2 (dont 2 avec acc\u00e8s \u00e0 la terrasse ext\u00e9rieure) et une salle de bain compl\u00e8te avec baignoire\/douche. Grand hall qui donne acc\u00e8s \u00e0 une grande terrasse avec vue sur le terrain de la propri\u00e9t\u00e9.<\/p>\n<p>Dehors, il y a un vaste terrain qui compte environ 8 800 m\u00b2 d&rsquo;amandiers et environ 7 727 m2 d&rsquo;arbres fruitiers avec des oranges, des citrons, des cl\u00e9mentines, des mandarines, des pamplemousses, des abricots, des prunes, des poires, des n\u00e8fles, des cerises, des kiwis, des avocats, des figues, des p\u00eaches parmi d&rsquo;autres ainsi qu&rsquo;un potager&#8230; Il dispose d&rsquo;un syst\u00e8me d&rsquo;irrigation goutte \u00e0 goutte. La maison et son terrain sont autonomes en eau gr\u00e2ce \u00e0 leur propre puits et une citerne. \u00c0 une courte distance de la maison, il y a une piscine avec une grande terrasse et un r\u00e9servoir d&rsquo;eau en dessous. A l&rsquo;entr\u00e9e, nous trouvons une place de parking couverte suppl\u00e9mentaire et un grand entrep\u00f4t.<\/p>\n<p>La maison a \u00e9t\u00e9 construite en 1991 et poss\u00e8de toute la documentation l\u00e9gale, y compris le certificat d&rsquo;habitabilit\u00e9 et les plans. Il n&rsquo;y a pas d&rsquo;infraction d&rsquo;urbanisme, donc tout type de permis de r\u00e9forme peut \u00eatre demand\u00e9 tant que le volume construit de la maison n&rsquo;est pas agrandi, ce qui est interdit par la l\u00e9gislation en vigueur. La maison est connect\u00e9e au r\u00e9seau \u00e9lectrique et dispose d&rsquo;une connexion Internet par fibre optique, elle est en parfait \u00e9tat, mais sa d\u00e9coration est \u00e0 revoir. Sols en c\u00e9ramique, menuiserie int\u00e9rieure et fen\u00eatres en bois, volets en bois et aluminium imitation bois. Il n&rsquo;a pas de syst\u00e8me de chauffage ou de climatisation. Eau chaude au gaz butane.<\/p>\n<p>La maison est parfaite pour ceux qui veulent vivre \u00e0 la campagne sans trop s\u2019\u00e9loigner de la ville, puisqu&rsquo;elle est situ\u00e9e entre l&rsquo;UIB, Son Sardina et Palmanyola, \u00e0 moins de 10 minutes du centre de Palma.<\/p>\n<p>Le prix ne comprend pas les frais d&rsquo;acquisition ni les meubles qui apparaissent sur les photos et la vid\u00e9o.<\/p>\n","protected":false},"excerpt":{"rendered":"<p>SON SARDINA &#8211; SON BIBLIONI &#8211; PALMA<\/p>\n","protected":false},"author":3,"featured_media":6182,"parent":0,"menu_order":0,"template":"","rem_property_cat":[],"class_list":["post-6330","rem_property","type-rem_property","status-publish","has-post-thumbnail","hentry"],"yoast_head":"<!-- This site is optimized with the Yoast SEO plugin v26.9 - https:\/\/yoast.com\/product\/yoast-seo-wordpress\/ -->\n<title>VE-JHRE028 - Finca une maison sur 2 \u00e9tages et grand terrain | JH Real Estate Mallorca<\/title>\n<meta name=\"robots\" content=\"index, follow, max-snippet:-1, max-image-preview:large, max-video-preview:-1\" \/>\n<link rel=\"canonical\" href=\"https:\/\/jhrealestate.es\/fr\/propriete\/ve-jhre028\/\" \/>\n<meta property=\"og:locale\" content=\"fr_FR\" \/>\n<meta property=\"og:type\" content=\"article\" \/>\n<meta property=\"og:title\" content=\"VE-JHRE028 - Finca une maison sur 2 \u00e9tages et grand terrain | JH Real Estate Mallorca\" \/>\n<meta property=\"og:description\" content=\"SON SARDINA - SON BIBLIONI - PALMA\" \/>\n<meta property=\"og:url\" content=\"https:\/\/jhrealestate.es\/fr\/propriete\/ve-jhre028\/\" \/>\n<meta property=\"og:site_name\" content=\"JH Real Estate Mallorca\" \/>\n<meta property=\"article:publisher\" content=\"https:\/\/www.facebook.com\/jh.realestatemallorca\" \/>\n<meta property=\"article:modified_time\" content=\"2024-01-14T11:34:44+00:00\" \/>\n<meta property=\"og:image\" content=\"https:\/\/jhrealestate.es\/wp-content\/uploads\/2023\/02\/VE-JHRE028-1-1024x576.jpg\" \/>\n<meta name=\"twitter:card\" content=\"summary_large_image\" \/>\n<meta name=\"twitter:label1\" content=\"Dur\u00e9e de lecture estim\u00e9e\" \/>\n\t<meta name=\"twitter:data1\" content=\"2 minutes\" \/>\n<script type=\"application\/ld+json\" class=\"yoast-schema-graph\">{\"@context\":\"https:\/\/schema.org\",\"@graph\":[{\"@type\":[\"WebPage\",\"RealEstateListing\"],\"@id\":\"https:\/\/jhrealestate.es\/fr\/propriete\/ve-jhre028\/\",\"url\":\"https:\/\/jhrealestate.es\/fr\/propriete\/ve-jhre028\/\",\"name\":\"VE-JHRE028 - Finca une maison sur 2 \u00e9tages et grand terrain | JH Real Estate Mallorca\",\"isPartOf\":{\"@id\":\"https:\/\/jhrealestate.es\/fr\/#website\"},\"primaryImageOfPage\":{\"@id\":\"https:\/\/jhrealestate.es\/fr\/propriete\/ve-jhre028\/#primaryimage\"},\"image\":{\"@id\":\"https:\/\/jhrealestate.es\/fr\/propriete\/ve-jhre028\/#primaryimage\"},\"thumbnailUrl\":\"https:\/\/jhrealestate.es\/wp-content\/uploads\/2023\/02\/VE-JHRE028-1.jpg\",\"datePublished\":\"2014-01-24T10:00:24+00:00\",\"dateModified\":\"2024-01-14T11:34:44+00:00\",\"breadcrumb\":{\"@id\":\"https:\/\/jhrealestate.es\/fr\/propriete\/ve-jhre028\/#breadcrumb\"},\"inLanguage\":\"fr-FR\",\"potentialAction\":[{\"@type\":\"ReadAction\",\"target\":[\"https:\/\/jhrealestate.es\/fr\/propriete\/ve-jhre028\/\"]}]},{\"@type\":\"ImageObject\",\"inLanguage\":\"fr-FR\",\"@id\":\"https:\/\/jhrealestate.es\/fr\/propriete\/ve-jhre028\/#primaryimage\",\"url\":\"https:\/\/jhrealestate.es\/wp-content\/uploads\/2023\/02\/VE-JHRE028-1.jpg\",\"contentUrl\":\"https:\/\/jhrealestate.es\/wp-content\/uploads\/2023\/02\/VE-JHRE028-1.jpg\",\"width\":1600,\"height\":900},{\"@type\":\"BreadcrumbList\",\"@id\":\"https:\/\/jhrealestate.es\/fr\/propriete\/ve-jhre028\/#breadcrumb\",\"itemListElement\":[{\"@type\":\"ListItem\",\"position\":1,\"name\":\"Portada\",\"item\":\"https:\/\/jhrealestate.es\/fr\/\"},{\"@type\":\"ListItem\",\"position\":2,\"name\":\"Propri\u00e9t\u00e9s\",\"item\":\"https:\/\/jhrealestate.es\/fr\/propriete\/\"},{\"@type\":\"ListItem\",\"position\":3,\"name\":\"VE-JHRE028 &#8211; Finca une maison sur 2 \u00e9tages et grand terrain\"}]},{\"@type\":\"WebSite\",\"@id\":\"https:\/\/jhrealestate.es\/fr\/#website\",\"url\":\"https:\/\/jhrealestate.es\/fr\/\",\"name\":\"JH Real Estate Mallorca\",\"description\":\"Real Estate en Mallorca\",\"publisher\":{\"@id\":\"https:\/\/jhrealestate.es\/fr\/#organization\"},\"potentialAction\":[{\"@type\":\"SearchAction\",\"target\":{\"@type\":\"EntryPoint\",\"urlTemplate\":\"https:\/\/jhrealestate.es\/fr\/?s={search_term_string}\"},\"query-input\":{\"@type\":\"PropertyValueSpecification\",\"valueRequired\":true,\"valueName\":\"search_term_string\"}}],\"inLanguage\":\"fr-FR\"},{\"@type\":\"Organization\",\"@id\":\"https:\/\/jhrealestate.es\/fr\/#organization\",\"name\":\"JH Real Estate Mallorca\",\"url\":\"https:\/\/jhrealestate.es\/fr\/\",\"logo\":{\"@type\":\"ImageObject\",\"inLanguage\":\"fr-FR\",\"@id\":\"https:\/\/jhrealestate.es\/fr\/#\/schema\/logo\/image\/\",\"url\":\"https:\/\/jhrealestate.es\/wp-content\/uploads\/2021\/11\/Logo-JHRE.png\",\"contentUrl\":\"https:\/\/jhrealestate.es\/wp-content\/uploads\/2021\/11\/Logo-JHRE.png\",\"width\":252,\"height\":200,\"caption\":\"JH Real Estate Mallorca\"},\"image\":{\"@id\":\"https:\/\/jhrealestate.es\/fr\/#\/schema\/logo\/image\/\"},\"sameAs\":[\"https:\/\/www.facebook.com\/jh.realestatemallorca\",\"https:\/\/www.instagram.com\/jh.realestatemallorca\",\"https:\/\/www.youtube.com\/channel\/UCwlku0kp0G8CPBZ61xelIHw\",\"https:\/\/www.linkedin.com\/in\/joseheredia1973\/\"]}]}<\/script>\n<!-- \/ Yoast SEO plugin. -->","yoast_head_json":{"title":"VE-JHRE028 - Finca une maison sur 2 \u00e9tages et grand terrain | JH Real Estate Mallorca","robots":{"index":"index","follow":"follow","max-snippet":"max-snippet:-1","max-image-preview":"max-image-preview:large","max-video-preview":"max-video-preview:-1"},"canonical":"https:\/\/jhrealestate.es\/fr\/propriete\/ve-jhre028\/","og_locale":"fr_FR","og_type":"article","og_title":"VE-JHRE028 - Finca une maison sur 2 \u00e9tages et grand terrain | JH Real Estate Mallorca","og_description":"SON SARDINA - SON BIBLIONI - PALMA","og_url":"https:\/\/jhrealestate.es\/fr\/propriete\/ve-jhre028\/","og_site_name":"JH Real Estate Mallorca","article_publisher":"https:\/\/www.facebook.com\/jh.realestatemallorca","article_modified_time":"2024-01-14T11:34:44+00:00","og_image":[{"url":"https:\/\/jhrealestate.es\/wp-content\/uploads\/2023\/02\/VE-JHRE028-1-1024x576.jpg","type":"","width":"","height":""}],"twitter_card":"summary_large_image","twitter_misc":{"Dur\u00e9e de lecture estim\u00e9e":"2 minutes"},"schema":{"@context":"https:\/\/schema.org","@graph":[{"@type":["WebPage","RealEstateListing"],"@id":"https:\/\/jhrealestate.es\/fr\/propriete\/ve-jhre028\/","url":"https:\/\/jhrealestate.es\/fr\/propriete\/ve-jhre028\/","name":"VE-JHRE028 - Finca une maison sur 2 \u00e9tages et grand terrain | JH Real Estate Mallorca","isPartOf":{"@id":"https:\/\/jhrealestate.es\/fr\/#website"},"primaryImageOfPage":{"@id":"https:\/\/jhrealestate.es\/fr\/propriete\/ve-jhre028\/#primaryimage"},"image":{"@id":"https:\/\/jhrealestate.es\/fr\/propriete\/ve-jhre028\/#primaryimage"},"thumbnailUrl":"https:\/\/jhrealestate.es\/wp-content\/uploads\/2023\/02\/VE-JHRE028-1.jpg","datePublished":"2014-01-24T10:00:24+00:00","dateModified":"2024-01-14T11:34:44+00:00","breadcrumb":{"@id":"https:\/\/jhrealestate.es\/fr\/propriete\/ve-jhre028\/#breadcrumb"},"inLanguage":"fr-FR","potentialAction":[{"@type":"ReadAction","target":["https:\/\/jhrealestate.es\/fr\/propriete\/ve-jhre028\/"]}]},{"@type":"ImageObject","inLanguage":"fr-FR","@id":"https:\/\/jhrealestate.es\/fr\/propriete\/ve-jhre028\/#primaryimage","url":"https:\/\/jhrealestate.es\/wp-content\/uploads\/2023\/02\/VE-JHRE028-1.jpg","contentUrl":"https:\/\/jhrealestate.es\/wp-content\/uploads\/2023\/02\/VE-JHRE028-1.jpg","width":1600,"height":900},{"@type":"BreadcrumbList","@id":"https:\/\/jhrealestate.es\/fr\/propriete\/ve-jhre028\/#breadcrumb","itemListElement":[{"@type":"ListItem","position":1,"name":"Portada","item":"https:\/\/jhrealestate.es\/fr\/"},{"@type":"ListItem","position":2,"name":"Propri\u00e9t\u00e9s","item":"https:\/\/jhrealestate.es\/fr\/propriete\/"},{"@type":"ListItem","position":3,"name":"VE-JHRE028 &#8211; Finca une maison sur 2 \u00e9tages et grand terrain"}]},{"@type":"WebSite","@id":"https:\/\/jhrealestate.es\/fr\/#website","url":"https:\/\/jhrealestate.es\/fr\/","name":"JH Real Estate Mallorca","description":"Real Estate en Mallorca","publisher":{"@id":"https:\/\/jhrealestate.es\/fr\/#organization"},"potentialAction":[{"@type":"SearchAction","target":{"@type":"EntryPoint","urlTemplate":"https:\/\/jhrealestate.es\/fr\/?s={search_term_string}"},"query-input":{"@type":"PropertyValueSpecification","valueRequired":true,"valueName":"search_term_string"}}],"inLanguage":"fr-FR"},{"@type":"Organization","@id":"https:\/\/jhrealestate.es\/fr\/#organization","name":"JH Real Estate Mallorca","url":"https:\/\/jhrealestate.es\/fr\/","logo":{"@type":"ImageObject","inLanguage":"fr-FR","@id":"https:\/\/jhrealestate.es\/fr\/#\/schema\/logo\/image\/","url":"https:\/\/jhrealestate.es\/wp-content\/uploads\/2021\/11\/Logo-JHRE.png","contentUrl":"https:\/\/jhrealestate.es\/wp-content\/uploads\/2021\/11\/Logo-JHRE.png","width":252,"height":200,"caption":"JH Real Estate Mallorca"},"image":{"@id":"https:\/\/jhrealestate.es\/fr\/#\/schema\/logo\/image\/"},"sameAs":["https:\/\/www.facebook.com\/jh.realestatemallorca","https:\/\/www.instagram.com\/jh.realestatemallorca","https:\/\/www.youtube.com\/channel\/UCwlku0kp0G8CPBZ61xelIHw","https:\/\/www.linkedin.com\/in\/joseheredia1973\/"]}]}},"_links":{"self":[{"href":"https:\/\/jhrealestate.es\/fr\/wp-json\/wp\/v2\/properties\/6330","targetHints":{"allow":["GET"]}}],"collection":[{"href":"https:\/\/jhrealestate.es\/fr\/wp-json\/wp\/v2\/properties"}],"about":[{"href":"https:\/\/jhrealestate.es\/fr\/wp-json\/wp\/v2\/types\/rem_property"}],"author":[{"embeddable":true,"href":"https:\/\/jhrealestate.es\/fr\/wp-json\/wp\/v2\/users\/3"}],"wp:featuredmedia":[{"embeddable":true,"href":"https:\/\/jhrealestate.es\/fr\/wp-json\/wp\/v2\/media\/6182"}],"wp:attachment":[{"href":"https:\/\/jhrealestate.es\/fr\/wp-json\/wp\/v2\/media?parent=6330"}],"wp:term":[{"taxonomy":"rem_property_cat","embeddable":true,"href":"https:\/\/jhrealestate.es\/fr\/wp-json\/wp\/v2\/rem_property_cat?post=6330"}],"curies":[{"name":"wp","href":"https:\/\/api.w.org\/{rel}","templated":true}]}}