{"id":7759,"date":"2005-05-27T11:46:31","date_gmt":"2005-05-27T09:46:31","guid":{"rendered":"https:\/\/jhrealestate.es\/propiedad\/ve-jhre035\/"},"modified":"2023-06-02T09:43:14","modified_gmt":"2023-06-02T07:43:14","slug":"ve-jhre035","status":"publish","type":"rem_property","link":"https:\/\/jhrealestate.es\/fr\/propriete\/ve-jhre035\/","title":{"rendered":"VE-JHRE035 &#8211; Grand appartement de 3 chambres enti\u00e8rement r\u00e9nov\u00e9 avec patio \u00e0 200m de la plage"},"content":{"rendered":"<p>Situ\u00e9 \u00e0 S&rsquo;Arenal, \u00e0 seulement 200 m de la mer, cet appartement de trois chambres a \u00e9t\u00e9 enti\u00e8rement r\u00e9nov\u00e9, et dispose d\u2019une superficie construite d&rsquo;environ 100 m2 et offre :<\/p>\n<p>\u2022\u00a0 \u00a03 grandes chambres avec placards (13,5, 11 &amp; 10,5 m2)<br \/>\u2022\u00a0 \u00a0Grand patio int\u00e9rieur avec terrasse<br \/>\u2022\u00a0 \u00a0S\u00e9jour\/salle \u00e0 manger de 24 m2 tr\u00e8s lumineux<br \/>\u2022\u00a0 \u00a0Sol stratifi\u00e9 dans toute la maison, carrelage dans la salle de bain et la cuisine.<br \/>\u2022\u00a0 \u00a0Salle de bain enti\u00e8rement r\u00e9nov\u00e9e avec baignoire\/douche<br \/>\u2022\u00a0 \u00a0Toilettes pour les invit\u00e9s<br \/>\u2022\u00a0 \u00a0Air conditionn\u00e9 (chaud\/froid) dans le salon<br \/>\u2022\u00a0 \u00a0Cuisine ind\u00e9pendante enti\u00e8rement \u00e9quip\u00e9e avec plaque vitroc\u00e9ramique, r\u00e9frig\u00e9rateur et four.<br \/>\u2022\u00a0 \u00a0Fen\u00eatres PVC double vitrage avec stores int\u00e9gr\u00e9s dans les 3 chambres, aluminium gris dans le s\u00e9jour.<br \/>\u2022\u00a0 \u00a0Lave-linge et chauffe-eau \u00e9lectrique<br \/>\u2022\u00a0 \u00a0Ann\u00e9e de construction : 1965<\/p>\n<p>Appartement enti\u00e8rement r\u00e9nov\u00e9. La cuisine et les portes (laqu\u00e9es blanc) ont \u00e9t\u00e9 r\u00e9nov\u00e9es en 2018 et tout le sol, les fen\u00eatres des chambres, la salle de bain et les toilettes viennent d&rsquo;\u00eatre r\u00e9nov\u00e9s. Fra\u00eechement peint en blanc.<br \/>Immeuble de 9 \u00e9tages (2 voisins\/\u00e9tage) avec ascenseur et interphone.<br \/>Tr\u00e8s peu de frais de communaut\u00e9 = env. 60 EUR \/ mois avec eau incluse<\/p>\n<p>Dans les environs, il existe une large offre commerciale avec diff\u00e9rents supermarch\u00e9s (Eroski, Mercadona et Lidl) et services. Arr\u00eat de bus en face du batiment. \u00c0 environ 100 m de la Plaza Reina Mar\u00eda Cristina et \u00e0 moins de 500 m de la Marina de S&rsquo;Arenal. Id\u00e9al pour les familles ou comme investissement pour loger du personnel pendant la saison touristique.<\/p>\n<p>Le prix ne comprend pas les taxes et frais inh\u00e9rents \u00e0 l&rsquo;achat.<br \/>Contactez-nous pour plus d&rsquo;informations et pour planifier une visite!<\/p>\n","protected":false},"excerpt":{"rendered":"<p>LLUCMAJOR &#8211; S&rsquo;ARENAL<\/p>\n","protected":false},"author":3,"featured_media":7683,"parent":0,"menu_order":0,"template":"","rem_property_cat":[],"class_list":["post-7759","rem_property","type-rem_property","status-publish","has-post-thumbnail","hentry"],"yoast_head":"<!-- This site is optimized with the Yoast SEO plugin v26.9 - https:\/\/yoast.com\/product\/yoast-seo-wordpress\/ -->\n<title>VE-JHRE035 - Grand appartement de 3 chambres enti\u00e8rement r\u00e9nov\u00e9 avec patio \u00e0 200m de la plage | JH Real Estate Mallorca<\/title>\n<meta name=\"robots\" content=\"index, follow, max-snippet:-1, max-image-preview:large, max-video-preview:-1\" \/>\n<link rel=\"canonical\" href=\"https:\/\/jhrealestate.es\/fr\/propriete\/ve-jhre035\/\" \/>\n<meta property=\"og:locale\" content=\"fr_FR\" \/>\n<meta property=\"og:type\" content=\"article\" \/>\n<meta property=\"og:title\" content=\"VE-JHRE035 - Grand appartement de 3 chambres enti\u00e8rement r\u00e9nov\u00e9 avec patio \u00e0 200m de la plage | JH Real Estate Mallorca\" \/>\n<meta property=\"og:description\" content=\"LLUCMAJOR - S&#039;ARENAL\" \/>\n<meta property=\"og:url\" content=\"https:\/\/jhrealestate.es\/fr\/propriete\/ve-jhre035\/\" \/>\n<meta property=\"og:site_name\" content=\"JH Real Estate Mallorca\" \/>\n<meta property=\"article:publisher\" content=\"https:\/\/www.facebook.com\/jh.realestatemallorca\" \/>\n<meta property=\"article:modified_time\" content=\"2023-06-02T07:43:14+00:00\" \/>\n<meta property=\"og:image\" content=\"https:\/\/jhrealestate.es\/wp-content\/uploads\/2023\/05\/VE-JHRE035-1-1024x576.jpg\" \/>\n<meta name=\"twitter:card\" content=\"summary_large_image\" \/>\n<meta name=\"twitter:label1\" content=\"Dur\u00e9e de lecture estim\u00e9e\" \/>\n\t<meta name=\"twitter:data1\" content=\"1 minute\" \/>\n<script type=\"application\/ld+json\" class=\"yoast-schema-graph\">{\"@context\":\"https:\/\/schema.org\",\"@graph\":[{\"@type\":[\"WebPage\",\"RealEstateListing\"],\"@id\":\"https:\/\/jhrealestate.es\/fr\/propriete\/ve-jhre035\/\",\"url\":\"https:\/\/jhrealestate.es\/fr\/propriete\/ve-jhre035\/\",\"name\":\"VE-JHRE035 - Grand appartement de 3 chambres enti\u00e8rement r\u00e9nov\u00e9 avec patio \u00e0 200m de la plage | JH Real Estate Mallorca\",\"isPartOf\":{\"@id\":\"https:\/\/jhrealestate.es\/fr\/#website\"},\"primaryImageOfPage\":{\"@id\":\"https:\/\/jhrealestate.es\/fr\/propriete\/ve-jhre035\/#primaryimage\"},\"image\":{\"@id\":\"https:\/\/jhrealestate.es\/fr\/propriete\/ve-jhre035\/#primaryimage\"},\"thumbnailUrl\":\"https:\/\/jhrealestate.es\/wp-content\/uploads\/2023\/05\/VE-JHRE035-1.jpg\",\"datePublished\":\"2005-05-27T09:46:31+00:00\",\"dateModified\":\"2023-06-02T07:43:14+00:00\",\"breadcrumb\":{\"@id\":\"https:\/\/jhrealestate.es\/fr\/propriete\/ve-jhre035\/#breadcrumb\"},\"inLanguage\":\"fr-FR\",\"potentialAction\":[{\"@type\":\"ReadAction\",\"target\":[\"https:\/\/jhrealestate.es\/fr\/propriete\/ve-jhre035\/\"]}]},{\"@type\":\"ImageObject\",\"inLanguage\":\"fr-FR\",\"@id\":\"https:\/\/jhrealestate.es\/fr\/propriete\/ve-jhre035\/#primaryimage\",\"url\":\"https:\/\/jhrealestate.es\/wp-content\/uploads\/2023\/05\/VE-JHRE035-1.jpg\",\"contentUrl\":\"https:\/\/jhrealestate.es\/wp-content\/uploads\/2023\/05\/VE-JHRE035-1.jpg\",\"width\":1600,\"height\":900},{\"@type\":\"BreadcrumbList\",\"@id\":\"https:\/\/jhrealestate.es\/fr\/propriete\/ve-jhre035\/#breadcrumb\",\"itemListElement\":[{\"@type\":\"ListItem\",\"position\":1,\"name\":\"Portada\",\"item\":\"https:\/\/jhrealestate.es\/fr\/\"},{\"@type\":\"ListItem\",\"position\":2,\"name\":\"Propri\u00e9t\u00e9s\",\"item\":\"https:\/\/jhrealestate.es\/fr\/propriete\/\"},{\"@type\":\"ListItem\",\"position\":3,\"name\":\"VE-JHRE035 &#8211; Grand appartement de 3 chambres enti\u00e8rement r\u00e9nov\u00e9 avec patio \u00e0 200m de la plage\"}]},{\"@type\":\"WebSite\",\"@id\":\"https:\/\/jhrealestate.es\/fr\/#website\",\"url\":\"https:\/\/jhrealestate.es\/fr\/\",\"name\":\"JH Real Estate Mallorca\",\"description\":\"Real Estate en Mallorca\",\"publisher\":{\"@id\":\"https:\/\/jhrealestate.es\/fr\/#organization\"},\"potentialAction\":[{\"@type\":\"SearchAction\",\"target\":{\"@type\":\"EntryPoint\",\"urlTemplate\":\"https:\/\/jhrealestate.es\/fr\/?s={search_term_string}\"},\"query-input\":{\"@type\":\"PropertyValueSpecification\",\"valueRequired\":true,\"valueName\":\"search_term_string\"}}],\"inLanguage\":\"fr-FR\"},{\"@type\":\"Organization\",\"@id\":\"https:\/\/jhrealestate.es\/fr\/#organization\",\"name\":\"JH Real Estate Mallorca\",\"url\":\"https:\/\/jhrealestate.es\/fr\/\",\"logo\":{\"@type\":\"ImageObject\",\"inLanguage\":\"fr-FR\",\"@id\":\"https:\/\/jhrealestate.es\/fr\/#\/schema\/logo\/image\/\",\"url\":\"https:\/\/jhrealestate.es\/wp-content\/uploads\/2021\/11\/Logo-JHRE.png\",\"contentUrl\":\"https:\/\/jhrealestate.es\/wp-content\/uploads\/2021\/11\/Logo-JHRE.png\",\"width\":252,\"height\":200,\"caption\":\"JH Real Estate Mallorca\"},\"image\":{\"@id\":\"https:\/\/jhrealestate.es\/fr\/#\/schema\/logo\/image\/\"},\"sameAs\":[\"https:\/\/www.facebook.com\/jh.realestatemallorca\",\"https:\/\/www.instagram.com\/jh.realestatemallorca\",\"https:\/\/www.youtube.com\/channel\/UCwlku0kp0G8CPBZ61xelIHw\",\"https:\/\/www.linkedin.com\/in\/joseheredia1973\/\"]}]}<\/script>\n<!-- \/ Yoast SEO plugin. -->","yoast_head_json":{"title":"VE-JHRE035 - Grand appartement de 3 chambres enti\u00e8rement r\u00e9nov\u00e9 avec patio \u00e0 200m de la plage | JH Real Estate Mallorca","robots":{"index":"index","follow":"follow","max-snippet":"max-snippet:-1","max-image-preview":"max-image-preview:large","max-video-preview":"max-video-preview:-1"},"canonical":"https:\/\/jhrealestate.es\/fr\/propriete\/ve-jhre035\/","og_locale":"fr_FR","og_type":"article","og_title":"VE-JHRE035 - Grand appartement de 3 chambres enti\u00e8rement r\u00e9nov\u00e9 avec patio \u00e0 200m de la plage | JH Real Estate Mallorca","og_description":"LLUCMAJOR - S'ARENAL","og_url":"https:\/\/jhrealestate.es\/fr\/propriete\/ve-jhre035\/","og_site_name":"JH Real Estate Mallorca","article_publisher":"https:\/\/www.facebook.com\/jh.realestatemallorca","article_modified_time":"2023-06-02T07:43:14+00:00","og_image":[{"url":"https:\/\/jhrealestate.es\/wp-content\/uploads\/2023\/05\/VE-JHRE035-1-1024x576.jpg","type":"","width":"","height":""}],"twitter_card":"summary_large_image","twitter_misc":{"Dur\u00e9e de lecture estim\u00e9e":"1 minute"},"schema":{"@context":"https:\/\/schema.org","@graph":[{"@type":["WebPage","RealEstateListing"],"@id":"https:\/\/jhrealestate.es\/fr\/propriete\/ve-jhre035\/","url":"https:\/\/jhrealestate.es\/fr\/propriete\/ve-jhre035\/","name":"VE-JHRE035 - Grand appartement de 3 chambres enti\u00e8rement r\u00e9nov\u00e9 avec patio \u00e0 200m de la plage | JH Real Estate Mallorca","isPartOf":{"@id":"https:\/\/jhrealestate.es\/fr\/#website"},"primaryImageOfPage":{"@id":"https:\/\/jhrealestate.es\/fr\/propriete\/ve-jhre035\/#primaryimage"},"image":{"@id":"https:\/\/jhrealestate.es\/fr\/propriete\/ve-jhre035\/#primaryimage"},"thumbnailUrl":"https:\/\/jhrealestate.es\/wp-content\/uploads\/2023\/05\/VE-JHRE035-1.jpg","datePublished":"2005-05-27T09:46:31+00:00","dateModified":"2023-06-02T07:43:14+00:00","breadcrumb":{"@id":"https:\/\/jhrealestate.es\/fr\/propriete\/ve-jhre035\/#breadcrumb"},"inLanguage":"fr-FR","potentialAction":[{"@type":"ReadAction","target":["https:\/\/jhrealestate.es\/fr\/propriete\/ve-jhre035\/"]}]},{"@type":"ImageObject","inLanguage":"fr-FR","@id":"https:\/\/jhrealestate.es\/fr\/propriete\/ve-jhre035\/#primaryimage","url":"https:\/\/jhrealestate.es\/wp-content\/uploads\/2023\/05\/VE-JHRE035-1.jpg","contentUrl":"https:\/\/jhrealestate.es\/wp-content\/uploads\/2023\/05\/VE-JHRE035-1.jpg","width":1600,"height":900},{"@type":"BreadcrumbList","@id":"https:\/\/jhrealestate.es\/fr\/propriete\/ve-jhre035\/#breadcrumb","itemListElement":[{"@type":"ListItem","position":1,"name":"Portada","item":"https:\/\/jhrealestate.es\/fr\/"},{"@type":"ListItem","position":2,"name":"Propri\u00e9t\u00e9s","item":"https:\/\/jhrealestate.es\/fr\/propriete\/"},{"@type":"ListItem","position":3,"name":"VE-JHRE035 &#8211; Grand appartement de 3 chambres enti\u00e8rement r\u00e9nov\u00e9 avec patio \u00e0 200m de la plage"}]},{"@type":"WebSite","@id":"https:\/\/jhrealestate.es\/fr\/#website","url":"https:\/\/jhrealestate.es\/fr\/","name":"JH Real Estate Mallorca","description":"Real Estate en Mallorca","publisher":{"@id":"https:\/\/jhrealestate.es\/fr\/#organization"},"potentialAction":[{"@type":"SearchAction","target":{"@type":"EntryPoint","urlTemplate":"https:\/\/jhrealestate.es\/fr\/?s={search_term_string}"},"query-input":{"@type":"PropertyValueSpecification","valueRequired":true,"valueName":"search_term_string"}}],"inLanguage":"fr-FR"},{"@type":"Organization","@id":"https:\/\/jhrealestate.es\/fr\/#organization","name":"JH Real Estate Mallorca","url":"https:\/\/jhrealestate.es\/fr\/","logo":{"@type":"ImageObject","inLanguage":"fr-FR","@id":"https:\/\/jhrealestate.es\/fr\/#\/schema\/logo\/image\/","url":"https:\/\/jhrealestate.es\/wp-content\/uploads\/2021\/11\/Logo-JHRE.png","contentUrl":"https:\/\/jhrealestate.es\/wp-content\/uploads\/2021\/11\/Logo-JHRE.png","width":252,"height":200,"caption":"JH Real Estate Mallorca"},"image":{"@id":"https:\/\/jhrealestate.es\/fr\/#\/schema\/logo\/image\/"},"sameAs":["https:\/\/www.facebook.com\/jh.realestatemallorca","https:\/\/www.instagram.com\/jh.realestatemallorca","https:\/\/www.youtube.com\/channel\/UCwlku0kp0G8CPBZ61xelIHw","https:\/\/www.linkedin.com\/in\/joseheredia1973\/"]}]}},"_links":{"self":[{"href":"https:\/\/jhrealestate.es\/fr\/wp-json\/wp\/v2\/properties\/7759","targetHints":{"allow":["GET"]}}],"collection":[{"href":"https:\/\/jhrealestate.es\/fr\/wp-json\/wp\/v2\/properties"}],"about":[{"href":"https:\/\/jhrealestate.es\/fr\/wp-json\/wp\/v2\/types\/rem_property"}],"author":[{"embeddable":true,"href":"https:\/\/jhrealestate.es\/fr\/wp-json\/wp\/v2\/users\/3"}],"wp:featuredmedia":[{"embeddable":true,"href":"https:\/\/jhrealestate.es\/fr\/wp-json\/wp\/v2\/media\/7683"}],"wp:attachment":[{"href":"https:\/\/jhrealestate.es\/fr\/wp-json\/wp\/v2\/media?parent=7759"}],"wp:term":[{"taxonomy":"rem_property_cat","embeddable":true,"href":"https:\/\/jhrealestate.es\/fr\/wp-json\/wp\/v2\/rem_property_cat?post=7759"}],"curies":[{"name":"wp","href":"https:\/\/api.w.org\/{rel}","templated":true}]}}