{"id":8159,"date":"2013-06-19T11:07:14","date_gmt":"2013-06-19T09:07:14","guid":{"rendered":"https:\/\/jhrealestate.es\/propiedad\/al-jhre041\/"},"modified":"2023-08-12T17:42:24","modified_gmt":"2023-08-12T15:42:24","slug":"al-jhre041","status":"publish","type":"rem_property","link":"https:\/\/jhrealestate.es\/fr\/propriete\/al-jhre041\/","title":{"rendered":"AL-JHRE041 &#8211; \u00c9l\u00e9gant appartement de 3 chambres avec porche dans le complexe r\u00e9sidentiel Es Pinar"},"content":{"rendered":"<p>Appartement d\u2019une extr\u00eame \u00e9l\u00e9gance \u00e0 louer dans le complexe r\u00e9sidentiel exclusif Es Pinar \u00e0 Bendinat (80 logements r\u00e9partis sur 6 b\u00e2timents)<\/p>\n<p>Appartement au 1er \u00e9tage avec 3 chambres doubles + 2 salles de bain + 1 toilette pour les invit\u00e9s, d\u2019une surface utile de 135 m2 avec un porche\/terrasse couvert de 30 m2<\/p>\n<p>L&rsquo;appartement est lou\u00e9 enti\u00e8rement meubl\u00e9 dans un style moderne, toutes les chambres ont des armoires encastr\u00e9es.<br \/>La cuisine est ind\u00e9pendante, enti\u00e8rement meubl\u00e9e et \u00e9quip\u00e9e d&rsquo;appareils \u00e9lectrom\u00e9nagers de grande marque et d&rsquo;un syst\u00e8me d&rsquo;osmose. Elle donne acc\u00e8s \u00e0 une buanderie avec lave-linge et s\u00e9cheuse.<br \/>\u2022\u00a0 \u00a0Salon\/salle \u00e0 manger tr\u00e8s lumineux avec acc\u00e8s \u00e0 un grand porche couvert<br \/>\u2022\u00a0 \u00a0A\/C (chaud\/froid) par conduits dans toute la maison<br \/>\u2022\u00a0 \u00a0Sol en marbre avec syst\u00e8me de chauffage radiant.<br \/>\u2022\u00a0 \u00a0Syst\u00e8me Smart Home et interphone vid\u00e9o<br \/>\u2022\u00a0 \u00a0Internet par fibre optique<br \/>\u2022\u00a0 \u00a0Mat\u00e9riaux de qualit\u00e9 premium<br \/>\u2022\u00a0 \u00a0Syst\u00e8me de panneaux solaires pour r\u00e9duire la consommation d&rsquo;\u00e9lectricit\u00e9<br \/>\u2022\u00a0 \u00a0Piscine communautaire d&rsquo;eau sal\u00e9e et grands jardins<br \/>\u2022\u00a0 \u00a0S\u00e9curit\u00e9 priv\u00e9e 24h\/24 avec cam\u00e9ras de s\u00e9curit\u00e9 dans toute la r\u00e9sidence<br \/>\u2022\u00a0 \u00a0Seuls les petits animaux domestiques sont autoris\u00e9s.<\/p>\n<p>\u00c0 une courte distance de l&rsquo;exclusif Real Golf Bendinat et de la marina de Puerto Portals. L&rsquo;urbanisation offre toutes les commodit\u00e9s n\u00e9cessaires, telles que des bars, des restaurants et des supermarch\u00e9s. Les \u00e9coles internationales Agora Portals et King Richards sont tr\u00e8s proches. Le centre de Palma est \u00e0 seulement 10 minutes en voiture.<\/p>\n<p>Le loyer comprend les frais de communaut\u00e9, 2 places de parking souterrain et un d\u00e9barras. Internet, l\u2019eau et l\u2019\u00e9lectricit\u00e9 sont \u00e0 payer par les locataires. Des locataires longue dur\u00e9e (minimum 1 an) avec de bonnes r\u00e9f\u00e9rences et garanties sont recherch\u00e9s.<\/p>\n<p>Conditions: Pr\u00e9paiement de la 1\u00e8re ann\u00e9e. Caution de 1 mois + 1 mois de garantie suppl\u00e9mentaire<\/p>\n","protected":false},"excerpt":{"rendered":"<p>CALVI\u00c0 &#8211; BENDINAT<\/p>\n","protected":false},"author":3,"featured_media":8051,"parent":0,"menu_order":0,"template":"","rem_property_cat":[],"class_list":["post-8159","rem_property","type-rem_property","status-publish","has-post-thumbnail","hentry"],"yoast_head":"<!-- This site is optimized with the Yoast SEO plugin v26.9 - https:\/\/yoast.com\/product\/yoast-seo-wordpress\/ -->\n<title>AL-JHRE041 - \u00c9l\u00e9gant appartement de 3 chambres avec porche dans le complexe r\u00e9sidentiel Es Pinar | JH Real Estate Mallorca<\/title>\n<meta name=\"robots\" content=\"index, follow, max-snippet:-1, max-image-preview:large, max-video-preview:-1\" \/>\n<link rel=\"canonical\" href=\"https:\/\/jhrealestate.es\/fr\/propriete\/al-jhre041\/\" \/>\n<meta property=\"og:locale\" content=\"fr_FR\" \/>\n<meta property=\"og:type\" content=\"article\" \/>\n<meta property=\"og:title\" content=\"AL-JHRE041 - \u00c9l\u00e9gant appartement de 3 chambres avec porche dans le complexe r\u00e9sidentiel Es Pinar | JH Real Estate Mallorca\" \/>\n<meta property=\"og:description\" content=\"CALVI\u00c0 - BENDINAT\" \/>\n<meta property=\"og:url\" content=\"https:\/\/jhrealestate.es\/fr\/propriete\/al-jhre041\/\" \/>\n<meta property=\"og:site_name\" content=\"JH Real Estate Mallorca\" \/>\n<meta property=\"article:publisher\" content=\"https:\/\/www.facebook.com\/jh.realestatemallorca\" \/>\n<meta property=\"article:modified_time\" content=\"2023-08-12T15:42:24+00:00\" \/>\n<meta property=\"og:image\" content=\"https:\/\/jhrealestate.es\/wp-content\/uploads\/2023\/06\/AL-JHRE041-1-1024x576.jpg\" \/>\n<meta name=\"twitter:card\" content=\"summary_large_image\" \/>\n<meta name=\"twitter:label1\" content=\"Dur\u00e9e de lecture estim\u00e9e\" \/>\n\t<meta name=\"twitter:data1\" content=\"2 minutes\" \/>\n<script type=\"application\/ld+json\" class=\"yoast-schema-graph\">{\"@context\":\"https:\/\/schema.org\",\"@graph\":[{\"@type\":[\"WebPage\",\"RealEstateListing\"],\"@id\":\"https:\/\/jhrealestate.es\/fr\/propriete\/al-jhre041\/\",\"url\":\"https:\/\/jhrealestate.es\/fr\/propriete\/al-jhre041\/\",\"name\":\"AL-JHRE041 - \u00c9l\u00e9gant appartement de 3 chambres avec porche dans le complexe r\u00e9sidentiel Es Pinar | JH Real Estate Mallorca\",\"isPartOf\":{\"@id\":\"https:\/\/jhrealestate.es\/fr\/#website\"},\"primaryImageOfPage\":{\"@id\":\"https:\/\/jhrealestate.es\/fr\/propriete\/al-jhre041\/#primaryimage\"},\"image\":{\"@id\":\"https:\/\/jhrealestate.es\/fr\/propriete\/al-jhre041\/#primaryimage\"},\"thumbnailUrl\":\"https:\/\/jhrealestate.es\/wp-content\/uploads\/2023\/06\/AL-JHRE041-1.jpg\",\"datePublished\":\"2013-06-19T09:07:14+00:00\",\"dateModified\":\"2023-08-12T15:42:24+00:00\",\"breadcrumb\":{\"@id\":\"https:\/\/jhrealestate.es\/fr\/propriete\/al-jhre041\/#breadcrumb\"},\"inLanguage\":\"fr-FR\",\"potentialAction\":[{\"@type\":\"ReadAction\",\"target\":[\"https:\/\/jhrealestate.es\/fr\/propriete\/al-jhre041\/\"]}]},{\"@type\":\"ImageObject\",\"inLanguage\":\"fr-FR\",\"@id\":\"https:\/\/jhrealestate.es\/fr\/propriete\/al-jhre041\/#primaryimage\",\"url\":\"https:\/\/jhrealestate.es\/wp-content\/uploads\/2023\/06\/AL-JHRE041-1.jpg\",\"contentUrl\":\"https:\/\/jhrealestate.es\/wp-content\/uploads\/2023\/06\/AL-JHRE041-1.jpg\",\"width\":1600,\"height\":900},{\"@type\":\"BreadcrumbList\",\"@id\":\"https:\/\/jhrealestate.es\/fr\/propriete\/al-jhre041\/#breadcrumb\",\"itemListElement\":[{\"@type\":\"ListItem\",\"position\":1,\"name\":\"Portada\",\"item\":\"https:\/\/jhrealestate.es\/fr\/\"},{\"@type\":\"ListItem\",\"position\":2,\"name\":\"Propri\u00e9t\u00e9s\",\"item\":\"https:\/\/jhrealestate.es\/fr\/propriete\/\"},{\"@type\":\"ListItem\",\"position\":3,\"name\":\"AL-JHRE041 &#8211; \u00c9l\u00e9gant appartement de 3 chambres avec porche dans le complexe r\u00e9sidentiel Es Pinar\"}]},{\"@type\":\"WebSite\",\"@id\":\"https:\/\/jhrealestate.es\/fr\/#website\",\"url\":\"https:\/\/jhrealestate.es\/fr\/\",\"name\":\"JH Real Estate Mallorca\",\"description\":\"Real Estate en Mallorca\",\"publisher\":{\"@id\":\"https:\/\/jhrealestate.es\/fr\/#organization\"},\"potentialAction\":[{\"@type\":\"SearchAction\",\"target\":{\"@type\":\"EntryPoint\",\"urlTemplate\":\"https:\/\/jhrealestate.es\/fr\/?s={search_term_string}\"},\"query-input\":{\"@type\":\"PropertyValueSpecification\",\"valueRequired\":true,\"valueName\":\"search_term_string\"}}],\"inLanguage\":\"fr-FR\"},{\"@type\":\"Organization\",\"@id\":\"https:\/\/jhrealestate.es\/fr\/#organization\",\"name\":\"JH Real Estate Mallorca\",\"url\":\"https:\/\/jhrealestate.es\/fr\/\",\"logo\":{\"@type\":\"ImageObject\",\"inLanguage\":\"fr-FR\",\"@id\":\"https:\/\/jhrealestate.es\/fr\/#\/schema\/logo\/image\/\",\"url\":\"https:\/\/jhrealestate.es\/wp-content\/uploads\/2021\/11\/Logo-JHRE.png\",\"contentUrl\":\"https:\/\/jhrealestate.es\/wp-content\/uploads\/2021\/11\/Logo-JHRE.png\",\"width\":252,\"height\":200,\"caption\":\"JH Real Estate Mallorca\"},\"image\":{\"@id\":\"https:\/\/jhrealestate.es\/fr\/#\/schema\/logo\/image\/\"},\"sameAs\":[\"https:\/\/www.facebook.com\/jh.realestatemallorca\",\"https:\/\/www.instagram.com\/jh.realestatemallorca\",\"https:\/\/www.youtube.com\/channel\/UCwlku0kp0G8CPBZ61xelIHw\",\"https:\/\/www.linkedin.com\/in\/joseheredia1973\/\"]}]}<\/script>\n<!-- \/ Yoast SEO plugin. -->","yoast_head_json":{"title":"AL-JHRE041 - \u00c9l\u00e9gant appartement de 3 chambres avec porche dans le complexe r\u00e9sidentiel Es Pinar | JH Real Estate Mallorca","robots":{"index":"index","follow":"follow","max-snippet":"max-snippet:-1","max-image-preview":"max-image-preview:large","max-video-preview":"max-video-preview:-1"},"canonical":"https:\/\/jhrealestate.es\/fr\/propriete\/al-jhre041\/","og_locale":"fr_FR","og_type":"article","og_title":"AL-JHRE041 - \u00c9l\u00e9gant appartement de 3 chambres avec porche dans le complexe r\u00e9sidentiel Es Pinar | JH Real Estate Mallorca","og_description":"CALVI\u00c0 - BENDINAT","og_url":"https:\/\/jhrealestate.es\/fr\/propriete\/al-jhre041\/","og_site_name":"JH Real Estate Mallorca","article_publisher":"https:\/\/www.facebook.com\/jh.realestatemallorca","article_modified_time":"2023-08-12T15:42:24+00:00","og_image":[{"url":"https:\/\/jhrealestate.es\/wp-content\/uploads\/2023\/06\/AL-JHRE041-1-1024x576.jpg","type":"","width":"","height":""}],"twitter_card":"summary_large_image","twitter_misc":{"Dur\u00e9e de lecture estim\u00e9e":"2 minutes"},"schema":{"@context":"https:\/\/schema.org","@graph":[{"@type":["WebPage","RealEstateListing"],"@id":"https:\/\/jhrealestate.es\/fr\/propriete\/al-jhre041\/","url":"https:\/\/jhrealestate.es\/fr\/propriete\/al-jhre041\/","name":"AL-JHRE041 - \u00c9l\u00e9gant appartement de 3 chambres avec porche dans le complexe r\u00e9sidentiel Es Pinar | JH Real Estate Mallorca","isPartOf":{"@id":"https:\/\/jhrealestate.es\/fr\/#website"},"primaryImageOfPage":{"@id":"https:\/\/jhrealestate.es\/fr\/propriete\/al-jhre041\/#primaryimage"},"image":{"@id":"https:\/\/jhrealestate.es\/fr\/propriete\/al-jhre041\/#primaryimage"},"thumbnailUrl":"https:\/\/jhrealestate.es\/wp-content\/uploads\/2023\/06\/AL-JHRE041-1.jpg","datePublished":"2013-06-19T09:07:14+00:00","dateModified":"2023-08-12T15:42:24+00:00","breadcrumb":{"@id":"https:\/\/jhrealestate.es\/fr\/propriete\/al-jhre041\/#breadcrumb"},"inLanguage":"fr-FR","potentialAction":[{"@type":"ReadAction","target":["https:\/\/jhrealestate.es\/fr\/propriete\/al-jhre041\/"]}]},{"@type":"ImageObject","inLanguage":"fr-FR","@id":"https:\/\/jhrealestate.es\/fr\/propriete\/al-jhre041\/#primaryimage","url":"https:\/\/jhrealestate.es\/wp-content\/uploads\/2023\/06\/AL-JHRE041-1.jpg","contentUrl":"https:\/\/jhrealestate.es\/wp-content\/uploads\/2023\/06\/AL-JHRE041-1.jpg","width":1600,"height":900},{"@type":"BreadcrumbList","@id":"https:\/\/jhrealestate.es\/fr\/propriete\/al-jhre041\/#breadcrumb","itemListElement":[{"@type":"ListItem","position":1,"name":"Portada","item":"https:\/\/jhrealestate.es\/fr\/"},{"@type":"ListItem","position":2,"name":"Propri\u00e9t\u00e9s","item":"https:\/\/jhrealestate.es\/fr\/propriete\/"},{"@type":"ListItem","position":3,"name":"AL-JHRE041 &#8211; \u00c9l\u00e9gant appartement de 3 chambres avec porche dans le complexe r\u00e9sidentiel Es Pinar"}]},{"@type":"WebSite","@id":"https:\/\/jhrealestate.es\/fr\/#website","url":"https:\/\/jhrealestate.es\/fr\/","name":"JH Real Estate Mallorca","description":"Real Estate en Mallorca","publisher":{"@id":"https:\/\/jhrealestate.es\/fr\/#organization"},"potentialAction":[{"@type":"SearchAction","target":{"@type":"EntryPoint","urlTemplate":"https:\/\/jhrealestate.es\/fr\/?s={search_term_string}"},"query-input":{"@type":"PropertyValueSpecification","valueRequired":true,"valueName":"search_term_string"}}],"inLanguage":"fr-FR"},{"@type":"Organization","@id":"https:\/\/jhrealestate.es\/fr\/#organization","name":"JH Real Estate Mallorca","url":"https:\/\/jhrealestate.es\/fr\/","logo":{"@type":"ImageObject","inLanguage":"fr-FR","@id":"https:\/\/jhrealestate.es\/fr\/#\/schema\/logo\/image\/","url":"https:\/\/jhrealestate.es\/wp-content\/uploads\/2021\/11\/Logo-JHRE.png","contentUrl":"https:\/\/jhrealestate.es\/wp-content\/uploads\/2021\/11\/Logo-JHRE.png","width":252,"height":200,"caption":"JH Real Estate Mallorca"},"image":{"@id":"https:\/\/jhrealestate.es\/fr\/#\/schema\/logo\/image\/"},"sameAs":["https:\/\/www.facebook.com\/jh.realestatemallorca","https:\/\/www.instagram.com\/jh.realestatemallorca","https:\/\/www.youtube.com\/channel\/UCwlku0kp0G8CPBZ61xelIHw","https:\/\/www.linkedin.com\/in\/joseheredia1973\/"]}]}},"_links":{"self":[{"href":"https:\/\/jhrealestate.es\/fr\/wp-json\/wp\/v2\/properties\/8159","targetHints":{"allow":["GET"]}}],"collection":[{"href":"https:\/\/jhrealestate.es\/fr\/wp-json\/wp\/v2\/properties"}],"about":[{"href":"https:\/\/jhrealestate.es\/fr\/wp-json\/wp\/v2\/types\/rem_property"}],"author":[{"embeddable":true,"href":"https:\/\/jhrealestate.es\/fr\/wp-json\/wp\/v2\/users\/3"}],"wp:featuredmedia":[{"embeddable":true,"href":"https:\/\/jhrealestate.es\/fr\/wp-json\/wp\/v2\/media\/8051"}],"wp:attachment":[{"href":"https:\/\/jhrealestate.es\/fr\/wp-json\/wp\/v2\/media?parent=8159"}],"wp:term":[{"taxonomy":"rem_property_cat","embeddable":true,"href":"https:\/\/jhrealestate.es\/fr\/wp-json\/wp\/v2\/rem_property_cat?post=8159"}],"curies":[{"name":"wp","href":"https:\/\/api.w.org\/{rel}","templated":true}]}}