{"id":9476,"date":"2014-12-08T19:53:18","date_gmt":"2014-12-08T18:53:18","guid":{"rendered":"https:\/\/jhrealestate.es\/propiedad\/al-jhre045\/"},"modified":"2025-05-26T19:08:34","modified_gmt":"2025-05-26T17:08:34","slug":"al-jhre045","status":"publish","type":"rem_property","link":"https:\/\/jhrealestate.es\/fr\/propriete\/al-jhre045\/","title":{"rendered":"VE-JHRE052 &#8211; Appartement de r\u00e9cente construction avec 3 chambres, terrasse, parking et piscine communautaire"},"content":{"rendered":"<p>\u00c9l\u00e9gant appartement de r\u00e9cente construction, meubl\u00e9 avec 3 chambres, terrasse et piscine communautaire dans le quartier S&rsquo;Olivera \/ Amanecer.<\/p>\n<p>L&rsquo;appartement est actuellement lou\u00e9 \u2013 Toutes les informations seront fournies aux acheteurs int\u00e9ress\u00e9s (d\u00e9but de la location le 01\/12\/2023).<\/p>\n<p>L&rsquo;appartement est situ\u00e9 au 1er \u00e9tage du complexe r\u00e9sidentiel Aequa Palma. La r\u00e9sidence compte au total 130 logements avec un grand jardin avec une aire de jeux pour enfants en son centre et une piscine avec vue d\u00e9gag\u00e9e sur son toit.<\/p>\n<p>L\u2019appartement a une superficie de 135 m2 construits (108 m2 utiles) r\u00e9partis entre<br \/>\u2022\u00a0 \u00a0Grand s\u00e9jour\/salle \u00e0 manger tr\u00e8s lumineux de 22 m2 avec acc\u00e8s \u00e0 une terrasse couverte d&rsquo;environ 6 m2.<br \/>\u2022\u00a0 \u00a03 chambres doubles d&rsquo;une surface utile de 11 \u00e0 15 m2 avec placards int\u00e9gr\u00e9s<br \/>\u2022\u00a0 \u00a02 salles de bain compl\u00e8tes (1 en suite avec baignoire et l&rsquo;autre avec cabine de douche)<br \/>\u2022\u00a0 \u00a0Cuisine ind\u00e9pendante moderne et enti\u00e8rement \u00e9quip\u00e9e avec r\u00e9frig\u00e9rateur am\u00e9ricain (2 portes), four, micro-ondes, plaque vitroc\u00e9ramique &amp; lave-vaisselle donnant acc\u00e8s \u00e0 une buanderie ext\u00e9rieure.<br \/>\u2022\u00a0 \u00a0Sol stratifi\u00e9 flottant dans le salon, les chambres et les couloirs. Plancher de c\u00e9ramique dans la cuisine et les salles de bain.<br \/>\u2022\u00a0 \u00a0Syst\u00e8me de climatisation (chaud\/froid) par conduits<br \/>\u2022\u00a0 \u00a0Fen\u00eatres ext\u00e9rieures en aluminium avec double vitrage \u00e0 rupture de pont thermique, volets en aluminium laqu\u00e9 avec isolation thermique inject\u00e9e.<br \/>\u2022\u00a0 \u00a0Portes int\u00e9rieures en laqu\u00e9 blanc<br \/>\u2022\u00a0 \u00a0Pr\u00e9-installation Internet fibre optique<br \/>\u2022\u00a0 \u00a0Place de parking souterrain\u00a0<br \/>\u2022\u00a0 \u00a0Cave\u00a0<br \/>\u2022\u00a0 \u00a0Ann\u00e9e de construction : 2022<br \/>\u2022\u00a0 \u00a0Orientation sud-est<\/p>\n<p>\u00c0 proximit\u00e9 se trouvent plusieurs \u00e9coles, centres de sant\u00e9 et sportifs ainsi que des centres commerciaux. Arr\u00eat de bus tr\u00e8s proche et acc\u00e8s facile \u00e0 l&rsquo;autoroute<\/p>\n<p>N&rsquo;h\u00e9sitez pas \u00e0 nous contacter pour planifier une visite.<\/p>\n<p>ATTENTION: Les informations fournies ont \u00e9t\u00e9 pr\u00e9sent\u00e9es avec la plus grande pr\u00e9cision possible. Cependant, JH Real Estate Mallorca n&rsquo;est pas responsable de leur exactitude ou d&rsquo;\u00e9ventuelles omissions, et elles ne constituent pas un document contractuel. Nous ne sommes pas non plus responsables de l&rsquo;utilisation que des tiers pourraient faire des informations contenues ici.<\/p>\n<p>Le prix n&rsquo;inclut pas les meubles, les taxes et les frais de transmission.<\/p>\n<p>Agence immobili\u00e8re inscrite au ROAIIB (Registre officiel des agents immobiliers des \u00eeles Bal\u00e9ares) GOIBE586263\/2024<\/p>\n","protected":false},"excerpt":{"rendered":"<p>S&rsquo;OLIVERA &#8211; PALMA<\/p>\n","protected":false},"author":3,"featured_media":9380,"parent":0,"menu_order":0,"template":"","rem_property_cat":[],"class_list":["post-9476","rem_property","type-rem_property","status-publish","has-post-thumbnail","hentry"],"yoast_head":"<!-- This site is optimized with the Yoast SEO plugin v26.9 - https:\/\/yoast.com\/product\/yoast-seo-wordpress\/ -->\n<title>VE-JHRE052 - Appartement de r\u00e9cente construction avec 3 chambres, terrasse, parking et piscine communautaire | JH Real Estate Mallorca<\/title>\n<meta name=\"robots\" content=\"index, follow, max-snippet:-1, max-image-preview:large, max-video-preview:-1\" \/>\n<link rel=\"canonical\" href=\"https:\/\/jhrealestate.es\/fr\/propriete\/al-jhre045\/\" \/>\n<meta property=\"og:locale\" content=\"fr_FR\" \/>\n<meta property=\"og:type\" content=\"article\" \/>\n<meta property=\"og:title\" content=\"VE-JHRE052 - Appartement de r\u00e9cente construction avec 3 chambres, terrasse, parking et piscine communautaire | JH Real Estate Mallorca\" \/>\n<meta property=\"og:description\" content=\"S&#039;OLIVERA - PALMA\" \/>\n<meta property=\"og:url\" content=\"https:\/\/jhrealestate.es\/fr\/propriete\/al-jhre045\/\" \/>\n<meta property=\"og:site_name\" content=\"JH Real Estate Mallorca\" \/>\n<meta property=\"article:publisher\" content=\"https:\/\/www.facebook.com\/jh.realestatemallorca\" \/>\n<meta property=\"article:modified_time\" content=\"2025-05-26T17:08:34+00:00\" \/>\n<meta property=\"og:image\" content=\"https:\/\/jhrealestate.es\/wp-content\/uploads\/2023\/09\/AL-JHRE044-1-1-1024x576.jpg\" \/>\n<meta name=\"twitter:card\" content=\"summary_large_image\" \/>\n<meta name=\"twitter:label1\" content=\"Dur\u00e9e de lecture estim\u00e9e\" \/>\n\t<meta name=\"twitter:data1\" content=\"2 minutes\" \/>\n<script type=\"application\/ld+json\" class=\"yoast-schema-graph\">{\"@context\":\"https:\/\/schema.org\",\"@graph\":[{\"@type\":[\"WebPage\",\"RealEstateListing\"],\"@id\":\"https:\/\/jhrealestate.es\/fr\/propriete\/al-jhre045\/\",\"url\":\"https:\/\/jhrealestate.es\/fr\/propriete\/al-jhre045\/\",\"name\":\"VE-JHRE052 - Appartement de r\u00e9cente construction avec 3 chambres, terrasse, parking et piscine communautaire | JH Real Estate Mallorca\",\"isPartOf\":{\"@id\":\"https:\/\/jhrealestate.es\/fr\/#website\"},\"primaryImageOfPage\":{\"@id\":\"https:\/\/jhrealestate.es\/fr\/propriete\/al-jhre045\/#primaryimage\"},\"image\":{\"@id\":\"https:\/\/jhrealestate.es\/fr\/propriete\/al-jhre045\/#primaryimage\"},\"thumbnailUrl\":\"https:\/\/jhrealestate.es\/wp-content\/uploads\/2023\/09\/AL-JHRE044-1-1.jpg\",\"datePublished\":\"2014-12-08T18:53:18+00:00\",\"dateModified\":\"2025-05-26T17:08:34+00:00\",\"breadcrumb\":{\"@id\":\"https:\/\/jhrealestate.es\/fr\/propriete\/al-jhre045\/#breadcrumb\"},\"inLanguage\":\"fr-FR\",\"potentialAction\":[{\"@type\":\"ReadAction\",\"target\":[\"https:\/\/jhrealestate.es\/fr\/propriete\/al-jhre045\/\"]}]},{\"@type\":\"ImageObject\",\"inLanguage\":\"fr-FR\",\"@id\":\"https:\/\/jhrealestate.es\/fr\/propriete\/al-jhre045\/#primaryimage\",\"url\":\"https:\/\/jhrealestate.es\/wp-content\/uploads\/2023\/09\/AL-JHRE044-1-1.jpg\",\"contentUrl\":\"https:\/\/jhrealestate.es\/wp-content\/uploads\/2023\/09\/AL-JHRE044-1-1.jpg\",\"width\":1600,\"height\":900},{\"@type\":\"BreadcrumbList\",\"@id\":\"https:\/\/jhrealestate.es\/fr\/propriete\/al-jhre045\/#breadcrumb\",\"itemListElement\":[{\"@type\":\"ListItem\",\"position\":1,\"name\":\"Portada\",\"item\":\"https:\/\/jhrealestate.es\/fr\/\"},{\"@type\":\"ListItem\",\"position\":2,\"name\":\"Propri\u00e9t\u00e9s\",\"item\":\"https:\/\/jhrealestate.es\/fr\/propriete\/\"},{\"@type\":\"ListItem\",\"position\":3,\"name\":\"VE-JHRE052 &#8211; Appartement de r\u00e9cente construction avec 3 chambres, terrasse, parking et piscine communautaire\"}]},{\"@type\":\"WebSite\",\"@id\":\"https:\/\/jhrealestate.es\/fr\/#website\",\"url\":\"https:\/\/jhrealestate.es\/fr\/\",\"name\":\"JH Real Estate Mallorca\",\"description\":\"Real Estate en Mallorca\",\"publisher\":{\"@id\":\"https:\/\/jhrealestate.es\/fr\/#organization\"},\"potentialAction\":[{\"@type\":\"SearchAction\",\"target\":{\"@type\":\"EntryPoint\",\"urlTemplate\":\"https:\/\/jhrealestate.es\/fr\/?s={search_term_string}\"},\"query-input\":{\"@type\":\"PropertyValueSpecification\",\"valueRequired\":true,\"valueName\":\"search_term_string\"}}],\"inLanguage\":\"fr-FR\"},{\"@type\":\"Organization\",\"@id\":\"https:\/\/jhrealestate.es\/fr\/#organization\",\"name\":\"JH Real Estate Mallorca\",\"url\":\"https:\/\/jhrealestate.es\/fr\/\",\"logo\":{\"@type\":\"ImageObject\",\"inLanguage\":\"fr-FR\",\"@id\":\"https:\/\/jhrealestate.es\/fr\/#\/schema\/logo\/image\/\",\"url\":\"https:\/\/jhrealestate.es\/wp-content\/uploads\/2021\/11\/Logo-JHRE.png\",\"contentUrl\":\"https:\/\/jhrealestate.es\/wp-content\/uploads\/2021\/11\/Logo-JHRE.png\",\"width\":252,\"height\":200,\"caption\":\"JH Real Estate Mallorca\"},\"image\":{\"@id\":\"https:\/\/jhrealestate.es\/fr\/#\/schema\/logo\/image\/\"},\"sameAs\":[\"https:\/\/www.facebook.com\/jh.realestatemallorca\",\"https:\/\/www.instagram.com\/jh.realestatemallorca\",\"https:\/\/www.youtube.com\/channel\/UCwlku0kp0G8CPBZ61xelIHw\",\"https:\/\/www.linkedin.com\/in\/joseheredia1973\/\"]}]}<\/script>\n<!-- \/ Yoast SEO plugin. -->","yoast_head_json":{"title":"VE-JHRE052 - Appartement de r\u00e9cente construction avec 3 chambres, terrasse, parking et piscine communautaire | JH Real Estate Mallorca","robots":{"index":"index","follow":"follow","max-snippet":"max-snippet:-1","max-image-preview":"max-image-preview:large","max-video-preview":"max-video-preview:-1"},"canonical":"https:\/\/jhrealestate.es\/fr\/propriete\/al-jhre045\/","og_locale":"fr_FR","og_type":"article","og_title":"VE-JHRE052 - Appartement de r\u00e9cente construction avec 3 chambres, terrasse, parking et piscine communautaire | JH Real Estate Mallorca","og_description":"S'OLIVERA - PALMA","og_url":"https:\/\/jhrealestate.es\/fr\/propriete\/al-jhre045\/","og_site_name":"JH Real Estate Mallorca","article_publisher":"https:\/\/www.facebook.com\/jh.realestatemallorca","article_modified_time":"2025-05-26T17:08:34+00:00","og_image":[{"url":"https:\/\/jhrealestate.es\/wp-content\/uploads\/2023\/09\/AL-JHRE044-1-1-1024x576.jpg","type":"","width":"","height":""}],"twitter_card":"summary_large_image","twitter_misc":{"Dur\u00e9e de lecture estim\u00e9e":"2 minutes"},"schema":{"@context":"https:\/\/schema.org","@graph":[{"@type":["WebPage","RealEstateListing"],"@id":"https:\/\/jhrealestate.es\/fr\/propriete\/al-jhre045\/","url":"https:\/\/jhrealestate.es\/fr\/propriete\/al-jhre045\/","name":"VE-JHRE052 - Appartement de r\u00e9cente construction avec 3 chambres, terrasse, parking et piscine communautaire | JH Real Estate Mallorca","isPartOf":{"@id":"https:\/\/jhrealestate.es\/fr\/#website"},"primaryImageOfPage":{"@id":"https:\/\/jhrealestate.es\/fr\/propriete\/al-jhre045\/#primaryimage"},"image":{"@id":"https:\/\/jhrealestate.es\/fr\/propriete\/al-jhre045\/#primaryimage"},"thumbnailUrl":"https:\/\/jhrealestate.es\/wp-content\/uploads\/2023\/09\/AL-JHRE044-1-1.jpg","datePublished":"2014-12-08T18:53:18+00:00","dateModified":"2025-05-26T17:08:34+00:00","breadcrumb":{"@id":"https:\/\/jhrealestate.es\/fr\/propriete\/al-jhre045\/#breadcrumb"},"inLanguage":"fr-FR","potentialAction":[{"@type":"ReadAction","target":["https:\/\/jhrealestate.es\/fr\/propriete\/al-jhre045\/"]}]},{"@type":"ImageObject","inLanguage":"fr-FR","@id":"https:\/\/jhrealestate.es\/fr\/propriete\/al-jhre045\/#primaryimage","url":"https:\/\/jhrealestate.es\/wp-content\/uploads\/2023\/09\/AL-JHRE044-1-1.jpg","contentUrl":"https:\/\/jhrealestate.es\/wp-content\/uploads\/2023\/09\/AL-JHRE044-1-1.jpg","width":1600,"height":900},{"@type":"BreadcrumbList","@id":"https:\/\/jhrealestate.es\/fr\/propriete\/al-jhre045\/#breadcrumb","itemListElement":[{"@type":"ListItem","position":1,"name":"Portada","item":"https:\/\/jhrealestate.es\/fr\/"},{"@type":"ListItem","position":2,"name":"Propri\u00e9t\u00e9s","item":"https:\/\/jhrealestate.es\/fr\/propriete\/"},{"@type":"ListItem","position":3,"name":"VE-JHRE052 &#8211; Appartement de r\u00e9cente construction avec 3 chambres, terrasse, parking et piscine communautaire"}]},{"@type":"WebSite","@id":"https:\/\/jhrealestate.es\/fr\/#website","url":"https:\/\/jhrealestate.es\/fr\/","name":"JH Real Estate Mallorca","description":"Real Estate en Mallorca","publisher":{"@id":"https:\/\/jhrealestate.es\/fr\/#organization"},"potentialAction":[{"@type":"SearchAction","target":{"@type":"EntryPoint","urlTemplate":"https:\/\/jhrealestate.es\/fr\/?s={search_term_string}"},"query-input":{"@type":"PropertyValueSpecification","valueRequired":true,"valueName":"search_term_string"}}],"inLanguage":"fr-FR"},{"@type":"Organization","@id":"https:\/\/jhrealestate.es\/fr\/#organization","name":"JH Real Estate Mallorca","url":"https:\/\/jhrealestate.es\/fr\/","logo":{"@type":"ImageObject","inLanguage":"fr-FR","@id":"https:\/\/jhrealestate.es\/fr\/#\/schema\/logo\/image\/","url":"https:\/\/jhrealestate.es\/wp-content\/uploads\/2021\/11\/Logo-JHRE.png","contentUrl":"https:\/\/jhrealestate.es\/wp-content\/uploads\/2021\/11\/Logo-JHRE.png","width":252,"height":200,"caption":"JH Real Estate Mallorca"},"image":{"@id":"https:\/\/jhrealestate.es\/fr\/#\/schema\/logo\/image\/"},"sameAs":["https:\/\/www.facebook.com\/jh.realestatemallorca","https:\/\/www.instagram.com\/jh.realestatemallorca","https:\/\/www.youtube.com\/channel\/UCwlku0kp0G8CPBZ61xelIHw","https:\/\/www.linkedin.com\/in\/joseheredia1973\/"]}]}},"_links":{"self":[{"href":"https:\/\/jhrealestate.es\/fr\/wp-json\/wp\/v2\/properties\/9476","targetHints":{"allow":["GET"]}}],"collection":[{"href":"https:\/\/jhrealestate.es\/fr\/wp-json\/wp\/v2\/properties"}],"about":[{"href":"https:\/\/jhrealestate.es\/fr\/wp-json\/wp\/v2\/types\/rem_property"}],"author":[{"embeddable":true,"href":"https:\/\/jhrealestate.es\/fr\/wp-json\/wp\/v2\/users\/3"}],"wp:featuredmedia":[{"embeddable":true,"href":"https:\/\/jhrealestate.es\/fr\/wp-json\/wp\/v2\/media\/9380"}],"wp:attachment":[{"href":"https:\/\/jhrealestate.es\/fr\/wp-json\/wp\/v2\/media?parent=9476"}],"wp:term":[{"taxonomy":"rem_property_cat","embeddable":true,"href":"https:\/\/jhrealestate.es\/fr\/wp-json\/wp\/v2\/rem_property_cat?post=9476"}],"curies":[{"name":"wp","href":"https:\/\/api.w.org\/{rel}","templated":true}]}}